{"id":17385,"date":"2023-08-25T11:13:09","date_gmt":"2023-08-25T08:13:09","guid":{"rendered":"https:\/\/www.cosmorevas.tk\/?post_type=portfolio&#038;p=17385"},"modified":"2025-11-11T23:29:30","modified_gmt":"2025-11-11T20:29:30","slug":"colombia","status":"publish","type":"portfolio","link":"https:\/\/www.cosmorevas.tk\/en\/destinations\/colombia\/","title":{"rendered":"Colombia"},"content":{"rendered":"<div id='av_section_1'  class='avia-section av-bl6bnu8-e048ca6bb6fff165741dbec39cefb696 main_color avia-section-no-padding avia-no-border-styling  avia-builder-el-0  el_before_av_section  avia-builder-el-first  avia-bg-style-scroll container_wrap fullsize'  ><div class='container av-section-cont-open' ><main  role=\"main\" itemprop=\"mainContentOfPage\"  class='template-page content  av-content-full alpha units'><div class='post-entry post-entry-type-page post-entry-17385'><div class='entry-content-wrapper clearfix'>\n\n<style type=\"text\/css\" data-created_by=\"avia_inline_auto\" id=\"style-css-av-150jdio-b77150535468a699d00350066c15bff2\">\n.flex_column.av-150jdio-b77150535468a699d00350066c15bff2{\nborder-radius:0px 0px 0px 0px;\npadding:0px 0px 0px 0px;\n}\n<\/style>\n<div  class='flex_column av-150jdio-b77150535468a699d00350066c15bff2 av_one_third  avia-builder-el-1  el_before_av_one_third  avia-builder-el-first  first flex_column_div av-zero-column-padding  '     ><p><div  class='hr av-arps7yo-0d952ff179014c70452f5a3e9e5fb969 hr-default  avia-builder-el-2  el_before_av_image  avia-builder-el-first '><span class='hr-inner '><span class=\"hr-inner-style\"><\/span><\/span><\/div><br \/>\n\n<style type=\"text\/css\" data-created_by=\"avia_inline_auto\" id=\"style-css-av-10wpg0g-f5c6d111b8b54a9e3bf7c8d7f50dd630\">\n.avia-image-container.av-10wpg0g-f5c6d111b8b54a9e3bf7c8d7f50dd630 img.avia_image{\nbox-shadow:none;\n}\n.avia-image-container.av-10wpg0g-f5c6d111b8b54a9e3bf7c8d7f50dd630 .av-image-caption-overlay-center{\ncolor:#ffffff;\n}\n<\/style>\n<div  class='avia-image-container av-10wpg0g-f5c6d111b8b54a9e3bf7c8d7f50dd630 av-styling- avia-align-center  avia-builder-el-3  el_after_av_hr  avia-builder-el-last '   itemprop=\"image\" itemscope=\"itemscope\" itemtype=\"https:\/\/schema.org\/ImageObject\" ><div class=\"avia-image-container-inner\"><div class=\"avia-image-overlay-wrap\"><img decoding=\"async\" fetchpriority=\"high\" class='wp-image-17211 avia-img-lazy-loading-not-17211 avia_image ' src=\"https:\/\/www.cosmorevas.tk\/wp-content\/uploads\/2023\/08\/Bandera-de-Colombia.webp\" alt='Flag of Colombia' title='Flag of Colombia'  height=\"600\" width=\"900\"  itemprop=\"thumbnailUrl\" srcset=\"https:\/\/www.cosmorevas.tk\/wp-content\/uploads\/2023\/08\/Bandera-de-Colombia.webp 900w, https:\/\/www.cosmorevas.tk\/wp-content\/uploads\/2023\/08\/Bandera-de-Colombia-300x200.webp 300w, https:\/\/www.cosmorevas.tk\/wp-content\/uploads\/2023\/08\/Bandera-de-Colombia-768x512.webp 768w, https:\/\/www.cosmorevas.tk\/wp-content\/uploads\/2023\/08\/Bandera-de-Colombia-705x470.webp 705w\" sizes=\"(max-width: 900px) 100vw, 900px\" \/><\/div><\/div><\/div><\/p><\/div>\n<style type=\"text\/css\" data-created_by=\"avia_inline_auto\" id=\"style-css-av-9xit4ts-b92c168a2bdcef72e437ceac36f11084\">\n.flex_column.av-9xit4ts-b92c168a2bdcef72e437ceac36f11084{\nborder-radius:0px 0px 0px 0px;\npadding:0px 0px 0px 0px;\n}\n<\/style>\n<div  class='flex_column av-9xit4ts-b92c168a2bdcef72e437ceac36f11084 av_one_third  avia-builder-el-4  el_after_av_one_third  el_before_av_one_third  flex_column_div av-zero-column-padding  '     ><p><div  class='hr av-9aqdt80-6363e423be89f55b6586c721facb21c9 hr-default  avia-builder-el-5  el_before_av_heading  avia-builder-el-first '><span class='hr-inner '><span class=\"hr-inner-style\"><\/span><\/span><\/div><br \/>\n\n<style type=\"text\/css\" data-created_by=\"avia_inline_auto\" id=\"style-css-av-llqbi52t-eadd7077cd82096fda4d549a254f9f5a\">\n#top .av-special-heading.av-llqbi52t-eadd7077cd82096fda4d549a254f9f5a{\npadding-bottom:10px;\nfont-size:40px;\n}\nbody .av-special-heading.av-llqbi52t-eadd7077cd82096fda4d549a254f9f5a .av-special-heading-tag .heading-char{\nfont-size:25px;\n}\n#top #wrap_all .av-special-heading.av-llqbi52t-eadd7077cd82096fda4d549a254f9f5a .av-special-heading-tag{\nfont-size:40px;\n}\n.av-special-heading.av-llqbi52t-eadd7077cd82096fda4d549a254f9f5a .av-subheading{\nfont-size:19px;\n}\n\n@media only screen and (min-width: 480px) and (max-width: 767px){ \n#top #wrap_all .av-special-heading.av-llqbi52t-eadd7077cd82096fda4d549a254f9f5a .av-special-heading-tag{\nfont-size:0.8em;\n}\n}\n\n@media only screen and (max-width: 479px){ \n#top #wrap_all .av-special-heading.av-llqbi52t-eadd7077cd82096fda4d549a254f9f5a .av-special-heading-tag{\nfont-size:0.8em;\n}\n}\n<\/style>\n<div  class='av-special-heading av-llqbi52t-eadd7077cd82096fda4d549a254f9f5a av-special-heading-h1 blockquote modern-quote modern-centered  avia-builder-el-6  el_after_av_hr  avia-builder-el-last  av-inherit-size av-linked-heading'><h1 class='av-special-heading-tag '  itemprop=\"headline\"  >Colombia<\/h1><div class='av-subheading av-subheading_below'><p>Plata o Plomo<br \/>\na la orden<\/p>\n<\/div><div class=\"special-heading-border\"><div class=\"special-heading-inner-border\"><\/div><\/div><\/div><\/p><\/div>\n<style type=\"text\/css\" data-created_by=\"avia_inline_auto\" id=\"style-css-av-wyak40-8198d8424681be74a765422bf2410b0e\">\n.flex_column.av-wyak40-8198d8424681be74a765422bf2410b0e{\nborder-radius:0px 0px 0px 0px;\npadding:0px 0px 0px 0px;\n}\n<\/style>\n<div  class='flex_column av-wyak40-8198d8424681be74a765422bf2410b0e av_one_third  avia-builder-el-7  el_after_av_one_third  el_before_av_hr  flex_column_div av-zero-column-padding  '     ><p><div  class='hr av-8ojkivk-3df5393be877d364b7681c58ac08b45d hr-default  avia-builder-el-8  el_before_av_image  avia-builder-el-first '><span class='hr-inner '><span class=\"hr-inner-style\"><\/span><\/span><\/div><br \/>\n\n<style type=\"text\/css\" data-created_by=\"avia_inline_auto\" id=\"style-css-av-tn7v4g-181ba2c31b0ca4c18055c2dcfaed3065\">\n.avia-image-container.av-tn7v4g-181ba2c31b0ca4c18055c2dcfaed3065 img.avia_image{\nbox-shadow:none;\n}\n.avia-image-container.av-tn7v4g-181ba2c31b0ca4c18055c2dcfaed3065 .av-image-caption-overlay-center{\ncolor:#ffffff;\n}\n<\/style>\n<div  class='avia-image-container av-tn7v4g-181ba2c31b0ca4c18055c2dcfaed3065 av-styling- avia-align-center  avia-builder-el-9  el_after_av_hr  avia-builder-el-last '   itemprop=\"image\" itemscope=\"itemscope\" itemtype=\"https:\/\/schema.org\/ImageObject\" ><div class=\"avia-image-container-inner\"><div class=\"avia-image-overlay-wrap\"><img decoding=\"async\" fetchpriority=\"high\" class='wp-image-19426 avia-img-lazy-loading-not-19426 avia_image ' src=\"https:\/\/www.cosmorevas.tk\/wp-content\/uploads\/2025\/10\/geografia-Colombia.webp\" alt='map of Colombia' title='map of Colombia'  height=\"551\" width=\"551\"  itemprop=\"thumbnailUrl\" srcset=\"https:\/\/www.cosmorevas.tk\/wp-content\/uploads\/2025\/10\/geografia-Colombia.webp 551w, https:\/\/www.cosmorevas.tk\/wp-content\/uploads\/2025\/10\/geografia-Colombia-300x300.webp 300w, https:\/\/www.cosmorevas.tk\/wp-content\/uploads\/2025\/10\/geografia-Colombia-80x80.webp 80w, https:\/\/www.cosmorevas.tk\/wp-content\/uploads\/2025\/10\/geografia-Colombia-36x36.webp 36w, https:\/\/www.cosmorevas.tk\/wp-content\/uploads\/2025\/10\/geografia-Colombia-180x180.webp 180w\" sizes=\"(max-width: 551px) 100vw, 551px\" \/><\/div><\/div><\/div><\/p><\/div><div  class='hr av-7o8hhe8-8c595a3642e08983351c006fd48cf288 hr-default  avia-builder-el-10  el_after_av_one_third  avia-builder-el-last '><span class='hr-inner '><span class=\"hr-inner-style\"><\/span><\/span><\/div>\n\n<\/div><\/div><\/main><!-- close content main element --><\/div><\/div><div id='av_section_2'  class='avia-section av-72sp9ww-482a20fbfd075b20335c6d1a0e20f15d main_color avia-section-default avia-no-border-styling  avia-builder-el-11  el_after_av_section  el_before_av_section  avia-bg-style-scroll container_wrap fullsize'  ><div class='container av-section-cont-open' ><div class='template-page content  av-content-full alpha units'><div class='post-entry post-entry-type-page post-entry-17385'><div class='entry-content-wrapper clearfix'>\n\n<style type=\"text\/css\" data-created_by=\"avia_inline_auto\" id=\"style-css-av-6vfgnww-8954080cbb5a3d051a661f9cc8b2d587\">\n.flex_column.av-6vfgnww-8954080cbb5a3d051a661f9cc8b2d587{\nborder-radius:0px 0px 0px 0px;\npadding:0px 0px 0px 0px;\n}\n<\/style>\n<div  class='flex_column av-6vfgnww-8954080cbb5a3d051a661f9cc8b2d587 av_one_full  avia-builder-el-12  el_before_av_one_full  avia-builder-el-first  first flex_column_div av-zero-column-padding  '     ><section  class='av_textblock_section av-62x9xn4-b4508f7ccbde4dd3e609043b56e7bb83 '   itemscope=\"itemscope\" itemtype=\"https:\/\/schema.org\/CreativeWork\" ><div class='avia_textblock'  itemprop=\"text\" ><h2 style=\"text-align: center;\">CLICK ON THE PHOTO TO ZOOM IN<br \/>\nAND SCROLL THE GALLERY<\/h2>\n<\/div><\/section><\/div>\n<style type=\"text\/css\" data-created_by=\"avia_inline_auto\" id=\"style-css-av-5ldtlg0-452db326e7279eeb0a2ee508ccde7508\">\n.flex_column.av-5ldtlg0-452db326e7279eeb0a2ee508ccde7508{\nborder-radius:0px 0px 0px 0px;\npadding:0px 0px 0px 0px;\n}\n<\/style>\n<div  class='flex_column av-5ldtlg0-452db326e7279eeb0a2ee508ccde7508 av_one_full  avia-builder-el-14  el_after_av_one_full  avia-builder-el-last  first flex_column_div av-zero-column-padding  column-top-margin'     ><style type=\"text\/css\" data-created_by=\"avia_inline_auto\" id=\"style-css-av-llqbirnq-8e97fd99c31dfc28c6bc9f9f86620ab9\">\n.av-horizontal-gallery.av-llqbirnq-8e97fd99c31dfc28c6bc9f9f86620ab9{\npadding:3.75% 0px;;\n}\n.av-horizontal-gallery.av-llqbirnq-8e97fd99c31dfc28c6bc9f9f86620ab9 .av-horizontal-gallery-inner{\npadding-bottom:25%;\n}\n<\/style>\n<div  class='av-horizontal-gallery av-llqbirnq-8e97fd99c31dfc28c6bc9f9f86620ab9 av-horizontal-gallery-large-gap av-horizontal-gallery-enlarge-effect  avia-builder-el-15  avia-builder-el-no-sibling  av-slideshow-ui av-control-default av-slideshow-manual av-loop-once av-loop-manual-endless av-horizontal-gallery-1' data-slideshow-data=\"{&quot;enlarge&quot;:1.3,&quot;animation&quot;:&quot;slide&quot;,&quot;autoplay&quot;:false,&quot;loop_autoplay&quot;:&quot;once&quot;,&quot;interval&quot;:5,&quot;loop_manual&quot;:&quot;manual-endless&quot;,&quot;autoplay_stopper&quot;:false,&quot;noNavigation&quot;:false,&quot;bg_slider&quot;:false,&quot;keep_padding&quot;:&quot;&quot;,&quot;hoverpause&quot;:false,&quot;show_slide_delay&quot;:0,&quot;initial&quot;:&quot;1&quot;}\"  itemprop=\"image\" itemscope=\"itemscope\" itemtype=\"https:\/\/schema.org\/ImageObject\" ><div class='av-horizontal-gallery-inner' data-av-height='25'><div class=\"av-horizontal-gallery-slider\"><div class=\"av-horizontal-gallery-wrap noHover\"><img decoding=\"async\" fetchpriority=\"high\" class='wp-image-19468 avia-img-lazy-loading-not-19468 av-horizontal-gallery-img' width=\"300\" height=\"300\" src=\"https:\/\/www.cosmorevas.tk\/wp-content\/uploads\/2025\/11\/Colombia.webp\" title='Colombia' alt='Colombia' srcset=\"https:\/\/www.cosmorevas.tk\/wp-content\/uploads\/2025\/11\/Colombia.webp 300w, https:\/\/www.cosmorevas.tk\/wp-content\/uploads\/2025\/11\/Colombia-80x80.webp 80w, https:\/\/www.cosmorevas.tk\/wp-content\/uploads\/2025\/11\/Colombia-36x36.webp 36w, https:\/\/www.cosmorevas.tk\/wp-content\/uploads\/2025\/11\/Colombia-180x180.webp 180w\" sizes=\"(max-width: 300px) 100vw, 300px\" \/><a href=\"https:\/\/www.cosmorevas.tk\/wp-content\/uploads\/2025\/11\/Colombia.webp\" data-srcset=\"https:\/\/www.cosmorevas.tk\/wp-content\/uploads\/2025\/11\/Colombia.webp 300w, https:\/\/www.cosmorevas.tk\/wp-content\/uploads\/2025\/11\/Colombia-80x80.webp 80w, https:\/\/www.cosmorevas.tk\/wp-content\/uploads\/2025\/11\/Colombia-36x36.webp 36w, https:\/\/www.cosmorevas.tk\/wp-content\/uploads\/2025\/11\/Colombia-180x180.webp 180w\" data-sizes=\"(max-width: 300px) 100vw, 300px\" class='av-horizontal-gallery-link avia-svg-icon avia-font-svg_entypo-fontello' data-av_svg_icon='resize-full' data-av_iconset='svg_entypo-fontello' title='Colombia' alt='Colombia' aria-label='Open image in lightbox: Colombia'><svg version=\"1.1\" xmlns=\"http:\/\/www.w3.org\/2000\/svg\" width=\"25\" height=\"32\" viewBox=\"0 0 25 32\" preserveAspectRatio=\"xMidYMid meet\" aria-labelledby='av-svg-title-1' aria-describedby='av-svg-desc-1' role=\"graphics-symbol\" aria-hidden=\"true\">\n<title id='av-svg-title-1'>Open image in lightbox: Colombia<\/title>\n<desc id='av-svg-desc-1'>Open image in lightbox: Colombia<\/desc>\n<path d=\"M15.232 3.328h10.112v10.112l-3.2-3.968-4.672 4.864-3.2-3.2 4.864-4.672zM7.872 17.536l3.2 3.2-4.864 4.672 3.904 3.2h-10.112v-10.112l3.2 3.904z\"><\/path>\n<\/svg><\/a><\/div><\/div><\/div><\/div><\/div>\n\n<\/div><\/div><\/div><!-- close content main div --><\/div><\/div><div id='av_section_3'  class='avia-section av-5bytdlc-901a84c871979a2137f78da3e038f37d main_color avia-section-default avia-no-border-styling  avia-builder-el-16  el_after_av_section  el_before_av_section  avia-bg-style-scroll container_wrap fullsize'  ><div class='container av-section-cont-open' ><div class='template-page content  av-content-full alpha units'><div class='post-entry post-entry-type-page post-entry-17385'><div class='entry-content-wrapper clearfix'>\n\n<style type=\"text\/css\" data-created_by=\"avia_inline_auto\" id=\"style-css-av-4ojnaog-35c0d98893aa3f4cc5c71a5f4c57ec23\">\n.flex_column.av-4ojnaog-35c0d98893aa3f4cc5c71a5f4c57ec23{\nborder-radius:0px 0px 0px 0px;\npadding:0px 0px 0px 0px;\n}\n<\/style>\n<div  class='flex_column av-4ojnaog-35c0d98893aa3f4cc5c71a5f4c57ec23 av_three_fourth  avia-builder-el-17  el_before_av_one_fourth  avia-builder-el-first  first flex_column_div av-zero-column-padding  '     ><style type=\"text\/css\" data-created_by=\"avia_inline_auto\" id=\"style-css-av-llqbm3y4-5e6659099dd036bec6ebe4bca74a53ef\">\n#top .av_textblock_section.av-llqbm3y4-5e6659099dd036bec6ebe4bca74a53ef .avia_textblock{\nfont-size:18px;\n}\n<\/style>\n<section  class='av_textblock_section av-llqbm3y4-5e6659099dd036bec6ebe4bca74a53ef '   itemscope=\"itemscope\" itemtype=\"https:\/\/schema.org\/CreativeWork\" ><div class='avia_textblock'  itemprop=\"text\" ><h1><strong>WHY VISIT COLOMBIA?<br \/>\n<\/strong><\/h1>\n<p>For many people, Colombia is synonymous with narcos, and all that that implies.<\/p>\n<p>However, another big history is also directly associated with Colombia: the communist guerrillas of the <strong>FARC<\/strong> (Revolutionary Armed Forces of Colombia \u2013 People&#8217;s Army) and the ELN (National Liberation Army).<\/p>\n<p>The war involving narcos, the FARC, the ELN, the military, paramilitaries, the Colombian state and the United States has obviously obscured what Colombia has to offer in terms of nature, deterring tourists from this area of South America.<\/p>\n<p><div id=\"attachment_19661\" style=\"width: 1010px\" class=\"wp-caption aligncenter\"><img decoding=\"async\" aria-describedby=\"caption-attachment-19661\" class=\"size-full wp-image-19529 lazyload\" data-src=\"https:\/\/www.cosmorevas.tk\/wp-content\/uploads\/2025\/11\/Esercito-e-Paramilitari-a-Bogota.webp\" alt=\"Army and Paramilitaries in Bogot\u00e1\" width=\"1000\" height=\"628\" data-srcset=\"https:\/\/www.cosmorevas.tk\/wp-content\/uploads\/2025\/11\/Esercito-e-Paramilitari-a-Bogota.webp 1000w, https:\/\/www.cosmorevas.tk\/wp-content\/uploads\/2025\/11\/Esercito-e-Paramilitari-a-Bogota-300x188.webp 300w, https:\/\/www.cosmorevas.tk\/wp-content\/uploads\/2025\/11\/Esercito-e-Paramilitari-a-Bogota-768x482.webp 768w, https:\/\/www.cosmorevas.tk\/wp-content\/uploads\/2025\/11\/Esercito-e-Paramilitari-a-Bogota-705x443.webp 705w\" data-sizes=\"(max-width: 1000px) 100vw, 1000px\" src=\"data:image\/svg+xml;base64,PHN2ZyB3aWR0aD0iMSIgaGVpZ2h0PSIxIiB4bWxucz0iaHR0cDovL3d3dy53My5vcmcvMjAwMC9zdmciPjwvc3ZnPg==\" style=\"--smush-placeholder-width: 1000px; --smush-placeholder-aspect-ratio: 1000\/628;\" \/><p id=\"caption-attachment-19661\" class=\"wp-caption-text\">Army and Paramilitaries in Bogot\u00e1<\/p><\/div><br \/>\n<div id=\"attachment_19662\" style=\"width: 1010px\" class=\"wp-caption aligncenter\"><img decoding=\"async\" aria-describedby=\"caption-attachment-19662\" class=\"size-full wp-image-19531 lazyload\" data-src=\"https:\/\/www.cosmorevas.tk\/wp-content\/uploads\/2025\/11\/Manifestazioni-in-America-Latina.webp\" alt=\"Protests in Latin America\" width=\"1000\" height=\"642\" data-srcset=\"https:\/\/www.cosmorevas.tk\/wp-content\/uploads\/2025\/11\/Manifestazioni-in-America-Latina.webp 1000w, https:\/\/www.cosmorevas.tk\/wp-content\/uploads\/2025\/11\/Manifestazioni-in-America-Latina-300x193.webp 300w, https:\/\/www.cosmorevas.tk\/wp-content\/uploads\/2025\/11\/Manifestazioni-in-America-Latina-768x493.webp 768w, https:\/\/www.cosmorevas.tk\/wp-content\/uploads\/2025\/11\/Manifestazioni-in-America-Latina-705x453.webp 705w\" data-sizes=\"(max-width: 1000px) 100vw, 1000px\" src=\"data:image\/svg+xml;base64,PHN2ZyB3aWR0aD0iMSIgaGVpZ2h0PSIxIiB4bWxucz0iaHR0cDovL3d3dy53My5vcmcvMjAwMC9zdmciPjwvc3ZnPg==\" style=\"--smush-placeholder-width: 1000px; --smush-placeholder-aspect-ratio: 1000\/642;\" \/><p id=\"caption-attachment-19662\" class=\"wp-caption-text\">Protests in Latin America<\/p><\/div><\/p>\n<p>As a traveller who wants to see the world with my own eyes, I had no choice but to visit Colombia.<br \/>\nIn 2023, the idea of travelling to Colombia seemed almost impossible, and it was difficult to find information in advance about where to go and what to see.<br \/>\nIgnoring Lonely Planet and official websites that ranked Colombia one of the most dangerous countries, even blog articles dedicated to this destination were few and hard to find.<br \/>\nI like to feel like a pioneer on certain trips and discover everything for myself, so that was perfect for me.<\/p>\n<p>In addition to my trip to Colombia in 2023, in 2024 I came back more or less by chance.<br \/>\nMy flight from Madrid to San Jos\u00e9 in Costa Rica, from where I then continued on to Nicaragua, had a stopover of a few hours at Bogot\u00e1 airport.<br \/>\nHowever, on my way back, I had a 13-hour delay with <a href=\"https:\/\/www.avianca.com\/es\/\" target=\"_blank\" rel=\"noopener\">Avianca<\/a> and, because I also missed a crazy connection with an Bogota-Medellin-Madrid flight, the Colombian national airline paid for my dinner and stay at the Hilton Hotel in Bogota.<br \/>\nNeedless to say, the hotel was amazing and dinner was sumptuous.<\/p>\n<p>In short, Colombia is calling me back&#8230;<\/p>\n<p><img decoding=\"async\" class=\"size-full wp-image-19514 aligncenter lazyload\" data-src=\"https:\/\/www.cosmorevas.tk\/wp-content\/uploads\/2025\/11\/22Colombia22-di-Antonio-Caro-Museo-di-Fernando-Botero-Bogota.webp\" alt=\"Colombia by Antonio Caro - Fernando Botero Museum, Bogot\u00e1\" width=\"1000\" height=\"481\" data-srcset=\"https:\/\/www.cosmorevas.tk\/wp-content\/uploads\/2025\/11\/22Colombia22-di-Antonio-Caro-Museo-di-Fernando-Botero-Bogota.webp 1000w, https:\/\/www.cosmorevas.tk\/wp-content\/uploads\/2025\/11\/22Colombia22-di-Antonio-Caro-Museo-di-Fernando-Botero-Bogota-300x144.webp 300w, https:\/\/www.cosmorevas.tk\/wp-content\/uploads\/2025\/11\/22Colombia22-di-Antonio-Caro-Museo-di-Fernando-Botero-Bogota-768x369.webp 768w, https:\/\/www.cosmorevas.tk\/wp-content\/uploads\/2025\/11\/22Colombia22-di-Antonio-Caro-Museo-di-Fernando-Botero-Bogota-705x339.webp 705w\" data-sizes=\"(max-width: 1000px) 100vw, 1000px\" src=\"data:image\/svg+xml;base64,PHN2ZyB3aWR0aD0iMSIgaGVpZ2h0PSIxIiB4bWxucz0iaHR0cDovL3d3dy53My5vcmcvMjAwMC9zdmciPjwvc3ZnPg==\" style=\"--smush-placeholder-width: 1000px; --smush-placeholder-aspect-ratio: 1000\/481;\" \/><\/p>\n<h2><strong>HOW TO GO TO COLOMBIA<\/strong><\/h2>\n<p>European passport holders don&#8217;t require a visa to enter Colombia.<br \/>\nHowever, your passport must be valid for at least six months.<br \/>\nDepending on the areas you plan to visit, and those you have visited in recent weeks or months, you may need to be vaccinated against <strong>yellow fever<\/strong>.<\/p>\n<p>The geopolitical situation in Latin America can change more rapidly and violently than in the rest of the world.<br \/>\nThis is why crossing certain borders is not always easy or feasible.<br \/>\nCurrently, for instance, it&#8217;s almost impossible to travel by land between Colombia and Venezuela.<\/p>\n<div id=\"attachment_19664\" style=\"width: 787px\" class=\"wp-caption aligncenter\"><img decoding=\"async\" aria-describedby=\"caption-attachment-19664\" class=\"size-full wp-image-19509 lazyload\" data-src=\"https:\/\/www.cosmorevas.tk\/wp-content\/uploads\/2025\/11\/volo-Madrid-Bogota.webp\" alt=\"flight route Madrid - Bogot\u00e1\" width=\"777\" height=\"600\" data-srcset=\"https:\/\/www.cosmorevas.tk\/wp-content\/uploads\/2025\/11\/volo-Madrid-Bogota.webp 777w, https:\/\/www.cosmorevas.tk\/wp-content\/uploads\/2025\/11\/volo-Madrid-Bogota-300x232.webp 300w, https:\/\/www.cosmorevas.tk\/wp-content\/uploads\/2025\/11\/volo-Madrid-Bogota-768x593.webp 768w, https:\/\/www.cosmorevas.tk\/wp-content\/uploads\/2025\/11\/volo-Madrid-Bogota-705x544.webp 705w\" data-sizes=\"(max-width: 777px) 100vw, 777px\" src=\"data:image\/svg+xml;base64,PHN2ZyB3aWR0aD0iMSIgaGVpZ2h0PSIxIiB4bWxucz0iaHR0cDovL3d3dy53My5vcmcvMjAwMC9zdmciPjwvc3ZnPg==\" style=\"--smush-placeholder-width: 777px; --smush-placeholder-aspect-ratio: 777\/600;\" \/><p id=\"caption-attachment-19664\" class=\"wp-caption-text\">flight route Madrid &#8211; Bogot\u00e1<\/p><\/div>\n<h3><strong><span class=\"\">Flight<\/span><\/strong><\/h3>\n<p>As with most destinations in Latin America, the most convenient direct flights between Colombia and Europe connect Bogot\u00e1 and Medell\u00edn with Madrid and Barcelona.<\/p>\n<p>Of course, there are also many daily connections with other countries in the Americas.<\/p>\n<p><strong>Cartagena Airport<\/strong> also offers good connections to Amsterdam with KLM.<\/p>\n<p><strong>Pereira Airport<\/strong> is the main gateway to the Eje Cafetero region.<br \/>\nThe bus station can be reached for around 15,000 pesos.<br \/>\nA colectivo to Salento should cost around 10,000 pesos.<\/p>\n<div id=\"attachment_19665\" style=\"width: 1010px\" class=\"wp-caption aligncenter\"><img decoding=\"async\" aria-describedby=\"caption-attachment-19665\" class=\"size-full wp-image-19513 lazyload\" data-src=\"https:\/\/www.cosmorevas.tk\/wp-content\/uploads\/2025\/11\/Aeropuerto-Pereira.webp\" alt=\"Pereira Airport\" width=\"1000\" height=\"563\" data-srcset=\"https:\/\/www.cosmorevas.tk\/wp-content\/uploads\/2025\/11\/Aeropuerto-Pereira.webp 1000w, https:\/\/www.cosmorevas.tk\/wp-content\/uploads\/2025\/11\/Aeropuerto-Pereira-300x169.webp 300w, https:\/\/www.cosmorevas.tk\/wp-content\/uploads\/2025\/11\/Aeropuerto-Pereira-768x432.webp 768w, https:\/\/www.cosmorevas.tk\/wp-content\/uploads\/2025\/11\/Aeropuerto-Pereira-705x397.webp 705w\" data-sizes=\"(max-width: 1000px) 100vw, 1000px\" src=\"data:image\/svg+xml;base64,PHN2ZyB3aWR0aD0iMSIgaGVpZ2h0PSIxIiB4bWxucz0iaHR0cDovL3d3dy53My5vcmcvMjAwMC9zdmciPjwvc3ZnPg==\" style=\"--smush-placeholder-width: 1000px; --smush-placeholder-aspect-ratio: 1000\/563;\" \/><p id=\"caption-attachment-19665\" class=\"wp-caption-text\">Pereira Airport<\/p><\/div>\n<h3><strong><span class=\"\">Bus<\/span><\/strong><\/h3>\n<p>If you have plenty of time, you can easily travel by bus from the southern point of <a href=\"https:\/\/www.cosmorevas.tk\/en\/destinations\/patagonia-tierra-del-fuego\/\" target=\"_blank\" rel=\"noopener\">Patagonia<\/a> o the northern border of <a href=\"https:\/\/www.cosmorevas.tk\/en\/destinations\/mexico\/\" target=\"_blank\" rel=\"noopener\">Mexico<\/a>.<br \/>\nThis means that you can enter Colombia by bus with international connections.<br \/>\nIn this case, the neighbouring countries are Panama, Ecuador, <a href=\"https:\/\/www.cosmorevas.tk\/en\/destinations\/peru\/\" target=\"_blank\" rel=\"noopener\">Per\u00f9<\/a> and <a href=\"https:\/\/www.cosmorevas.tk\/en\/destinations\/brazil\/\" target=\"_blank\" rel=\"noopener\">Brazil<\/a>.<\/p>\n<p>As for internal travel in Colombia, it should be noted that the <strong>roads are very winding and uneven<\/strong>.<br \/>\nTherefore, the average speed will be very low, and the bus may also stop for up to an hour en route to allow drivers and passengers to eat, drink, use the toilet and stretch their legs.<br \/>\nIn short, you know when you leave (not much), but not when you will arrive.<\/p>\n<div id=\"attachment_19666\" style=\"width: 1010px\" class=\"wp-caption aligncenter\"><img decoding=\"async\" aria-describedby=\"caption-attachment-19666\" class=\"size-full wp-image-19655 lazyload\" data-src=\"https:\/\/www.cosmorevas.tk\/wp-content\/uploads\/2025\/11\/Autobus-America-Latina.webp\" alt=\"Buses in Latin America\" width=\"1000\" height=\"209\" data-srcset=\"https:\/\/www.cosmorevas.tk\/wp-content\/uploads\/2025\/11\/Autobus-America-Latina.webp 1000w, https:\/\/www.cosmorevas.tk\/wp-content\/uploads\/2025\/11\/Autobus-America-Latina-300x63.webp 300w, https:\/\/www.cosmorevas.tk\/wp-content\/uploads\/2025\/11\/Autobus-America-Latina-768x161.webp 768w, https:\/\/www.cosmorevas.tk\/wp-content\/uploads\/2025\/11\/Autobus-America-Latina-705x147.webp 705w\" data-sizes=\"(max-width: 1000px) 100vw, 1000px\" src=\"data:image\/svg+xml;base64,PHN2ZyB3aWR0aD0iMSIgaGVpZ2h0PSIxIiB4bWxucz0iaHR0cDovL3d3dy53My5vcmcvMjAwMC9zdmciPjwvc3ZnPg==\" style=\"--smush-placeholder-width: 1000px; --smush-placeholder-aspect-ratio: 1000\/209;\" \/><p id=\"caption-attachment-19666\" class=\"wp-caption-text\">Buses in Latin America<\/p><\/div>\n<h3><strong><span class=\"\">Ship<\/span><\/strong><\/h3>\n<p>Colombia is bordered by the Pacific Ocean and the Caribbean Sea and can also be reached by sea.<br \/>\nCartagena is an important tourist port and some of its <strong>islands<\/strong> are also popular destinations for foreigners from all over the world.<\/p>\n<h2><strong>WHAT TO DO IN COLOMBIA<br \/>\n<\/strong><\/h2>\n<p>Organising my trip to Colombia by myself was a bit complicated.<br \/>\nBeyond the classic but useless advice that &#8216;Colombia is dangerous; you&#8217;d better not go unless you&#8217;re a drug trafficker&#8217;, few travellers have ventured here.<br \/>\nTourist guides and travel diaries, especially for certain areas, are almost non-existent.<br \/>\nI therefore hope that my experiences will be useful for your next trip in Colombia.<\/p>\n<p>I travelled far and wide and honestly thought it would be much more dangerous.<br \/>\nHowever, Colombia is not a destination for everyone, and it should not be underestimated.<br \/>\nI consider almost every place in the world to be potentially dangerous, so you will never hear me advise against visiting a country simply because it\u2019s dangerous.<br \/>\nYou&#8217;ve got to be careful everywhere and in every situation, <strong>know and respect<\/strong> local laws, traditions, customs and culture.<br \/>\nPersonally, I found myself in the most dangerous situations in <a href=\"https:\/\/www.cosmorevas.tk\/en\/city\/berlin\/\" target=\"_blank\" rel=\"noopener\">Berlin<\/a> and Johannesburg.<\/p>\n<p><img decoding=\"async\" class=\"size-full wp-image-19578 lazyload\" data-src=\"https:\/\/www.cosmorevas.tk\/wp-content\/uploads\/2025\/11\/Colombia-1.webp\" alt=\"Colombia\" width=\"1000\" height=\"563\" data-srcset=\"https:\/\/www.cosmorevas.tk\/wp-content\/uploads\/2025\/11\/Colombia-1.webp 1000w, https:\/\/www.cosmorevas.tk\/wp-content\/uploads\/2025\/11\/Colombia-1-300x169.webp 300w, https:\/\/www.cosmorevas.tk\/wp-content\/uploads\/2025\/11\/Colombia-1-768x432.webp 768w, https:\/\/www.cosmorevas.tk\/wp-content\/uploads\/2025\/11\/Colombia-1-705x397.webp 705w\" data-sizes=\"(max-width: 1000px) 100vw, 1000px\" src=\"data:image\/svg+xml;base64,PHN2ZyB3aWR0aD0iMSIgaGVpZ2h0PSIxIiB4bWxucz0iaHR0cDovL3d3dy53My5vcmcvMjAwMC9zdmciPjwvc3ZnPg==\" style=\"--smush-placeholder-width: 1000px; --smush-placeholder-aspect-ratio: 1000\/563;\" \/><\/p>\n<h3><strong><span class=\"\">Bogot\u00e1<\/span><\/strong><\/h3>\n<p>I don&#8217;t consider I have been to a country unless I have visited its capital city.<br \/>\nBogot\u00e1 is also one of the country&#8217;s main gateways, with El Dorado airport evoking stories and ancient legends.<\/p>\n<p>The city centre is quite peaceful and pleasant to walk around.<br \/>\nHowever, this changes at around 5 p.m., when the sun sets and the city shuts down in darkness.<br \/>\nThe street lights often don&#8217;t come on, the shops close and people shut themselves in their homes.<br \/>\nIn a city where the four seasons occur several times a day, the rain makes everything even gloomier.<br \/>\nBut what&#8217;s the reason for walking the streets of Bogot\u00e1 in the dark?<\/p>\n<div id=\"attachment_19668\" style=\"width: 573px\" class=\"wp-caption aligncenter\"><img decoding=\"async\" aria-describedby=\"caption-attachment-19668\" class=\"size-full wp-image-19515 lazyload\" data-src=\"https:\/\/www.cosmorevas.tk\/wp-content\/uploads\/2025\/11\/Bogota-di-notte.webp\" alt=\"Bogot\u00e1 by night\" width=\"563\" height=\"600\" data-srcset=\"https:\/\/www.cosmorevas.tk\/wp-content\/uploads\/2025\/11\/Bogota-di-notte.webp 563w, https:\/\/www.cosmorevas.tk\/wp-content\/uploads\/2025\/11\/Bogota-di-notte-282x300.webp 282w\" data-sizes=\"(max-width: 563px) 100vw, 563px\" src=\"data:image\/svg+xml;base64,PHN2ZyB3aWR0aD0iMSIgaGVpZ2h0PSIxIiB4bWxucz0iaHR0cDovL3d3dy53My5vcmcvMjAwMC9zdmciPjwvc3ZnPg==\" style=\"--smush-placeholder-width: 563px; --smush-placeholder-aspect-ratio: 563\/600;\" \/><p id=\"caption-attachment-19668\" class=\"wp-caption-text\">Bogot\u00e1 by night<\/p><\/div>\n<p>However, there are many attractions in the Colombian capital in the morning.<br \/>\nLike every city in Latin America, Bogot\u00e1&#8217;s main square is <strong>Plaza Simon Bolivar<\/strong>.<br \/>\nHere you will find buildings that symbolise power, such as the <strong>Capitolio Nacional<\/strong> (the seat of Congress), the <strong>Catedral Primada de Colombia<\/strong>, the Palace of Justice and the <strong>Palacio Li\u00e9vano<\/strong> (the seat of the Bogot\u00e1 City Council).<br \/>\nThe different architectural styles also reflect the historical periods in which the buildings were constructed.<\/p>\n<p><div id=\"attachment_19669\" style=\"width: 1010px\" class=\"wp-caption aligncenter\"><img decoding=\"async\" aria-describedby=\"caption-attachment-19669\" class=\"size-full wp-image-19518 lazyload\" data-src=\"https:\/\/www.cosmorevas.tk\/wp-content\/uploads\/2025\/11\/Palacio-Lievano-Bogota.webp\" alt=\"Palacio Li\u00e9vano, Bogot\u00e0\" width=\"1000\" height=\"484\" data-srcset=\"https:\/\/www.cosmorevas.tk\/wp-content\/uploads\/2025\/11\/Palacio-Lievano-Bogota.webp 1000w, https:\/\/www.cosmorevas.tk\/wp-content\/uploads\/2025\/11\/Palacio-Lievano-Bogota-300x145.webp 300w, https:\/\/www.cosmorevas.tk\/wp-content\/uploads\/2025\/11\/Palacio-Lievano-Bogota-768x372.webp 768w, https:\/\/www.cosmorevas.tk\/wp-content\/uploads\/2025\/11\/Palacio-Lievano-Bogota-705x341.webp 705w\" data-sizes=\"(max-width: 1000px) 100vw, 1000px\" src=\"data:image\/svg+xml;base64,PHN2ZyB3aWR0aD0iMSIgaGVpZ2h0PSIxIiB4bWxucz0iaHR0cDovL3d3dy53My5vcmcvMjAwMC9zdmciPjwvc3ZnPg==\" style=\"--smush-placeholder-width: 1000px; --smush-placeholder-aspect-ratio: 1000\/484;\" \/><p id=\"caption-attachment-19669\" class=\"wp-caption-text\">Palacio Li\u00e9vano, Bogot\u00e0<\/p><\/div><br \/>\n<div id=\"attachment_19670\" style=\"width: 1010px\" class=\"wp-caption aligncenter\"><img decoding=\"async\" aria-describedby=\"caption-attachment-19670\" class=\"size-full wp-image-19517 lazyload\" data-src=\"https:\/\/www.cosmorevas.tk\/wp-content\/uploads\/2025\/11\/Catedral-Primada-de-Colombia-Bogota.webp\" alt=\"Primatial Cathedral of Colombia, Bogot\u00e1Catedral Primada de Colombia Bogot\u00e0\" width=\"1000\" height=\"434\" data-srcset=\"https:\/\/www.cosmorevas.tk\/wp-content\/uploads\/2025\/11\/Catedral-Primada-de-Colombia-Bogota.webp 1000w, https:\/\/www.cosmorevas.tk\/wp-content\/uploads\/2025\/11\/Catedral-Primada-de-Colombia-Bogota-300x130.webp 300w, https:\/\/www.cosmorevas.tk\/wp-content\/uploads\/2025\/11\/Catedral-Primada-de-Colombia-Bogota-768x333.webp 768w, https:\/\/www.cosmorevas.tk\/wp-content\/uploads\/2025\/11\/Catedral-Primada-de-Colombia-Bogota-705x306.webp 705w\" data-sizes=\"(max-width: 1000px) 100vw, 1000px\" src=\"data:image\/svg+xml;base64,PHN2ZyB3aWR0aD0iMSIgaGVpZ2h0PSIxIiB4bWxucz0iaHR0cDovL3d3dy53My5vcmcvMjAwMC9zdmciPjwvc3ZnPg==\" style=\"--smush-placeholder-width: 1000px; --smush-placeholder-aspect-ratio: 1000\/434;\" \/><p id=\"caption-attachment-19670\" class=\"wp-caption-text\">Primatial Cathedral of Colombia, Bogot\u00e1<\/p><\/div><br \/>\n<div id=\"attachment_19671\" style=\"width: 697px\" class=\"wp-caption aligncenter\"><img decoding=\"async\" aria-describedby=\"caption-attachment-19671\" class=\"size-full wp-image-19516 lazyload\" data-src=\"https:\/\/www.cosmorevas.tk\/wp-content\/uploads\/2025\/11\/Congreso-de-la-Republica-Plaza-Bolivar-Bogota.webp\" alt=\"Congress of the Republic - Plaza Bol\u00edvar, Bogot\u00e0\" width=\"687\" height=\"600\" data-srcset=\"https:\/\/www.cosmorevas.tk\/wp-content\/uploads\/2025\/11\/Congreso-de-la-Republica-Plaza-Bolivar-Bogota.webp 687w, https:\/\/www.cosmorevas.tk\/wp-content\/uploads\/2025\/11\/Congreso-de-la-Republica-Plaza-Bolivar-Bogota-300x262.webp 300w\" data-sizes=\"(max-width: 687px) 100vw, 687px\" src=\"data:image\/svg+xml;base64,PHN2ZyB3aWR0aD0iMSIgaGVpZ2h0PSIxIiB4bWxucz0iaHR0cDovL3d3dy53My5vcmcvMjAwMC9zdmciPjwvc3ZnPg==\" style=\"--smush-placeholder-width: 687px; --smush-placeholder-aspect-ratio: 687\/600;\" \/><p id=\"caption-attachment-19671\" class=\"wp-caption-text\">Congress of the Republic &#8211; Plaza Bol\u00edvar, Bogot\u00e0<\/p><\/div><\/p>\n<p>As a history buff, I had to visit the<strong> Gold Museum<\/strong> to see the largest collection of gold artefacts in the world, which trace the history of the continent from its earliest inhabitants.<br \/>\nThe visit takes 2\u20133 hours.<br \/>\nThe square in front of the Gold Museum is quiet, and several city tours depart from here.<br \/>\nIn this regard, I recommend those offered by <a href=\"https:\/\/www.beyondcolombia.com\/?locale=es\" target=\"_blank\" rel=\"noopener\">Beyond Colombia<\/a>.<\/p>\n<p><div id=\"attachment_19672\" style=\"width: 460px\" class=\"wp-caption aligncenter\"><img decoding=\"async\" aria-describedby=\"caption-attachment-19672\" class=\"size-full wp-image-19519 lazyload\" data-src=\"https:\/\/www.cosmorevas.tk\/wp-content\/uploads\/2025\/11\/maschera-precolombiana-Museo-dellOro-di-Bogota.JPG.webp\" alt=\"Pre-Columbian mask - Gold Museum of Bogot\u00e1\" width=\"450\" height=\"600\" data-srcset=\"https:\/\/www.cosmorevas.tk\/wp-content\/uploads\/2025\/11\/maschera-precolombiana-Museo-dellOro-di-Bogota.JPG.webp 450w, https:\/\/www.cosmorevas.tk\/wp-content\/uploads\/2025\/11\/maschera-precolombiana-Museo-dellOro-di-Bogota.JPG-225x300.webp 225w\" data-sizes=\"(max-width: 450px) 100vw, 450px\" src=\"data:image\/svg+xml;base64,PHN2ZyB3aWR0aD0iMSIgaGVpZ2h0PSIxIiB4bWxucz0iaHR0cDovL3d3dy53My5vcmcvMjAwMC9zdmciPjwvc3ZnPg==\" style=\"--smush-placeholder-width: 450px; --smush-placeholder-aspect-ratio: 450\/600;\" \/><p id=\"caption-attachment-19672\" class=\"wp-caption-text\">Pre-Columbian mask &#8211; Gold Museum of Bogot\u00e1<\/p><\/div><br \/>\n<div id=\"attachment_19673\" style=\"width: 348px\" class=\"wp-caption aligncenter\"><img decoding=\"async\" aria-describedby=\"caption-attachment-19673\" class=\"size-full wp-image-19520 lazyload\" data-src=\"https:\/\/www.cosmorevas.tk\/wp-content\/uploads\/2025\/11\/gioielli-precolombiani-Museo-dellOro-di-Bogota.webp\" alt=\"Pre-Columbian jewellery - Gold Museum of Bogot\u00e1\" width=\"338\" height=\"600\" data-srcset=\"https:\/\/www.cosmorevas.tk\/wp-content\/uploads\/2025\/11\/gioielli-precolombiani-Museo-dellOro-di-Bogota.webp 338w, https:\/\/www.cosmorevas.tk\/wp-content\/uploads\/2025\/11\/gioielli-precolombiani-Museo-dellOro-di-Bogota-169x300.webp 169w\" data-sizes=\"(max-width: 338px) 100vw, 338px\" src=\"data:image\/svg+xml;base64,PHN2ZyB3aWR0aD0iMSIgaGVpZ2h0PSIxIiB4bWxucz0iaHR0cDovL3d3dy53My5vcmcvMjAwMC9zdmciPjwvc3ZnPg==\" style=\"--smush-placeholder-width: 338px; --smush-placeholder-aspect-ratio: 338\/600;\" \/><p id=\"caption-attachment-19673\" class=\"wp-caption-text\">Pre-Columbian jewellery &#8211; Gold Museum of Bogot\u00e1<\/p><\/div><\/p>\n<p>Not far from the Gold Museum is the <strong>Fernando Botero Museum<\/strong>.<br \/>\nAs well as paintings and sculptures by the master who was born in Medell\u00edn, there are also works by Salvador Dal\u00ed, Pablo Picasso, Joan Mir\u00f3, Edgar Degas and other international artists.<br \/>\nThe museum also has a section dedicated to photographs that tell the story of Colombia over the last few decades.<\/p>\n<p><div id=\"attachment_19674\" style=\"width: 558px\" class=\"wp-caption aligncenter\"><img decoding=\"async\" aria-describedby=\"caption-attachment-19674\" class=\"size-full wp-image-19521 lazyload\" data-src=\"https:\/\/www.cosmorevas.tk\/wp-content\/uploads\/2025\/11\/22Monalisa22-Museo-di-Fernando-Botero-Bogota.webp\" alt=\"Monalisa - Fernando Botero Museum, Bogot\u00e1\" width=\"548\" height=\"600\" data-srcset=\"https:\/\/www.cosmorevas.tk\/wp-content\/uploads\/2025\/11\/22Monalisa22-Museo-di-Fernando-Botero-Bogota.webp 548w, https:\/\/www.cosmorevas.tk\/wp-content\/uploads\/2025\/11\/22Monalisa22-Museo-di-Fernando-Botero-Bogota-274x300.webp 274w\" data-sizes=\"(max-width: 548px) 100vw, 548px\" src=\"data:image\/svg+xml;base64,PHN2ZyB3aWR0aD0iMSIgaGVpZ2h0PSIxIiB4bWxucz0iaHR0cDovL3d3dy53My5vcmcvMjAwMC9zdmciPjwvc3ZnPg==\" style=\"--smush-placeholder-width: 548px; --smush-placeholder-aspect-ratio: 548\/600;\" \/><p id=\"caption-attachment-19674\" class=\"wp-caption-text\">Monalisa &#8211; Fernando Botero Museum, Bogot\u00e1<\/p><\/div><br \/>\n<div id=\"attachment_19675\" style=\"width: 472px\" class=\"wp-caption aligncenter\"><img decoding=\"async\" aria-describedby=\"caption-attachment-19675\" class=\"size-full wp-image-19522 lazyload\" data-src=\"https:\/\/www.cosmorevas.tk\/wp-content\/uploads\/2025\/11\/22La-primera-dama22-Museo-di-Fernando-Botero-Bogota.webp\" alt=\"La primera dama - Fernando Botero Museum, Bogot\u00e1\" width=\"462\" height=\"600\" data-srcset=\"https:\/\/www.cosmorevas.tk\/wp-content\/uploads\/2025\/11\/22La-primera-dama22-Museo-di-Fernando-Botero-Bogota.webp 462w, https:\/\/www.cosmorevas.tk\/wp-content\/uploads\/2025\/11\/22La-primera-dama22-Museo-di-Fernando-Botero-Bogota-231x300.webp 231w\" data-sizes=\"(max-width: 462px) 100vw, 462px\" src=\"data:image\/svg+xml;base64,PHN2ZyB3aWR0aD0iMSIgaGVpZ2h0PSIxIiB4bWxucz0iaHR0cDovL3d3dy53My5vcmcvMjAwMC9zdmciPjwvc3ZnPg==\" style=\"--smush-placeholder-width: 462px; --smush-placeholder-aspect-ratio: 462\/600;\" \/><p id=\"caption-attachment-19675\" class=\"wp-caption-text\">La primera dama &#8211; Fernando Botero Museum, Bogot\u00e1<\/p><\/div><br \/>\n<div id=\"attachment_19676\" style=\"width: 545px\" class=\"wp-caption aligncenter\"><img decoding=\"async\" aria-describedby=\"caption-attachment-19676\" class=\"size-full wp-image-19523 lazyload\" data-src=\"https:\/\/www.cosmorevas.tk\/wp-content\/uploads\/2025\/11\/22Ritratto-di-Cezanne-Museo-di-Fernando-Botero-Bogota.webp\" alt=\"Portrait of Cezanne - Fernando Botero Museum, Bogot\u00e1\" width=\"535\" height=\"600\" data-srcset=\"https:\/\/www.cosmorevas.tk\/wp-content\/uploads\/2025\/11\/22Ritratto-di-Cezanne-Museo-di-Fernando-Botero-Bogota.webp 535w, https:\/\/www.cosmorevas.tk\/wp-content\/uploads\/2025\/11\/22Ritratto-di-Cezanne-Museo-di-Fernando-Botero-Bogota-268x300.webp 268w\" data-sizes=\"(max-width: 535px) 100vw, 535px\" src=\"data:image\/svg+xml;base64,PHN2ZyB3aWR0aD0iMSIgaGVpZ2h0PSIxIiB4bWxucz0iaHR0cDovL3d3dy53My5vcmcvMjAwMC9zdmciPjwvc3ZnPg==\" style=\"--smush-placeholder-width: 535px; --smush-placeholder-aspect-ratio: 535\/600;\" \/><p id=\"caption-attachment-19676\" class=\"wp-caption-text\">Portrait of Cezanne &#8211; Fernando Botero Museum, Bogot\u00e1<\/p><\/div><br \/>\n<div id=\"attachment_19677\" style=\"width: 777px\" class=\"wp-caption aligncenter\"><img decoding=\"async\" aria-describedby=\"caption-attachment-19677\" class=\"size-full wp-image-19524 lazyload\" data-src=\"https:\/\/www.cosmorevas.tk\/wp-content\/uploads\/2025\/11\/22Guerrilla-de-Eliseo-Velasquez22-Museo-di-Fernando-Botero-Bogota.webp\" alt=\"Guerrilla by Eliseo Vel\u00e1squez - Fernando Botero Museum, Bogot\u00e1\" width=\"767\" height=\"600\" data-srcset=\"https:\/\/www.cosmorevas.tk\/wp-content\/uploads\/2025\/11\/22Guerrilla-de-Eliseo-Velasquez22-Museo-di-Fernando-Botero-Bogota.webp 767w, https:\/\/www.cosmorevas.tk\/wp-content\/uploads\/2025\/11\/22Guerrilla-de-Eliseo-Velasquez22-Museo-di-Fernando-Botero-Bogota-300x235.webp 300w, https:\/\/www.cosmorevas.tk\/wp-content\/uploads\/2025\/11\/22Guerrilla-de-Eliseo-Velasquez22-Museo-di-Fernando-Botero-Bogota-705x551.webp 705w\" data-sizes=\"(max-width: 767px) 100vw, 767px\" src=\"data:image\/svg+xml;base64,PHN2ZyB3aWR0aD0iMSIgaGVpZ2h0PSIxIiB4bWxucz0iaHR0cDovL3d3dy53My5vcmcvMjAwMC9zdmciPjwvc3ZnPg==\" style=\"--smush-placeholder-width: 767px; --smush-placeholder-aspect-ratio: 767\/600;\" \/><p id=\"caption-attachment-19677\" class=\"wp-caption-text\">Guerrilla by Eliseo Vel\u00e1squez &#8211; Fernando Botero Museum, Bogot\u00e1<\/p><\/div><br \/>\n<div id=\"attachment_19678\" style=\"width: 1010px\" class=\"wp-caption aligncenter\"><img decoding=\"async\" aria-describedby=\"caption-attachment-19678\" class=\"size-full wp-image-19525 lazyload\" data-src=\"https:\/\/www.cosmorevas.tk\/wp-content\/uploads\/2025\/11\/Museo-di-Fernando-Botero-Bogota.webp\" alt=\"Fernando Botero Museum, Bogot\u00e1\" width=\"1000\" height=\"485\" data-srcset=\"https:\/\/www.cosmorevas.tk\/wp-content\/uploads\/2025\/11\/Museo-di-Fernando-Botero-Bogota.webp 1000w, https:\/\/www.cosmorevas.tk\/wp-content\/uploads\/2025\/11\/Museo-di-Fernando-Botero-Bogota-300x146.webp 300w, https:\/\/www.cosmorevas.tk\/wp-content\/uploads\/2025\/11\/Museo-di-Fernando-Botero-Bogota-768x372.webp 768w, https:\/\/www.cosmorevas.tk\/wp-content\/uploads\/2025\/11\/Museo-di-Fernando-Botero-Bogota-705x342.webp 705w\" data-sizes=\"(max-width: 1000px) 100vw, 1000px\" src=\"data:image\/svg+xml;base64,PHN2ZyB3aWR0aD0iMSIgaGVpZ2h0PSIxIiB4bWxucz0iaHR0cDovL3d3dy53My5vcmcvMjAwMC9zdmciPjwvc3ZnPg==\" style=\"--smush-placeholder-width: 1000px; --smush-placeholder-aspect-ratio: 1000\/485;\" \/><p id=\"caption-attachment-19678\" class=\"wp-caption-text\">Fernando Botero Museum, Bogot\u00e1<\/p><\/div><br \/>\n<div id=\"attachment_19679\" style=\"width: 545px\" class=\"wp-caption aligncenter\"><img decoding=\"async\" aria-describedby=\"caption-attachment-19679\" class=\"size-full wp-image-19526 lazyload\" data-src=\"https:\/\/www.cosmorevas.tk\/wp-content\/uploads\/2025\/11\/22Physichromie22-dellartista-venezuelano-Carlos-Cruz-Diez-Museo-di-Fernando-Botero-Bogota.webp\" alt=\"Physichromie by Venezuelan artist Carlos Cruz-Diez - Fernando Botero Museum, Bogot\u00e1\" width=\"535\" height=\"600\" data-srcset=\"https:\/\/www.cosmorevas.tk\/wp-content\/uploads\/2025\/11\/22Physichromie22-dellartista-venezuelano-Carlos-Cruz-Diez-Museo-di-Fernando-Botero-Bogota.webp 535w, https:\/\/www.cosmorevas.tk\/wp-content\/uploads\/2025\/11\/22Physichromie22-dellartista-venezuelano-Carlos-Cruz-Diez-Museo-di-Fernando-Botero-Bogota-268x300.webp 268w\" data-sizes=\"(max-width: 535px) 100vw, 535px\" src=\"data:image\/svg+xml;base64,PHN2ZyB3aWR0aD0iMSIgaGVpZ2h0PSIxIiB4bWxucz0iaHR0cDovL3d3dy53My5vcmcvMjAwMC9zdmciPjwvc3ZnPg==\" style=\"--smush-placeholder-width: 535px; --smush-placeholder-aspect-ratio: 535\/600;\" \/><p id=\"caption-attachment-19679\" class=\"wp-caption-text\">Physichromie by Venezuelan artist Carlos Cruz-Diez &#8211; Fernando Botero Museum, Bogot\u00e1<\/p><\/div><\/p>\n<p>I would like to make a special mention of <strong>Barrio Egipto<\/strong>.<br \/>\nBorn out of the bright prospects of Comuna 13 &#8211; or rather, out of the darkness of shared experiences in Medell\u00edn prison &#8211; one of Bogot\u00e1&#8217;s most dangerous neighbourhoods is trying to shake off internal wars over drug trafficking.<\/p>\n<div id=\"attachment_19680\" style=\"width: 688px\" class=\"wp-caption aligncenter\"><img decoding=\"async\" aria-describedby=\"caption-attachment-19680\" class=\"size-full wp-image-19527 lazyload\" data-src=\"https:\/\/www.cosmorevas.tk\/wp-content\/uploads\/2025\/11\/Barrio-Egipto-somos-todos.webp\" alt=\"We are all Barrio Egipto\" width=\"678\" height=\"600\" data-srcset=\"https:\/\/www.cosmorevas.tk\/wp-content\/uploads\/2025\/11\/Barrio-Egipto-somos-todos.webp 678w, https:\/\/www.cosmorevas.tk\/wp-content\/uploads\/2025\/11\/Barrio-Egipto-somos-todos-300x265.webp 300w\" data-sizes=\"(max-width: 678px) 100vw, 678px\" src=\"data:image\/svg+xml;base64,PHN2ZyB3aWR0aD0iMSIgaGVpZ2h0PSIxIiB4bWxucz0iaHR0cDovL3d3dy53My5vcmcvMjAwMC9zdmciPjwvc3ZnPg==\" style=\"--smush-placeholder-width: 678px; --smush-placeholder-aspect-ratio: 678\/600;\" \/><p id=\"caption-attachment-19680\" class=\"wp-caption-text\">We are all Barrio Egipto<\/p><\/div>\n<p>It&#8217;s certainly not an easy path, but the desire of Jaime Roncancio &#8216;Calabrazo&#8217; to create a better life for his family and all the inhabitants of the neighbourhood must be realised.<br \/>\nHe was the inspiration behind the <strong>&#8220;Breaking Border&#8221; project<\/strong>, but was murdered in his neighbourhood on 8 October 2024. His family and friends need all the support they can get to make his dream come true.<br \/>\nWhile Comuna 13 in Medellin is already a popular tourist destination, Barrio Egipto is an even more iconic place to visit.<br \/>\nThe Barrio Egipto tour with Breaking Border is one of Bogot\u00e1&#8217;s unmissable experiences.<\/p>\n<div class=\"mceTemp\"><\/div>\n<p><div id=\"attachment_19681\" style=\"width: 1010px\" class=\"wp-caption aligncenter\"><img decoding=\"async\" aria-describedby=\"caption-attachment-19681\" class=\"size-full wp-image-19528 lazyload\" data-src=\"https:\/\/www.cosmorevas.tk\/wp-content\/uploads\/2025\/11\/Iglesia-de-Nuestra-Senora-de-Egipto-Bogota.webp\" alt=\"Church of Our Lady of Egypt - Bogota\" width=\"1000\" height=\"750\" data-srcset=\"https:\/\/www.cosmorevas.tk\/wp-content\/uploads\/2025\/11\/Iglesia-de-Nuestra-Senora-de-Egipto-Bogota.webp 1000w, https:\/\/www.cosmorevas.tk\/wp-content\/uploads\/2025\/11\/Iglesia-de-Nuestra-Senora-de-Egipto-Bogota-300x225.webp 300w, https:\/\/www.cosmorevas.tk\/wp-content\/uploads\/2025\/11\/Iglesia-de-Nuestra-Senora-de-Egipto-Bogota-768x576.webp 768w, https:\/\/www.cosmorevas.tk\/wp-content\/uploads\/2025\/11\/Iglesia-de-Nuestra-Senora-de-Egipto-Bogota-705x529.webp 705w\" data-sizes=\"(max-width: 1000px) 100vw, 1000px\" src=\"data:image\/svg+xml;base64,PHN2ZyB3aWR0aD0iMSIgaGVpZ2h0PSIxIiB4bWxucz0iaHR0cDovL3d3dy53My5vcmcvMjAwMC9zdmciPjwvc3ZnPg==\" style=\"--smush-placeholder-width: 1000px; --smush-placeholder-aspect-ratio: 1000\/750;\" \/><p id=\"caption-attachment-19681\" class=\"wp-caption-text\">Church of Our Lady of Egypt &#8211; Bogota<\/p><\/div><br \/>\n<div id=\"attachment_19682\" style=\"width: 1010px\" class=\"wp-caption aligncenter\"><img decoding=\"async\" aria-describedby=\"caption-attachment-19682\" class=\"size-full wp-image-19533 lazyload\" data-src=\"https:\/\/www.cosmorevas.tk\/wp-content\/uploads\/2025\/11\/vista-di-Bogota-dal-Barrio-Egipto.webp\" alt=\"Landscape of Bogot\u00e1 from Barrio Egipto\" width=\"1000\" height=\"750\" data-srcset=\"https:\/\/www.cosmorevas.tk\/wp-content\/uploads\/2025\/11\/vista-di-Bogota-dal-Barrio-Egipto.webp 1000w, https:\/\/www.cosmorevas.tk\/wp-content\/uploads\/2025\/11\/vista-di-Bogota-dal-Barrio-Egipto-300x225.webp 300w, https:\/\/www.cosmorevas.tk\/wp-content\/uploads\/2025\/11\/vista-di-Bogota-dal-Barrio-Egipto-768x576.webp 768w, https:\/\/www.cosmorevas.tk\/wp-content\/uploads\/2025\/11\/vista-di-Bogota-dal-Barrio-Egipto-705x529.webp 705w\" data-sizes=\"(max-width: 1000px) 100vw, 1000px\" src=\"data:image\/svg+xml;base64,PHN2ZyB3aWR0aD0iMSIgaGVpZ2h0PSIxIiB4bWxucz0iaHR0cDovL3d3dy53My5vcmcvMjAwMC9zdmciPjwvc3ZnPg==\" style=\"--smush-placeholder-width: 1000px; --smush-placeholder-aspect-ratio: 1000\/750;\" \/><p id=\"caption-attachment-19682\" class=\"wp-caption-text\">Landscape of Bogot\u00e1 from Barrio Egipto<\/p><\/div><\/p>\n<h3><strong><span class=\"\">Guatavita<\/span><\/strong><\/h3>\n<p>The <strong>Cacique Lagoon Reserve<\/strong> is an ancestral place where silence stirs the conscience and makes you dream.<br \/>\nThe lake, which is in the Cordillera Andes mountains, looks like a crater caused by a meteorite, and is roughly 1.5 kilometres across.<\/p>\n<div id=\"attachment_19683\" style=\"width: 1010px\" class=\"wp-caption aligncenter\"><img decoding=\"async\" aria-describedby=\"caption-attachment-19683\" class=\"size-full wp-image-19538 lazyload\" data-src=\"https:\/\/www.cosmorevas.tk\/wp-content\/uploads\/2025\/11\/Laguna-del-Cacique-dal-drone.webp\" alt=\"Laguna del Cacique from a drone\" width=\"1000\" height=\"563\" data-srcset=\"https:\/\/www.cosmorevas.tk\/wp-content\/uploads\/2025\/11\/Laguna-del-Cacique-dal-drone.webp 1000w, https:\/\/www.cosmorevas.tk\/wp-content\/uploads\/2025\/11\/Laguna-del-Cacique-dal-drone-300x169.webp 300w, https:\/\/www.cosmorevas.tk\/wp-content\/uploads\/2025\/11\/Laguna-del-Cacique-dal-drone-768x432.webp 768w, https:\/\/www.cosmorevas.tk\/wp-content\/uploads\/2025\/11\/Laguna-del-Cacique-dal-drone-705x397.webp 705w\" data-sizes=\"(max-width: 1000px) 100vw, 1000px\" src=\"data:image\/svg+xml;base64,PHN2ZyB3aWR0aD0iMSIgaGVpZ2h0PSIxIiB4bWxucz0iaHR0cDovL3d3dy53My5vcmcvMjAwMC9zdmciPjwvc3ZnPg==\" style=\"--smush-placeholder-width: 1000px; --smush-placeholder-aspect-ratio: 1000\/563;\" \/><p id=\"caption-attachment-19683\" class=\"wp-caption-text\">Laguna del Cacique from a drone<\/p><\/div>\n<p>It&#8217;s a sacred place for the <strong>pre-Columbian Muisca people<\/strong>, who performed a ritual here that later became the basis for the famous legend of El Dorado.<br \/>\nThe Zipa of Guatavita was the leader of the Muisca people, and he covered himself in resin and gold dust. He sailed to the middle of the lake on a raft and then dived into the lagoon.<br \/>\nAt the end of the religious ritual dedicated to the worship of the Sun, the faithful threw gold, silver and other precious objects into the lake.<br \/>\nThere are legends about this place that tell of vast quantities of gold and precious stones hidden in the depths of the lake.<\/p>\n<div id=\"attachment_19684\" style=\"width: 830px\" class=\"wp-caption aligncenter\"><img decoding=\"async\" aria-describedby=\"caption-attachment-19684\" class=\"size-full wp-image-19543 lazyload\" data-src=\"https:\/\/www.cosmorevas.tk\/wp-content\/uploads\/2025\/11\/Zattera-Muisca-Museo-dellOro-di-Bogota.webp\" alt=\"Muisca Raft - Gold Museum of Bogot\u00e1\" width=\"820\" height=\"600\" data-srcset=\"https:\/\/www.cosmorevas.tk\/wp-content\/uploads\/2025\/11\/Zattera-Muisca-Museo-dellOro-di-Bogota.webp 820w, https:\/\/www.cosmorevas.tk\/wp-content\/uploads\/2025\/11\/Zattera-Muisca-Museo-dellOro-di-Bogota-300x220.webp 300w, https:\/\/www.cosmorevas.tk\/wp-content\/uploads\/2025\/11\/Zattera-Muisca-Museo-dellOro-di-Bogota-768x562.webp 768w, https:\/\/www.cosmorevas.tk\/wp-content\/uploads\/2025\/11\/Zattera-Muisca-Museo-dellOro-di-Bogota-705x516.webp 705w\" data-sizes=\"(max-width: 820px) 100vw, 820px\" src=\"data:image\/svg+xml;base64,PHN2ZyB3aWR0aD0iMSIgaGVpZ2h0PSIxIiB4bWxucz0iaHR0cDovL3d3dy53My5vcmcvMjAwMC9zdmciPjwvc3ZnPg==\" style=\"--smush-placeholder-width: 820px; --smush-placeholder-aspect-ratio: 820\/600;\" \/><p id=\"caption-attachment-19684\" class=\"wp-caption-text\">Muisca Raft &#8211; Gold Museum of Bogot\u00e1<\/p><\/div>\n<p>Over time, the stories about<strong> El Dorado<\/strong> have changed. It started out as a man, but then became a city or an empire where people lived happily and didn&#8217;t need material things.<br \/>\nFrom the time of the European conquistadors to now, the myth of El Dorado has always fascinated and inspired people.<\/p>\n<div id=\"attachment_19685\" style=\"width: 1010px\" class=\"wp-caption aligncenter\"><img decoding=\"async\" aria-describedby=\"caption-attachment-19685\" class=\"size-full wp-image-19542 lazyload\" data-src=\"https:\/\/www.cosmorevas.tk\/wp-content\/uploads\/2025\/11\/Laguna-del-Cacique.webp\" alt=\"Cacique Lagoon\" width=\"1000\" height=\"750\" data-srcset=\"https:\/\/www.cosmorevas.tk\/wp-content\/uploads\/2025\/11\/Laguna-del-Cacique.webp 1000w, https:\/\/www.cosmorevas.tk\/wp-content\/uploads\/2025\/11\/Laguna-del-Cacique-300x225.webp 300w, https:\/\/www.cosmorevas.tk\/wp-content\/uploads\/2025\/11\/Laguna-del-Cacique-768x576.webp 768w, https:\/\/www.cosmorevas.tk\/wp-content\/uploads\/2025\/11\/Laguna-del-Cacique-705x529.webp 705w\" data-sizes=\"(max-width: 1000px) 100vw, 1000px\" src=\"data:image\/svg+xml;base64,PHN2ZyB3aWR0aD0iMSIgaGVpZ2h0PSIxIiB4bWxucz0iaHR0cDovL3d3dy53My5vcmcvMjAwMC9zdmciPjwvc3ZnPg==\" style=\"--smush-placeholder-width: 1000px; --smush-placeholder-aspect-ratio: 1000\/750;\" \/><p id=\"caption-attachment-19685\" class=\"wp-caption-text\">Cacique Lagoon<\/p><\/div>\n<h3><strong><span class=\"\">Zipaquir\u00e0<\/span><\/strong><\/h3>\n<p>The <strong>Salt Cathedral<\/strong>, dedicated to Our Lady of the Rosary, is located inside the salt mines of Zipaquir\u00e1 and is one of the most important Catholic shrines in Colombia.<\/p>\n<div id=\"attachment_19686\" style=\"width: 1010px\" class=\"wp-caption aligncenter\"><img decoding=\"async\" aria-describedby=\"caption-attachment-19686\" class=\"size-full wp-image-19544 lazyload\" data-src=\"https:\/\/www.cosmorevas.tk\/wp-content\/uploads\/2025\/11\/Scritta-INRI-nelle-miniere-del-sale-di-Zipaquira.webp\" alt=\"INRI inscription in the salt mines of Zipaquir\u00e1\" width=\"1000\" height=\"750\" data-srcset=\"https:\/\/www.cosmorevas.tk\/wp-content\/uploads\/2025\/11\/Scritta-INRI-nelle-miniere-del-sale-di-Zipaquira.webp 1000w, https:\/\/www.cosmorevas.tk\/wp-content\/uploads\/2025\/11\/Scritta-INRI-nelle-miniere-del-sale-di-Zipaquira-300x225.webp 300w, https:\/\/www.cosmorevas.tk\/wp-content\/uploads\/2025\/11\/Scritta-INRI-nelle-miniere-del-sale-di-Zipaquira-768x576.webp 768w, https:\/\/www.cosmorevas.tk\/wp-content\/uploads\/2025\/11\/Scritta-INRI-nelle-miniere-del-sale-di-Zipaquira-705x529.webp 705w\" data-sizes=\"(max-width: 1000px) 100vw, 1000px\" src=\"data:image\/svg+xml;base64,PHN2ZyB3aWR0aD0iMSIgaGVpZ2h0PSIxIiB4bWxucz0iaHR0cDovL3d3dy53My5vcmcvMjAwMC9zdmciPjwvc3ZnPg==\" style=\"--smush-placeholder-width: 1000px; --smush-placeholder-aspect-ratio: 1000\/750;\" \/><p id=\"caption-attachment-19686\" class=\"wp-caption-text\">INRI inscription in the salt mines of Zipaquir\u00e1<\/p><\/div>\n<p>Illuminated crosses and sculptures, including the Stations of the Cross, create a mystical atmosphere that makes walking through the salt tunnels a magical experience.<br \/>\nYou will be left breathless when you arrive at the caves and cathedral.<br \/>\nHaving never seen such a structure before (a similar experience can also be had in Wieliczka, 15 km from Krakow), I was constantly filled with amazement and excitement during my time in the <strong>salt mines<\/strong>, dozens of metres underground.<\/p>\n<p><div id=\"attachment_19687\" style=\"width: 460px\" class=\"wp-caption aligncenter\"><img decoding=\"async\" aria-describedby=\"caption-attachment-19687\" class=\"size-full wp-image-19546 lazyload\" data-src=\"https:\/\/www.cosmorevas.tk\/wp-content\/uploads\/2025\/11\/Corce-rossa-nella-Cattedrale-di-Sale-di-Zipaquira.webp\" alt=\"Red cross in the Salt Cathedral of Zipaquir\u00e1\" width=\"450\" height=\"600\" data-srcset=\"https:\/\/www.cosmorevas.tk\/wp-content\/uploads\/2025\/11\/Corce-rossa-nella-Cattedrale-di-Sale-di-Zipaquira.webp 450w, https:\/\/www.cosmorevas.tk\/wp-content\/uploads\/2025\/11\/Corce-rossa-nella-Cattedrale-di-Sale-di-Zipaquira-225x300.webp 225w\" data-sizes=\"(max-width: 450px) 100vw, 450px\" src=\"data:image\/svg+xml;base64,PHN2ZyB3aWR0aD0iMSIgaGVpZ2h0PSIxIiB4bWxucz0iaHR0cDovL3d3dy53My5vcmcvMjAwMC9zdmciPjwvc3ZnPg==\" style=\"--smush-placeholder-width: 450px; --smush-placeholder-aspect-ratio: 450\/600;\" \/><p id=\"caption-attachment-19687\" class=\"wp-caption-text\">Red cross in the Salt Cathedral of Zipaquir\u00e1<\/p><\/div><br \/>\n<div id=\"attachment_19688\" style=\"width: 1010px\" class=\"wp-caption aligncenter\"><img decoding=\"async\" aria-describedby=\"caption-attachment-19688\" class=\"size-full wp-image-19548 lazyload\" data-src=\"https:\/\/www.cosmorevas.tk\/wp-content\/uploads\/2025\/11\/Grotte-nella-Cattedrale-di-Sale-di-Zipaquira.webp\" alt=\"Caves in the Salt Cathedral of Zipaquir\u00e1\" width=\"1000\" height=\"750\" data-srcset=\"https:\/\/www.cosmorevas.tk\/wp-content\/uploads\/2025\/11\/Grotte-nella-Cattedrale-di-Sale-di-Zipaquira.webp 1000w, https:\/\/www.cosmorevas.tk\/wp-content\/uploads\/2025\/11\/Grotte-nella-Cattedrale-di-Sale-di-Zipaquira-300x225.webp 300w, https:\/\/www.cosmorevas.tk\/wp-content\/uploads\/2025\/11\/Grotte-nella-Cattedrale-di-Sale-di-Zipaquira-768x576.webp 768w, https:\/\/www.cosmorevas.tk\/wp-content\/uploads\/2025\/11\/Grotte-nella-Cattedrale-di-Sale-di-Zipaquira-705x529.webp 705w\" data-sizes=\"(max-width: 1000px) 100vw, 1000px\" src=\"data:image\/svg+xml;base64,PHN2ZyB3aWR0aD0iMSIgaGVpZ2h0PSIxIiB4bWxucz0iaHR0cDovL3d3dy53My5vcmcvMjAwMC9zdmciPjwvc3ZnPg==\" style=\"--smush-placeholder-width: 1000px; --smush-placeholder-aspect-ratio: 1000\/750;\" \/><p id=\"caption-attachment-19688\" class=\"wp-caption-text\">Caves in the Salt Cathedral of Zipaquir\u00e1<\/p><\/div><br \/>\n<div id=\"attachment_19689\" style=\"width: 1010px\" class=\"wp-caption aligncenter\"><img decoding=\"async\" aria-describedby=\"caption-attachment-19689\" class=\"size-full wp-image-19550 lazyload\" data-src=\"https:\/\/www.cosmorevas.tk\/wp-content\/uploads\/2025\/11\/Cattedrale-di-Sale-di-Zipaquira.webp\" alt=\"Salt Cathedral of Zipaquir\u00e1\" width=\"1000\" height=\"750\" data-srcset=\"https:\/\/www.cosmorevas.tk\/wp-content\/uploads\/2025\/11\/Cattedrale-di-Sale-di-Zipaquira.webp 1000w, https:\/\/www.cosmorevas.tk\/wp-content\/uploads\/2025\/11\/Cattedrale-di-Sale-di-Zipaquira-300x225.webp 300w, https:\/\/www.cosmorevas.tk\/wp-content\/uploads\/2025\/11\/Cattedrale-di-Sale-di-Zipaquira-768x576.webp 768w, https:\/\/www.cosmorevas.tk\/wp-content\/uploads\/2025\/11\/Cattedrale-di-Sale-di-Zipaquira-705x529.webp 705w\" data-sizes=\"(max-width: 1000px) 100vw, 1000px\" src=\"data:image\/svg+xml;base64,PHN2ZyB3aWR0aD0iMSIgaGVpZ2h0PSIxIiB4bWxucz0iaHR0cDovL3d3dy53My5vcmcvMjAwMC9zdmciPjwvc3ZnPg==\" style=\"--smush-placeholder-width: 1000px; --smush-placeholder-aspect-ratio: 1000\/750;\" \/><p id=\"caption-attachment-19689\" class=\"wp-caption-text\">Salt Cathedral of Zipaquir\u00e1<\/p><\/div><\/p>\n<p>Zipaquir\u00e1 is located in the Sabana de Bogot\u00e1, about 50 km from the capital.<br \/>\nIt can be reached by bus or by joining one of the daily tours that depart from the city centre.<\/p>\n<p>In 2007, Colombians voted the Catedral de Sal as their country&#8217;s number one wonder.<\/p>\n<h3><strong>Medell\u00edn<br \/>\n<\/strong><\/h3>\n<p>Let&#8217;s cut to the chase: when you think about Colombia, you probably think of Medell\u00edn and <strong>Pablo Escobar&#8217;s Cartel<\/strong>.<br \/>\nHowever, you&#8217;d be disappointed if you thought the city was still dangerous, with drug lords roaming around in huge 4x4s with their guns on display and hunting down rival cartels.<\/p>\n<p>I arrived from Bogot\u00e1 by bus on a normal Wednesday night, and Medell\u00edn welcomed me at 3 a.m. as if it were a special Saturday night.<br \/>\nThe streets were teeming with people, all the bars were open and the city was lit up as if it were daytime.<\/p>\n<div id=\"attachment_19690\" style=\"width: 460px\" class=\"wp-caption aligncenter\"><img decoding=\"async\" aria-describedby=\"caption-attachment-19690\" class=\"size-full wp-image-19552 lazyload\" data-src=\"https:\/\/www.cosmorevas.tk\/wp-content\/uploads\/2025\/11\/Arrivo-a-Medellin-in-autobus-da-Bogota.webp\" alt=\"I arrived in Medellin by bus from Bogota.\" width=\"450\" height=\"600\" data-srcset=\"https:\/\/www.cosmorevas.tk\/wp-content\/uploads\/2025\/11\/Arrivo-a-Medellin-in-autobus-da-Bogota.webp 450w, https:\/\/www.cosmorevas.tk\/wp-content\/uploads\/2025\/11\/Arrivo-a-Medellin-in-autobus-da-Bogota-225x300.webp 225w\" data-sizes=\"(max-width: 450px) 100vw, 450px\" src=\"data:image\/svg+xml;base64,PHN2ZyB3aWR0aD0iMSIgaGVpZ2h0PSIxIiB4bWxucz0iaHR0cDovL3d3dy53My5vcmcvMjAwMC9zdmciPjwvc3ZnPg==\" style=\"--smush-placeholder-width: 450px; --smush-placeholder-aspect-ratio: 450\/600;\" \/><p id=\"caption-attachment-19690\" class=\"wp-caption-text\">I arrived in Medellin by bus from Bogota.<\/p><\/div>\n<p>The next morning, I explored the city centre on foot and by metro.<\/p>\n<p>The artist <strong>Fernando Botero<\/strong> was born here, and his works adorn the streets and squares of his beloved city.<\/p>\n<p><div id=\"attachment_19691\" style=\"width: 460px\" class=\"wp-caption aligncenter\"><img decoding=\"async\" aria-describedby=\"caption-attachment-19691\" class=\"size-full wp-image-19553 lazyload\" data-src=\"https:\/\/www.cosmorevas.tk\/wp-content\/uploads\/2025\/11\/Palazzo-della-Cultura-Rafael-Uribe-Uribe-Piazza-Botero-a-Medellin.webp\" alt=\"Rafael Uribe Uribe Cultural Centre, Botero Square in Medell\u00edn\" width=\"450\" height=\"600\" data-srcset=\"https:\/\/www.cosmorevas.tk\/wp-content\/uploads\/2025\/11\/Palazzo-della-Cultura-Rafael-Uribe-Uribe-Piazza-Botero-a-Medellin.webp 450w, https:\/\/www.cosmorevas.tk\/wp-content\/uploads\/2025\/11\/Palazzo-della-Cultura-Rafael-Uribe-Uribe-Piazza-Botero-a-Medellin-225x300.webp 225w\" data-sizes=\"(max-width: 450px) 100vw, 450px\" src=\"data:image\/svg+xml;base64,PHN2ZyB3aWR0aD0iMSIgaGVpZ2h0PSIxIiB4bWxucz0iaHR0cDovL3d3dy53My5vcmcvMjAwMC9zdmciPjwvc3ZnPg==\" style=\"--smush-placeholder-width: 450px; --smush-placeholder-aspect-ratio: 450\/600;\" \/><p id=\"caption-attachment-19691\" class=\"wp-caption-text\">Rafael Uribe Uribe Cultural Centre, Botero Square in Medell\u00edn<\/p><\/div><br \/>\n<div id=\"attachment_19692\" style=\"width: 460px\" class=\"wp-caption aligncenter\"><img decoding=\"async\" aria-describedby=\"caption-attachment-19692\" class=\"size-full wp-image-19554 lazyload\" data-src=\"https:\/\/www.cosmorevas.tk\/wp-content\/uploads\/2025\/11\/22Soldado-Romano22-scultura-dellartista-Fernando-Botero-in-Plaza-Botero-a-Medellin.webp\" alt=\"Roman Soldier, sculpture by artist Fernando Botero in Plaza Botero in Medell\u00edn\" width=\"450\" height=\"600\" data-srcset=\"https:\/\/www.cosmorevas.tk\/wp-content\/uploads\/2025\/11\/22Soldado-Romano22-scultura-dellartista-Fernando-Botero-in-Plaza-Botero-a-Medellin.webp 450w, https:\/\/www.cosmorevas.tk\/wp-content\/uploads\/2025\/11\/22Soldado-Romano22-scultura-dellartista-Fernando-Botero-in-Plaza-Botero-a-Medellin-225x300.webp 225w\" data-sizes=\"(max-width: 450px) 100vw, 450px\" src=\"data:image\/svg+xml;base64,PHN2ZyB3aWR0aD0iMSIgaGVpZ2h0PSIxIiB4bWxucz0iaHR0cDovL3d3dy53My5vcmcvMjAwMC9zdmciPjwvc3ZnPg==\" style=\"--smush-placeholder-width: 450px; --smush-placeholder-aspect-ratio: 450\/600;\" \/><p id=\"caption-attachment-19692\" class=\"wp-caption-text\">Roman Soldier, sculpture by artist Fernando Botero in Plaza Botero in Medell\u00edn<\/p><\/div><\/p>\n<p>Medell\u00edn is a lively city, with a strong pulse beating in the heart of its city centre, where you can stroll in the shade of palm trees and skyscrapers.<br \/>\nParks and tree-lined avenues embellish <strong>the city of eternal spring<\/strong>.<br \/>\nGreen is the predominant colour here, favoured by a climate that hovers around 25 degrees all year round.<\/p>\n<p><div id=\"attachment_19693\" style=\"width: 1010px\" class=\"wp-caption aligncenter\"><img decoding=\"async\" aria-describedby=\"caption-attachment-19693\" class=\"size-full wp-image-19555 lazyload\" data-src=\"https:\/\/www.cosmorevas.tk\/wp-content\/uploads\/2025\/11\/Plaza-Mayor-Medellin.webp\" alt=\"Plaza Mayor, Medellin\" width=\"1000\" height=\"563\" data-srcset=\"https:\/\/www.cosmorevas.tk\/wp-content\/uploads\/2025\/11\/Plaza-Mayor-Medellin.webp 1000w, https:\/\/www.cosmorevas.tk\/wp-content\/uploads\/2025\/11\/Plaza-Mayor-Medellin-300x169.webp 300w, https:\/\/www.cosmorevas.tk\/wp-content\/uploads\/2025\/11\/Plaza-Mayor-Medellin-768x432.webp 768w, https:\/\/www.cosmorevas.tk\/wp-content\/uploads\/2025\/11\/Plaza-Mayor-Medellin-705x397.webp 705w\" data-sizes=\"(max-width: 1000px) 100vw, 1000px\" src=\"data:image\/svg+xml;base64,PHN2ZyB3aWR0aD0iMSIgaGVpZ2h0PSIxIiB4bWxucz0iaHR0cDovL3d3dy53My5vcmcvMjAwMC9zdmciPjwvc3ZnPg==\" style=\"--smush-placeholder-width: 1000px; --smush-placeholder-aspect-ratio: 1000\/563;\" \/><p id=\"caption-attachment-19693\" class=\"wp-caption-text\">Plaza Mayor, Medellin<\/p><\/div><br \/>\n<div id=\"attachment_19694\" style=\"width: 1010px\" class=\"wp-caption aligncenter\"><img decoding=\"async\" aria-describedby=\"caption-attachment-19694\" class=\"size-full wp-image-19557 lazyload\" data-src=\"https:\/\/www.cosmorevas.tk\/wp-content\/uploads\/2025\/11\/Avenida-de-la-Libertad-Medellin.webp\" alt=\"Avenida de la Libertad, Medellin\" width=\"1000\" height=\"563\" data-srcset=\"https:\/\/www.cosmorevas.tk\/wp-content\/uploads\/2025\/11\/Avenida-de-la-Libertad-Medellin.webp 1000w, https:\/\/www.cosmorevas.tk\/wp-content\/uploads\/2025\/11\/Avenida-de-la-Libertad-Medellin-300x169.webp 300w, https:\/\/www.cosmorevas.tk\/wp-content\/uploads\/2025\/11\/Avenida-de-la-Libertad-Medellin-768x432.webp 768w, https:\/\/www.cosmorevas.tk\/wp-content\/uploads\/2025\/11\/Avenida-de-la-Libertad-Medellin-705x397.webp 705w\" data-sizes=\"(max-width: 1000px) 100vw, 1000px\" src=\"data:image\/svg+xml;base64,PHN2ZyB3aWR0aD0iMSIgaGVpZ2h0PSIxIiB4bWxucz0iaHR0cDovL3d3dy53My5vcmcvMjAwMC9zdmciPjwvc3ZnPg==\" style=\"--smush-placeholder-width: 1000px; --smush-placeholder-aspect-ratio: 1000\/563;\" \/><p id=\"caption-attachment-19694\" class=\"wp-caption-text\">Avenida de la Libertad, Medellin<\/p><\/div><\/p>\n<p>The extensive public transport network makes it easy to get around the city, with connections by metro, tram, electric bus and cable car.<\/p>\n<div id=\"attachment_19695\" style=\"width: 460px\" class=\"wp-caption aligncenter\"><img decoding=\"async\" aria-describedby=\"caption-attachment-19695\" class=\"size-full wp-image-19558 lazyload\" data-src=\"https:\/\/www.cosmorevas.tk\/wp-content\/uploads\/2025\/11\/Metrocable-sulle-case-di-Medellin.webp\" alt=\"Metrocable over the houses of Medellin\" width=\"450\" height=\"600\" data-srcset=\"https:\/\/www.cosmorevas.tk\/wp-content\/uploads\/2025\/11\/Metrocable-sulle-case-di-Medellin.webp 450w, https:\/\/www.cosmorevas.tk\/wp-content\/uploads\/2025\/11\/Metrocable-sulle-case-di-Medellin-225x300.webp 225w\" data-sizes=\"(max-width: 450px) 100vw, 450px\" src=\"data:image\/svg+xml;base64,PHN2ZyB3aWR0aD0iMSIgaGVpZ2h0PSIxIiB4bWxucz0iaHR0cDovL3d3dy53My5vcmcvMjAwMC9zdmciPjwvc3ZnPg==\" style=\"--smush-placeholder-width: 450px; --smush-placeholder-aspect-ratio: 450\/600;\" \/><p id=\"caption-attachment-19695\" class=\"wp-caption-text\">Metrocable over the houses of Medellin<\/p><\/div>\n<p>One of the most popular tourist attractions in Medell\u00edn is the <strong>Comuna 13<\/strong>.<br \/>\nWhat was once one of the city&#8217;s most dangerous areas now welcomes tourists without any risk whatsoever.<br \/>\nTours depart from outside the <strong>San Javier metro station<\/strong>, on Carrera 99. All of them cost the same, last the same amount of time, and follow the same itinerary.<br \/>\nYou can choose the guide who inspires you the most, or walk to Comuna 13 or take the public bus on Calle 47A.<br \/>\nWhile I understand how important it was for the residents to transform the neighbourhood and how much the tourist trade is needed to replace lost income, the identical playgrounds left me speechless.<\/p>\n<p><div id=\"attachment_19696\" style=\"width: 1010px\" class=\"wp-caption aligncenter\"><img decoding=\"async\" aria-describedby=\"caption-attachment-19696\" class=\"size-full wp-image-19567 lazyload\" data-src=\"https:\/\/www.cosmorevas.tk\/wp-content\/uploads\/2025\/11\/Scritta-Comuna-13-Medellin.webp\" alt=\"Comuna 13 Medellin sign\" width=\"1000\" height=\"563\" data-srcset=\"https:\/\/www.cosmorevas.tk\/wp-content\/uploads\/2025\/11\/Scritta-Comuna-13-Medellin.webp 1000w, https:\/\/www.cosmorevas.tk\/wp-content\/uploads\/2025\/11\/Scritta-Comuna-13-Medellin-300x169.webp 300w, https:\/\/www.cosmorevas.tk\/wp-content\/uploads\/2025\/11\/Scritta-Comuna-13-Medellin-768x432.webp 768w, https:\/\/www.cosmorevas.tk\/wp-content\/uploads\/2025\/11\/Scritta-Comuna-13-Medellin-705x397.webp 705w\" data-sizes=\"(max-width: 1000px) 100vw, 1000px\" src=\"data:image\/svg+xml;base64,PHN2ZyB3aWR0aD0iMSIgaGVpZ2h0PSIxIiB4bWxucz0iaHR0cDovL3d3dy53My5vcmcvMjAwMC9zdmciPjwvc3ZnPg==\" style=\"--smush-placeholder-width: 1000px; --smush-placeholder-aspect-ratio: 1000\/563;\" \/><p id=\"caption-attachment-19696\" class=\"wp-caption-text\">Comuna 13 Medellin sign<\/p><\/div><br \/>\n<div id=\"attachment_19697\" style=\"width: 460px\" class=\"wp-caption aligncenter\"><img decoding=\"async\" aria-describedby=\"caption-attachment-19697\" class=\"size-full wp-image-19568 lazyload\" data-src=\"https:\/\/www.cosmorevas.tk\/wp-content\/uploads\/2025\/11\/Passeggiando-nella-Comuna-13-di-Medellin.webp\" alt=\"Walking through Comuna 13 in Medell\u00edn\" width=\"450\" height=\"600\" data-srcset=\"https:\/\/www.cosmorevas.tk\/wp-content\/uploads\/2025\/11\/Passeggiando-nella-Comuna-13-di-Medellin.webp 450w, https:\/\/www.cosmorevas.tk\/wp-content\/uploads\/2025\/11\/Passeggiando-nella-Comuna-13-di-Medellin-225x300.webp 225w\" data-sizes=\"(max-width: 450px) 100vw, 450px\" src=\"data:image\/svg+xml;base64,PHN2ZyB3aWR0aD0iMSIgaGVpZ2h0PSIxIiB4bWxucz0iaHR0cDovL3d3dy53My5vcmcvMjAwMC9zdmciPjwvc3ZnPg==\" style=\"--smush-placeholder-width: 450px; --smush-placeholder-aspect-ratio: 450\/600;\" \/><p id=\"caption-attachment-19697\" class=\"wp-caption-text\">Walking through Comuna 13 in Medell\u00edn<\/p><\/div><\/p>\n<p>While wandering aimlessly through the streets, I came across the Comuna 13 Museum, which is perhaps the most authentic place.<br \/>\nHere, photos depict the neighbourhood&#8217;s true history, characterised by suffering, death, drugs, <strong>Operacion Orion<\/strong> and FARC guerrillas.<br \/>\nToday, Comuna 13 can be seen as a symbol of the rebirth of a city that is still strongly associated with Pablo Escobar&#8217;s cartel, but where it is fairly safe to walk around.<\/p>\n<p>Of course, you should always bear in mind that we are in Medell\u00edn, Colombia.<br \/>\nIt makes no sense to walk around alone at night in neighbourhoods where not a single stranger sets foot.<\/p>\n<div id=\"attachment_19698\" style=\"width: 1010px\" class=\"wp-caption aligncenter\"><img decoding=\"async\" aria-describedby=\"caption-attachment-19698\" class=\"size-full wp-image-19571 lazyload\" data-src=\"https:\/\/www.cosmorevas.tk\/wp-content\/uploads\/2025\/11\/Comuna-13-Medellin.webp\" alt=\"Comuna 13 Medell\u00edn\" width=\"1000\" height=\"563\" data-srcset=\"https:\/\/www.cosmorevas.tk\/wp-content\/uploads\/2025\/11\/Comuna-13-Medellin.webp 1000w, https:\/\/www.cosmorevas.tk\/wp-content\/uploads\/2025\/11\/Comuna-13-Medellin-300x169.webp 300w, https:\/\/www.cosmorevas.tk\/wp-content\/uploads\/2025\/11\/Comuna-13-Medellin-768x432.webp 768w, https:\/\/www.cosmorevas.tk\/wp-content\/uploads\/2025\/11\/Comuna-13-Medellin-705x397.webp 705w\" data-sizes=\"(max-width: 1000px) 100vw, 1000px\" src=\"data:image\/svg+xml;base64,PHN2ZyB3aWR0aD0iMSIgaGVpZ2h0PSIxIiB4bWxucz0iaHR0cDovL3d3dy53My5vcmcvMjAwMC9zdmciPjwvc3ZnPg==\" style=\"--smush-placeholder-width: 1000px; --smush-placeholder-aspect-ratio: 1000\/563;\" \/><p id=\"caption-attachment-19698\" class=\"wp-caption-text\">Comuna 13 Medell\u00edn<\/p><\/div>\n<h3>La Piedra del Pe\u00f1\u00f3n<\/h3>\n<p>The Medell\u00edn area&#8217;s natural symbol is Piedra del Pe\u00f1\u00f3n.<br \/>\nThis massive rock formation, which is about 220 metres high, was formed 65 million years ago by a volcanic explosion and is estimated to weigh around 66 million tonnes.<\/p>\n<div id=\"attachment_19699\" style=\"width: 460px\" class=\"wp-caption aligncenter\"><img decoding=\"async\" aria-describedby=\"caption-attachment-19699\" class=\"size-full wp-image-19573 lazyload\" data-src=\"https:\/\/www.cosmorevas.tk\/wp-content\/uploads\/2025\/11\/Piedra-del-Penon-Guatape.webp\" alt=\"Piedra del Pe\u00f1\u00f3n, Guatap\u00e9\" width=\"450\" height=\"600\" data-srcset=\"https:\/\/www.cosmorevas.tk\/wp-content\/uploads\/2025\/11\/Piedra-del-Penon-Guatape.webp 450w, https:\/\/www.cosmorevas.tk\/wp-content\/uploads\/2025\/11\/Piedra-del-Penon-Guatape-225x300.webp 225w\" data-sizes=\"(max-width: 450px) 100vw, 450px\" src=\"data:image\/svg+xml;base64,PHN2ZyB3aWR0aD0iMSIgaGVpZ2h0PSIxIiB4bWxucz0iaHR0cDovL3d3dy53My5vcmcvMjAwMC9zdmciPjwvc3ZnPg==\" style=\"--smush-placeholder-width: 450px; --smush-placeholder-aspect-ratio: 450\/600;\" \/><p id=\"caption-attachment-19699\" class=\"wp-caption-text\">Piedra del Pe\u00f1\u00f3n, Guatap\u00e9<\/p><\/div>\n<p>Luis Eduardo Villegas L\u00f3pez was the first to climb it on July 16, 1954. He used a bamboo ladder that was built in seven days.<br \/>\nClimbing the <strong>659 steps<\/strong> (numbered every 10) can be tiring, but the view from the top makes it worthwhile.<\/p>\n<p><div id=\"attachment_19700\" style=\"width: 1010px\" class=\"wp-caption aligncenter\"><img decoding=\"async\" aria-describedby=\"caption-attachment-19700\" class=\"size-full wp-image-19574 lazyload\" data-src=\"https:\/\/www.cosmorevas.tk\/wp-content\/uploads\/2025\/11\/Zoop-scale-Piedra-del-Penon-Guatape.webp\" alt=\"Zoom in on the steps of Piedra del Pe\u00f1\u00f3n, Guatap\u00e9\" width=\"1000\" height=\"563\" data-srcset=\"https:\/\/www.cosmorevas.tk\/wp-content\/uploads\/2025\/11\/Zoop-scale-Piedra-del-Penon-Guatape.webp 1000w, https:\/\/www.cosmorevas.tk\/wp-content\/uploads\/2025\/11\/Zoop-scale-Piedra-del-Penon-Guatape-300x169.webp 300w, https:\/\/www.cosmorevas.tk\/wp-content\/uploads\/2025\/11\/Zoop-scale-Piedra-del-Penon-Guatape-768x432.webp 768w, https:\/\/www.cosmorevas.tk\/wp-content\/uploads\/2025\/11\/Zoop-scale-Piedra-del-Penon-Guatape-705x397.webp 705w\" data-sizes=\"(max-width: 1000px) 100vw, 1000px\" src=\"data:image\/svg+xml;base64,PHN2ZyB3aWR0aD0iMSIgaGVpZ2h0PSIxIiB4bWxucz0iaHR0cDovL3d3dy53My5vcmcvMjAwMC9zdmciPjwvc3ZnPg==\" style=\"--smush-placeholder-width: 1000px; --smush-placeholder-aspect-ratio: 1000\/563;\" \/><p id=\"caption-attachment-19700\" class=\"wp-caption-text\">Zoom in on the steps of Piedra del Pe\u00f1\u00f3n, Guatap\u00e9<\/p><\/div><br \/>\n<div id=\"attachment_19701\" style=\"width: 460px\" class=\"wp-caption aligncenter\"><img decoding=\"async\" aria-describedby=\"caption-attachment-19701\" class=\"size-full wp-image-19575 lazyload\" data-src=\"https:\/\/www.cosmorevas.tk\/wp-content\/uploads\/2025\/11\/Scalini-Piedra-del-Penon-Guatape.webp\" alt=\"Piedra del Pe\u00f1\u00f3n Steps, Guatap\u00e9\" width=\"450\" height=\"600\" data-srcset=\"https:\/\/www.cosmorevas.tk\/wp-content\/uploads\/2025\/11\/Scalini-Piedra-del-Penon-Guatape.webp 450w, https:\/\/www.cosmorevas.tk\/wp-content\/uploads\/2025\/11\/Scalini-Piedra-del-Penon-Guatape-225x300.webp 225w\" data-sizes=\"(max-width: 450px) 100vw, 450px\" src=\"data:image\/svg+xml;base64,PHN2ZyB3aWR0aD0iMSIgaGVpZ2h0PSIxIiB4bWxucz0iaHR0cDovL3d3dy53My5vcmcvMjAwMC9zdmciPjwvc3ZnPg==\" style=\"--smush-placeholder-width: 450px; --smush-placeholder-aspect-ratio: 450\/600;\" \/><p id=\"caption-attachment-19701\" class=\"wp-caption-text\">Piedra del Pe\u00f1\u00f3n Steps, Guatap\u00e9<\/p><\/div><\/p>\n<p>You can get there independently in about 2 hours by bus from Medell\u00edn&#8217;s Terminal del Norte, and it&#8217;s often included in tours that go to Guatap\u00e9.<\/p>\n<p><div id=\"attachment_19702\" style=\"width: 1010px\" class=\"wp-caption aligncenter\"><img decoding=\"async\" aria-describedby=\"caption-attachment-19702\" class=\"size-full wp-image-19576 lazyload\" data-src=\"https:\/\/www.cosmorevas.tk\/wp-content\/uploads\/2025\/11\/Vista-panoramica-dalla-Piedra-del-Penon-Guatape.webp\" alt=\"Panoramic view from Piedra del Pe\u00f1\u00f3n, Guatap\u00e9\" width=\"1000\" height=\"563\" data-srcset=\"https:\/\/www.cosmorevas.tk\/wp-content\/uploads\/2025\/11\/Vista-panoramica-dalla-Piedra-del-Penon-Guatape.webp 1000w, https:\/\/www.cosmorevas.tk\/wp-content\/uploads\/2025\/11\/Vista-panoramica-dalla-Piedra-del-Penon-Guatape-300x169.webp 300w, https:\/\/www.cosmorevas.tk\/wp-content\/uploads\/2025\/11\/Vista-panoramica-dalla-Piedra-del-Penon-Guatape-768x432.webp 768w, https:\/\/www.cosmorevas.tk\/wp-content\/uploads\/2025\/11\/Vista-panoramica-dalla-Piedra-del-Penon-Guatape-705x397.webp 705w\" data-sizes=\"(max-width: 1000px) 100vw, 1000px\" src=\"data:image\/svg+xml;base64,PHN2ZyB3aWR0aD0iMSIgaGVpZ2h0PSIxIiB4bWxucz0iaHR0cDovL3d3dy53My5vcmcvMjAwMC9zdmciPjwvc3ZnPg==\" style=\"--smush-placeholder-width: 1000px; --smush-placeholder-aspect-ratio: 1000\/563;\" \/><p id=\"caption-attachment-19702\" class=\"wp-caption-text\">Panoramic view from Piedra del Pe\u00f1\u00f3n, Guatap\u00e9<\/p><\/div><br \/>\n<div id=\"attachment_19703\" style=\"width: 1010px\" class=\"wp-caption aligncenter\"><img decoding=\"async\" aria-describedby=\"caption-attachment-19703\" class=\"size-full wp-image-19577 lazyload\" data-src=\"https:\/\/www.cosmorevas.tk\/wp-content\/uploads\/2025\/11\/Elicottero-sorvola-Guatape-vista-dalla-Piedra-del-Penon.webp\" alt=\"Helicopter flying over Guatap\u00e9, view from Piedra del Pe\u00f1\u00f3n\" width=\"1000\" height=\"563\" data-srcset=\"https:\/\/www.cosmorevas.tk\/wp-content\/uploads\/2025\/11\/Elicottero-sorvola-Guatape-vista-dalla-Piedra-del-Penon.webp 1000w, https:\/\/www.cosmorevas.tk\/wp-content\/uploads\/2025\/11\/Elicottero-sorvola-Guatape-vista-dalla-Piedra-del-Penon-300x169.webp 300w, https:\/\/www.cosmorevas.tk\/wp-content\/uploads\/2025\/11\/Elicottero-sorvola-Guatape-vista-dalla-Piedra-del-Penon-768x432.webp 768w, https:\/\/www.cosmorevas.tk\/wp-content\/uploads\/2025\/11\/Elicottero-sorvola-Guatape-vista-dalla-Piedra-del-Penon-705x397.webp 705w\" data-sizes=\"(max-width: 1000px) 100vw, 1000px\" src=\"data:image\/svg+xml;base64,PHN2ZyB3aWR0aD0iMSIgaGVpZ2h0PSIxIiB4bWxucz0iaHR0cDovL3d3dy53My5vcmcvMjAwMC9zdmciPjwvc3ZnPg==\" style=\"--smush-placeholder-width: 1000px; --smush-placeholder-aspect-ratio: 1000\/563;\" \/><p id=\"caption-attachment-19703\" class=\"wp-caption-text\">Helicopter flying over Guatap\u00e9, view from Piedra del Pe\u00f1\u00f3n<\/p><\/div><\/p>\n<h3><strong><span class=\"\">Guatap\u00e8<\/span><\/strong><\/h3>\n<p>This town near Piedra del Pe\u00f1\u00f3n is the perfect place to stop for lunch and rest after the climb.<br \/>\nGuatap\u00e9&#8217;s colonial buildings, which were built in 1814, are easy to spot because they have a central square, church and fountain.<\/p>\n<p><div id=\"attachment_19704\" style=\"width: 1010px\" class=\"wp-caption aligncenter\"><img decoding=\"async\" aria-describedby=\"caption-attachment-19704\" class=\"size-full wp-image-19585 lazyload\" data-src=\"https:\/\/www.cosmorevas.tk\/wp-content\/uploads\/2025\/11\/Chiesa-di-Nostra-Signora-del-Carmen-a-Guatape.webp\" alt=\"Church of Our Lady of Carmen in Guatap\u00e9\" width=\"1000\" height=\"542\" data-srcset=\"https:\/\/www.cosmorevas.tk\/wp-content\/uploads\/2025\/11\/Chiesa-di-Nostra-Signora-del-Carmen-a-Guatape.webp 1000w, https:\/\/www.cosmorevas.tk\/wp-content\/uploads\/2025\/11\/Chiesa-di-Nostra-Signora-del-Carmen-a-Guatape-300x163.webp 300w, https:\/\/www.cosmorevas.tk\/wp-content\/uploads\/2025\/11\/Chiesa-di-Nostra-Signora-del-Carmen-a-Guatape-768x416.webp 768w, https:\/\/www.cosmorevas.tk\/wp-content\/uploads\/2025\/11\/Chiesa-di-Nostra-Signora-del-Carmen-a-Guatape-705x382.webp 705w\" data-sizes=\"(max-width: 1000px) 100vw, 1000px\" src=\"data:image\/svg+xml;base64,PHN2ZyB3aWR0aD0iMSIgaGVpZ2h0PSIxIiB4bWxucz0iaHR0cDovL3d3dy53My5vcmcvMjAwMC9zdmciPjwvc3ZnPg==\" style=\"--smush-placeholder-width: 1000px; --smush-placeholder-aspect-ratio: 1000\/542;\" \/><p id=\"caption-attachment-19704\" class=\"wp-caption-text\">Church of Our Lady of Carmen in Guatap\u00e9<\/p><\/div><br \/>\n<div id=\"attachment_19705\" style=\"width: 1010px\" class=\"wp-caption aligncenter\"><img decoding=\"async\" aria-describedby=\"caption-attachment-19705\" class=\"size-full wp-image-19582 lazyload\" data-src=\"https:\/\/www.cosmorevas.tk\/wp-content\/uploads\/2025\/11\/Plazoleta-de-Los-Zocalos-a-Guatape.webp\" alt=\"Los Z\u00f3calos Square in Guatap\u00e9\" width=\"1000\" height=\"563\" data-srcset=\"https:\/\/www.cosmorevas.tk\/wp-content\/uploads\/2025\/11\/Plazoleta-de-Los-Zocalos-a-Guatape.webp 1000w, https:\/\/www.cosmorevas.tk\/wp-content\/uploads\/2025\/11\/Plazoleta-de-Los-Zocalos-a-Guatape-300x169.webp 300w, https:\/\/www.cosmorevas.tk\/wp-content\/uploads\/2025\/11\/Plazoleta-de-Los-Zocalos-a-Guatape-768x432.webp 768w, https:\/\/www.cosmorevas.tk\/wp-content\/uploads\/2025\/11\/Plazoleta-de-Los-Zocalos-a-Guatape-705x397.webp 705w\" data-sizes=\"(max-width: 1000px) 100vw, 1000px\" src=\"data:image\/svg+xml;base64,PHN2ZyB3aWR0aD0iMSIgaGVpZ2h0PSIxIiB4bWxucz0iaHR0cDovL3d3dy53My5vcmcvMjAwMC9zdmciPjwvc3ZnPg==\" style=\"--smush-placeholder-width: 1000px; --smush-placeholder-aspect-ratio: 1000\/563;\" \/><p id=\"caption-attachment-19705\" class=\"wp-caption-text\">Los Z\u00f3calos Square in Guatap\u00e9<\/p><\/div><\/p>\n<p>The murals on the houses&#8217; fronts describe the family living there by showing their nicknames or jobs.<br \/>\n&#8220;<strong>El Z\u00f2calo<\/strong>&#8220;, is the part of the house dedicated to the mural, which can be the wall, a column, a window, a frame, a base, and so on. It&#8217;s an expression of identity, a part of history, a feeling, a memory or a dream.<\/p>\n<p><div id=\"attachment_19706\" style=\"width: 1010px\" class=\"wp-caption aligncenter\"><img decoding=\"async\" aria-describedby=\"caption-attachment-19706\" class=\"size-full wp-image-19579 lazyload\" data-src=\"https:\/\/www.cosmorevas.tk\/wp-content\/uploads\/2025\/11\/Agenzia-di-viaggi-a-Guatape.webp\" alt=\"Travel agency in Guatap\u00e9\" width=\"1000\" height=\"563\" data-srcset=\"https:\/\/www.cosmorevas.tk\/wp-content\/uploads\/2025\/11\/Agenzia-di-viaggi-a-Guatape.webp 1000w, https:\/\/www.cosmorevas.tk\/wp-content\/uploads\/2025\/11\/Agenzia-di-viaggi-a-Guatape-300x169.webp 300w, https:\/\/www.cosmorevas.tk\/wp-content\/uploads\/2025\/11\/Agenzia-di-viaggi-a-Guatape-768x432.webp 768w, https:\/\/www.cosmorevas.tk\/wp-content\/uploads\/2025\/11\/Agenzia-di-viaggi-a-Guatape-705x397.webp 705w\" data-sizes=\"(max-width: 1000px) 100vw, 1000px\" src=\"data:image\/svg+xml;base64,PHN2ZyB3aWR0aD0iMSIgaGVpZ2h0PSIxIiB4bWxucz0iaHR0cDovL3d3dy53My5vcmcvMjAwMC9zdmciPjwvc3ZnPg==\" style=\"--smush-placeholder-width: 1000px; --smush-placeholder-aspect-ratio: 1000\/563;\" \/><p id=\"caption-attachment-19706\" class=\"wp-caption-text\">Travel agency in Guatap\u00e9<\/p><\/div><br \/>\n<div id=\"attachment_19707\" style=\"width: 1010px\" class=\"wp-caption aligncenter\"><img decoding=\"async\" aria-describedby=\"caption-attachment-19707\" class=\"size-full wp-image-19580 lazyload\" data-src=\"https:\/\/www.cosmorevas.tk\/wp-content\/uploads\/2025\/11\/Strada-di-Guatape.webp\" alt=\"Street in Guatap\u00e9\" width=\"1000\" height=\"563\" data-srcset=\"https:\/\/www.cosmorevas.tk\/wp-content\/uploads\/2025\/11\/Strada-di-Guatape.webp 1000w, https:\/\/www.cosmorevas.tk\/wp-content\/uploads\/2025\/11\/Strada-di-Guatape-300x169.webp 300w, https:\/\/www.cosmorevas.tk\/wp-content\/uploads\/2025\/11\/Strada-di-Guatape-768x432.webp 768w, https:\/\/www.cosmorevas.tk\/wp-content\/uploads\/2025\/11\/Strada-di-Guatape-705x397.webp 705w\" data-sizes=\"(max-width: 1000px) 100vw, 1000px\" src=\"data:image\/svg+xml;base64,PHN2ZyB3aWR0aD0iMSIgaGVpZ2h0PSIxIiB4bWxucz0iaHR0cDovL3d3dy53My5vcmcvMjAwMC9zdmciPjwvc3ZnPg==\" style=\"--smush-placeholder-width: 1000px; --smush-placeholder-aspect-ratio: 1000\/563;\" \/><p id=\"caption-attachment-19707\" class=\"wp-caption-text\">Street in Guatap\u00e9<\/p><\/div><\/p>\n<p>The Plazoleta del Z\u00f2calo is one of many places to relax, between the seafront (el Malecon), Calle del Comercio and Calle del Recuerdo.<\/p>\n<p>Sailing down the Guatap\u00e8 River, you&#8217;ll spot some of Pablo Escobar&#8217;s old residences.<\/p>\n<p><div id=\"attachment_19708\" style=\"width: 1010px\" class=\"wp-caption aligncenter\"><img decoding=\"async\" aria-describedby=\"caption-attachment-19708\" class=\"size-full wp-image-19572 lazyload\" data-src=\"https:\/\/www.cosmorevas.tk\/wp-content\/uploads\/2025\/11\/Piedra-del-Penol-dal-motoscafo-Guatape.webp\" alt=\"Piedra del Pe\u00f1ol from a motorboat, Guatap\u00e9\" width=\"1000\" height=\"421\" data-srcset=\"https:\/\/www.cosmorevas.tk\/wp-content\/uploads\/2025\/11\/Piedra-del-Penol-dal-motoscafo-Guatape.webp 1000w, https:\/\/www.cosmorevas.tk\/wp-content\/uploads\/2025\/11\/Piedra-del-Penol-dal-motoscafo-Guatape-300x126.webp 300w, https:\/\/www.cosmorevas.tk\/wp-content\/uploads\/2025\/11\/Piedra-del-Penol-dal-motoscafo-Guatape-768x323.webp 768w, https:\/\/www.cosmorevas.tk\/wp-content\/uploads\/2025\/11\/Piedra-del-Penol-dal-motoscafo-Guatape-705x297.webp 705w\" data-sizes=\"(max-width: 1000px) 100vw, 1000px\" src=\"data:image\/svg+xml;base64,PHN2ZyB3aWR0aD0iMSIgaGVpZ2h0PSIxIiB4bWxucz0iaHR0cDovL3d3dy53My5vcmcvMjAwMC9zdmciPjwvc3ZnPg==\" style=\"--smush-placeholder-width: 1000px; --smush-placeholder-aspect-ratio: 1000\/421;\" \/><p id=\"caption-attachment-19708\" class=\"wp-caption-text\">Piedra del Pe\u00f1ol from a motorboat, Guatap\u00e9<\/p><\/div><br \/>\n<div id=\"attachment_19709\" style=\"width: 1010px\" class=\"wp-caption aligncenter\"><img decoding=\"async\" aria-describedby=\"caption-attachment-19709\" class=\"size-full wp-image-19587 lazyload\" data-src=\"https:\/\/www.cosmorevas.tk\/wp-content\/uploads\/2025\/11\/Escursioni-in-motoscafo-a-Guatape.webp\" alt=\"Escursioni in motoscafo a Guatap\u00e9\" width=\"1000\" height=\"550\" data-srcset=\"https:\/\/www.cosmorevas.tk\/wp-content\/uploads\/2025\/11\/Escursioni-in-motoscafo-a-Guatape.webp 1000w, https:\/\/www.cosmorevas.tk\/wp-content\/uploads\/2025\/11\/Escursioni-in-motoscafo-a-Guatape-300x165.webp 300w, https:\/\/www.cosmorevas.tk\/wp-content\/uploads\/2025\/11\/Escursioni-in-motoscafo-a-Guatape-768x422.webp 768w, https:\/\/www.cosmorevas.tk\/wp-content\/uploads\/2025\/11\/Escursioni-in-motoscafo-a-Guatape-705x388.webp 705w\" data-sizes=\"(max-width: 1000px) 100vw, 1000px\" src=\"data:image\/svg+xml;base64,PHN2ZyB3aWR0aD0iMSIgaGVpZ2h0PSIxIiB4bWxucz0iaHR0cDovL3d3dy53My5vcmcvMjAwMC9zdmciPjwvc3ZnPg==\" style=\"--smush-placeholder-width: 1000px; --smush-placeholder-aspect-ratio: 1000\/550;\" \/><p id=\"caption-attachment-19709\" class=\"wp-caption-text\">Motorboat tours in Guatap\u00e9<\/p><\/div><br \/>\n<div id=\"attachment_19710\" style=\"width: 636px\" class=\"wp-caption aligncenter\"><img decoding=\"async\" aria-describedby=\"caption-attachment-19710\" class=\"size-full wp-image-19588 lazyload\" data-src=\"https:\/\/www.cosmorevas.tk\/wp-content\/uploads\/2025\/11\/Vecchia-villa-di-Pablo-Escobar-a-Guatape.webp\" alt=\"Pablo Escobar's old villa in Guatap\u00e9\" width=\"626\" height=\"600\" data-srcset=\"https:\/\/www.cosmorevas.tk\/wp-content\/uploads\/2025\/11\/Vecchia-villa-di-Pablo-Escobar-a-Guatape.webp 626w, https:\/\/www.cosmorevas.tk\/wp-content\/uploads\/2025\/11\/Vecchia-villa-di-Pablo-Escobar-a-Guatape-300x288.webp 300w, https:\/\/www.cosmorevas.tk\/wp-content\/uploads\/2025\/11\/Vecchia-villa-di-Pablo-Escobar-a-Guatape-36x36.webp 36w\" data-sizes=\"(max-width: 626px) 100vw, 626px\" src=\"data:image\/svg+xml;base64,PHN2ZyB3aWR0aD0iMSIgaGVpZ2h0PSIxIiB4bWxucz0iaHR0cDovL3d3dy53My5vcmcvMjAwMC9zdmciPjwvc3ZnPg==\" style=\"--smush-placeholder-width: 626px; --smush-placeholder-aspect-ratio: 626\/600;\" \/><p id=\"caption-attachment-19710\" class=\"wp-caption-text\">Pablo Escobar&#8217;s old villa in Guatap\u00e9<\/p><\/div><\/p>\n<h3><strong><span class=\"\">Eje Cafetero<\/span><\/strong><\/h3>\n<p>The Eje Cafetero is an essential area to visit on a trip to Colombia.<br \/>\n<strong>Pereira Airport<\/strong> is the main gateway to the region, and I recommend basing yourself in the small, quiet town of <strong>Salento<\/strong>.<br \/>\nStrolling through the colourful cobbled streets, surrounded by mountains, green hills and fresh, clean air, is a very pleasant and relaxing experience.<\/p>\n<div id=\"attachment_19711\" style=\"width: 1010px\" class=\"wp-caption aligncenter\"><img decoding=\"async\" aria-describedby=\"caption-attachment-19711\" class=\"size-full wp-image-19590 lazyload\" data-src=\"https:\/\/www.cosmorevas.tk\/wp-content\/uploads\/2025\/11\/Eje-Cafetero-Colombia.webp\" alt=\"Eje Cafetero Colombia\" width=\"1000\" height=\"750\" data-srcset=\"https:\/\/www.cosmorevas.tk\/wp-content\/uploads\/2025\/11\/Eje-Cafetero-Colombia.webp 1000w, https:\/\/www.cosmorevas.tk\/wp-content\/uploads\/2025\/11\/Eje-Cafetero-Colombia-300x225.webp 300w, https:\/\/www.cosmorevas.tk\/wp-content\/uploads\/2025\/11\/Eje-Cafetero-Colombia-768x576.webp 768w, https:\/\/www.cosmorevas.tk\/wp-content\/uploads\/2025\/11\/Eje-Cafetero-Colombia-705x529.webp 705w\" data-sizes=\"(max-width: 1000px) 100vw, 1000px\" src=\"data:image\/svg+xml;base64,PHN2ZyB3aWR0aD0iMSIgaGVpZ2h0PSIxIiB4bWxucz0iaHR0cDovL3d3dy53My5vcmcvMjAwMC9zdmciPjwvc3ZnPg==\" style=\"--smush-placeholder-width: 1000px; --smush-placeholder-aspect-ratio: 1000\/750;\" \/><p id=\"caption-attachment-19711\" class=\"wp-caption-text\">Eje Cafetero Colombia<\/p><\/div>\n<p>The iconic<strong> Willy jeep<\/strong>, a semi-open vehicle that can carry eight to ten people, is the main means of transport.<br \/>\nSimply go to Plaza Bol\u00edvar, tell the driver your destination and board the first Willy that leaves.<\/p>\n<p><div id=\"attachment_19712\" style=\"width: 1010px\" class=\"wp-caption aligncenter\"><img decoding=\"async\" aria-describedby=\"caption-attachment-19712\" class=\"size-full wp-image-19596 lazyload\" data-src=\"https:\/\/www.cosmorevas.tk\/wp-content\/uploads\/2025\/11\/Jeep-Willy-Eje-Cafetero.webp\" alt=\"Jeep Willy, Eje Cafetero\" width=\"1000\" height=\"563\" data-srcset=\"https:\/\/www.cosmorevas.tk\/wp-content\/uploads\/2025\/11\/Jeep-Willy-Eje-Cafetero.webp 1000w, https:\/\/www.cosmorevas.tk\/wp-content\/uploads\/2025\/11\/Jeep-Willy-Eje-Cafetero-300x169.webp 300w, https:\/\/www.cosmorevas.tk\/wp-content\/uploads\/2025\/11\/Jeep-Willy-Eje-Cafetero-768x432.webp 768w, https:\/\/www.cosmorevas.tk\/wp-content\/uploads\/2025\/11\/Jeep-Willy-Eje-Cafetero-705x397.webp 705w\" data-sizes=\"(max-width: 1000px) 100vw, 1000px\" src=\"data:image\/svg+xml;base64,PHN2ZyB3aWR0aD0iMSIgaGVpZ2h0PSIxIiB4bWxucz0iaHR0cDovL3d3dy53My5vcmcvMjAwMC9zdmciPjwvc3ZnPg==\" style=\"--smush-placeholder-width: 1000px; --smush-placeholder-aspect-ratio: 1000\/563;\" \/><p id=\"caption-attachment-19712\" class=\"wp-caption-text\">Jeep Willy, Eje Cafetero<\/p><\/div><br \/>\n<div id=\"attachment_19713\" style=\"width: 460px\" class=\"wp-caption aligncenter\"><img decoding=\"async\" aria-describedby=\"caption-attachment-19713\" class=\"size-full wp-image-19597 lazyload\" data-src=\"https:\/\/www.cosmorevas.tk\/wp-content\/uploads\/2025\/11\/Interno-di-una-Jeep-Willy-Eje-Cafetero.webp\" alt=\"Inside a Jeep Willy, Eje Cafetero\" width=\"450\" height=\"600\" data-srcset=\"https:\/\/www.cosmorevas.tk\/wp-content\/uploads\/2025\/11\/Interno-di-una-Jeep-Willy-Eje-Cafetero.webp 450w, https:\/\/www.cosmorevas.tk\/wp-content\/uploads\/2025\/11\/Interno-di-una-Jeep-Willy-Eje-Cafetero-225x300.webp 225w\" data-sizes=\"(max-width: 450px) 100vw, 450px\" src=\"data:image\/svg+xml;base64,PHN2ZyB3aWR0aD0iMSIgaGVpZ2h0PSIxIiB4bWxucz0iaHR0cDovL3d3dy53My5vcmcvMjAwMC9zdmciPjwvc3ZnPg==\" style=\"--smush-placeholder-width: 450px; --smush-placeholder-aspect-ratio: 450\/600;\" \/><p id=\"caption-attachment-19713\" class=\"wp-caption-text\">Inside a Jeep Willy, Eje Cafetero<\/p><\/div><\/p>\n<p>As the name &#8216;Eje Cafetero&#8217; suggests, you can spend your days in Salento discovering the surrounding farms, &#8216;las fincas&#8217;, and touring the various <strong>coffee and cacao plantations<\/strong>.<br \/>\nI chose to go to the &#8216;Finca cafetera tradicional El Recuerdo&#8217; based on how long the experience would take and what time I was leaving.<br \/>\nFor 30,000 pesos, I got to visit the plantations and find out about the characteristics, uses, exportation, etc. of coffee, cocoa, sugar cane and palm trees. And yes, even the coca plant.<\/p>\n<p><div id=\"attachment_19714\" style=\"width: 1010px\" class=\"wp-caption aligncenter\"><img decoding=\"async\" aria-describedby=\"caption-attachment-19714\" class=\"size-full wp-image-19606 lazyload\" data-src=\"https:\/\/www.cosmorevas.tk\/wp-content\/uploads\/2025\/11\/Piantagione-di-caffe.webp\" alt=\"Coffee plantation\" width=\"1000\" height=\"563\" data-srcset=\"https:\/\/www.cosmorevas.tk\/wp-content\/uploads\/2025\/11\/Piantagione-di-caffe.webp 1000w, https:\/\/www.cosmorevas.tk\/wp-content\/uploads\/2025\/11\/Piantagione-di-caffe-300x169.webp 300w, https:\/\/www.cosmorevas.tk\/wp-content\/uploads\/2025\/11\/Piantagione-di-caffe-768x432.webp 768w, https:\/\/www.cosmorevas.tk\/wp-content\/uploads\/2025\/11\/Piantagione-di-caffe-705x397.webp 705w\" data-sizes=\"(max-width: 1000px) 100vw, 1000px\" src=\"data:image\/svg+xml;base64,PHN2ZyB3aWR0aD0iMSIgaGVpZ2h0PSIxIiB4bWxucz0iaHR0cDovL3d3dy53My5vcmcvMjAwMC9zdmciPjwvc3ZnPg==\" style=\"--smush-placeholder-width: 1000px; --smush-placeholder-aspect-ratio: 1000\/563;\" \/><p id=\"caption-attachment-19714\" class=\"wp-caption-text\">Coffee plantation<\/p><\/div><br \/>\n<div id=\"attachment_19715\" style=\"width: 1010px\" class=\"wp-caption aligncenter\"><img decoding=\"async\" aria-describedby=\"caption-attachment-19715\" class=\"size-full wp-image-19599 lazyload\" data-src=\"https:\/\/www.cosmorevas.tk\/wp-content\/uploads\/2025\/11\/Caffe.webp\" alt=\"Coffee plant\" width=\"1000\" height=\"563\" data-srcset=\"https:\/\/www.cosmorevas.tk\/wp-content\/uploads\/2025\/11\/Caffe.webp 1000w, https:\/\/www.cosmorevas.tk\/wp-content\/uploads\/2025\/11\/Caffe-300x169.webp 300w, https:\/\/www.cosmorevas.tk\/wp-content\/uploads\/2025\/11\/Caffe-768x432.webp 768w, https:\/\/www.cosmorevas.tk\/wp-content\/uploads\/2025\/11\/Caffe-705x397.webp 705w\" data-sizes=\"(max-width: 1000px) 100vw, 1000px\" src=\"data:image\/svg+xml;base64,PHN2ZyB3aWR0aD0iMSIgaGVpZ2h0PSIxIiB4bWxucz0iaHR0cDovL3d3dy53My5vcmcvMjAwMC9zdmciPjwvc3ZnPg==\" style=\"--smush-placeholder-width: 1000px; --smush-placeholder-aspect-ratio: 1000\/563;\" \/><p id=\"caption-attachment-19715\" class=\"wp-caption-text\">Coffee plant<\/p><\/div><br \/>\n<div id=\"attachment_19716\" style=\"width: 1010px\" class=\"wp-caption aligncenter\"><img decoding=\"async\" aria-describedby=\"caption-attachment-19716\" class=\"size-full wp-image-19604 lazyload\" data-src=\"https:\/\/www.cosmorevas.tk\/wp-content\/uploads\/2025\/11\/Pianta-di-cacao.webp\" alt=\"Cocoa plant\" width=\"1000\" height=\"750\" data-srcset=\"https:\/\/www.cosmorevas.tk\/wp-content\/uploads\/2025\/11\/Pianta-di-cacao.webp 1000w, https:\/\/www.cosmorevas.tk\/wp-content\/uploads\/2025\/11\/Pianta-di-cacao-300x225.webp 300w, https:\/\/www.cosmorevas.tk\/wp-content\/uploads\/2025\/11\/Pianta-di-cacao-768x576.webp 768w, https:\/\/www.cosmorevas.tk\/wp-content\/uploads\/2025\/11\/Pianta-di-cacao-705x529.webp 705w\" data-sizes=\"(max-width: 1000px) 100vw, 1000px\" src=\"data:image\/svg+xml;base64,PHN2ZyB3aWR0aD0iMSIgaGVpZ2h0PSIxIiB4bWxucz0iaHR0cDovL3d3dy53My5vcmcvMjAwMC9zdmciPjwvc3ZnPg==\" style=\"--smush-placeholder-width: 1000px; --smush-placeholder-aspect-ratio: 1000\/750;\" \/><p id=\"caption-attachment-19716\" class=\"wp-caption-text\">Cocoa plant<\/p><\/div><br \/>\n<div id=\"attachment_19717\" style=\"width: 1010px\" class=\"wp-caption aligncenter\"><img decoding=\"async\" aria-describedby=\"caption-attachment-19717\" class=\"size-full wp-image-19603 lazyload\" data-src=\"https:\/\/www.cosmorevas.tk\/wp-content\/uploads\/2025\/11\/Pianta-di-banani.webp\" alt=\"Banana plant\" width=\"1000\" height=\"563\" data-srcset=\"https:\/\/www.cosmorevas.tk\/wp-content\/uploads\/2025\/11\/Pianta-di-banani.webp 1000w, https:\/\/www.cosmorevas.tk\/wp-content\/uploads\/2025\/11\/Pianta-di-banani-300x169.webp 300w, https:\/\/www.cosmorevas.tk\/wp-content\/uploads\/2025\/11\/Pianta-di-banani-768x432.webp 768w, https:\/\/www.cosmorevas.tk\/wp-content\/uploads\/2025\/11\/Pianta-di-banani-705x397.webp 705w\" data-sizes=\"(max-width: 1000px) 100vw, 1000px\" src=\"data:image\/svg+xml;base64,PHN2ZyB3aWR0aD0iMSIgaGVpZ2h0PSIxIiB4bWxucz0iaHR0cDovL3d3dy53My5vcmcvMjAwMC9zdmciPjwvc3ZnPg==\" style=\"--smush-placeholder-width: 1000px; --smush-placeholder-aspect-ratio: 1000\/563;\" \/><p id=\"caption-attachment-19717\" class=\"wp-caption-text\">Banana plant<\/p><\/div><br \/>\n<div id=\"attachment_19718\" style=\"width: 1010px\" class=\"wp-caption aligncenter\"><img decoding=\"async\" aria-describedby=\"caption-attachment-19718\" class=\"size-full wp-image-19602 lazyload\" data-src=\"https:\/\/www.cosmorevas.tk\/wp-content\/uploads\/2025\/11\/Pianta-di-ananas.webp\" alt=\"Pineapple plant\" width=\"1000\" height=\"563\" data-srcset=\"https:\/\/www.cosmorevas.tk\/wp-content\/uploads\/2025\/11\/Pianta-di-ananas.webp 1000w, https:\/\/www.cosmorevas.tk\/wp-content\/uploads\/2025\/11\/Pianta-di-ananas-300x169.webp 300w, https:\/\/www.cosmorevas.tk\/wp-content\/uploads\/2025\/11\/Pianta-di-ananas-768x432.webp 768w, https:\/\/www.cosmorevas.tk\/wp-content\/uploads\/2025\/11\/Pianta-di-ananas-705x397.webp 705w\" data-sizes=\"(max-width: 1000px) 100vw, 1000px\" src=\"data:image\/svg+xml;base64,PHN2ZyB3aWR0aD0iMSIgaGVpZ2h0PSIxIiB4bWxucz0iaHR0cDovL3d3dy53My5vcmcvMjAwMC9zdmciPjwvc3ZnPg==\" style=\"--smush-placeholder-width: 1000px; --smush-placeholder-aspect-ratio: 1000\/563;\" \/><p id=\"caption-attachment-19718\" class=\"wp-caption-text\">Pineapple plant<\/p><\/div><br \/>\n<div id=\"attachment_19719\" style=\"width: 1010px\" class=\"wp-caption aligncenter\"><img decoding=\"async\" aria-describedby=\"caption-attachment-19719\" class=\"size-full wp-image-19601 lazyload\" data-src=\"https:\/\/www.cosmorevas.tk\/wp-content\/uploads\/2025\/11\/pianta-di-coca.webp\" alt=\"Coca plant\" width=\"1000\" height=\"563\" data-srcset=\"https:\/\/www.cosmorevas.tk\/wp-content\/uploads\/2025\/11\/pianta-di-coca.webp 1000w, https:\/\/www.cosmorevas.tk\/wp-content\/uploads\/2025\/11\/pianta-di-coca-300x169.webp 300w, https:\/\/www.cosmorevas.tk\/wp-content\/uploads\/2025\/11\/pianta-di-coca-768x432.webp 768w, https:\/\/www.cosmorevas.tk\/wp-content\/uploads\/2025\/11\/pianta-di-coca-705x397.webp 705w\" data-sizes=\"(max-width: 1000px) 100vw, 1000px\" src=\"data:image\/svg+xml;base64,PHN2ZyB3aWR0aD0iMSIgaGVpZ2h0PSIxIiB4bWxucz0iaHR0cDovL3d3dy53My5vcmcvMjAwMC9zdmciPjwvc3ZnPg==\" style=\"--smush-placeholder-width: 1000px; --smush-placeholder-aspect-ratio: 1000\/563;\" \/><p id=\"caption-attachment-19719\" class=\"wp-caption-text\">Coca plant<\/p><\/div><\/p>\n<p>Colombia&#8217;s got some great photos, like the ones of the <strong>palm trees in the Valle del Cocora<\/strong>.<br \/>\nThis is likely the main reason people travel here.<\/p>\n<p><div id=\"attachment_19720\" style=\"width: 1010px\" class=\"wp-caption aligncenter\"><img decoding=\"async\" aria-describedby=\"caption-attachment-19720\" class=\"size-full wp-image-19616 lazyload\" data-src=\"https:\/\/www.cosmorevas.tk\/wp-content\/uploads\/2025\/11\/Paesaggi-dellEje-Cafetero.webp\" alt=\"Landscapes of the Coffee Region\" width=\"1000\" height=\"563\" data-srcset=\"https:\/\/www.cosmorevas.tk\/wp-content\/uploads\/2025\/11\/Paesaggi-dellEje-Cafetero.webp 1000w, https:\/\/www.cosmorevas.tk\/wp-content\/uploads\/2025\/11\/Paesaggi-dellEje-Cafetero-300x169.webp 300w, https:\/\/www.cosmorevas.tk\/wp-content\/uploads\/2025\/11\/Paesaggi-dellEje-Cafetero-768x432.webp 768w, https:\/\/www.cosmorevas.tk\/wp-content\/uploads\/2025\/11\/Paesaggi-dellEje-Cafetero-705x397.webp 705w\" data-sizes=\"(max-width: 1000px) 100vw, 1000px\" src=\"data:image\/svg+xml;base64,PHN2ZyB3aWR0aD0iMSIgaGVpZ2h0PSIxIiB4bWxucz0iaHR0cDovL3d3dy53My5vcmcvMjAwMC9zdmciPjwvc3ZnPg==\" style=\"--smush-placeholder-width: 1000px; --smush-placeholder-aspect-ratio: 1000\/563;\" \/><p id=\"caption-attachment-19720\" class=\"wp-caption-text\">Landscapes of the Coffee Region<\/p><\/div><br \/>\n<div id=\"attachment_19721\" style=\"width: 540px\" class=\"wp-caption aligncenter\"><img decoding=\"async\" aria-describedby=\"caption-attachment-19721\" class=\"size-full wp-image-19626 lazyload\" data-src=\"https:\/\/www.cosmorevas.tk\/wp-content\/uploads\/2025\/11\/Animali-al-pascolo-nella-Valle-del-Cocora.webp\" alt=\"Animals grazing in the Cocora Valley\" width=\"530\" height=\"600\" data-srcset=\"https:\/\/www.cosmorevas.tk\/wp-content\/uploads\/2025\/11\/Animali-al-pascolo-nella-Valle-del-Cocora.webp 530w, https:\/\/www.cosmorevas.tk\/wp-content\/uploads\/2025\/11\/Animali-al-pascolo-nella-Valle-del-Cocora-265x300.webp 265w\" data-sizes=\"(max-width: 530px) 100vw, 530px\" src=\"data:image\/svg+xml;base64,PHN2ZyB3aWR0aD0iMSIgaGVpZ2h0PSIxIiB4bWxucz0iaHR0cDovL3d3dy53My5vcmcvMjAwMC9zdmciPjwvc3ZnPg==\" style=\"--smush-placeholder-width: 530px; --smush-placeholder-aspect-ratio: 530\/600;\" \/><p id=\"caption-attachment-19721\" class=\"wp-caption-text\">Animals grazing in the Cocora Valley<\/p><\/div><\/p>\n<p>If you go straight ahead, you&#8217;ll reach the main point, where you can see the landscapes with the towering palm trees.<br \/>\nOr you can take the smaller road on the right and follow the path through the forest, suspension bridges over the river, woods and mud, until you reach the Cocora Valley.<\/p>\n<p><div id=\"attachment_19722\" style=\"width: 1010px\" class=\"wp-caption aligncenter\"><img decoding=\"async\" aria-describedby=\"caption-attachment-19722\" class=\"size-full wp-image-19607 lazyload\" data-src=\"https:\/\/www.cosmorevas.tk\/wp-content\/uploads\/2025\/11\/Bosco-nellEje-Cafetero-Colombia.webp\" alt=\"Forest in the Coffee Region, Colombia\" width=\"1000\" height=\"563\" data-srcset=\"https:\/\/www.cosmorevas.tk\/wp-content\/uploads\/2025\/11\/Bosco-nellEje-Cafetero-Colombia.webp 1000w, https:\/\/www.cosmorevas.tk\/wp-content\/uploads\/2025\/11\/Bosco-nellEje-Cafetero-Colombia-300x169.webp 300w, https:\/\/www.cosmorevas.tk\/wp-content\/uploads\/2025\/11\/Bosco-nellEje-Cafetero-Colombia-768x432.webp 768w, https:\/\/www.cosmorevas.tk\/wp-content\/uploads\/2025\/11\/Bosco-nellEje-Cafetero-Colombia-705x397.webp 705w\" data-sizes=\"(max-width: 1000px) 100vw, 1000px\" src=\"data:image\/svg+xml;base64,PHN2ZyB3aWR0aD0iMSIgaGVpZ2h0PSIxIiB4bWxucz0iaHR0cDovL3d3dy53My5vcmcvMjAwMC9zdmciPjwvc3ZnPg==\" style=\"--smush-placeholder-width: 1000px; --smush-placeholder-aspect-ratio: 1000\/563;\" \/><p id=\"caption-attachment-19722\" class=\"wp-caption-text\">Forest in the Coffee Region, Colombia<\/p><\/div><br \/>\n<div id=\"attachment_19723\" style=\"width: 460px\" class=\"wp-caption aligncenter\"><img decoding=\"async\" aria-describedby=\"caption-attachment-19723\" class=\"size-full wp-image-19608 lazyload\" data-src=\"https:\/\/www.cosmorevas.tk\/wp-content\/uploads\/2025\/11\/Trekking-nel-Cerro-Morrogacho.webp\" alt=\"Trekking in Cerro Morrogacho\" width=\"450\" height=\"600\" data-srcset=\"https:\/\/www.cosmorevas.tk\/wp-content\/uploads\/2025\/11\/Trekking-nel-Cerro-Morrogacho.webp 450w, https:\/\/www.cosmorevas.tk\/wp-content\/uploads\/2025\/11\/Trekking-nel-Cerro-Morrogacho-225x300.webp 225w\" data-sizes=\"(max-width: 450px) 100vw, 450px\" src=\"data:image\/svg+xml;base64,PHN2ZyB3aWR0aD0iMSIgaGVpZ2h0PSIxIiB4bWxucz0iaHR0cDovL3d3dy53My5vcmcvMjAwMC9zdmciPjwvc3ZnPg==\" style=\"--smush-placeholder-width: 450px; --smush-placeholder-aspect-ratio: 450\/600;\" \/><p id=\"caption-attachment-19723\" class=\"wp-caption-text\">Trekking in Cerro Morrogacho<\/p><\/div><br \/>\n<div id=\"attachment_19724\" style=\"width: 1010px\" class=\"wp-caption aligncenter\"><img decoding=\"async\" aria-describedby=\"caption-attachment-19724\" class=\"size-full wp-image-19609 lazyload\" data-src=\"https:\/\/www.cosmorevas.tk\/wp-content\/uploads\/2025\/11\/Ponte-sospeso-nel-trekking-per-la-Valle-del-Cocora.webp\" alt=\"Suspension bridge on the trek through the Cocora Valley\" width=\"1000\" height=\"750\" data-srcset=\"https:\/\/www.cosmorevas.tk\/wp-content\/uploads\/2025\/11\/Ponte-sospeso-nel-trekking-per-la-Valle-del-Cocora.webp 1000w, https:\/\/www.cosmorevas.tk\/wp-content\/uploads\/2025\/11\/Ponte-sospeso-nel-trekking-per-la-Valle-del-Cocora-300x225.webp 300w, https:\/\/www.cosmorevas.tk\/wp-content\/uploads\/2025\/11\/Ponte-sospeso-nel-trekking-per-la-Valle-del-Cocora-768x576.webp 768w, https:\/\/www.cosmorevas.tk\/wp-content\/uploads\/2025\/11\/Ponte-sospeso-nel-trekking-per-la-Valle-del-Cocora-705x529.webp 705w\" data-sizes=\"(max-width: 1000px) 100vw, 1000px\" src=\"data:image\/svg+xml;base64,PHN2ZyB3aWR0aD0iMSIgaGVpZ2h0PSIxIiB4bWxucz0iaHR0cDovL3d3dy53My5vcmcvMjAwMC9zdmciPjwvc3ZnPg==\" style=\"--smush-placeholder-width: 1000px; --smush-placeholder-aspect-ratio: 1000\/750;\" \/><p id=\"caption-attachment-19724\" class=\"wp-caption-text\">Suspension bridge on the trek through the Cocora Valley<\/p><\/div><br \/>\n<div id=\"attachment_19725\" style=\"width: 460px\" class=\"wp-caption aligncenter\"><img decoding=\"async\" aria-describedby=\"caption-attachment-19725\" class=\"size-full wp-image-19610 lazyload\" data-src=\"https:\/\/www.cosmorevas.tk\/wp-content\/uploads\/2025\/11\/Scarpe-da-trekking-indispensabili-per-la-Valle-del-Cocora.webp\" alt=\"Hiking boots are essential for the Cocora Valley.\" width=\"450\" height=\"600\" data-srcset=\"https:\/\/www.cosmorevas.tk\/wp-content\/uploads\/2025\/11\/Scarpe-da-trekking-indispensabili-per-la-Valle-del-Cocora.webp 450w, https:\/\/www.cosmorevas.tk\/wp-content\/uploads\/2025\/11\/Scarpe-da-trekking-indispensabili-per-la-Valle-del-Cocora-225x300.webp 225w\" data-sizes=\"(max-width: 450px) 100vw, 450px\" src=\"data:image\/svg+xml;base64,PHN2ZyB3aWR0aD0iMSIgaGVpZ2h0PSIxIiB4bWxucz0iaHR0cDovL3d3dy53My5vcmcvMjAwMC9zdmciPjwvc3ZnPg==\" style=\"--smush-placeholder-width: 450px; --smush-placeholder-aspect-ratio: 450\/600;\" \/><p id=\"caption-attachment-19725\" class=\"wp-caption-text\">Hiking boots are essential for the Cocora Valley.<\/p><\/div><\/p>\n<p>When I get somewhere, I always go for the longest and hardest route, even if it means spending most of the trekking swearing and kicking myself for making that choice.<br \/>\nThe trail was poorly marked, and the only signs that made me feel like I wasn&#8217;t lost were the ones warning me about the potential presence of Andean bears, pumas and dangerous trees.<br \/>\nHowever, the effort is rewarded, because after four hours of trekking, you reach the beautiful Cocora Valley.<\/p>\n<p><div id=\"attachment_19727\" style=\"width: 1010px\" class=\"wp-caption aligncenter\"><img decoding=\"async\" aria-describedby=\"caption-attachment-19727\" class=\"size-full wp-image-19623 lazyload\" data-src=\"https:\/\/www.cosmorevas.tk\/wp-content\/uploads\/2025\/11\/Scritta-Valle-de-Cocora.webp\" alt=\"Valle de Cocora sign\" width=\"1000\" height=\"563\" data-srcset=\"https:\/\/www.cosmorevas.tk\/wp-content\/uploads\/2025\/11\/Scritta-Valle-de-Cocora.webp 1000w, https:\/\/www.cosmorevas.tk\/wp-content\/uploads\/2025\/11\/Scritta-Valle-de-Cocora-300x169.webp 300w, https:\/\/www.cosmorevas.tk\/wp-content\/uploads\/2025\/11\/Scritta-Valle-de-Cocora-768x432.webp 768w, https:\/\/www.cosmorevas.tk\/wp-content\/uploads\/2025\/11\/Scritta-Valle-de-Cocora-705x397.webp 705w\" data-sizes=\"(max-width: 1000px) 100vw, 1000px\" src=\"data:image\/svg+xml;base64,PHN2ZyB3aWR0aD0iMSIgaGVpZ2h0PSIxIiB4bWxucz0iaHR0cDovL3d3dy53My5vcmcvMjAwMC9zdmciPjwvc3ZnPg==\" style=\"--smush-placeholder-width: 1000px; --smush-placeholder-aspect-ratio: 1000\/563;\" \/><p id=\"caption-attachment-19727\" class=\"wp-caption-text\">Valle de Cocora sign<\/p><\/div><br \/>\n<div id=\"attachment_19729\" style=\"width: 1010px\" class=\"wp-caption aligncenter\"><img decoding=\"async\" aria-describedby=\"caption-attachment-19729\" class=\"size-full wp-image-19624 lazyload\" data-src=\"https:\/\/www.cosmorevas.tk\/wp-content\/uploads\/2025\/11\/Donna-del-popolo-indigeno-precolombiano-dei-Quimbaya-con-un-pappagallo.webp\" alt=\"Woman from the pre-Columbian indigenous Quimbaya people with a parrot\" width=\"1000\" height=\"563\" data-srcset=\"https:\/\/www.cosmorevas.tk\/wp-content\/uploads\/2025\/11\/Donna-del-popolo-indigeno-precolombiano-dei-Quimbaya-con-un-pappagallo.webp 1000w, https:\/\/www.cosmorevas.tk\/wp-content\/uploads\/2025\/11\/Donna-del-popolo-indigeno-precolombiano-dei-Quimbaya-con-un-pappagallo-300x169.webp 300w, https:\/\/www.cosmorevas.tk\/wp-content\/uploads\/2025\/11\/Donna-del-popolo-indigeno-precolombiano-dei-Quimbaya-con-un-pappagallo-768x432.webp 768w, https:\/\/www.cosmorevas.tk\/wp-content\/uploads\/2025\/11\/Donna-del-popolo-indigeno-precolombiano-dei-Quimbaya-con-un-pappagallo-705x397.webp 705w\" data-sizes=\"(max-width: 1000px) 100vw, 1000px\" src=\"data:image\/svg+xml;base64,PHN2ZyB3aWR0aD0iMSIgaGVpZ2h0PSIxIiB4bWxucz0iaHR0cDovL3d3dy53My5vcmcvMjAwMC9zdmciPjwvc3ZnPg==\" style=\"--smush-placeholder-width: 1000px; --smush-placeholder-aspect-ratio: 1000\/563;\" \/><p id=\"caption-attachment-19729\" class=\"wp-caption-text\">Woman from the pre-Columbian indigenous Quimbaya people with a parrot<\/p><\/div><\/p>\n<p>Andean condors fly over the towering palm trees, which look like they&#8217;re trying to reach the low clouds, while sheep and mazama deer graze constantly.<br \/>\nIt&#8217;s a stunning landscape, one you wouldn&#8217;t find anywhere else in the world.<\/p>\n<p><div id=\"attachment_19731\" style=\"width: 1010px\" class=\"wp-caption aligncenter\"><img decoding=\"async\" aria-describedby=\"caption-attachment-19731\" class=\"size-full wp-image-19614 lazyload\" data-src=\"https:\/\/www.cosmorevas.tk\/wp-content\/uploads\/2025\/11\/Condor-delle-Ande-vola-nella-Valle-del-Cocora.webp\" alt=\"Andean condors fly in the Cocora Valley\" width=\"1000\" height=\"563\" data-srcset=\"https:\/\/www.cosmorevas.tk\/wp-content\/uploads\/2025\/11\/Condor-delle-Ande-vola-nella-Valle-del-Cocora.webp 1000w, https:\/\/www.cosmorevas.tk\/wp-content\/uploads\/2025\/11\/Condor-delle-Ande-vola-nella-Valle-del-Cocora-300x169.webp 300w, https:\/\/www.cosmorevas.tk\/wp-content\/uploads\/2025\/11\/Condor-delle-Ande-vola-nella-Valle-del-Cocora-768x432.webp 768w, https:\/\/www.cosmorevas.tk\/wp-content\/uploads\/2025\/11\/Condor-delle-Ande-vola-nella-Valle-del-Cocora-705x397.webp 705w\" data-sizes=\"(max-width: 1000px) 100vw, 1000px\" src=\"data:image\/svg+xml;base64,PHN2ZyB3aWR0aD0iMSIgaGVpZ2h0PSIxIiB4bWxucz0iaHR0cDovL3d3dy53My5vcmcvMjAwMC9zdmciPjwvc3ZnPg==\" style=\"--smush-placeholder-width: 1000px; --smush-placeholder-aspect-ratio: 1000\/563;\" \/><p id=\"caption-attachment-19731\" class=\"wp-caption-text\">Andean condors fly in the Cocora Valley<\/p><\/div><br \/>\n<div id=\"attachment_19733\" style=\"width: 1010px\" class=\"wp-caption aligncenter\"><img decoding=\"async\" aria-describedby=\"caption-attachment-19733\" class=\"size-full wp-image-19618 lazyload\" data-src=\"https:\/\/www.cosmorevas.tk\/wp-content\/uploads\/2025\/11\/Palme-da-cera-tra-le-nuvole-nella-Valle-del-Cocora.webp\" alt=\"Wax palms among the clouds in the Cocora Valley\" width=\"1000\" height=\"538\" data-srcset=\"https:\/\/www.cosmorevas.tk\/wp-content\/uploads\/2025\/11\/Palme-da-cera-tra-le-nuvole-nella-Valle-del-Cocora.webp 1000w, https:\/\/www.cosmorevas.tk\/wp-content\/uploads\/2025\/11\/Palme-da-cera-tra-le-nuvole-nella-Valle-del-Cocora-300x161.webp 300w, https:\/\/www.cosmorevas.tk\/wp-content\/uploads\/2025\/11\/Palme-da-cera-tra-le-nuvole-nella-Valle-del-Cocora-768x413.webp 768w, https:\/\/www.cosmorevas.tk\/wp-content\/uploads\/2025\/11\/Palme-da-cera-tra-le-nuvole-nella-Valle-del-Cocora-705x379.webp 705w\" data-sizes=\"(max-width: 1000px) 100vw, 1000px\" src=\"data:image\/svg+xml;base64,PHN2ZyB3aWR0aD0iMSIgaGVpZ2h0PSIxIiB4bWxucz0iaHR0cDovL3d3dy53My5vcmcvMjAwMC9zdmciPjwvc3ZnPg==\" style=\"--smush-placeholder-width: 1000px; --smush-placeholder-aspect-ratio: 1000\/538;\" \/><p id=\"caption-attachment-19733\" class=\"wp-caption-text\">Wax palms among the clouds in the Cocora Valley<\/p><\/div><br \/>\n<div id=\"attachment_19735\" style=\"width: 460px\" class=\"wp-caption aligncenter\"><img decoding=\"async\" aria-describedby=\"caption-attachment-19735\" class=\"size-full wp-image-19619 lazyload\" data-src=\"https:\/\/www.cosmorevas.tk\/wp-content\/uploads\/2025\/11\/Lalbero-nazionale-della-Colombia-puo-raggiungere-i-70-metri-di-altezza.webp\" alt=\"L'albero nazionale della Colombia pu\u00f2 raggiungere i 70 metri di altezza\" width=\"450\" height=\"600\" data-srcset=\"https:\/\/www.cosmorevas.tk\/wp-content\/uploads\/2025\/11\/Lalbero-nazionale-della-Colombia-puo-raggiungere-i-70-metri-di-altezza.webp 450w, https:\/\/www.cosmorevas.tk\/wp-content\/uploads\/2025\/11\/Lalbero-nazionale-della-Colombia-puo-raggiungere-i-70-metri-di-altezza-225x300.webp 225w\" data-sizes=\"(max-width: 450px) 100vw, 450px\" src=\"data:image\/svg+xml;base64,PHN2ZyB3aWR0aD0iMSIgaGVpZ2h0PSIxIiB4bWxucz0iaHR0cDovL3d3dy53My5vcmcvMjAwMC9zdmciPjwvc3ZnPg==\" style=\"--smush-placeholder-width: 450px; --smush-placeholder-aspect-ratio: 450\/600;\" \/><p id=\"caption-attachment-19735\" class=\"wp-caption-text\">Colombia&#8217;s national tree can reach heights of up to 70 metres.<\/p><\/div><br \/>\n<div id=\"attachment_19738\" style=\"width: 1010px\" class=\"wp-caption aligncenter\"><img decoding=\"async\" aria-describedby=\"caption-attachment-19738\" class=\"size-full wp-image-19620 lazyload\" data-src=\"https:\/\/www.cosmorevas.tk\/wp-content\/uploads\/2025\/11\/Palme-e-nuvole.webp\" alt=\"Palms and clouds\" width=\"1000\" height=\"625\" data-srcset=\"https:\/\/www.cosmorevas.tk\/wp-content\/uploads\/2025\/11\/Palme-e-nuvole.webp 1000w, https:\/\/www.cosmorevas.tk\/wp-content\/uploads\/2025\/11\/Palme-e-nuvole-300x188.webp 300w, https:\/\/www.cosmorevas.tk\/wp-content\/uploads\/2025\/11\/Palme-e-nuvole-768x480.webp 768w, https:\/\/www.cosmorevas.tk\/wp-content\/uploads\/2025\/11\/Palme-e-nuvole-705x441.webp 705w\" data-sizes=\"(max-width: 1000px) 100vw, 1000px\" src=\"data:image\/svg+xml;base64,PHN2ZyB3aWR0aD0iMSIgaGVpZ2h0PSIxIiB4bWxucz0iaHR0cDovL3d3dy53My5vcmcvMjAwMC9zdmciPjwvc3ZnPg==\" style=\"--smush-placeholder-width: 1000px; --smush-placeholder-aspect-ratio: 1000\/625;\" \/><p id=\"caption-attachment-19738\" class=\"wp-caption-text\">Palms and clouds<\/p><\/div><br \/>\n<div id=\"attachment_19740\" style=\"width: 1010px\" class=\"wp-caption aligncenter\"><img decoding=\"async\" aria-describedby=\"caption-attachment-19740\" class=\"size-full wp-image-19621 lazyload\" data-src=\"https:\/\/www.cosmorevas.tk\/wp-content\/uploads\/2025\/11\/Valle-del-Cocora.webp\" alt=\"Cocora Valley, Colombia\" width=\"1000\" height=\"750\" data-srcset=\"https:\/\/www.cosmorevas.tk\/wp-content\/uploads\/2025\/11\/Valle-del-Cocora.webp 1000w, https:\/\/www.cosmorevas.tk\/wp-content\/uploads\/2025\/11\/Valle-del-Cocora-300x225.webp 300w, https:\/\/www.cosmorevas.tk\/wp-content\/uploads\/2025\/11\/Valle-del-Cocora-768x576.webp 768w, https:\/\/www.cosmorevas.tk\/wp-content\/uploads\/2025\/11\/Valle-del-Cocora-705x529.webp 705w\" data-sizes=\"(max-width: 1000px) 100vw, 1000px\" src=\"data:image\/svg+xml;base64,PHN2ZyB3aWR0aD0iMSIgaGVpZ2h0PSIxIiB4bWxucz0iaHR0cDovL3d3dy53My5vcmcvMjAwMC9zdmciPjwvc3ZnPg==\" style=\"--smush-placeholder-width: 1000px; --smush-placeholder-aspect-ratio: 1000\/750;\" \/><p id=\"caption-attachment-19740\" class=\"wp-caption-text\">Cocora Valley, Colombia<\/p><\/div><br \/>\n<div id=\"attachment_19742\" style=\"width: 460px\" class=\"wp-caption aligncenter\"><img decoding=\"async\" aria-describedby=\"caption-attachment-19742\" class=\"size-full wp-image-19622 lazyload\" data-src=\"https:\/\/www.cosmorevas.tk\/wp-content\/uploads\/2025\/11\/Valle-del-Cocora-Colombia.webp\" alt=\"Cocora Valley, Colombia\" width=\"450\" height=\"600\" data-srcset=\"https:\/\/www.cosmorevas.tk\/wp-content\/uploads\/2025\/11\/Valle-del-Cocora-Colombia.webp 450w, https:\/\/www.cosmorevas.tk\/wp-content\/uploads\/2025\/11\/Valle-del-Cocora-Colombia-225x300.webp 225w\" data-sizes=\"(max-width: 450px) 100vw, 450px\" src=\"data:image\/svg+xml;base64,PHN2ZyB3aWR0aD0iMSIgaGVpZ2h0PSIxIiB4bWxucz0iaHR0cDovL3d3dy53My5vcmcvMjAwMC9zdmciPjwvc3ZnPg==\" style=\"--smush-placeholder-width: 450px; --smush-placeholder-aspect-ratio: 450\/600;\" \/><p id=\"caption-attachment-19742\" class=\"wp-caption-text\">Cocora Valley, Colombia<\/p><\/div><\/p>\n<h3><strong><span class=\"\">C<\/span><\/strong><strong><span class=\"\">artagena de Indias<\/span><\/strong><\/h3>\n<p>Cartagena is probably Colombia&#8217;s most touristy city.<br \/>\nFar from the bad reputation of Bogot\u00e1 and the fear that Medell\u00edn instils, here I saw many travellers and there was an &#8220;Erasmus atmosphere&#8221; in the air.<br \/>\nThat&#8217;s why, even though I liked the fortified city and the <strong>Barrio Getsemani<\/strong>, Cartagena didn&#8217;t quite win my heart.<\/p>\n<p><div id=\"attachment_19744\" style=\"width: 1010px\" class=\"wp-caption aligncenter\"><img decoding=\"async\" aria-describedby=\"caption-attachment-19744\" class=\"size-full wp-image-19632 lazyload\" data-src=\"https:\/\/www.cosmorevas.tk\/wp-content\/uploads\/2025\/11\/Cartagena-de-Indias.webp\" alt=\"Cartagena de Indias\" width=\"1000\" height=\"563\" data-srcset=\"https:\/\/www.cosmorevas.tk\/wp-content\/uploads\/2025\/11\/Cartagena-de-Indias.webp 1000w, https:\/\/www.cosmorevas.tk\/wp-content\/uploads\/2025\/11\/Cartagena-de-Indias-300x169.webp 300w, https:\/\/www.cosmorevas.tk\/wp-content\/uploads\/2025\/11\/Cartagena-de-Indias-768x432.webp 768w, https:\/\/www.cosmorevas.tk\/wp-content\/uploads\/2025\/11\/Cartagena-de-Indias-705x397.webp 705w\" data-sizes=\"(max-width: 1000px) 100vw, 1000px\" src=\"data:image\/svg+xml;base64,PHN2ZyB3aWR0aD0iMSIgaGVpZ2h0PSIxIiB4bWxucz0iaHR0cDovL3d3dy53My5vcmcvMjAwMC9zdmciPjwvc3ZnPg==\" style=\"--smush-placeholder-width: 1000px; --smush-placeholder-aspect-ratio: 1000\/563;\" \/><p id=\"caption-attachment-19744\" class=\"wp-caption-text\">Cartagena de Indias<\/p><\/div><br \/>\n<div id=\"attachment_19746\" style=\"width: 1010px\" class=\"wp-caption aligncenter\"><img decoding=\"async\" aria-describedby=\"caption-attachment-19746\" class=\"size-full wp-image-19631 lazyload\" data-src=\"https:\/\/www.cosmorevas.tk\/wp-content\/uploads\/2025\/11\/Barrio-Getsemani-Cartagena-de-Indias.webp\" alt=\"Barrio Getseman\u00ed, Cartagena de Indias\" width=\"1000\" height=\"563\" data-srcset=\"https:\/\/www.cosmorevas.tk\/wp-content\/uploads\/2025\/11\/Barrio-Getsemani-Cartagena-de-Indias.webp 1000w, https:\/\/www.cosmorevas.tk\/wp-content\/uploads\/2025\/11\/Barrio-Getsemani-Cartagena-de-Indias-300x169.webp 300w, https:\/\/www.cosmorevas.tk\/wp-content\/uploads\/2025\/11\/Barrio-Getsemani-Cartagena-de-Indias-768x432.webp 768w, https:\/\/www.cosmorevas.tk\/wp-content\/uploads\/2025\/11\/Barrio-Getsemani-Cartagena-de-Indias-705x397.webp 705w\" data-sizes=\"(max-width: 1000px) 100vw, 1000px\" src=\"data:image\/svg+xml;base64,PHN2ZyB3aWR0aD0iMSIgaGVpZ2h0PSIxIiB4bWxucz0iaHR0cDovL3d3dy53My5vcmcvMjAwMC9zdmciPjwvc3ZnPg==\" style=\"--smush-placeholder-width: 1000px; --smush-placeholder-aspect-ratio: 1000\/563;\" \/><p id=\"caption-attachment-19746\" class=\"wp-caption-text\">Barrio Getseman\u00ed, Cartagena de Indias<\/p><\/div><\/p>\n<p>The city&#8217;s architectural symbol is the <strong>Torre del Reloj<\/strong>, the ancient gateway to the fortified city.<\/p>\n<p><div id=\"attachment_19748\" style=\"width: 1010px\" class=\"wp-caption aligncenter\"><img decoding=\"async\" aria-describedby=\"caption-attachment-19748\" class=\"size-full wp-image-19638 lazyload\" data-src=\"https:\/\/www.cosmorevas.tk\/wp-content\/uploads\/2025\/11\/Torre-del-Reloj-Cartagena-de-Indias.webp\" alt=\"Torre del Reloj, Cartagena de Indias\" width=\"1000\" height=\"563\" data-srcset=\"https:\/\/www.cosmorevas.tk\/wp-content\/uploads\/2025\/11\/Torre-del-Reloj-Cartagena-de-Indias.webp 1000w, https:\/\/www.cosmorevas.tk\/wp-content\/uploads\/2025\/11\/Torre-del-Reloj-Cartagena-de-Indias-300x169.webp 300w, https:\/\/www.cosmorevas.tk\/wp-content\/uploads\/2025\/11\/Torre-del-Reloj-Cartagena-de-Indias-768x432.webp 768w, https:\/\/www.cosmorevas.tk\/wp-content\/uploads\/2025\/11\/Torre-del-Reloj-Cartagena-de-Indias-705x397.webp 705w\" data-sizes=\"(max-width: 1000px) 100vw, 1000px\" src=\"data:image\/svg+xml;base64,PHN2ZyB3aWR0aD0iMSIgaGVpZ2h0PSIxIiB4bWxucz0iaHR0cDovL3d3dy53My5vcmcvMjAwMC9zdmciPjwvc3ZnPg==\" style=\"--smush-placeholder-width: 1000px; --smush-placeholder-aspect-ratio: 1000\/563;\" \/><p id=\"caption-attachment-19748\" class=\"wp-caption-text\">Torre del Reloj, Cartagena de Indias<\/p><\/div><br \/>\n<div id=\"attachment_19750\" style=\"width: 1010px\" class=\"wp-caption aligncenter\"><img decoding=\"async\" aria-describedby=\"caption-attachment-19750\" class=\"size-full wp-image-19639 lazyload\" data-src=\"https:\/\/www.cosmorevas.tk\/wp-content\/uploads\/2025\/11\/Torre-del-Reloj-di-notte-Cartagena-de-Indias.webp\" alt=\"Torre del Reloj at night, Cartagena de Indias\" width=\"1000\" height=\"563\" data-srcset=\"https:\/\/www.cosmorevas.tk\/wp-content\/uploads\/2025\/11\/Torre-del-Reloj-di-notte-Cartagena-de-Indias.webp 1000w, https:\/\/www.cosmorevas.tk\/wp-content\/uploads\/2025\/11\/Torre-del-Reloj-di-notte-Cartagena-de-Indias-300x169.webp 300w, https:\/\/www.cosmorevas.tk\/wp-content\/uploads\/2025\/11\/Torre-del-Reloj-di-notte-Cartagena-de-Indias-768x432.webp 768w, https:\/\/www.cosmorevas.tk\/wp-content\/uploads\/2025\/11\/Torre-del-Reloj-di-notte-Cartagena-de-Indias-705x397.webp 705w\" data-sizes=\"(max-width: 1000px) 100vw, 1000px\" src=\"data:image\/svg+xml;base64,PHN2ZyB3aWR0aD0iMSIgaGVpZ2h0PSIxIiB4bWxucz0iaHR0cDovL3d3dy53My5vcmcvMjAwMC9zdmciPjwvc3ZnPg==\" style=\"--smush-placeholder-width: 1000px; --smush-placeholder-aspect-ratio: 1000\/563;\" \/><p id=\"caption-attachment-19750\" class=\"wp-caption-text\">Torre del Reloj at night, Cartagena de Indias<\/p><\/div><\/p>\n<p>The city&#8217;s port has always been really important to Colombia and, as with all seaside cities, there are loads of great panoramic viewpoints, especially from the historic walls.<br \/>\nThe walls surrounding the city, which you can walk on, reminded me of the city of Derry in <a href=\"https:\/\/www.cosmorevas.tk\/en\/destinations\/ireland\/\" target=\"_blank\" rel=\"noopener\">Ireland<\/a>.<\/p>\n<p><div id=\"attachment_19752\" style=\"width: 1010px\" class=\"wp-caption aligncenter\"><img decoding=\"async\" aria-describedby=\"caption-attachment-19752\" class=\"size-full wp-image-19637 lazyload\" data-src=\"https:\/\/www.cosmorevas.tk\/wp-content\/uploads\/2025\/11\/Santuario-di-San-Pedro-Claver-nel-centro-storico-di-Cartagena-de-Indias.webp\" alt=\"San Pedro Claver Shrine in the historic centre of Cartagena de Indias\" width=\"1000\" height=\"563\" data-srcset=\"https:\/\/www.cosmorevas.tk\/wp-content\/uploads\/2025\/11\/Santuario-di-San-Pedro-Claver-nel-centro-storico-di-Cartagena-de-Indias.webp 1000w, https:\/\/www.cosmorevas.tk\/wp-content\/uploads\/2025\/11\/Santuario-di-San-Pedro-Claver-nel-centro-storico-di-Cartagena-de-Indias-300x169.webp 300w, https:\/\/www.cosmorevas.tk\/wp-content\/uploads\/2025\/11\/Santuario-di-San-Pedro-Claver-nel-centro-storico-di-Cartagena-de-Indias-768x432.webp 768w, https:\/\/www.cosmorevas.tk\/wp-content\/uploads\/2025\/11\/Santuario-di-San-Pedro-Claver-nel-centro-storico-di-Cartagena-de-Indias-705x397.webp 705w\" data-sizes=\"(max-width: 1000px) 100vw, 1000px\" src=\"data:image\/svg+xml;base64,PHN2ZyB3aWR0aD0iMSIgaGVpZ2h0PSIxIiB4bWxucz0iaHR0cDovL3d3dy53My5vcmcvMjAwMC9zdmciPjwvc3ZnPg==\" style=\"--smush-placeholder-width: 1000px; --smush-placeholder-aspect-ratio: 1000\/563;\" \/><p id=\"caption-attachment-19752\" class=\"wp-caption-text\">San Pedro Claver Shrine in the historic centre of Cartagena de Indias<\/p><\/div><br \/>\n<div id=\"attachment_19754\" style=\"width: 1010px\" class=\"wp-caption aligncenter\"><img decoding=\"async\" aria-describedby=\"caption-attachment-19754\" class=\"size-full wp-image-19641 lazyload\" data-src=\"https:\/\/www.cosmorevas.tk\/wp-content\/uploads\/2025\/11\/Museo-Navale-del-Caribe-a-Cartagena-de-Indias.webp\" alt=\"Caribbean Naval Museum in Cartagena de Indias\" width=\"1000\" height=\"563\" data-srcset=\"https:\/\/www.cosmorevas.tk\/wp-content\/uploads\/2025\/11\/Museo-Navale-del-Caribe-a-Cartagena-de-Indias.webp 1000w, https:\/\/www.cosmorevas.tk\/wp-content\/uploads\/2025\/11\/Museo-Navale-del-Caribe-a-Cartagena-de-Indias-300x169.webp 300w, https:\/\/www.cosmorevas.tk\/wp-content\/uploads\/2025\/11\/Museo-Navale-del-Caribe-a-Cartagena-de-Indias-768x432.webp 768w, https:\/\/www.cosmorevas.tk\/wp-content\/uploads\/2025\/11\/Museo-Navale-del-Caribe-a-Cartagena-de-Indias-705x397.webp 705w\" data-sizes=\"(max-width: 1000px) 100vw, 1000px\" src=\"data:image\/svg+xml;base64,PHN2ZyB3aWR0aD0iMSIgaGVpZ2h0PSIxIiB4bWxucz0iaHR0cDovL3d3dy53My5vcmcvMjAwMC9zdmciPjwvc3ZnPg==\" style=\"--smush-placeholder-width: 1000px; --smush-placeholder-aspect-ratio: 1000\/563;\" \/><p id=\"caption-attachment-19754\" class=\"wp-caption-text\">Caribbean Naval Museum in Cartagena de Indias<\/p><\/div><br \/>\n<div id=\"attachment_19757\" style=\"width: 1010px\" class=\"wp-caption aligncenter\"><img decoding=\"async\" aria-describedby=\"caption-attachment-19757\" class=\"size-full wp-image-19654 lazyload\" data-src=\"https:\/\/www.cosmorevas.tk\/wp-content\/uploads\/2025\/11\/La-bandiera-della-Colombia-sventola-su-Cartagena-de-Indias.webp\" alt=\"The flag of Colombia flies over Cartagena de Indias\" width=\"1000\" height=\"563\" data-srcset=\"https:\/\/www.cosmorevas.tk\/wp-content\/uploads\/2025\/11\/La-bandiera-della-Colombia-sventola-su-Cartagena-de-Indias.webp 1000w, https:\/\/www.cosmorevas.tk\/wp-content\/uploads\/2025\/11\/La-bandiera-della-Colombia-sventola-su-Cartagena-de-Indias-300x169.webp 300w, https:\/\/www.cosmorevas.tk\/wp-content\/uploads\/2025\/11\/La-bandiera-della-Colombia-sventola-su-Cartagena-de-Indias-768x432.webp 768w, https:\/\/www.cosmorevas.tk\/wp-content\/uploads\/2025\/11\/La-bandiera-della-Colombia-sventola-su-Cartagena-de-Indias-705x397.webp 705w\" data-sizes=\"(max-width: 1000px) 100vw, 1000px\" src=\"data:image\/svg+xml;base64,PHN2ZyB3aWR0aD0iMSIgaGVpZ2h0PSIxIiB4bWxucz0iaHR0cDovL3d3dy53My5vcmcvMjAwMC9zdmciPjwvc3ZnPg==\" style=\"--smush-placeholder-width: 1000px; --smush-placeholder-aspect-ratio: 1000\/563;\" \/><p id=\"caption-attachment-19757\" class=\"wp-caption-text\">The flag of Colombia flies over Cartagena de Indias<\/p><\/div><\/p>\n<p>The <strong>Castle of San Felipe de Barajas<\/strong> is a military fortress built in the 17th century to protect the treasures that arrived in Cartagena from all the Spanish colonies from pirates and privateers before setting sail for Europe.<br \/>\nSo, the castle has ramps, steps, stairways, tunnels and large open spaces.<br \/>\nThis defensive strategy, together with its position on high ground, made it impregnable.<\/p>\n<p><div id=\"attachment_19759\" style=\"width: 1010px\" class=\"wp-caption aligncenter\"><img decoding=\"async\" aria-describedby=\"caption-attachment-19759\" class=\"size-full wp-image-19642 lazyload\" data-src=\"https:\/\/www.cosmorevas.tk\/wp-content\/uploads\/2025\/11\/Statua-di-Blas-de-Lezo-con-gamba-e-braccio-amputati-Cartagena-de-Indias.webp\" alt=\"Statue of Blas de Lezo (with amputated leg and arm), Cartagena de Indias\" width=\"1000\" height=\"563\" data-srcset=\"https:\/\/www.cosmorevas.tk\/wp-content\/uploads\/2025\/11\/Statua-di-Blas-de-Lezo-con-gamba-e-braccio-amputati-Cartagena-de-Indias.webp 1000w, https:\/\/www.cosmorevas.tk\/wp-content\/uploads\/2025\/11\/Statua-di-Blas-de-Lezo-con-gamba-e-braccio-amputati-Cartagena-de-Indias-300x169.webp 300w, https:\/\/www.cosmorevas.tk\/wp-content\/uploads\/2025\/11\/Statua-di-Blas-de-Lezo-con-gamba-e-braccio-amputati-Cartagena-de-Indias-768x432.webp 768w, https:\/\/www.cosmorevas.tk\/wp-content\/uploads\/2025\/11\/Statua-di-Blas-de-Lezo-con-gamba-e-braccio-amputati-Cartagena-de-Indias-705x397.webp 705w\" data-sizes=\"(max-width: 1000px) 100vw, 1000px\" src=\"data:image\/svg+xml;base64,PHN2ZyB3aWR0aD0iMSIgaGVpZ2h0PSIxIiB4bWxucz0iaHR0cDovL3d3dy53My5vcmcvMjAwMC9zdmciPjwvc3ZnPg==\" style=\"--smush-placeholder-width: 1000px; --smush-placeholder-aspect-ratio: 1000\/563;\" \/><p id=\"caption-attachment-19759\" class=\"wp-caption-text\">Statue of Blas de Lezo (with amputated leg and arm), Cartagena de Indias<\/p><\/div><br \/>\n<div id=\"attachment_19761\" style=\"width: 460px\" class=\"wp-caption aligncenter\"><img decoding=\"async\" aria-describedby=\"caption-attachment-19761\" class=\"size-full wp-image-19643 lazyload\" data-src=\"https:\/\/www.cosmorevas.tk\/wp-content\/uploads\/2025\/11\/Cartagena-de-Indias-dalle-mura-fortificate.webp\" alt=\"Cartagena de Indias from its fortified walls\" width=\"450\" height=\"600\" data-srcset=\"https:\/\/www.cosmorevas.tk\/wp-content\/uploads\/2025\/11\/Cartagena-de-Indias-dalle-mura-fortificate.webp 450w, https:\/\/www.cosmorevas.tk\/wp-content\/uploads\/2025\/11\/Cartagena-de-Indias-dalle-mura-fortificate-225x300.webp 225w\" data-sizes=\"(max-width: 450px) 100vw, 450px\" src=\"data:image\/svg+xml;base64,PHN2ZyB3aWR0aD0iMSIgaGVpZ2h0PSIxIiB4bWxucz0iaHR0cDovL3d3dy53My5vcmcvMjAwMC9zdmciPjwvc3ZnPg==\" style=\"--smush-placeholder-width: 450px; --smush-placeholder-aspect-ratio: 450\/600;\" \/><p id=\"caption-attachment-19761\" class=\"wp-caption-text\">Cartagena de Indias from its fortified walls<\/p><\/div><br \/>\n<div id=\"attachment_19764\" style=\"width: 1010px\" class=\"wp-caption aligncenter\"><img decoding=\"async\" aria-describedby=\"caption-attachment-19764\" class=\"size-full wp-image-19645 lazyload\" data-src=\"https:\/\/www.cosmorevas.tk\/wp-content\/uploads\/2025\/11\/Cannone-nella-citta-murata-di-Cartagena-de-Indias.webp\" alt=\"Cannon in the walled city of Cartagena de Indias\" width=\"1000\" height=\"563\" data-srcset=\"https:\/\/www.cosmorevas.tk\/wp-content\/uploads\/2025\/11\/Cannone-nella-citta-murata-di-Cartagena-de-Indias.webp 1000w, https:\/\/www.cosmorevas.tk\/wp-content\/uploads\/2025\/11\/Cannone-nella-citta-murata-di-Cartagena-de-Indias-300x169.webp 300w, https:\/\/www.cosmorevas.tk\/wp-content\/uploads\/2025\/11\/Cannone-nella-citta-murata-di-Cartagena-de-Indias-768x432.webp 768w, https:\/\/www.cosmorevas.tk\/wp-content\/uploads\/2025\/11\/Cannone-nella-citta-murata-di-Cartagena-de-Indias-705x397.webp 705w\" data-sizes=\"(max-width: 1000px) 100vw, 1000px\" src=\"data:image\/svg+xml;base64,PHN2ZyB3aWR0aD0iMSIgaGVpZ2h0PSIxIiB4bWxucz0iaHR0cDovL3d3dy53My5vcmcvMjAwMC9zdmciPjwvc3ZnPg==\" style=\"--smush-placeholder-width: 1000px; --smush-placeholder-aspect-ratio: 1000\/563;\" \/><p id=\"caption-attachment-19764\" class=\"wp-caption-text\">Cannon in the walled city of Cartagena de Indias<\/p><\/div><br \/>\n<div id=\"attachment_19766\" style=\"width: 460px\" class=\"wp-caption aligncenter\"><img decoding=\"async\" aria-describedby=\"caption-attachment-19766\" class=\"size-full wp-image-19644 lazyload\" data-src=\"https:\/\/www.cosmorevas.tk\/wp-content\/uploads\/2025\/11\/Interno-dei-tunnel-del-Castello-di-San-Felipe-de-Barajas-Cartagena-de-Indias.webp\" alt=\"Inside the tunnels of San Felipe de Barajas Castle, Cartagena de Indias\" width=\"450\" height=\"600\" data-srcset=\"https:\/\/www.cosmorevas.tk\/wp-content\/uploads\/2025\/11\/Interno-dei-tunnel-del-Castello-di-San-Felipe-de-Barajas-Cartagena-de-Indias.webp 450w, https:\/\/www.cosmorevas.tk\/wp-content\/uploads\/2025\/11\/Interno-dei-tunnel-del-Castello-di-San-Felipe-de-Barajas-Cartagena-de-Indias-225x300.webp 225w\" data-sizes=\"(max-width: 450px) 100vw, 450px\" src=\"data:image\/svg+xml;base64,PHN2ZyB3aWR0aD0iMSIgaGVpZ2h0PSIxIiB4bWxucz0iaHR0cDovL3d3dy53My5vcmcvMjAwMC9zdmciPjwvc3ZnPg==\" style=\"--smush-placeholder-width: 450px; --smush-placeholder-aspect-ratio: 450\/600;\" \/><p id=\"caption-attachment-19766\" class=\"wp-caption-text\">Inside the tunnels of San Felipe de Barajas Castle, Cartagena de Indias<\/p><\/div><\/p>\n<p>When I think about Cartagena, I always remember <strong>Parque Centenario<\/strong>.<br \/>\nI found it by chance one morning when I was looking for some shade because the sun was shining in a blue sky.<br \/>\nThen, out of the blue, I saw some <strong>monkeys<\/strong> jumping around in the trees.<\/p>\n<p><div id=\"attachment_19768\" style=\"width: 460px\" class=\"wp-caption aligncenter\"><img decoding=\"async\" aria-describedby=\"caption-attachment-19768\" class=\"size-full wp-image-19647 lazyload\" data-src=\"https:\/\/www.cosmorevas.tk\/wp-content\/uploads\/2025\/11\/Titi-grigio-primate-endemico-della-Colombia-in-pericolo-di-estinzione-al-Parque-Centenario-Cartagena-de-Indias.webp\" alt=\"Grey titi monkey, an endangered primate endemic to Colombia, at Parque Centenario, Cartagena de Indias\" width=\"450\" height=\"600\" data-srcset=\"https:\/\/www.cosmorevas.tk\/wp-content\/uploads\/2025\/11\/Titi-grigio-primate-endemico-della-Colombia-in-pericolo-di-estinzione-al-Parque-Centenario-Cartagena-de-Indias.webp 450w, https:\/\/www.cosmorevas.tk\/wp-content\/uploads\/2025\/11\/Titi-grigio-primate-endemico-della-Colombia-in-pericolo-di-estinzione-al-Parque-Centenario-Cartagena-de-Indias-225x300.webp 225w\" data-sizes=\"(max-width: 450px) 100vw, 450px\" src=\"data:image\/svg+xml;base64,PHN2ZyB3aWR0aD0iMSIgaGVpZ2h0PSIxIiB4bWxucz0iaHR0cDovL3d3dy53My5vcmcvMjAwMC9zdmciPjwvc3ZnPg==\" style=\"--smush-placeholder-width: 450px; --smush-placeholder-aspect-ratio: 450\/600;\" \/><p id=\"caption-attachment-19768\" class=\"wp-caption-text\">Grey titi monkey, an endangered primate endemic to Colombia, at Parque Centenario, Cartagena de Indias<\/p><\/div><br \/>\n<div id=\"attachment_19770\" style=\"width: 1010px\" class=\"wp-caption aligncenter\"><img decoding=\"async\" aria-describedby=\"caption-attachment-19770\" class=\"size-full wp-image-19648 lazyload\" data-src=\"https:\/\/www.cosmorevas.tk\/wp-content\/uploads\/2025\/11\/Tamarino-edipo-al-Parque-Centenario-Cartagena-de-Indias.webp\" alt=\"Tamarino edipo al Parque Centenario, Cartagena de Indias\" width=\"1000\" height=\"563\" data-srcset=\"https:\/\/www.cosmorevas.tk\/wp-content\/uploads\/2025\/11\/Tamarino-edipo-al-Parque-Centenario-Cartagena-de-Indias.webp 1000w, https:\/\/www.cosmorevas.tk\/wp-content\/uploads\/2025\/11\/Tamarino-edipo-al-Parque-Centenario-Cartagena-de-Indias-300x169.webp 300w, https:\/\/www.cosmorevas.tk\/wp-content\/uploads\/2025\/11\/Tamarino-edipo-al-Parque-Centenario-Cartagena-de-Indias-768x432.webp 768w, https:\/\/www.cosmorevas.tk\/wp-content\/uploads\/2025\/11\/Tamarino-edipo-al-Parque-Centenario-Cartagena-de-Indias-705x397.webp 705w\" data-sizes=\"(max-width: 1000px) 100vw, 1000px\" src=\"data:image\/svg+xml;base64,PHN2ZyB3aWR0aD0iMSIgaGVpZ2h0PSIxIiB4bWxucz0iaHR0cDovL3d3dy53My5vcmcvMjAwMC9zdmciPjwvc3ZnPg==\" style=\"--smush-placeholder-width: 1000px; --smush-placeholder-aspect-ratio: 1000\/563;\" \/><p id=\"caption-attachment-19770\" class=\"wp-caption-text\">Tamarino Oedipus at Centenario Park, Cartagena de Indias<\/p><\/div><\/p>\n<p>I got a real kick out of trying to figure out what the other park visitors were looking at among the treetops.<br \/>\nThat&#8217;s how in Cartagena&#8217;s Parque Centenario I saw my first <strong>sloths<\/strong>.<br \/>\nI watched them for a while, enjoying their slow but smooth and easy-going moves.<br \/>\nI saw sloths again in Costa Rica later on, but as always, you never forget your first time.<\/p>\n<p><div id=\"attachment_19773\" style=\"width: 460px\" class=\"wp-caption aligncenter\"><img decoding=\"async\" aria-describedby=\"caption-attachment-19773\" class=\"size-full wp-image-19650 lazyload\" data-src=\"https:\/\/www.cosmorevas.tk\/wp-content\/uploads\/2025\/11\/Bradipo-al-Parque-Centenario-Cartagena-de-Indias.webp\" alt=\"Three-toed sloths at Centenario Park, Cartagena de Indias\" width=\"450\" height=\"600\" data-srcset=\"https:\/\/www.cosmorevas.tk\/wp-content\/uploads\/2025\/11\/Bradipo-al-Parque-Centenario-Cartagena-de-Indias.webp 450w, https:\/\/www.cosmorevas.tk\/wp-content\/uploads\/2025\/11\/Bradipo-al-Parque-Centenario-Cartagena-de-Indias-225x300.webp 225w\" data-sizes=\"(max-width: 450px) 100vw, 450px\" src=\"data:image\/svg+xml;base64,PHN2ZyB3aWR0aD0iMSIgaGVpZ2h0PSIxIiB4bWxucz0iaHR0cDovL3d3dy53My5vcmcvMjAwMC9zdmciPjwvc3ZnPg==\" style=\"--smush-placeholder-width: 450px; --smush-placeholder-aspect-ratio: 450\/600;\" \/><p id=\"caption-attachment-19773\" class=\"wp-caption-text\">Three-toed sloths at Centenario Park, Cartagena de Indias<\/p><\/div><br \/>\n<div id=\"attachment_19775\" style=\"width: 1010px\" class=\"wp-caption aligncenter\"><img decoding=\"async\" aria-describedby=\"caption-attachment-19775\" class=\"size-full wp-image-19649 lazyload\" data-src=\"https:\/\/www.cosmorevas.tk\/wp-content\/uploads\/2025\/11\/Bradipo-sugli-alberi-del-Parque-Centenario-Cartagena-de-Indias.webp\" alt=\"Three-toed sloths in the trees of Parque Centenario, Cartagena de Indias\" width=\"1000\" height=\"563\" data-srcset=\"https:\/\/www.cosmorevas.tk\/wp-content\/uploads\/2025\/11\/Bradipo-sugli-alberi-del-Parque-Centenario-Cartagena-de-Indias.webp 1000w, https:\/\/www.cosmorevas.tk\/wp-content\/uploads\/2025\/11\/Bradipo-sugli-alberi-del-Parque-Centenario-Cartagena-de-Indias-300x169.webp 300w, https:\/\/www.cosmorevas.tk\/wp-content\/uploads\/2025\/11\/Bradipo-sugli-alberi-del-Parque-Centenario-Cartagena-de-Indias-768x432.webp 768w, https:\/\/www.cosmorevas.tk\/wp-content\/uploads\/2025\/11\/Bradipo-sugli-alberi-del-Parque-Centenario-Cartagena-de-Indias-705x397.webp 705w\" data-sizes=\"(max-width: 1000px) 100vw, 1000px\" src=\"data:image\/svg+xml;base64,PHN2ZyB3aWR0aD0iMSIgaGVpZ2h0PSIxIiB4bWxucz0iaHR0cDovL3d3dy53My5vcmcvMjAwMC9zdmciPjwvc3ZnPg==\" style=\"--smush-placeholder-width: 1000px; --smush-placeholder-aspect-ratio: 1000\/563;\" \/><p id=\"caption-attachment-19775\" class=\"wp-caption-text\">Three-toed sloths in the trees of Parque Centenario, Cartagena de Indias<\/p><\/div><br \/>\n<div id=\"attachment_19777\" style=\"width: 1010px\" class=\"wp-caption aligncenter\"><img decoding=\"async\" aria-describedby=\"caption-attachment-19777\" class=\"size-full wp-image-19651 lazyload\" data-src=\"https:\/\/www.cosmorevas.tk\/wp-content\/uploads\/2025\/11\/Zoop-bradipo-al-Parque-Centenario-Cartagena-de-Indias.webp\" alt=\"Zooming sloth to Centenario Park, Cartagena de Indias\" width=\"1000\" height=\"563\" data-srcset=\"https:\/\/www.cosmorevas.tk\/wp-content\/uploads\/2025\/11\/Zoop-bradipo-al-Parque-Centenario-Cartagena-de-Indias.webp 1000w, https:\/\/www.cosmorevas.tk\/wp-content\/uploads\/2025\/11\/Zoop-bradipo-al-Parque-Centenario-Cartagena-de-Indias-300x169.webp 300w, https:\/\/www.cosmorevas.tk\/wp-content\/uploads\/2025\/11\/Zoop-bradipo-al-Parque-Centenario-Cartagena-de-Indias-768x432.webp 768w, https:\/\/www.cosmorevas.tk\/wp-content\/uploads\/2025\/11\/Zoop-bradipo-al-Parque-Centenario-Cartagena-de-Indias-705x397.webp 705w\" data-sizes=\"(max-width: 1000px) 100vw, 1000px\" src=\"data:image\/svg+xml;base64,PHN2ZyB3aWR0aD0iMSIgaGVpZ2h0PSIxIiB4bWxucz0iaHR0cDovL3d3dy53My5vcmcvMjAwMC9zdmciPjwvc3ZnPg==\" style=\"--smush-placeholder-width: 1000px; --smush-placeholder-aspect-ratio: 1000\/563;\" \/><p id=\"caption-attachment-19777\" class=\"wp-caption-text\">Zooming sloth to Centenario Park, Cartagena de Indias<\/p><\/div><\/p>\n<h3><strong><span class=\"\"> <\/span><\/strong><\/h3>\n<h2><\/h2>\n<h2><strong>WHERE TO STAY IN COLOMBIA<br \/>\n<\/strong><\/h2>\n<h3><strong><span class=\"\">Bogot\u00e1<\/span><\/strong><\/h3>\n<p>When you&#8217;re travelling in a big city, I always suggest picking your hotel or hostel based on what you&#8217;ve got planned each day.<br \/>\nIf you have to leave the city early in the morning, when the traffic can be pretty bad and stressful, it&#8217;s worth thinking about sleeping right near the airport (or, like me, right inside it).<\/p>\n<p>For a city visit, I&#8217;d say <strong>stay in the centre<\/strong>.<br \/>\nChoose places that are close to Plaza Bolivar, the Gold Museum, the Colon Theatre and the La Candelaria neighbourhood.<\/p>\n<div id=\"attachment_19779\" style=\"width: 1010px\" class=\"wp-caption aligncenter\"><img decoding=\"async\" aria-describedby=\"caption-attachment-19779\" class=\"size-full wp-image-19535 lazyload\" data-src=\"https:\/\/www.cosmorevas.tk\/wp-content\/uploads\/2025\/11\/La-Candelaria-Bogota.webp\" alt=\"La Candelaria Bogot\u00e0\" width=\"1000\" height=\"676\" data-srcset=\"https:\/\/www.cosmorevas.tk\/wp-content\/uploads\/2025\/11\/La-Candelaria-Bogota.webp 1000w, https:\/\/www.cosmorevas.tk\/wp-content\/uploads\/2025\/11\/La-Candelaria-Bogota-300x203.webp 300w, https:\/\/www.cosmorevas.tk\/wp-content\/uploads\/2025\/11\/La-Candelaria-Bogota-768x519.webp 768w, https:\/\/www.cosmorevas.tk\/wp-content\/uploads\/2025\/11\/La-Candelaria-Bogota-705x477.webp 705w\" data-sizes=\"(max-width: 1000px) 100vw, 1000px\" src=\"data:image\/svg+xml;base64,PHN2ZyB3aWR0aD0iMSIgaGVpZ2h0PSIxIiB4bWxucz0iaHR0cDovL3d3dy53My5vcmcvMjAwMC9zdmciPjwvc3ZnPg==\" style=\"--smush-placeholder-width: 1000px; --smush-placeholder-aspect-ratio: 1000\/676;\" \/><p id=\"caption-attachment-19779\" class=\"wp-caption-text\">La Candelaria Bogot\u00e0<\/p><\/div>\n<div class=\"mceTemp\"><\/div>\n<div id=\"attachment_19781\" style=\"width: 1010px\" class=\"wp-caption aligncenter\"><img decoding=\"async\" aria-describedby=\"caption-attachment-19781\" class=\"size-full wp-image-19537 lazyload\" data-src=\"https:\/\/www.cosmorevas.tk\/wp-content\/uploads\/2025\/11\/Avenida-Jimenez-centro-storico-di-Bogota.webp\" alt=\"Avenida Jim\u00e9nez, historic centre of Bogot\u00e1\" width=\"1000\" height=\"659\" data-srcset=\"https:\/\/www.cosmorevas.tk\/wp-content\/uploads\/2025\/11\/Avenida-Jimenez-centro-storico-di-Bogota.webp 1000w, https:\/\/www.cosmorevas.tk\/wp-content\/uploads\/2025\/11\/Avenida-Jimenez-centro-storico-di-Bogota-300x198.webp 300w, https:\/\/www.cosmorevas.tk\/wp-content\/uploads\/2025\/11\/Avenida-Jimenez-centro-storico-di-Bogota-768x506.webp 768w, https:\/\/www.cosmorevas.tk\/wp-content\/uploads\/2025\/11\/Avenida-Jimenez-centro-storico-di-Bogota-705x465.webp 705w\" data-sizes=\"(max-width: 1000px) 100vw, 1000px\" src=\"data:image\/svg+xml;base64,PHN2ZyB3aWR0aD0iMSIgaGVpZ2h0PSIxIiB4bWxucz0iaHR0cDovL3d3dy53My5vcmcvMjAwMC9zdmciPjwvc3ZnPg==\" style=\"--smush-placeholder-width: 1000px; --smush-placeholder-aspect-ratio: 1000\/659;\" \/><p id=\"caption-attachment-19781\" class=\"wp-caption-text\">Avenida Jim\u00e9nez, historic centre of Bogot\u00e1<\/p><\/div>\n<p>Back in 2024, due to a flight delay, Avianca gave me a voucher for the Hilton Hotel in Bogot\u00e1.<br \/>\nAs you&#8217;d expect, the reception, room and restaurant were all 5-star.<br \/>\nHere&#8217;s a funny little anecdote: with the Avianca voucher, dinner was plentiful but a fixed menu.<br \/>\nIt was funny being looked at like I was some rich VIP just because the waiters served me even though I hadn&#8217;t ordered anything&#8230;<\/p>\n<div id=\"attachment_19783\" style=\"width: 547px\" class=\"wp-caption aligncenter\"><img decoding=\"async\" aria-describedby=\"caption-attachment-19783\" class=\"size-full wp-image-19536 lazyload\" data-src=\"https:\/\/www.cosmorevas.tk\/wp-content\/uploads\/2025\/11\/Arcobaleno-a-La-Candelaria-Bogota.webp\" alt=\"Rainbow in La Candelaria, Bogot\u00e1\" width=\"537\" height=\"600\" data-srcset=\"https:\/\/www.cosmorevas.tk\/wp-content\/uploads\/2025\/11\/Arcobaleno-a-La-Candelaria-Bogota.webp 537w, https:\/\/www.cosmorevas.tk\/wp-content\/uploads\/2025\/11\/Arcobaleno-a-La-Candelaria-Bogota-269x300.webp 269w\" data-sizes=\"(max-width: 537px) 100vw, 537px\" src=\"data:image\/svg+xml;base64,PHN2ZyB3aWR0aD0iMSIgaGVpZ2h0PSIxIiB4bWxucz0iaHR0cDovL3d3dy53My5vcmcvMjAwMC9zdmciPjwvc3ZnPg==\" style=\"--smush-placeholder-width: 537px; --smush-placeholder-aspect-ratio: 537\/600;\" \/><p id=\"caption-attachment-19783\" class=\"wp-caption-text\">Rainbow in La Candelaria, Bogot\u00e1<\/p><\/div>\n<h3><strong>Medell\u00edn<br \/>\n<\/strong><\/h3>\n<p>It was quite tricky to choose the best area to stay in because there wasn&#8217;t much info about the city.<br \/>\nI decided to go to Yolo Hostel Medellin after getting some recommendations.<br \/>\nThe hostel is in <strong>El Poblado<\/strong>, a part of Medellin that&#8217;s not dangerous but always busy.<br \/>\nThe metro is really handy for getting around.<\/p>\n<p><div id=\"attachment_19785\" style=\"width: 460px\" class=\"wp-caption aligncenter\"><img decoding=\"async\" aria-describedby=\"caption-attachment-19785\" class=\"size-full wp-image-19560 lazyload\" data-src=\"https:\/\/www.cosmorevas.tk\/wp-content\/uploads\/2025\/11\/Scritta-Medellin.webp\" alt=\"Medellin inscription\" width=\"450\" height=\"600\" data-srcset=\"https:\/\/www.cosmorevas.tk\/wp-content\/uploads\/2025\/11\/Scritta-Medellin.webp 450w, https:\/\/www.cosmorevas.tk\/wp-content\/uploads\/2025\/11\/Scritta-Medellin-225x300.webp 225w\" data-sizes=\"(max-width: 450px) 100vw, 450px\" src=\"data:image\/svg+xml;base64,PHN2ZyB3aWR0aD0iMSIgaGVpZ2h0PSIxIiB4bWxucz0iaHR0cDovL3d3dy53My5vcmcvMjAwMC9zdmciPjwvc3ZnPg==\" style=\"--smush-placeholder-width: 450px; --smush-placeholder-aspect-ratio: 450\/600;\" \/><p id=\"caption-attachment-19785\" class=\"wp-caption-text\">Medellin inscription<\/p><\/div><br \/>\n<div id=\"attachment_19787\" style=\"width: 1010px\" class=\"wp-caption aligncenter\"><img decoding=\"async\" aria-describedby=\"caption-attachment-19787\" class=\"size-full wp-image-19561 lazyload\" data-src=\"https:\/\/www.cosmorevas.tk\/wp-content\/uploads\/2025\/11\/Plaza-Cisneros-22Parque-de-las-Luces22-Parco-delle-Luci-Medellin.webp\" alt=\"Cisneros Square - Park of Lights (Parque de las Luces), Medell\u00edn\" width=\"1000\" height=\"750\" data-srcset=\"https:\/\/www.cosmorevas.tk\/wp-content\/uploads\/2025\/11\/Plaza-Cisneros-22Parque-de-las-Luces22-Parco-delle-Luci-Medellin.webp 1000w, https:\/\/www.cosmorevas.tk\/wp-content\/uploads\/2025\/11\/Plaza-Cisneros-22Parque-de-las-Luces22-Parco-delle-Luci-Medellin-300x225.webp 300w, https:\/\/www.cosmorevas.tk\/wp-content\/uploads\/2025\/11\/Plaza-Cisneros-22Parque-de-las-Luces22-Parco-delle-Luci-Medellin-768x576.webp 768w, https:\/\/www.cosmorevas.tk\/wp-content\/uploads\/2025\/11\/Plaza-Cisneros-22Parque-de-las-Luces22-Parco-delle-Luci-Medellin-705x529.webp 705w\" data-sizes=\"(max-width: 1000px) 100vw, 1000px\" src=\"data:image\/svg+xml;base64,PHN2ZyB3aWR0aD0iMSIgaGVpZ2h0PSIxIiB4bWxucz0iaHR0cDovL3d3dy53My5vcmcvMjAwMC9zdmciPjwvc3ZnPg==\" style=\"--smush-placeholder-width: 1000px; --smush-placeholder-aspect-ratio: 1000\/750;\" \/><p id=\"caption-attachment-19787\" class=\"wp-caption-text\">Cisneros Square &#8211; Park of Lights (Parque de las Luces), Medell\u00edn<\/p><\/div><br \/>\n<div id=\"attachment_19789\" style=\"width: 1010px\" class=\"wp-caption aligncenter\"><img decoding=\"async\" aria-describedby=\"caption-attachment-19789\" class=\"size-full wp-image-19562 lazyload\" data-src=\"https:\/\/www.cosmorevas.tk\/wp-content\/uploads\/2025\/11\/Il-fiume-Medellin-attraversa-la-citta-nel-Parques-del-Rio.webp\" alt=\"The Medell\u00edn River flows through the city in the Parques del R\u00edo\" width=\"1000\" height=\"750\" data-srcset=\"https:\/\/www.cosmorevas.tk\/wp-content\/uploads\/2025\/11\/Il-fiume-Medellin-attraversa-la-citta-nel-Parques-del-Rio.webp 1000w, https:\/\/www.cosmorevas.tk\/wp-content\/uploads\/2025\/11\/Il-fiume-Medellin-attraversa-la-citta-nel-Parques-del-Rio-300x225.webp 300w, https:\/\/www.cosmorevas.tk\/wp-content\/uploads\/2025\/11\/Il-fiume-Medellin-attraversa-la-citta-nel-Parques-del-Rio-768x576.webp 768w, https:\/\/www.cosmorevas.tk\/wp-content\/uploads\/2025\/11\/Il-fiume-Medellin-attraversa-la-citta-nel-Parques-del-Rio-705x529.webp 705w\" data-sizes=\"(max-width: 1000px) 100vw, 1000px\" src=\"data:image\/svg+xml;base64,PHN2ZyB3aWR0aD0iMSIgaGVpZ2h0PSIxIiB4bWxucz0iaHR0cDovL3d3dy53My5vcmcvMjAwMC9zdmciPjwvc3ZnPg==\" style=\"--smush-placeholder-width: 1000px; --smush-placeholder-aspect-ratio: 1000\/750;\" \/><p id=\"caption-attachment-19789\" class=\"wp-caption-text\">The Medell\u00edn River flows through the city in the Parques del R\u00edo<\/p><\/div><\/p>\n<h3><strong><span class=\"\">Cartagena<\/span><\/strong><\/h3>\n<p>Cartagena seemed to me to be the most touristy city in Colombia.<br \/>\nThis means there are loads of groups of young people (especially from the US) who are only interested in alcohol and non-stop fun, without restraint and, above all, without respect.<br \/>\nBasically, it&#8217;s not like how I usually travel.<\/p>\n<p>I chose to stay at the Seven Nights Hostel because it was cheap and in a good part of town, but the other guests there made it hard to get a good night&#8217;s sleep.<br \/>\nTo be honest, I think this is just a standard feature of all hostels in Cartagena.<\/p>\n<p><div id=\"attachment_19791\" style=\"width: 1010px\" class=\"wp-caption aligncenter\"><img decoding=\"async\" aria-describedby=\"caption-attachment-19791\" class=\"size-full wp-image-19635 lazyload\" data-src=\"https:\/\/www.cosmorevas.tk\/wp-content\/uploads\/2025\/11\/Parque-de-la-Marina-Cartagena-de-Indias.webp\" alt=\"Parque de la Marina, Cartagena de Indias\" width=\"1000\" height=\"487\" data-srcset=\"https:\/\/www.cosmorevas.tk\/wp-content\/uploads\/2025\/11\/Parque-de-la-Marina-Cartagena-de-Indias.webp 1000w, https:\/\/www.cosmorevas.tk\/wp-content\/uploads\/2025\/11\/Parque-de-la-Marina-Cartagena-de-Indias-300x146.webp 300w, https:\/\/www.cosmorevas.tk\/wp-content\/uploads\/2025\/11\/Parque-de-la-Marina-Cartagena-de-Indias-768x374.webp 768w, https:\/\/www.cosmorevas.tk\/wp-content\/uploads\/2025\/11\/Parque-de-la-Marina-Cartagena-de-Indias-705x343.webp 705w\" data-sizes=\"(max-width: 1000px) 100vw, 1000px\" src=\"data:image\/svg+xml;base64,PHN2ZyB3aWR0aD0iMSIgaGVpZ2h0PSIxIiB4bWxucz0iaHR0cDovL3d3dy53My5vcmcvMjAwMC9zdmciPjwvc3ZnPg==\" style=\"--smush-placeholder-width: 1000px; --smush-placeholder-aspect-ratio: 1000\/487;\" \/><p id=\"caption-attachment-19791\" class=\"wp-caption-text\">Parque de la Marina, Cartagena de Indias<\/p><\/div><br \/>\n<div id=\"attachment_19793\" style=\"width: 1010px\" class=\"wp-caption aligncenter\"><img decoding=\"async\" aria-describedby=\"caption-attachment-19793\" class=\"size-full wp-image-19652 lazyload\" data-src=\"https:\/\/www.cosmorevas.tk\/wp-content\/uploads\/2025\/11\/Tramonto-su-Cartagena-de-Indias.webp\" alt=\"Sunset over Cartagena de Indias\" width=\"1000\" height=\"563\" data-srcset=\"https:\/\/www.cosmorevas.tk\/wp-content\/uploads\/2025\/11\/Tramonto-su-Cartagena-de-Indias.webp 1000w, https:\/\/www.cosmorevas.tk\/wp-content\/uploads\/2025\/11\/Tramonto-su-Cartagena-de-Indias-300x169.webp 300w, https:\/\/www.cosmorevas.tk\/wp-content\/uploads\/2025\/11\/Tramonto-su-Cartagena-de-Indias-768x432.webp 768w, https:\/\/www.cosmorevas.tk\/wp-content\/uploads\/2025\/11\/Tramonto-su-Cartagena-de-Indias-705x397.webp 705w\" data-sizes=\"(max-width: 1000px) 100vw, 1000px\" src=\"data:image\/svg+xml;base64,PHN2ZyB3aWR0aD0iMSIgaGVpZ2h0PSIxIiB4bWxucz0iaHR0cDovL3d3dy53My5vcmcvMjAwMC9zdmciPjwvc3ZnPg==\" style=\"--smush-placeholder-width: 1000px; --smush-placeholder-aspect-ratio: 1000\/563;\" \/><p id=\"caption-attachment-19793\" class=\"wp-caption-text\">Sunset over Cartagena de Indias<\/p><\/div><\/p>\n<h3><strong><span class=\"\">Eje Cafetero<\/span><\/strong><\/h3>\n<p>My main priority was a trip to the Cocora Valley, so I chose <strong>Salento<\/strong> as the base for my stay in this part of Colombia.<br \/>\nI chose Kil\u00f3metro Cero Hostel because of the price, but there are loads of similar places to stay.<br \/>\nI&#8217;d definitely recommend this hostel because the owner is really helpful, the area is super peaceful and it&#8217;s really close to Plaza Bolivar, where there are loads of bars and restaurants. You can also get transport from there to the Cocora Valley.<\/p>\n<p><div id=\"attachment_19795\" style=\"width: 1010px\" class=\"wp-caption aligncenter\"><img decoding=\"async\" aria-describedby=\"caption-attachment-19795\" class=\"size-full wp-image-19595 lazyload\" data-src=\"https:\/\/www.cosmorevas.tk\/wp-content\/uploads\/2025\/11\/Strada-del-centro-storico-di-Salento.webp\" alt=\"Street in the historic centre of Salento\" width=\"1000\" height=\"563\" data-srcset=\"https:\/\/www.cosmorevas.tk\/wp-content\/uploads\/2025\/11\/Strada-del-centro-storico-di-Salento.webp 1000w, https:\/\/www.cosmorevas.tk\/wp-content\/uploads\/2025\/11\/Strada-del-centro-storico-di-Salento-300x169.webp 300w, https:\/\/www.cosmorevas.tk\/wp-content\/uploads\/2025\/11\/Strada-del-centro-storico-di-Salento-768x432.webp 768w, https:\/\/www.cosmorevas.tk\/wp-content\/uploads\/2025\/11\/Strada-del-centro-storico-di-Salento-705x397.webp 705w\" data-sizes=\"(max-width: 1000px) 100vw, 1000px\" src=\"data:image\/svg+xml;base64,PHN2ZyB3aWR0aD0iMSIgaGVpZ2h0PSIxIiB4bWxucz0iaHR0cDovL3d3dy53My5vcmcvMjAwMC9zdmciPjwvc3ZnPg==\" style=\"--smush-placeholder-width: 1000px; --smush-placeholder-aspect-ratio: 1000\/563;\" \/><p id=\"caption-attachment-19795\" class=\"wp-caption-text\">Street in the historic centre of Salento<\/p><\/div><br \/>\n<div id=\"attachment_19797\" style=\"width: 1010px\" class=\"wp-caption aligncenter\"><img decoding=\"async\" aria-describedby=\"caption-attachment-19797\" class=\"size-full wp-image-19594 lazyload\" data-src=\"https:\/\/www.cosmorevas.tk\/wp-content\/uploads\/2025\/11\/Plaza-Simon-Bolivar-Salento.webp\" alt=\"Plaza Simon Bolivar, Salento\" width=\"1000\" height=\"563\" data-srcset=\"https:\/\/www.cosmorevas.tk\/wp-content\/uploads\/2025\/11\/Plaza-Simon-Bolivar-Salento.webp 1000w, https:\/\/www.cosmorevas.tk\/wp-content\/uploads\/2025\/11\/Plaza-Simon-Bolivar-Salento-300x169.webp 300w, https:\/\/www.cosmorevas.tk\/wp-content\/uploads\/2025\/11\/Plaza-Simon-Bolivar-Salento-768x432.webp 768w, https:\/\/www.cosmorevas.tk\/wp-content\/uploads\/2025\/11\/Plaza-Simon-Bolivar-Salento-705x397.webp 705w\" data-sizes=\"(max-width: 1000px) 100vw, 1000px\" src=\"data:image\/svg+xml;base64,PHN2ZyB3aWR0aD0iMSIgaGVpZ2h0PSIxIiB4bWxucz0iaHR0cDovL3d3dy53My5vcmcvMjAwMC9zdmciPjwvc3ZnPg==\" style=\"--smush-placeholder-width: 1000px; --smush-placeholder-aspect-ratio: 1000\/563;\" \/><p id=\"caption-attachment-19797\" class=\"wp-caption-text\">Plaza Simon Bolivar, Salento<\/p><\/div><br \/>\n<div id=\"attachment_19799\" style=\"width: 1010px\" class=\"wp-caption aligncenter\"><img decoding=\"async\" aria-describedby=\"caption-attachment-19799\" class=\"size-full wp-image-19592 lazyload\" data-src=\"https:\/\/www.cosmorevas.tk\/wp-content\/uploads\/2025\/11\/Municipio-di-Salento.webp\" alt=\"Guildhall of Salento\" width=\"1000\" height=\"534\" data-srcset=\"https:\/\/www.cosmorevas.tk\/wp-content\/uploads\/2025\/11\/Municipio-di-Salento.webp 1000w, https:\/\/www.cosmorevas.tk\/wp-content\/uploads\/2025\/11\/Municipio-di-Salento-300x160.webp 300w, https:\/\/www.cosmorevas.tk\/wp-content\/uploads\/2025\/11\/Municipio-di-Salento-768x410.webp 768w, https:\/\/www.cosmorevas.tk\/wp-content\/uploads\/2025\/11\/Municipio-di-Salento-705x376.webp 705w\" data-sizes=\"(max-width: 1000px) 100vw, 1000px\" src=\"data:image\/svg+xml;base64,PHN2ZyB3aWR0aD0iMSIgaGVpZ2h0PSIxIiB4bWxucz0iaHR0cDovL3d3dy53My5vcmcvMjAwMC9zdmciPjwvc3ZnPg==\" style=\"--smush-placeholder-width: 1000px; --smush-placeholder-aspect-ratio: 1000\/534;\" \/><p id=\"caption-attachment-19799\" class=\"wp-caption-text\">Guildhall of Salento<\/p><\/div><\/p>\n<h2><strong>CONCLUSIONS<br \/>\n<\/strong><\/h2>\n<p>Colombia&#8217;s got a reputation for being dangerous, which means it&#8217;s still <strong>authentic and hasn&#8217;t been ruined by mass tourism<\/strong>, at least not for European and Asian tourists anyway.<\/p>\n<p>Visiting Colombia is pretty easy and safe.<br \/>\nObviously, you need to follow normal personal safety precautions, and I recommend having at least some experience travelling in Latin America.<\/p>\n<p>Try not to walk around with valuable items in plain sight, like jewellery, expensive phones or cameras.<br \/>\nIf you&#8217;ve got no choice but to walk around with a backpack, just stick to carrying the essentials.<br \/>\nJust a heads-up: carrying your backpack in front of you instead of on your back can make you more noticeable to thieves.<br \/>\nKeep your eyes peeled and be aware of your surroundings.<\/p>\n<div id=\"attachment_19801\" style=\"width: 460px\" class=\"wp-caption aligncenter\"><img decoding=\"async\" aria-describedby=\"caption-attachment-19801\" class=\"size-full wp-image-19559 lazyload\" data-src=\"https:\/\/www.cosmorevas.tk\/wp-content\/uploads\/2025\/11\/Metrocable-Medellin.webp\" alt=\"Metrocable Medellin\" width=\"450\" height=\"600\" data-srcset=\"https:\/\/www.cosmorevas.tk\/wp-content\/uploads\/2025\/11\/Metrocable-Medellin.webp 450w, https:\/\/www.cosmorevas.tk\/wp-content\/uploads\/2025\/11\/Metrocable-Medellin-225x300.webp 225w\" data-sizes=\"(max-width: 450px) 100vw, 450px\" src=\"data:image\/svg+xml;base64,PHN2ZyB3aWR0aD0iMSIgaGVpZ2h0PSIxIiB4bWxucz0iaHR0cDovL3d3dy53My5vcmcvMjAwMC9zdmciPjwvc3ZnPg==\" style=\"--smush-placeholder-width: 450px; --smush-placeholder-aspect-ratio: 450\/600;\" \/><p id=\"caption-attachment-19801\" class=\"wp-caption-text\">Metrocable Medellin<\/p><\/div>\n<p>For me, travelling also means <strong>supporting local communities<\/strong>.<br \/>\nThat&#8217;s why, whenever I can, I steer clear of big international associations.<br \/>\nFor the few but important tours, I avoided Civitatis and Get Your Guide (which are virtually non-existent in Colombia anyway), and I successfully used <a href=\"https:\/\/www.beyondcolombia.com\/?locale=es\" target=\"_blank\" rel=\"noopener\">Beyond Colombia<\/a>.<\/p>\n<p>Finally, I just wanted to mention the last bit of info, which is about saying goodbye to Colombia, i.e. the moment of leaving the country by plane.<br \/>\nAfter you&#8217;ve passed through the boarding gate, you don&#8217;t get on the plane.<br \/>\nAll passengers are stopped in groups in a room: men on one side, women on the other, with hand luggage in the middle.<br \/>\nThat&#8217;s where <strong>drug-sniffing dogs<\/strong> come in.<br \/>\nFirst, the dogs sniff the luggage a few times, then, once everyone&#8217;s turned to face the wall, they sniff all the passengers for a bit.<br \/>\nIf everything&#8217;s fine, you can pick up your luggage and get on the plane.<\/p>\n<p><div id=\"attachment_19803\" style=\"width: 560px\" class=\"wp-caption aligncenter\"><img decoding=\"async\" aria-describedby=\"caption-attachment-19803\" class=\"size-full wp-image-19510 lazyload\" data-src=\"https:\/\/www.cosmorevas.tk\/wp-content\/uploads\/2025\/11\/Contolli-prima-dellimbarco-nel-volo-Bogota-Madrid.webp\" alt=\"Checks before boarding the Bogota - Madrid flight\" width=\"550\" height=\"600\" data-srcset=\"https:\/\/www.cosmorevas.tk\/wp-content\/uploads\/2025\/11\/Contolli-prima-dellimbarco-nel-volo-Bogota-Madrid.webp 550w, https:\/\/www.cosmorevas.tk\/wp-content\/uploads\/2025\/11\/Contolli-prima-dellimbarco-nel-volo-Bogota-Madrid-275x300.webp 275w\" data-sizes=\"(max-width: 550px) 100vw, 550px\" src=\"data:image\/svg+xml;base64,PHN2ZyB3aWR0aD0iMSIgaGVpZ2h0PSIxIiB4bWxucz0iaHR0cDovL3d3dy53My5vcmcvMjAwMC9zdmciPjwvc3ZnPg==\" style=\"--smush-placeholder-width: 550px; --smush-placeholder-aspect-ratio: 550\/600;\" \/><p id=\"caption-attachment-19803\" class=\"wp-caption-text\">Checks before boarding the Bogota &#8211; Madrid flight<\/p><\/div><br \/>\n<div id=\"attachment_19805\" style=\"width: 310px\" class=\"wp-caption aligncenter\"><img decoding=\"async\" aria-describedby=\"caption-attachment-19805\" class=\"size-full wp-image-19511 lazyload\" data-src=\"https:\/\/www.cosmorevas.tk\/wp-content\/uploads\/2025\/11\/Controllo-prepartenza-allAeroporto-di-Bogota.webp\" alt=\"Pre-departure check at Bogota Airport\" width=\"300\" height=\"600\" data-srcset=\"https:\/\/www.cosmorevas.tk\/wp-content\/uploads\/2025\/11\/Controllo-prepartenza-allAeroporto-di-Bogota.webp 300w, https:\/\/www.cosmorevas.tk\/wp-content\/uploads\/2025\/11\/Controllo-prepartenza-allAeroporto-di-Bogota-150x300.webp 150w\" data-sizes=\"(max-width: 300px) 100vw, 300px\" src=\"data:image\/svg+xml;base64,PHN2ZyB3aWR0aD0iMSIgaGVpZ2h0PSIxIiB4bWxucz0iaHR0cDovL3d3dy53My5vcmcvMjAwMC9zdmciPjwvc3ZnPg==\" style=\"--smush-placeholder-width: 300px; --smush-placeholder-aspect-ratio: 300\/600;\" \/><p id=\"caption-attachment-19805\" class=\"wp-caption-text\">Pre-departure check at Bogota Airport<\/p><\/div><br \/>\n<div id=\"attachment_19807\" style=\"width: 460px\" class=\"wp-caption aligncenter\"><img decoding=\"async\" aria-describedby=\"caption-attachment-19807\" class=\"size-full wp-image-19512 lazyload\" data-src=\"https:\/\/www.cosmorevas.tk\/wp-content\/uploads\/2025\/11\/Controllo-cani-antidroga-allAeroporto-di-Bogota.webp\" alt=\"Drug detection dogs at Bogot\u00e1 Airport\" width=\"450\" height=\"600\" data-srcset=\"https:\/\/www.cosmorevas.tk\/wp-content\/uploads\/2025\/11\/Controllo-cani-antidroga-allAeroporto-di-Bogota.webp 450w, https:\/\/www.cosmorevas.tk\/wp-content\/uploads\/2025\/11\/Controllo-cani-antidroga-allAeroporto-di-Bogota-225x300.webp 225w\" data-sizes=\"(max-width: 450px) 100vw, 450px\" src=\"data:image\/svg+xml;base64,PHN2ZyB3aWR0aD0iMSIgaGVpZ2h0PSIxIiB4bWxucz0iaHR0cDovL3d3dy53My5vcmcvMjAwMC9zdmciPjwvc3ZnPg==\" style=\"--smush-placeholder-width: 450px; --smush-placeholder-aspect-ratio: 450\/600;\" \/><p id=\"caption-attachment-19807\" class=\"wp-caption-text\">Drug detection dogs at Bogot\u00e1 Airport<\/p><\/div><\/p>\n<p>A la orden, Colombia!<\/p>\n<\/div><\/section><\/div>\n<style type=\"text\/css\" data-created_by=\"avia_inline_auto\" id=\"style-css-av-4gabf68-dce52f7dd4a4b53adeb5895f32c3bc44\">\n.flex_column.av-4gabf68-dce52f7dd4a4b53adeb5895f32c3bc44{\nborder-radius:0px 0px 0px 0px;\npadding:0px 0px 0px 0px;\n}\n<\/style>\n<div  class='flex_column av-4gabf68-dce52f7dd4a4b53adeb5895f32c3bc44 av_one_fourth  avia-builder-el-19  el_after_av_three_fourth  avia-builder-el-last  flex_column_div av-zero-column-padding  '     ><section  class='av_textblock_section av-llqbncsh-201531294d2a2425421ea6b0279cbe95 '   itemscope=\"itemscope\" itemtype=\"https:\/\/schema.org\/CreativeWork\" ><div class='avia_textblock'  itemprop=\"text\" ><h3>Recommended itinerary:<\/h3>\n<ul>\n<li>Bogot\u00e1<\/li>\n<li>Guatavita<\/li>\n<li>Zipaquir\u00e0<\/li>\n<li>Medellin<\/li>\n<li>Guatap\u00e8<\/li>\n<li>Piedra del Pe\u00f1\u00f3n<\/li>\n<li>Eje Cafetero<\/li>\n<li>Cartagena<\/li>\n<\/ul>\n<\/div><\/section><\/div><\/div><\/div><\/div><!-- close content main div --><\/div><\/div><div id='av_section_4'  class='avia-section av-3ygbpkg-67fb5ba6c8909c8d65fe5bde7af5df78 main_color avia-section-default avia-no-border-styling  avia-builder-el-21  el_after_av_section  el_before_av_section  avia-bg-style-scroll container_wrap fullsize'  ><div class='container av-section-cont-open' ><div class='template-page content  av-content-full alpha units'><div class='post-entry post-entry-type-page post-entry-17385'><div class='entry-content-wrapper clearfix'>\n<div  class='hr av-3jbfsq8-318ea63a166dccf48cae48b34bc4de3c hr-default  avia-builder-el-22  el_before_av_one_full  avia-builder-el-first '><span class='hr-inner '><span class=\"hr-inner-style\"><\/span><\/span><\/div>\n\n<style type=\"text\/css\" data-created_by=\"avia_inline_auto\" id=\"style-css-av-32mtpo0-9cffb933d2ed97324521ecba33ec7268\">\n.flex_column.av-32mtpo0-9cffb933d2ed97324521ecba33ec7268{\nborder-radius:0px 0px 0px 0px;\npadding:0px 0px 0px 0px;\n}\n<\/style>\n<div  class='flex_column av-32mtpo0-9cffb933d2ed97324521ecba33ec7268 av_one_full  avia-builder-el-23  el_after_av_hr  avia-builder-el-last  first flex_column_div av-zero-column-padding  '     ><p>\n<style type=\"text\/css\" data-created_by=\"avia_inline_auto\" id=\"style-css-av-2fbcipc-d67ebf70170a74eb1694880236b780c8\">\n#top .av-special-heading.av-2fbcipc-d67ebf70170a74eb1694880236b780c8{\npadding-bottom:10px;\n}\nbody .av-special-heading.av-2fbcipc-d67ebf70170a74eb1694880236b780c8 .av-special-heading-tag .heading-char{\nfont-size:25px;\n}\n.av-special-heading.av-2fbcipc-d67ebf70170a74eb1694880236b780c8 .av-subheading{\nfont-size:15px;\n}\n<\/style>\n<div  class='av-special-heading av-2fbcipc-d67ebf70170a74eb1694880236b780c8 av-special-heading-h2 blockquote modern-quote modern-centered  avia-builder-el-24  el_before_av_masonry_entries  avia-builder-el-no-sibling '><h2 class='av-special-heading-tag '  itemprop=\"headline\"  >You could continue your trip to<\/h2><div class=\"special-heading-border\"><div class=\"special-heading-inner-border\"><\/div><\/div><\/div><br \/>\n<div id='av-masonry-1' class='av-masonry av-llqbw9gw-01210dd2b36e1db11064aa1acb900dc1 noHover av-fixed-size av-no-gap av-hover-overlay- av-masonry-animation-active av-masonry-col-4 av-caption-on-hover av-caption-style-overlay av-masonry-entries av-orientation-square ' data-post_id=\"17385\"><div class=\"av-masonry-container isotope av-js-disabled\"><div class='av-masonry-entry isotope-item av-masonry-item-no-image '><\/div><a href=\"https:\/\/www.cosmorevas.tk\/en\/destinations\/argentina\/\"  id='av-masonry-1-item-7337' data-av-masonry-item='7337' class='av-masonry-entry isotope-item post-7337 portfolio type-portfolio status-publish has-post-thumbnail hentry tag-animals tag-argentina-en tag-mapuche-en tag-south-america portfolio_entries-argentina-en portfolio_entries-destinations  av-masonry-item-with-image' title=\"Argentina\"   itemscope=\"itemscope\" itemtype=\"https:\/\/schema.org\/CreativeWork\" ><div class='av-inner-masonry-sizer'><\/div><figure class='av-inner-masonry main_color'><div class=\"av-masonry-outerimage-container\"><div class='av-masonry-image-container lazyload' style=\"background-image:inherit;\"  title=\"Argentina\"  data-bg-image=\"url(https:\/\/www.cosmorevas.tk\/wp-content\/uploads\/2023\/03\/Argentina.webp)\"><\/div><\/div><figcaption class='av-inner-masonry-content site-background'><div class='av-inner-masonry-content-pos'><div class='av-inner-masonry-content-pos-content'><div class='avia-arrow'><\/div><h3 class='av-masonry-entry-title entry-title '  itemprop=\"headline\" >Argentina<\/h3><\/div><\/div><\/figcaption><\/figure><\/a><!--end av-masonry entry--><a href=\"https:\/\/www.cosmorevas.tk\/en\/destinations\/brazil\/\"  id='av-masonry-1-item-15238' data-av-masonry-item='15238' class='av-masonry-entry isotope-item post-15238 portfolio type-portfolio status-publish has-post-thumbnail hentry tag-brazil tag-south-america portfolio_entries-brazil portfolio_entries-destinations  av-masonry-item-with-image' title=\"Brazil\"   itemscope=\"itemscope\" itemtype=\"https:\/\/schema.org\/CreativeWork\" ><div class='av-inner-masonry-sizer'><\/div><figure class='av-inner-masonry main_color'><div class=\"av-masonry-outerimage-container\"><div class='av-masonry-image-container lazyload' style=\"background-image:inherit;\"  title=\"Brazil\"  data-bg-image=\"url(https:\/\/www.cosmorevas.tk\/wp-content\/uploads\/2023\/03\/Brasile.webp)\"><\/div><\/div><figcaption class='av-inner-masonry-content site-background'><div class='av-inner-masonry-content-pos'><div class='av-inner-masonry-content-pos-content'><div class='avia-arrow'><\/div><h3 class='av-masonry-entry-title entry-title '  itemprop=\"headline\" >Brazil<\/h3><\/div><\/div><\/figcaption><\/figure><\/a><!--end av-masonry entry--><a href=\"https:\/\/www.cosmorevas.tk\/en\/destinations\/chile\/\"  id='av-masonry-1-item-7335' data-av-masonry-item='7335' class='av-masonry-entry isotope-item post-7335 portfolio type-portfolio status-publish has-post-thumbnail hentry tag-animals tag-chile tag-history tag-mapuche-en tag-political-trips tag-south-america portfolio_entries-chile portfolio_entries-destinations  av-masonry-item-with-image' title=\"Chile\"   itemscope=\"itemscope\" itemtype=\"https:\/\/schema.org\/CreativeWork\" ><div class='av-inner-masonry-sizer'><\/div><figure class='av-inner-masonry main_color'><div class=\"av-masonry-outerimage-container\"><div class='av-masonry-image-container lazyload' style=\"background-image:inherit;\"  title=\"Chile\"  data-bg-image=\"url(https:\/\/www.cosmorevas.tk\/wp-content\/uploads\/2017\/03\/Cile.jpg)\"><\/div><\/div><figcaption class='av-inner-masonry-content site-background'><div class='av-inner-masonry-content-pos'><div class='av-inner-masonry-content-pos-content'><div class='avia-arrow'><\/div><h3 class='av-masonry-entry-title entry-title '  itemprop=\"headline\" >Chile<\/h3><\/div><\/div><\/figcaption><\/figure><\/a><!--end av-masonry entry--><a href=\"https:\/\/www.cosmorevas.tk\/en\/destinations\/patagonia-tierra-del-fuego\/\"  id='av-masonry-1-item-15247' data-av-masonry-item='15247' class='av-masonry-entry isotope-item post-15247 portfolio type-portfolio status-publish has-post-thumbnail hentry tag-animals tag-argentina-en tag-chile tag-patagonia-en tag-south-america portfolio_entries-argentina-en portfolio_entries-chile portfolio_entries-destinations portfolio_entries-patagonia-en  av-masonry-item-with-image' title=\"Argentina\"   itemscope=\"itemscope\" itemtype=\"https:\/\/schema.org\/CreativeWork\" ><div class='av-inner-masonry-sizer'><\/div><figure class='av-inner-masonry main_color'><div class=\"av-masonry-outerimage-container\"><div class='av-masonry-image-container lazyload' style=\"background-image:inherit;\"  title=\"Argentina\"  data-bg-image=\"url(https:\/\/www.cosmorevas.tk\/wp-content\/uploads\/2018\/11\/Argentina.jpg)\"><\/div><\/div><figcaption class='av-inner-masonry-content site-background'><div class='av-inner-masonry-content-pos'><div class='av-inner-masonry-content-pos-content'><div class='avia-arrow'><\/div><h3 class='av-masonry-entry-title entry-title '  itemprop=\"headline\" >Patagonia and Tierra del Fuego<\/h3><\/div><\/div><\/figcaption><\/figure><\/a><!--end av-masonry entry--><\/div><\/div><\/p><\/div>\n<\/p>\n<\/div><\/div><\/div><!-- close content main div --><\/div><\/div><div id='av_section_5'  class='avia-section av-21jzve8-a56c270d1a86514f013edbc404ce8d7b main_color avia-section-default avia-no-border-styling  avia-builder-el-26  el_after_av_section  el_before_av_hr  avia-bg-style-scroll container_wrap fullsize'  ><div class='container av-section-cont-open' ><div class='template-page content  av-content-full alpha units'><div class='post-entry post-entry-type-page post-entry-17385'><div class='entry-content-wrapper clearfix'>\n<div  class='hr av-1q83suo-5fda7f37ccb86998dbbe8166c7707911 hr-default  avia-builder-el-27  el_before_av_heading  avia-builder-el-first '><span class='hr-inner '><span class=\"hr-inner-style\"><\/span><\/span><\/div>\n\n<style type=\"text\/css\" data-created_by=\"avia_inline_auto\" id=\"style-css-av-19801tc-6fa1746ac703a59a6de4f0b18a36f441\">\n#top .av-special-heading.av-19801tc-6fa1746ac703a59a6de4f0b18a36f441{\npadding-bottom:10px;\n}\nbody .av-special-heading.av-19801tc-6fa1746ac703a59a6de4f0b18a36f441 .av-special-heading-tag .heading-char{\nfont-size:25px;\n}\n.av-special-heading.av-19801tc-6fa1746ac703a59a6de4f0b18a36f441 .av-subheading{\nfont-size:15px;\n}\n<\/style>\n<div  class='av-special-heading av-19801tc-6fa1746ac703a59a6de4f0b18a36f441 av-special-heading-h2 blockquote modern-quote modern-centered  avia-builder-el-28  el_after_av_hr  el_before_av_masonry_entries  avia-builder-el-last '><h2 class='av-special-heading-tag '  itemprop=\"headline\"  >or look for another inspiration<\/h2><div class=\"special-heading-border\"><div class=\"special-heading-inner-border\"><\/div><\/div><\/div>\n<div id='av-masonry-2' class='av-masonry av-llqbx5ud-9276a7e165e9079c4917d2a3c260c1ce noHover av-fixed-size av-no-gap av-hover-overlay- av-masonry-animation- av-masonry-col-5 av-caption-on-hover av-caption-style-overlay av-masonry-entries av-orientation-square ' data-post_id=\"17385\"><div class=\"av-masonry-container isotope av-js-disabled\"><div class='av-masonry-entry isotope-item av-masonry-item-no-image '><\/div><a href=\"https:\/\/www.cosmorevas.tk\/en\/destinations\/animals\/\"  id='av-masonry-2-item-7307' data-av-masonry-item='7307' class='av-masonry-entry isotope-item post-7307 portfolio type-portfolio status-publish has-post-thumbnail hentry tag-animals tag-arctic tag-argentina-en tag-bolivia-en tag-chile tag-china tag-destinations tag-fiji-en tag-laos-en tag-mapuche-en tag-mexico tag-mongolia-en tag-norway tag-oceania-en tag-sami-en tag-sardinia tag-sea tag-tonga-en portfolio_entries-animals portfolio_entries-destinations  av-masonry-item-with-image' title=\"Animals\"   itemscope=\"itemscope\" itemtype=\"https:\/\/schema.org\/CreativeWork\" ><div class='av-inner-masonry-sizer'><\/div><figure class='av-inner-masonry main_color'><div class=\"av-masonry-outerimage-container\"><div class='av-masonry-image-container lazyload' style=\"background-image:inherit;\"  title=\"Animals\"  data-bg-image=\"url(https:\/\/www.cosmorevas.tk\/wp-content\/uploads\/2018\/10\/panda4-cina-chengdu-705x529.jpg)\"><\/div><\/div><figcaption class='av-inner-masonry-content site-background'><div class='av-inner-masonry-content-pos'><div class='av-inner-masonry-content-pos-content'><div class='avia-arrow'><\/div><h3 class='av-masonry-entry-title entry-title '  itemprop=\"headline\" >Animals<\/h3><\/div><\/div><\/figcaption><\/figure><\/a><!--end av-masonry entry--><a href=\"https:\/\/www.cosmorevas.tk\/en\/destinations\/peru\/\"  id='av-masonry-2-item-7340' data-av-masonry-item='7340' class='av-masonry-entry isotope-item post-7340 portfolio type-portfolio status-publish has-post-thumbnail hentry tag-animals tag-history tag-peru-en tag-sea portfolio_entries-destinations portfolio_entries-peru-en  av-masonry-item-with-image' title=\"Peru\"   itemscope=\"itemscope\" itemtype=\"https:\/\/schema.org\/CreativeWork\" ><div class='av-inner-masonry-sizer'><\/div><figure class='av-inner-masonry main_color'><div class=\"av-masonry-outerimage-container\"><div class='av-masonry-image-container lazyload' style=\"background-image:inherit;\"  title=\"Peru\"  data-bg-image=\"url(https:\/\/www.cosmorevas.tk\/wp-content\/uploads\/2015\/01\/Peru.jpg)\"><\/div><\/div><figcaption class='av-inner-masonry-content site-background'><div class='av-inner-masonry-content-pos'><div class='av-inner-masonry-content-pos-content'><div class='avia-arrow'><\/div><h3 class='av-masonry-entry-title entry-title '  itemprop=\"headline\" >Peru<\/h3><\/div><\/div><\/figcaption><\/figure><\/a><!--end av-masonry entry--><a href=\"https:\/\/www.cosmorevas.tk\/en\/destinations\/bolivia\/\"  id='av-masonry-2-item-7336' data-av-masonry-item='7336' class='av-masonry-entry isotope-item post-7336 portfolio type-portfolio status-publish has-post-thumbnail hentry tag-animals tag-bolivia-en tag-political-trips tag-south-america portfolio_entries-bolivia-en portfolio_entries-destinations  av-masonry-item-with-image' title=\"Bolivia\"   itemscope=\"itemscope\" itemtype=\"https:\/\/schema.org\/CreativeWork\" ><div class='av-inner-masonry-sizer'><\/div><figure class='av-inner-masonry main_color'><div class=\"av-masonry-outerimage-container\"><div class='av-masonry-image-container lazyload' style=\"background-image:inherit;\"  title=\"Bolivia\"  data-bg-image=\"url(https:\/\/www.cosmorevas.tk\/wp-content\/uploads\/2017\/03\/Bolivia.jpg)\"><\/div><\/div><figcaption class='av-inner-masonry-content site-background'><div class='av-inner-masonry-content-pos'><div class='av-inner-masonry-content-pos-content'><div class='avia-arrow'><\/div><h3 class='av-masonry-entry-title entry-title '  itemprop=\"headline\" >Bolivia<\/h3><\/div><\/div><\/figcaption><\/figure><\/a><!--end av-masonry entry--><a href=\"https:\/\/www.cosmorevas.tk\/en\/destinations\/patagonia-tierra-del-fuego\/\"  id='av-masonry-2-item-15247' data-av-masonry-item='15247' class='av-masonry-entry isotope-item post-15247 portfolio type-portfolio status-publish has-post-thumbnail hentry tag-animals tag-argentina-en tag-chile tag-patagonia-en tag-south-america portfolio_entries-argentina-en portfolio_entries-chile portfolio_entries-destinations portfolio_entries-patagonia-en  av-masonry-item-with-image' title=\"Argentina\"   itemscope=\"itemscope\" itemtype=\"https:\/\/schema.org\/CreativeWork\" ><div class='av-inner-masonry-sizer'><\/div><figure class='av-inner-masonry main_color'><div class=\"av-masonry-outerimage-container\"><div class='av-masonry-image-container lazyload' style=\"background-image:inherit;\"  title=\"Argentina\"  data-bg-image=\"url(https:\/\/www.cosmorevas.tk\/wp-content\/uploads\/2018\/11\/Argentina.jpg)\"><\/div><\/div><figcaption class='av-inner-masonry-content site-background'><div class='av-inner-masonry-content-pos'><div class='av-inner-masonry-content-pos-content'><div class='avia-arrow'><\/div><h3 class='av-masonry-entry-title entry-title '  itemprop=\"headline\" >Patagonia and Tierra del Fuego<\/h3><\/div><\/div><\/figcaption><\/figure><\/a><!--end av-masonry entry--><a href=\"https:\/\/www.cosmorevas.tk\/en\/destinations\/cambodia\/\"  id='av-masonry-2-item-7331' data-av-masonry-item='7331' class='av-masonry-entry isotope-item post-7331 portfolio type-portfolio status-publish has-post-thumbnail hentry tag-animals tag-asia-en tag-cambodia tag-history tag-political-trips portfolio_entries-cambodia portfolio_entries-destinations  av-masonry-item-with-image' title=\"Cambodia\"   itemscope=\"itemscope\" itemtype=\"https:\/\/schema.org\/CreativeWork\" ><div class='av-inner-masonry-sizer'><\/div><figure class='av-inner-masonry main_color'><div class=\"av-masonry-outerimage-container\"><div class='av-masonry-image-container lazyload' style=\"background-image:inherit;\"  title=\"Cambodia\"  data-bg-image=\"url(https:\/\/www.cosmorevas.tk\/wp-content\/uploads\/2017\/03\/Cambogia.jpg)\"><\/div><\/div><figcaption class='av-inner-masonry-content site-background'><div class='av-inner-masonry-content-pos'><div class='av-inner-masonry-content-pos-content'><div class='avia-arrow'><\/div><h3 class='av-masonry-entry-title entry-title '  itemprop=\"headline\" >Cambodia<\/h3><\/div><\/div><\/figcaption><\/figure><\/a><!--end av-masonry entry--><a href=\"https:\/\/www.cosmorevas.tk\/en\/destinations\/mongolia\/\"  id='av-masonry-2-item-7314' data-av-masonry-item='7314' class='av-masonry-entry isotope-item post-7314 portfolio type-portfolio status-publish has-post-thumbnail hentry tag-animals tag-asia-en tag-mongolia-en tag-political-trips tag-trans-siberian portfolio_entries-destinations portfolio_entries-mongolia-en  av-masonry-item-with-image' title=\"Mongolia\"   itemscope=\"itemscope\" itemtype=\"https:\/\/schema.org\/CreativeWork\" ><div class='av-inner-masonry-sizer'><\/div><figure class='av-inner-masonry main_color'><div class=\"av-masonry-outerimage-container\"><div class='av-masonry-image-container lazyload' style=\"background-image:inherit;\"  title=\"Mongolia\"  data-bg-image=\"url(https:\/\/www.cosmorevas.tk\/wp-content\/uploads\/2017\/04\/Mongolia-705x529.jpg)\"><\/div><\/div><figcaption class='av-inner-masonry-content site-background'><div class='av-inner-masonry-content-pos'><div class='av-inner-masonry-content-pos-content'><div class='avia-arrow'><\/div><h3 class='av-masonry-entry-title entry-title '  itemprop=\"headline\" >Mongolia<\/h3><\/div><\/div><\/figcaption><\/figure><\/a><!--end av-masonry entry--><a href=\"https:\/\/www.cosmorevas.tk\/en\/destinations\/north-korea\/\"  id='av-masonry-2-item-7317' data-av-masonry-item='7317' class='av-masonry-entry isotope-item post-7317 portfolio type-portfolio status-publish has-post-thumbnail hentry tag-asia-en tag-history tag-north-korea tag-political-trips portfolio_entries-destinations portfolio_entries-north-korea  av-masonry-item-with-image' title=\"North Korea\"   itemscope=\"itemscope\" itemtype=\"https:\/\/schema.org\/CreativeWork\" ><div class='av-inner-masonry-sizer'><\/div><figure class='av-inner-masonry main_color'><div class=\"av-masonry-outerimage-container\"><div class='av-masonry-image-container lazyload' style=\"background-image:inherit;\"  title=\"North Korea\"  data-bg-image=\"url(https:\/\/www.cosmorevas.tk\/wp-content\/uploads\/2017\/03\/Korea-del-Nord-705x513.jpg)\"><\/div><\/div><figcaption class='av-inner-masonry-content site-background'><div class='av-inner-masonry-content-pos'><div class='av-inner-masonry-content-pos-content'><div class='avia-arrow'><\/div><h3 class='av-masonry-entry-title entry-title '  itemprop=\"headline\" >North Korea<\/h3><\/div><\/div><\/figcaption><\/figure><\/a><!--end av-masonry entry--><a href=\"https:\/\/www.cosmorevas.tk\/en\/destinations\/oceania\/\"  id='av-masonry-2-item-7296' data-av-masonry-item='7296' class='av-masonry-entry isotope-item post-7296 portfolio type-portfolio status-publish has-post-thumbnail hentry tag-animals tag-cook-islands tag-fiji-en tag-island tag-sea tag-tonga-en tag-tuvalu-en tag-vanuatu-en portfolio_entries-destinations portfolio_entries-oceania  av-masonry-item-with-image' title=\"Oceania\"   itemscope=\"itemscope\" itemtype=\"https:\/\/schema.org\/CreativeWork\" ><div class='av-inner-masonry-sizer'><\/div><figure class='av-inner-masonry main_color'><div class=\"av-masonry-outerimage-container\"><div class='av-masonry-image-container lazyload' style=\"background-image:inherit;\"  title=\"Oceania\"  data-bg-image=\"url(https:\/\/www.cosmorevas.tk\/wp-content\/uploads\/2019\/08\/Oceania.jpg)\"><\/div><\/div><figcaption class='av-inner-masonry-content site-background'><div class='av-inner-masonry-content-pos'><div class='av-inner-masonry-content-pos-content'><div class='avia-arrow'><\/div><h3 class='av-masonry-entry-title entry-title '  itemprop=\"headline\" >Oceania<\/h3><\/div><\/div><\/figcaption><\/figure><\/a><!--end av-masonry entry--><a href=\"https:\/\/www.cosmorevas.tk\/en\/destinations\/sardinia\/\"  id='av-masonry-2-item-7309' data-av-masonry-item='7309' class='av-masonry-entry isotope-item post-7309 portfolio type-portfolio status-publish has-post-thumbnail hentry tag-animals tag-europe tag-history tag-island tag-political-trips tag-sardinia-en tag-sea portfolio_entries-destinations portfolio_entries-sardinia  av-masonry-item-with-image' title=\"Sardinia\"   itemscope=\"itemscope\" itemtype=\"https:\/\/schema.org\/CreativeWork\" ><div class='av-inner-masonry-sizer'><\/div><figure class='av-inner-masonry main_color'><div class=\"av-masonry-outerimage-container\"><div class='av-masonry-image-container lazyload' style=\"background-image:inherit;\"  title=\"Sardinia\"  data-bg-image=\"url(https:\/\/www.cosmorevas.tk\/wp-content\/uploads\/2017\/04\/Nuraghe-Sardegna-705x529.jpg)\"><\/div><\/div><figcaption class='av-inner-masonry-content site-background'><div class='av-inner-masonry-content-pos'><div class='av-inner-masonry-content-pos-content'><div class='avia-arrow'><\/div><h3 class='av-masonry-entry-title entry-title '  itemprop=\"headline\" >Sardinia<\/h3><\/div><\/div><\/figcaption><\/figure><\/a><!--end av-masonry entry--><a href=\"https:\/\/www.cosmorevas.tk\/en\/destinations\/basque-country\/\"  id='av-masonry-2-item-7308' data-av-masonry-item='7308' class='av-masonry-entry isotope-item post-7308 portfolio type-portfolio status-publish has-post-thumbnail hentry tag-basque-country tag-europe tag-political-trips tag-sea tag-spain portfolio_entries-basque-country portfolio_entries-destinations  av-masonry-item-with-image' title=\"Basque Country\"   itemscope=\"itemscope\" itemtype=\"https:\/\/schema.org\/CreativeWork\" ><div class='av-inner-masonry-sizer'><\/div><figure class='av-inner-masonry main_color'><div class=\"av-masonry-outerimage-container\"><div class='av-masonry-image-container lazyload' style=\"background-image:inherit;\"  title=\"Basque Country\"  data-bg-image=\"url(https:\/\/www.cosmorevas.tk\/wp-content\/uploads\/2017\/04\/paesi-baschi-705x470.jpg)\"><\/div><\/div><figcaption class='av-inner-masonry-content site-background'><div class='av-inner-masonry-content-pos'><div class='av-inner-masonry-content-pos-content'><div class='avia-arrow'><\/div><h3 class='av-masonry-entry-title entry-title '  itemprop=\"headline\" >Basque Country<\/h3><\/div><\/div><\/figcaption><\/figure><\/a><!--end av-masonry entry--><a href=\"https:\/\/www.cosmorevas.tk\/en\/destinations\/portugal\/\"  id='av-masonry-2-item-7342' data-av-masonry-item='7342' class='av-masonry-entry isotope-item post-7342 portfolio type-portfolio status-publish has-post-thumbnail hentry tag-europe tag-portugal tag-sea portfolio_entries-destinations portfolio_entries-portugal  av-masonry-item-with-image' title=\"Portugal\"   itemscope=\"itemscope\" itemtype=\"https:\/\/schema.org\/CreativeWork\" ><div class='av-inner-masonry-sizer'><\/div><figure class='av-inner-masonry main_color'><div class=\"av-masonry-outerimage-container\"><div class='av-masonry-image-container lazyload' style=\"background-image:inherit;\"  title=\"Portugal\"  data-bg-image=\"url(https:\/\/www.cosmorevas.tk\/wp-content\/uploads\/2014\/04\/Portogallo.jpg)\"><\/div><\/div><figcaption class='av-inner-masonry-content site-background'><div class='av-inner-masonry-content-pos'><div class='av-inner-masonry-content-pos-content'><div class='avia-arrow'><\/div><h3 class='av-masonry-entry-title entry-title '  itemprop=\"headline\" >Portugal<\/h3><\/div><\/div><\/figcaption><\/figure><\/a><!--end av-masonry entry--><a href=\"https:\/\/www.cosmorevas.tk\/en\/destinations\/ireland\/\"  id='av-masonry-2-item-7301' data-av-masonry-item='7301' class='av-masonry-entry isotope-item post-7301 portfolio type-portfolio status-publish has-post-thumbnail hentry tag-europe tag-history tag-ireland tag-island tag-political-trips portfolio_entries-destinations portfolio_entries-ireland  av-masonry-item-with-image' title=\"Ireland &#8211; Derry &#8211; murales free Derry\"   itemscope=\"itemscope\" itemtype=\"https:\/\/schema.org\/CreativeWork\" ><div class='av-inner-masonry-sizer'><\/div><figure class='av-inner-masonry main_color'><div class=\"av-masonry-outerimage-container\"><div class='av-masonry-image-container lazyload' style=\"background-image:inherit;\"  title=\"Ireland &#8211; Derry &#8211; murales free Derry\"  data-bg-image=\"url(https:\/\/www.cosmorevas.tk\/wp-content\/uploads\/2019\/02\/murales-free-Derry-articolo.jpg)\"><\/div><\/div><figcaption class='av-inner-masonry-content site-background'><div class='av-inner-masonry-content-pos'><div class='av-inner-masonry-content-pos-content'><div class='avia-arrow'><\/div><h3 class='av-masonry-entry-title entry-title '  itemprop=\"headline\" >Ireland<\/h3><\/div><\/div><\/figcaption><\/figure><\/a><!--end av-masonry entry--><a href=\"https:\/\/www.cosmorevas.tk\/en\/destinations\/sapmi-lapland\/\"  id='av-masonry-2-item-15242' data-av-masonry-item='15242' class='av-masonry-entry isotope-item post-15242 portfolio type-portfolio status-publish has-post-thumbnail hentry tag-arctic tag-europe tag-norway tag-sami-en tag-sapmi portfolio_entries-arctic portfolio_entries-destinations portfolio_entries-north-korea portfolio_entries-russia-en  av-masonry-item-with-image' title=\"Norway &#8211; Tromso &#8211; Sami\"   itemscope=\"itemscope\" itemtype=\"https:\/\/schema.org\/CreativeWork\" ><div class='av-inner-masonry-sizer'><\/div><figure class='av-inner-masonry main_color'><div class=\"av-masonry-outerimage-container\"><div class='av-masonry-image-container lazyload' style=\"background-image:inherit;\"  title=\"Norway &#8211; Tromso &#8211; Sami\"  data-bg-image=\"url(https:\/\/www.cosmorevas.tk\/wp-content\/uploads\/2020\/07\/Norvegia-Tromso-Sami-705x529.jpg)\"><\/div><\/div><figcaption class='av-inner-masonry-content site-background'><div class='av-inner-masonry-content-pos'><div class='av-inner-masonry-content-pos-content'><div class='avia-arrow'><\/div><h3 class='av-masonry-entry-title entry-title '  itemprop=\"headline\" >Sapmi &#8211; Lapland<\/h3><\/div><\/div><\/figcaption><\/figure><\/a><!--end av-masonry entry--><a href=\"https:\/\/www.cosmorevas.tk\/en\/destinations\/norway\/\"  id='av-masonry-2-item-7338' data-av-masonry-item='7338' class='av-masonry-entry isotope-item post-7338 portfolio type-portfolio status-publish has-post-thumbnail hentry tag-animals tag-arctic tag-europe tag-norway tag-sea portfolio_entries-destinations portfolio_entries-norway  av-masonry-item-with-image' title=\"Norway\"   itemscope=\"itemscope\" itemtype=\"https:\/\/schema.org\/CreativeWork\" ><div class='av-inner-masonry-sizer'><\/div><figure class='av-inner-masonry main_color'><div class=\"av-masonry-outerimage-container\"><div class='av-masonry-image-container lazyload' style=\"background-image:inherit;\"  title=\"Norway\"  data-bg-image=\"url(https:\/\/www.cosmorevas.tk\/wp-content\/uploads\/2017\/02\/Norvegia.jpg)\"><\/div><\/div><figcaption class='av-inner-masonry-content site-background'><div class='av-inner-masonry-content-pos'><div class='av-inner-masonry-content-pos-content'><div class='avia-arrow'><\/div><h3 class='av-masonry-entry-title entry-title '  itemprop=\"headline\" >Norway<\/h3><\/div><\/div><\/figcaption><\/figure><\/a><!--end av-masonry entry--><a href=\"https:\/\/www.cosmorevas.tk\/en\/destinations\/cook-islands\/\"  id='av-masonry-2-item-13353' data-av-masonry-item='13353' class='av-masonry-entry isotope-item post-13353 portfolio type-portfolio status-publish has-post-thumbnail hentry tag-cook-islands tag-island tag-oceania-en tag-sea portfolio_entries-cook-islands portfolio_entries-destinations  av-masonry-item-with-image' title=\"Cook Islands\"   itemscope=\"itemscope\" itemtype=\"https:\/\/schema.org\/CreativeWork\" ><div class='av-inner-masonry-sizer'><\/div><figure class='av-inner-masonry main_color'><div class=\"av-masonry-outerimage-container\"><div class='av-masonry-image-container lazyload' style=\"background-image:inherit;\"  title=\"Cook Islands\"  data-bg-image=\"url(https:\/\/www.cosmorevas.tk\/wp-content\/uploads\/2021\/03\/Isole-Cook.jpg)\"><\/div><\/div><figcaption class='av-inner-masonry-content site-background'><div class='av-inner-masonry-content-pos'><div class='av-inner-masonry-content-pos-content'><div class='avia-arrow'><\/div><h3 class='av-masonry-entry-title entry-title '  itemprop=\"headline\" >Cook Islands<\/h3><\/div><\/div><\/figcaption><\/figure><\/a><!--end av-masonry entry--><a href=\"https:\/\/www.cosmorevas.tk\/en\/destinations\/mexico\/\"  id='av-masonry-2-item-7333' data-av-masonry-item='7333' class='av-masonry-entry isotope-item post-7333 portfolio type-portfolio status-publish has-post-thumbnail hentry tag-animals tag-history tag-mexico tag-political-trips tag-sea tag-south-america portfolio_entries-destinations portfolio_entries-mexico  av-masonry-item-with-image' title=\"Mexico\"   itemscope=\"itemscope\" itemtype=\"https:\/\/schema.org\/CreativeWork\" ><div class='av-inner-masonry-sizer'><\/div><figure class='av-inner-masonry main_color'><div class=\"av-masonry-outerimage-container\"><div class='av-masonry-image-container lazyload' style=\"background-image:inherit;\"  title=\"Mexico\"  data-bg-image=\"url(https:\/\/www.cosmorevas.tk\/wp-content\/uploads\/2017\/03\/Palenque-Messico-705x529.jpg)\"><\/div><\/div><figcaption class='av-inner-masonry-content site-background'><div class='av-inner-masonry-content-pos'><div class='av-inner-masonry-content-pos-content'><div class='avia-arrow'><\/div><h3 class='av-masonry-entry-title entry-title '  itemprop=\"headline\" >Mexico<\/h3><\/div><\/div><\/figcaption><\/figure><\/a><!--end av-masonry entry--><a href=\"https:\/\/www.cosmorevas.tk\/en\/destinations\/tonga\/\"  id='av-masonry-2-item-13351' data-av-masonry-item='13351' class='av-masonry-entry isotope-item post-13351 portfolio type-portfolio status-publish has-post-thumbnail hentry tag-animals tag-island tag-oceania-en tag-sea tag-tonga-en portfolio_entries-destinations portfolio_entries-tonga-en  av-masonry-item-with-image' title=\"Tonga\"   itemscope=\"itemscope\" itemtype=\"https:\/\/schema.org\/CreativeWork\" ><div class='av-inner-masonry-sizer'><\/div><figure class='av-inner-masonry main_color'><div class=\"av-masonry-outerimage-container\"><div class='av-masonry-image-container lazyload' style=\"background-image:inherit;\"  title=\"Tonga\"  data-bg-image=\"url(https:\/\/www.cosmorevas.tk\/wp-content\/uploads\/2019\/08\/Balene-a-Tonga.jpg)\"><\/div><\/div><figcaption class='av-inner-masonry-content site-background'><div class='av-inner-masonry-content-pos'><div class='av-inner-masonry-content-pos-content'><div class='avia-arrow'><\/div><h3 class='av-masonry-entry-title entry-title '  itemprop=\"headline\" >Tonga<\/h3><\/div><\/div><\/figcaption><\/figure><\/a><!--end av-masonry entry--><a href=\"https:\/\/www.cosmorevas.tk\/en\/destinations\/egypt\/\"  id='av-masonry-2-item-17406' data-av-masonry-item='17406' class='av-masonry-entry isotope-item post-17406 portfolio type-portfolio status-publish has-post-thumbnail hentry tag-africa tag-destinazioni tag-egitto tag-mare tag-politica tag-sardegna tag-sardigna tag-storia portfolio_entries-destinations portfolio_entries-egypt  av-masonry-item-with-image' title=\"Egitto\"   itemscope=\"itemscope\" itemtype=\"https:\/\/schema.org\/CreativeWork\" ><div class='av-inner-masonry-sizer'><\/div><figure class='av-inner-masonry main_color'><div class=\"av-masonry-outerimage-container\"><div class='av-masonry-image-container lazyload' style=\"background-image:inherit;\"  title=\"Egitto\"  data-bg-image=\"url(https:\/\/www.cosmorevas.tk\/wp-content\/uploads\/2024\/05\/Egitto.webp)\"><\/div><\/div><figcaption class='av-inner-masonry-content site-background'><div class='av-inner-masonry-content-pos'><div class='av-inner-masonry-content-pos-content'><div class='avia-arrow'><\/div><h3 class='av-masonry-entry-title entry-title '  itemprop=\"headline\" >Egypt<\/h3><\/div><\/div><\/figcaption><\/figure><\/a><!--end av-masonry entry--><a href=\"https:\/\/www.cosmorevas.tk\/en\/destinations\/tuvalu\/\"  id='av-masonry-2-item-13349' data-av-masonry-item='13349' class='av-masonry-entry isotope-item post-13349 portfolio type-portfolio status-publish has-post-thumbnail hentry tag-island tag-oceania-en tag-sea tag-tuvalu-en portfolio_entries-destinations portfolio_entries-tuvalu-en  av-masonry-item-with-image' title=\"Tuvalu\"   itemscope=\"itemscope\" itemtype=\"https:\/\/schema.org\/CreativeWork\" ><div class='av-inner-masonry-sizer'><\/div><figure class='av-inner-masonry main_color'><div class=\"av-masonry-outerimage-container\"><div class='av-masonry-image-container lazyload' style=\"background-image:inherit;\"  title=\"Tuvalu\"  data-bg-image=\"url(https:\/\/www.cosmorevas.tk\/wp-content\/uploads\/2021\/03\/Tuvalu-.jpg)\"><\/div><\/div><figcaption class='av-inner-masonry-content site-background'><div class='av-inner-masonry-content-pos'><div class='av-inner-masonry-content-pos-content'><div class='avia-arrow'><\/div><h3 class='av-masonry-entry-title entry-title '  itemprop=\"headline\" >Tuvalu<\/h3><\/div><\/div><\/figcaption><\/figure><\/a><!--end av-masonry entry--><a href=\"https:\/\/www.cosmorevas.tk\/en\/destinations\/vanuatu\/\"  id='av-masonry-2-item-13347' data-av-masonry-item='13347' class='av-masonry-entry isotope-item post-13347 portfolio type-portfolio status-publish has-post-thumbnail hentry tag-island tag-oceania-en tag-sea tag-vanuatu-en portfolio_entries-destinations portfolio_entries-vanuatu-en  av-masonry-item-with-image' title=\"Vanuatu\"   itemscope=\"itemscope\" itemtype=\"https:\/\/schema.org\/CreativeWork\" ><div class='av-inner-masonry-sizer'><\/div><figure class='av-inner-masonry main_color'><div class=\"av-masonry-outerimage-container\"><div class='av-masonry-image-container lazyload' style=\"background-image:inherit;\"  title=\"Vanuatu\"  data-bg-image=\"url(https:\/\/www.cosmorevas.tk\/wp-content\/uploads\/2019\/08\/Vanuatu.jpeg)\"><\/div><\/div><figcaption class='av-inner-masonry-content site-background'><div class='av-inner-masonry-content-pos'><div class='av-inner-masonry-content-pos-content'><div class='avia-arrow'><\/div><h3 class='av-masonry-entry-title entry-title '  itemprop=\"headline\" >Vanuatu<\/h3><\/div><\/div><\/figcaption><\/figure><\/a><!--end av-masonry entry--><\/div><\/div>\n<\/div><\/div><\/div><!-- close content main div --><\/div><\/div><div id='after_section_5'  class='main_color av_default_container_wrap container_wrap fullsize'  ><div class='container av-section-cont-open' ><div class='template-page content  av-content-full alpha units'><div class='post-entry post-entry-type-page post-entry-17385'><div class='entry-content-wrapper clearfix'>\n<div  class='hr av-2uexbk-19fc03ff6534b1cfba16e2dfdeee23b4 hr-default  avia-builder-el-30  el_after_av_section  avia-builder-el-no-sibling '><span class='hr-inner '><span class=\"hr-inner-style\"><\/span><\/span><\/div>\n","protected":false},"excerpt":{"rendered":"","protected":false},"author":1,"featured_media":19468,"comment_status":"open","ping_status":"closed","template":"","meta":{"footnotes":""},"tags":[207,928,773,776,219,764],"portfolio_entries":[927,233],"class_list":["post-17385","portfolio","type-portfolio","status-publish","has-post-thumbnail","hentry","tag-animals","tag-colombia-en","tag-history","tag-political-trips","tag-sea","tag-south-america","portfolio_entries-colombia-en","portfolio_entries-destinations"],"yoast_head":"<!-- This site is optimized with the Yoast SEO plugin v27.4 - https:\/\/yoast.com\/product\/yoast-seo-wordpress\/ -->\n<title>Travel by yourself in Colombia: all you need to know<\/title>\n<meta name=\"description\" content=\"Plan your trip to Colombia: Bogot\u00e1, Medell\u00edn, Comuna 13, Cartagena, Eje Cafetero, Valle del Cocora, etc. Beyond Pablo Escobar and FARC\" \/>\n<meta name=\"robots\" content=\"index, follow, max-snippet:-1, max-image-preview:large, max-video-preview:-1\" \/>\n<link rel=\"canonical\" href=\"https:\/\/www.cosmorevas.tk\/en\/destinations\/colombia\/\" \/>\n<meta property=\"og:locale\" content=\"en_US\" \/>\n<meta property=\"og:type\" content=\"article\" \/>\n<meta property=\"og:title\" content=\"Travel by yourself in Colombia: all you need to know\" \/>\n<meta property=\"og:description\" content=\"Plan your trip to Colombia: Bogot\u00e1, Medell\u00edn, Comuna 13, Cartagena, Eje Cafetero, Valle del Cocora, etc. Beyond Pablo Escobar and FARC\" \/>\n<meta property=\"og:url\" content=\"https:\/\/www.cosmorevas.tk\/en\/destinations\/colombia\/\" \/>\n<meta property=\"og:site_name\" content=\"CosmoRevas: my view of the world\" \/>\n<meta property=\"article:modified_time\" content=\"2025-11-11T20:29:30+00:00\" \/>\n<meta property=\"og:image\" content=\"https:\/\/www.cosmorevas.tk\/wp-content\/uploads\/2025\/11\/Colombia.webp\" \/>\n\t<meta property=\"og:image:width\" content=\"300\" \/>\n\t<meta property=\"og:image:height\" content=\"300\" \/>\n\t<meta property=\"og:image:type\" content=\"image\/webp\" \/>\n<meta name=\"twitter:card\" content=\"summary_large_image\" \/>\n<meta name=\"twitter:label1\" content=\"Est. reading time\" \/>\n\t<meta name=\"twitter:data1\" content=\"42 minutes\" \/>\n<script type=\"application\/ld+json\" class=\"yoast-schema-graph\">{\"@context\":\"https:\\\/\\\/schema.org\",\"@graph\":[{\"@type\":\"WebPage\",\"@id\":\"https:\\\/\\\/www.cosmorevas.tk\\\/en\\\/destinations\\\/colombia\\\/\",\"url\":\"https:\\\/\\\/www.cosmorevas.tk\\\/en\\\/destinations\\\/colombia\\\/\",\"name\":\"Travel by yourself in Colombia: all you need to know\",\"isPartOf\":{\"@id\":\"https:\\\/\\\/www.cosmorevas.tk\\\/en\\\/#website\"},\"primaryImageOfPage\":{\"@id\":\"https:\\\/\\\/www.cosmorevas.tk\\\/en\\\/destinations\\\/colombia\\\/#primaryimage\"},\"image\":{\"@id\":\"https:\\\/\\\/www.cosmorevas.tk\\\/en\\\/destinations\\\/colombia\\\/#primaryimage\"},\"thumbnailUrl\":\"https:\\\/\\\/www.cosmorevas.tk\\\/wp-content\\\/uploads\\\/2025\\\/11\\\/Colombia.webp\",\"datePublished\":\"2023-08-25T08:13:09+00:00\",\"dateModified\":\"2025-11-11T20:29:30+00:00\",\"description\":\"Plan your trip to Colombia: Bogot\u00e1, Medell\u00edn, Comuna 13, Cartagena, Eje Cafetero, Valle del Cocora, etc. Beyond Pablo Escobar and FARC\",\"breadcrumb\":{\"@id\":\"https:\\\/\\\/www.cosmorevas.tk\\\/en\\\/destinations\\\/colombia\\\/#breadcrumb\"},\"inLanguage\":\"en-US\",\"potentialAction\":[{\"@type\":\"ReadAction\",\"target\":[\"https:\\\/\\\/www.cosmorevas.tk\\\/en\\\/destinations\\\/colombia\\\/\"]}]},{\"@type\":\"ImageObject\",\"inLanguage\":\"en-US\",\"@id\":\"https:\\\/\\\/www.cosmorevas.tk\\\/en\\\/destinations\\\/colombia\\\/#primaryimage\",\"url\":\"https:\\\/\\\/www.cosmorevas.tk\\\/wp-content\\\/uploads\\\/2025\\\/11\\\/Colombia.webp\",\"contentUrl\":\"https:\\\/\\\/www.cosmorevas.tk\\\/wp-content\\\/uploads\\\/2025\\\/11\\\/Colombia.webp\",\"width\":300,\"height\":300,\"caption\":\"Colombia\"},{\"@type\":\"BreadcrumbList\",\"@id\":\"https:\\\/\\\/www.cosmorevas.tk\\\/en\\\/destinations\\\/colombia\\\/#breadcrumb\",\"itemListElement\":[{\"@type\":\"ListItem\",\"position\":1,\"name\":\"Home\",\"item\":\"https:\\\/\\\/www.cosmorevas.tk\\\/en\\\/destinations\\\/\"},{\"@type\":\"ListItem\",\"position\":2,\"name\":\"destinations\",\"item\":\"https:\\\/\\\/www.cosmorevas.tk\\\/en\\\/portfolio_voci\\\/destinations\\\/\"},{\"@type\":\"ListItem\",\"position\":3,\"name\":\"Colombia\"}]},{\"@type\":\"WebSite\",\"@id\":\"https:\\\/\\\/www.cosmorevas.tk\\\/en\\\/#website\",\"url\":\"https:\\\/\\\/www.cosmorevas.tk\\\/en\\\/\",\"name\":\"la mia visuale sul mondo\",\"description\":\"\\\"Earth from the Space is really beautiful: without borders or boundaries\\\" - \u042e\u0440\u0438\u0439 \u0413\u0430\u0433\u0430\u0440\u0438\u043d\",\"publisher\":{\"@id\":\"https:\\\/\\\/www.cosmorevas.tk\\\/en\\\/#\\\/schema\\\/person\\\/4ff3ba11ae8c9cfc82000c8d421a5e0d\"},\"potentialAction\":[{\"@type\":\"SearchAction\",\"target\":{\"@type\":\"EntryPoint\",\"urlTemplate\":\"https:\\\/\\\/www.cosmorevas.tk\\\/en\\\/?s={search_term_string}\"},\"query-input\":{\"@type\":\"PropertyValueSpecification\",\"valueRequired\":true,\"valueName\":\"search_term_string\"}}],\"inLanguage\":\"en-US\"},{\"@type\":[\"Person\",\"Organization\"],\"@id\":\"https:\\\/\\\/www.cosmorevas.tk\\\/en\\\/#\\\/schema\\\/person\\\/4ff3ba11ae8c9cfc82000c8d421a5e0d\",\"name\":\"cosmorevas\",\"image\":{\"@type\":\"ImageObject\",\"inLanguage\":\"en-US\",\"@id\":\"https:\\\/\\\/www.cosmorevas.tk\\\/wp-content\\\/uploads\\\/2022\\\/08\\\/cosmorevas-map-2022.jpg\",\"url\":\"https:\\\/\\\/www.cosmorevas.tk\\\/wp-content\\\/uploads\\\/2022\\\/08\\\/cosmorevas-map-2022.jpg\",\"contentUrl\":\"https:\\\/\\\/www.cosmorevas.tk\\\/wp-content\\\/uploads\\\/2022\\\/08\\\/cosmorevas-map-2022.jpg\",\"width\":997,\"height\":698,\"caption\":\"cosmorevas\"},\"logo\":{\"@id\":\"https:\\\/\\\/www.cosmorevas.tk\\\/wp-content\\\/uploads\\\/2022\\\/08\\\/cosmorevas-map-2022.jpg\"},\"description\":\"Sono Matteo, Cagliaritano del 1986. Per un isolano aerei e navi sono mezzi comuni come una macchina o un treno. Da quando sono piccolo ho viaggiato con la mia famiglia e poi su e gi\u00f9 per l\u2019italia per sport, amici, lavoro, vita. Nel 2009 ho fatto il mio primo viaggio in compagnia di me stesso. Viaggiare da solo \u00e8 sempre stata una scelta per me, mai un ripiego con rimpianti.\"}]}<\/script>\n<!-- \/ Yoast SEO plugin. -->","yoast_head_json":{"title":"Travel by yourself in Colombia: all you need to know","description":"Plan your trip to Colombia: Bogot\u00e1, Medell\u00edn, Comuna 13, Cartagena, Eje Cafetero, Valle del Cocora, etc. Beyond Pablo Escobar and FARC","robots":{"index":"index","follow":"follow","max-snippet":"max-snippet:-1","max-image-preview":"max-image-preview:large","max-video-preview":"max-video-preview:-1"},"canonical":"https:\/\/www.cosmorevas.tk\/en\/destinations\/colombia\/","og_locale":"en_US","og_type":"article","og_title":"Travel by yourself in Colombia: all you need to know","og_description":"Plan your trip to Colombia: Bogot\u00e1, Medell\u00edn, Comuna 13, Cartagena, Eje Cafetero, Valle del Cocora, etc. Beyond Pablo Escobar and FARC","og_url":"https:\/\/www.cosmorevas.tk\/en\/destinations\/colombia\/","og_site_name":"CosmoRevas: my view of the world","article_modified_time":"2025-11-11T20:29:30+00:00","og_image":[{"width":300,"height":300,"url":"https:\/\/www.cosmorevas.tk\/wp-content\/uploads\/2025\/11\/Colombia.webp","type":"image\/webp"}],"twitter_card":"summary_large_image","twitter_misc":{"Est. reading time":"42 minutes"},"schema":{"@context":"https:\/\/schema.org","@graph":[{"@type":"WebPage","@id":"https:\/\/www.cosmorevas.tk\/en\/destinations\/colombia\/","url":"https:\/\/www.cosmorevas.tk\/en\/destinations\/colombia\/","name":"Travel by yourself in Colombia: all you need to know","isPartOf":{"@id":"https:\/\/www.cosmorevas.tk\/en\/#website"},"primaryImageOfPage":{"@id":"https:\/\/www.cosmorevas.tk\/en\/destinations\/colombia\/#primaryimage"},"image":{"@id":"https:\/\/www.cosmorevas.tk\/en\/destinations\/colombia\/#primaryimage"},"thumbnailUrl":"https:\/\/www.cosmorevas.tk\/wp-content\/uploads\/2025\/11\/Colombia.webp","datePublished":"2023-08-25T08:13:09+00:00","dateModified":"2025-11-11T20:29:30+00:00","description":"Plan your trip to Colombia: Bogot\u00e1, Medell\u00edn, Comuna 13, Cartagena, Eje Cafetero, Valle del Cocora, etc. Beyond Pablo Escobar and FARC","breadcrumb":{"@id":"https:\/\/www.cosmorevas.tk\/en\/destinations\/colombia\/#breadcrumb"},"inLanguage":"en-US","potentialAction":[{"@type":"ReadAction","target":["https:\/\/www.cosmorevas.tk\/en\/destinations\/colombia\/"]}]},{"@type":"ImageObject","inLanguage":"en-US","@id":"https:\/\/www.cosmorevas.tk\/en\/destinations\/colombia\/#primaryimage","url":"https:\/\/www.cosmorevas.tk\/wp-content\/uploads\/2025\/11\/Colombia.webp","contentUrl":"https:\/\/www.cosmorevas.tk\/wp-content\/uploads\/2025\/11\/Colombia.webp","width":300,"height":300,"caption":"Colombia"},{"@type":"BreadcrumbList","@id":"https:\/\/www.cosmorevas.tk\/en\/destinations\/colombia\/#breadcrumb","itemListElement":[{"@type":"ListItem","position":1,"name":"Home","item":"https:\/\/www.cosmorevas.tk\/en\/destinations\/"},{"@type":"ListItem","position":2,"name":"destinations","item":"https:\/\/www.cosmorevas.tk\/en\/portfolio_voci\/destinations\/"},{"@type":"ListItem","position":3,"name":"Colombia"}]},{"@type":"WebSite","@id":"https:\/\/www.cosmorevas.tk\/en\/#website","url":"https:\/\/www.cosmorevas.tk\/en\/","name":"la mia visuale sul mondo","description":"\"Earth from the Space is really beautiful: without borders or boundaries\" - \u042e\u0440\u0438\u0439 \u0413\u0430\u0433\u0430\u0440\u0438\u043d","publisher":{"@id":"https:\/\/www.cosmorevas.tk\/en\/#\/schema\/person\/4ff3ba11ae8c9cfc82000c8d421a5e0d"},"potentialAction":[{"@type":"SearchAction","target":{"@type":"EntryPoint","urlTemplate":"https:\/\/www.cosmorevas.tk\/en\/?s={search_term_string}"},"query-input":{"@type":"PropertyValueSpecification","valueRequired":true,"valueName":"search_term_string"}}],"inLanguage":"en-US"},{"@type":["Person","Organization"],"@id":"https:\/\/www.cosmorevas.tk\/en\/#\/schema\/person\/4ff3ba11ae8c9cfc82000c8d421a5e0d","name":"cosmorevas","image":{"@type":"ImageObject","inLanguage":"en-US","@id":"https:\/\/www.cosmorevas.tk\/wp-content\/uploads\/2022\/08\/cosmorevas-map-2022.jpg","url":"https:\/\/www.cosmorevas.tk\/wp-content\/uploads\/2022\/08\/cosmorevas-map-2022.jpg","contentUrl":"https:\/\/www.cosmorevas.tk\/wp-content\/uploads\/2022\/08\/cosmorevas-map-2022.jpg","width":997,"height":698,"caption":"cosmorevas"},"logo":{"@id":"https:\/\/www.cosmorevas.tk\/wp-content\/uploads\/2022\/08\/cosmorevas-map-2022.jpg"},"description":"Sono Matteo, Cagliaritano del 1986. Per un isolano aerei e navi sono mezzi comuni come una macchina o un treno. Da quando sono piccolo ho viaggiato con la mia famiglia e poi su e gi\u00f9 per l\u2019italia per sport, amici, lavoro, vita. Nel 2009 ho fatto il mio primo viaggio in compagnia di me stesso. Viaggiare da solo \u00e8 sempre stata una scelta per me, mai un ripiego con rimpianti."}]}},"_links":{"self":[{"href":"https:\/\/www.cosmorevas.tk\/en\/wp-json\/wp\/v2\/portfolio\/17385","targetHints":{"allow":["GET"]}}],"collection":[{"href":"https:\/\/www.cosmorevas.tk\/en\/wp-json\/wp\/v2\/portfolio"}],"about":[{"href":"https:\/\/www.cosmorevas.tk\/en\/wp-json\/wp\/v2\/types\/portfolio"}],"author":[{"embeddable":true,"href":"https:\/\/www.cosmorevas.tk\/en\/wp-json\/wp\/v2\/users\/1"}],"replies":[{"embeddable":true,"href":"https:\/\/www.cosmorevas.tk\/en\/wp-json\/wp\/v2\/comments?post=17385"}],"version-history":[{"count":40,"href":"https:\/\/www.cosmorevas.tk\/en\/wp-json\/wp\/v2\/portfolio\/17385\/revisions"}],"predecessor-version":[{"id":19877,"href":"https:\/\/www.cosmorevas.tk\/en\/wp-json\/wp\/v2\/portfolio\/17385\/revisions\/19877"}],"wp:featuredmedia":[{"embeddable":true,"href":"https:\/\/www.cosmorevas.tk\/en\/wp-json\/wp\/v2\/media\/19468"}],"wp:attachment":[{"href":"https:\/\/www.cosmorevas.tk\/en\/wp-json\/wp\/v2\/media?parent=17385"}],"wp:term":[{"taxonomy":"post_tag","embeddable":true,"href":"https:\/\/www.cosmorevas.tk\/en\/wp-json\/wp\/v2\/tags?post=17385"},{"taxonomy":"portfolio_entries","embeddable":true,"href":"https:\/\/www.cosmorevas.tk\/en\/wp-json\/wp\/v2\/portfolio_entries?post=17385"}],"curies":[{"name":"wp","href":"https:\/\/api.w.org\/{rel}","templated":true}]}}