{"id":10328,"date":"2020-04-12T13:17:43","date_gmt":"2020-04-12T10:17:43","guid":{"rendered":"https:\/\/www.cosmorevas.tk\/destinazioni\/corea-del-norte\/"},"modified":"2024-10-20T17:22:33","modified_gmt":"2024-10-20T14:22:33","slug":"corea-del-norte","status":"publish","type":"portfolio","link":"https:\/\/www.cosmorevas.tk\/es\/destinos\/corea-del-norte\/","title":{"rendered":"Corea del Norte"},"content":{"rendered":"<div id='av_section_1'  class='avia-section av-sux0v5-240866b6f2caf58ad44ca3e892d816c8 main_color avia-section-no-padding avia-no-border-styling  avia-builder-el-0  el_before_av_section  avia-builder-el-first  avia-bg-style-scroll container_wrap fullsize'  ><div class='container av-section-cont-open' ><main  role=\"main\" itemprop=\"mainContentOfPage\"  class='template-page content  av-content-full alpha units'><div class='post-entry post-entry-type-page post-entry-10328'><div class='entry-content-wrapper clearfix'>\n\n<style type=\"text\/css\" data-created_by=\"avia_inline_auto\" id=\"style-css-av-73cv1d-51d3046e87404462a40a67dad10e927c\">\n.flex_column.av-73cv1d-51d3046e87404462a40a67dad10e927c{\nborder-radius:0px 0px 0px 0px;\npadding:0px 0px 0px 0px;\n}\n<\/style>\n<div  class='flex_column av-73cv1d-51d3046e87404462a40a67dad10e927c av_one_third  avia-builder-el-1  el_before_av_one_third  avia-builder-el-first  first flex_column_div av-zero-column-padding  '     ><p><div  class='hr av-11ccqp-38b9a7767200d07641e33fc0bc85c0d2 hr-default  avia-builder-el-2  el_before_av_image  avia-builder-el-first '><span class='hr-inner '><span class=\"hr-inner-style\"><\/span><\/span><\/div><br \/>\n\n<style type=\"text\/css\" data-created_by=\"avia_inline_auto\" id=\"style-css-av-jnqkkvw7-de8be7341a8dc9b4a9f1f2401a5b1671\">\n.avia-image-container.av-jnqkkvw7-de8be7341a8dc9b4a9f1f2401a5b1671 img.avia_image{\nbox-shadow:none;\n}\n.avia-image-container.av-jnqkkvw7-de8be7341a8dc9b4a9f1f2401a5b1671 .av-image-caption-overlay-center{\ncolor:#ffffff;\n}\n<\/style>\n<div  class='avia-image-container av-jnqkkvw7-de8be7341a8dc9b4a9f1f2401a5b1671 av-styling- avia-align-center  avia-builder-el-3  el_after_av_hr  avia-builder-el-last '   itemprop=\"image\" itemscope=\"itemscope\" itemtype=\"https:\/\/schema.org\/ImageObject\" ><div class=\"avia-image-container-inner\"><div class=\"avia-image-overlay-wrap\"><img decoding=\"async\" fetchpriority=\"high\" class='wp-image-4148 avia-img-lazy-loading-not-4148 avia_image ' src=\"https:\/\/www.cosmorevas.tk\/wp-content\/uploads\/2017\/03\/bandiera-korea-del-nord-300x150.jpg\" alt='Bandera de Corea del Norte' title='Bandera de Corea del Norte'  height=\"150\" width=\"300\"  itemprop=\"thumbnailUrl\" srcset=\"https:\/\/www.cosmorevas.tk\/wp-content\/uploads\/2017\/03\/bandiera-korea-del-nord-300x150.jpg 300w, https:\/\/www.cosmorevas.tk\/wp-content\/uploads\/2017\/03\/bandiera-korea-del-nord-768x384.jpg 768w, https:\/\/www.cosmorevas.tk\/wp-content\/uploads\/2017\/03\/bandiera-korea-del-nord-1030x515.jpg 1030w, https:\/\/www.cosmorevas.tk\/wp-content\/uploads\/2017\/03\/bandiera-korea-del-nord-1500x750.jpg 1500w, https:\/\/www.cosmorevas.tk\/wp-content\/uploads\/2017\/03\/bandiera-korea-del-nord-705x353.jpg 705w, https:\/\/www.cosmorevas.tk\/wp-content\/uploads\/2017\/03\/bandiera-korea-del-nord-450x225.jpg 450w, https:\/\/www.cosmorevas.tk\/wp-content\/uploads\/2017\/03\/bandiera-korea-del-nord.jpg 1600w\" sizes=\"(max-width: 300px) 100vw, 300px\" \/><\/div><\/div><\/div><\/p><\/div>\n<style type=\"text\/css\" data-created_by=\"avia_inline_auto\" id=\"style-css-av-5eei4h-4e1d31a7b49ff3727314d1722be4c673\">\n.flex_column.av-5eei4h-4e1d31a7b49ff3727314d1722be4c673{\nborder-radius:0px 0px 0px 0px;\npadding:0px 0px 0px 0px;\n}\n<\/style>\n<div  class='flex_column av-5eei4h-4e1d31a7b49ff3727314d1722be4c673 av_one_third  avia-builder-el-4  el_after_av_one_third  el_before_av_one_third  flex_column_div av-zero-column-padding  '     ><p><div  class='hr av-6t04tt-9ce8451d06298e10c9b0c0f6ab221606 hr-default  avia-builder-el-5  el_before_av_heading  avia-builder-el-first '><span class='hr-inner '><span class=\"hr-inner-style\"><\/span><\/span><\/div><br \/>\n\n<style type=\"text\/css\" data-created_by=\"avia_inline_auto\" id=\"style-css-av-jnta8pp5-519c7a915ef4e949b7efaeeabe453da7\">\n#top .av-special-heading.av-jnta8pp5-519c7a915ef4e949b7efaeeabe453da7{\npadding-bottom:10px;\nfont-size:40px;\n}\nbody .av-special-heading.av-jnta8pp5-519c7a915ef4e949b7efaeeabe453da7 .av-special-heading-tag .heading-char{\nfont-size:25px;\n}\n#top #wrap_all .av-special-heading.av-jnta8pp5-519c7a915ef4e949b7efaeeabe453da7 .av-special-heading-tag{\nfont-size:40px;\n}\n.av-special-heading.av-jnta8pp5-519c7a915ef4e949b7efaeeabe453da7 .av-subheading{\nfont-size:19px;\n}\n\n@media only screen and (min-width: 480px) and (max-width: 767px){ \n#top #wrap_all .av-special-heading.av-jnta8pp5-519c7a915ef4e949b7efaeeabe453da7 .av-special-heading-tag{\nfont-size:0.8em;\n}\n}\n\n@media only screen and (max-width: 479px){ \n#top #wrap_all .av-special-heading.av-jnta8pp5-519c7a915ef4e949b7efaeeabe453da7 .av-special-heading-tag{\nfont-size:0.8em;\n}\n}\n<\/style>\n<div  class='av-special-heading av-jnta8pp5-519c7a915ef4e949b7efaeeabe453da7 av-special-heading-h1 blockquote modern-quote modern-centered  avia-builder-el-6  el_after_av_hr  avia-builder-el-last  av-inherit-size'><h1 class='av-special-heading-tag '  itemprop=\"headline\"  >REP\u00daBLICA POPULAR DEMOCR\u00c1TICA DE COREA<\/h1><div class=\"special-heading-border\"><div class=\"special-heading-inner-border\"><\/div><\/div><\/div><\/p><\/div>\n<style type=\"text\/css\" data-created_by=\"avia_inline_auto\" id=\"style-css-av-4rmgip-f05801728260e9ff42c4bac4850d4c14\">\n.flex_column.av-4rmgip-f05801728260e9ff42c4bac4850d4c14{\nborder-radius:0px 0px 0px 0px;\npadding:0px 0px 0px 0px;\n}\n<\/style>\n<div  class='flex_column av-4rmgip-f05801728260e9ff42c4bac4850d4c14 av_one_third  avia-builder-el-7  el_after_av_one_third  el_before_av_hr  flex_column_div av-zero-column-padding  '     ><p><div  class='hr av-3npzk1-f9508fe64fc185cec1687bd1b5b34ac8 hr-default  avia-builder-el-8  el_before_av_image  avia-builder-el-first '><span class='hr-inner '><span class=\"hr-inner-style\"><\/span><\/span><\/div><br \/>\n\n<style type=\"text\/css\" data-created_by=\"avia_inline_auto\" id=\"style-css-av-jnrjcgtq-9225d1d8efc9e69a60a090d70ff1bec1\">\n.avia-image-container.av-jnrjcgtq-9225d1d8efc9e69a60a090d70ff1bec1 img.avia_image{\nbox-shadow:none;\n}\n.avia-image-container.av-jnrjcgtq-9225d1d8efc9e69a60a090d70ff1bec1 .av-image-caption-overlay-center{\ncolor:#ffffff;\n}\n<\/style>\n<div  class='avia-image-container av-jnrjcgtq-9225d1d8efc9e69a60a090d70ff1bec1 av-styling- avia-align-center  avia-builder-el-9  el_after_av_hr  avia-builder-el-last '   itemprop=\"image\" itemscope=\"itemscope\" itemtype=\"https:\/\/schema.org\/ImageObject\" ><div class=\"avia-image-container-inner\"><div class=\"avia-image-overlay-wrap\"><img decoding=\"async\" fetchpriority=\"high\" class='wp-image-4157 avia-img-lazy-loading-not-4157 avia_image ' src=\"https:\/\/www.cosmorevas.tk\/wp-content\/uploads\/2017\/03\/korea-del-nord-geografica-300x300.jpg\" alt='geograf\u00eda corea del norte' title='geograf\u00eda corea del norte'  height=\"300\" width=\"300\"  itemprop=\"thumbnailUrl\" srcset=\"https:\/\/www.cosmorevas.tk\/wp-content\/uploads\/2017\/03\/korea-del-nord-geografica-300x300.jpg 300w, https:\/\/www.cosmorevas.tk\/wp-content\/uploads\/2017\/03\/korea-del-nord-geografica-80x80.jpg 80w, https:\/\/www.cosmorevas.tk\/wp-content\/uploads\/2017\/03\/korea-del-nord-geografica-36x36.jpg 36w, https:\/\/www.cosmorevas.tk\/wp-content\/uploads\/2017\/03\/korea-del-nord-geografica-180x180.jpg 180w, https:\/\/www.cosmorevas.tk\/wp-content\/uploads\/2017\/03\/korea-del-nord-geografica-120x120.jpg 120w, https:\/\/www.cosmorevas.tk\/wp-content\/uploads\/2017\/03\/korea-del-nord-geografica-450x450.jpg 450w, https:\/\/www.cosmorevas.tk\/wp-content\/uploads\/2017\/03\/korea-del-nord-geografica.jpg 536w\" sizes=\"(max-width: 300px) 100vw, 300px\" \/><\/div><\/div><\/div><\/p><\/div><div  class='hr av-2wvc69-47bff7dc49c338ca8078c08bcb852571 hr-default  avia-builder-el-10  el_after_av_one_third  avia-builder-el-last '><span class='hr-inner '><span class=\"hr-inner-style\"><\/span><\/span><\/div>\n\n<\/div><\/div><\/main><!-- close content main element --><\/div><\/div><div id='av_section_2'  class='avia-section av-4c1bwh-bfd3c9fbe7901e1e9451becf9037395d main_color avia-section-default avia-no-border-styling  avia-builder-el-11  el_after_av_section  el_before_av_section  avia-bg-style-scroll container_wrap fullsize'  ><div class='container av-section-cont-open' ><div class='template-page content  av-content-full alpha units'><div class='post-entry post-entry-type-page post-entry-10328'><div class='entry-content-wrapper clearfix'>\n\n<style type=\"text\/css\" data-created_by=\"avia_inline_auto\" id=\"style-css-av-4n9ckh-617b55d9856357f60829aab2a5c196dd\">\n.flex_column.av-4n9ckh-617b55d9856357f60829aab2a5c196dd{\nborder-radius:0px 0px 0px 0px;\npadding:0px 0px 0px 0px;\n}\n<\/style>\n<div  class='flex_column av-4n9ckh-617b55d9856357f60829aab2a5c196dd av_one_full  avia-builder-el-12  el_before_av_one_full  avia-builder-el-first  first flex_column_div av-zero-column-padding  '     ><section  class='av_textblock_section av-301d0x-e5c7ca2471b44c79eb79ac6bab6d24a2 '   itemscope=\"itemscope\" itemtype=\"https:\/\/schema.org\/CreativeWork\" ><div class='avia_textblock'  itemprop=\"text\" ><h2 style=\"text-align: center;\">Haz clic en la foto para ampliarla y mira la galer\u00eda<br \/>\n<\/h2>\n<\/div><\/section><\/div>\n<style type=\"text\/css\" data-created_by=\"avia_inline_auto\" id=\"style-css-av-32uqsx-eb831aa3bd676faeba0f08d047d4fff3\">\n.flex_column.av-32uqsx-eb831aa3bd676faeba0f08d047d4fff3{\nborder-radius:0px 0px 0px 0px;\npadding:0px 0px 0px 0px;\n}\n<\/style>\n<div  class='flex_column av-32uqsx-eb831aa3bd676faeba0f08d047d4fff3 av_one_full  avia-builder-el-14  el_after_av_one_full  avia-builder-el-last  first flex_column_div av-zero-column-padding  column-top-margin'     ><style type=\"text\/css\" data-created_by=\"avia_inline_auto\" id=\"style-css-av-k5m375-dba1e7f469373babc5f98703ccd8c594\">\n.av-horizontal-gallery.av-k5m375-dba1e7f469373babc5f98703ccd8c594{\npadding:3.75% 0px;;\n}\n.av-horizontal-gallery.av-k5m375-dba1e7f469373babc5f98703ccd8c594 .av-horizontal-gallery-inner{\npadding-bottom:25%;\n}\n<\/style>\n<div  class='av-horizontal-gallery av-k5m375-dba1e7f469373babc5f98703ccd8c594 av-horizontal-gallery-large-gap av-horizontal-gallery-enlarge-effect  avia-builder-el-15  avia-builder-el-no-sibling  av-slideshow-ui av-control-default av-slideshow-manual av-loop-once av-loop-manual-endless av-horizontal-gallery-1' data-slideshow-data=\"{&quot;enlarge&quot;:1.3,&quot;animation&quot;:&quot;slide&quot;,&quot;autoplay&quot;:false,&quot;loop_autoplay&quot;:&quot;once&quot;,&quot;interval&quot;:5,&quot;loop_manual&quot;:&quot;manual-endless&quot;,&quot;autoplay_stopper&quot;:false,&quot;noNavigation&quot;:false,&quot;bg_slider&quot;:false,&quot;keep_padding&quot;:&quot;&quot;,&quot;hoverpause&quot;:false,&quot;show_slide_delay&quot;:0,&quot;initial&quot;:&quot;1&quot;}\"  itemprop=\"image\" itemscope=\"itemscope\" itemtype=\"https:\/\/schema.org\/ImageObject\" ><div class='avia-slideshow-arrows avia-slideshow-controls' ><a href='#prev' class='prev-slide av-horizontal-gallery-prev avia-svg-icon avia-font-svg_entypo-fontello' data-av_svg_icon='left-open-big' data-av_iconset='svg_entypo-fontello' tabindex='-1' title=\"Anterior\"><svg version=\"1.1\" xmlns=\"http:\/\/www.w3.org\/2000\/svg\" width=\"15\" height=\"32\" viewBox=\"0 0 15 32\" preserveAspectRatio=\"xMidYMid meet\" aria-labelledby='av-svg-title-1' aria-describedby='av-svg-desc-1' role=\"graphics-symbol\" aria-hidden=\"true\">\n<title id='av-svg-title-1'>Anterior<\/title>\n<desc id='av-svg-desc-1'>Anterior<\/desc>\n<path d=\"M14.464 27.84q0.832 0.832 0 1.536-0.832 0.832-1.536 0l-12.544-12.608q-0.768-0.768 0-1.6l12.544-12.608q0.704-0.832 1.536 0 0.832 0.704 0 1.536l-11.456 11.904z\"><\/path>\n<\/svg><span class='avia_hidden_link_text'>Anterior<\/span><\/a><a href='#next' class='next-slide av-horizontal-gallery-next avia-svg-icon avia-font-svg_entypo-fontello' data-av_svg_icon='right-open-big' data-av_iconset='svg_entypo-fontello' tabindex='-1' title=\"Posterior\"><svg version=\"1.1\" xmlns=\"http:\/\/www.w3.org\/2000\/svg\" width=\"15\" height=\"32\" viewBox=\"0 0 15 32\" preserveAspectRatio=\"xMidYMid meet\" aria-labelledby='av-svg-title-2' aria-describedby='av-svg-desc-2' role=\"graphics-symbol\" aria-hidden=\"true\">\n<title id='av-svg-title-2'>Posterior<\/title>\n<desc id='av-svg-desc-2'>Posterior<\/desc>\n<path d=\"M0.416 27.84l11.456-11.84-11.456-11.904q-0.832-0.832 0-1.536 0.832-0.832 1.536 0l12.544 12.608q0.768 0.832 0 1.6l-12.544 12.608q-0.704 0.832-1.536 0-0.832-0.704 0-1.536z\"><\/path>\n<\/svg><span class='avia_hidden_link_text'>Posterior<\/span><\/a><\/div><div class='avia-slideshow-dots avia-slideshow-controls av-horizontal-gallery-dots fade-in'><a href='#1' class='goto-slide active' >1<\/a><a href='#2' class='goto-slide ' >2<\/a><a href='#3' class='goto-slide ' >3<\/a><a href='#4' class='goto-slide ' >4<\/a><a href='#5' class='goto-slide ' >5<\/a><a href='#6' class='goto-slide ' >6<\/a><a href='#7' class='goto-slide ' >7<\/a><a href='#8' class='goto-slide ' >8<\/a><a href='#9' class='goto-slide ' >9<\/a><a href='#10' class='goto-slide ' >10<\/a><a href='#11' class='goto-slide ' >11<\/a><a href='#12' class='goto-slide ' >12<\/a><a href='#13' class='goto-slide ' >13<\/a><a href='#14' class='goto-slide ' >14<\/a><a href='#15' class='goto-slide ' >15<\/a><a href='#16' class='goto-slide ' >16<\/a><a href='#17' class='goto-slide ' >17<\/a><a href='#18' class='goto-slide ' >18<\/a><a href='#19' class='goto-slide ' >19<\/a><a href='#20' class='goto-slide ' >20<\/a><a href='#21' class='goto-slide ' >21<\/a><a href='#22' class='goto-slide ' >22<\/a><a href='#23' class='goto-slide ' >23<\/a><a href='#24' class='goto-slide ' >24<\/a><a href='#25' class='goto-slide ' >25<\/a><a href='#26' class='goto-slide ' >26<\/a><a href='#27' class='goto-slide ' >27<\/a><a href='#28' class='goto-slide ' >28<\/a><a href='#29' class='goto-slide ' >29<\/a><a href='#30' class='goto-slide ' >30<\/a><a href='#31' class='goto-slide ' >31<\/a><a href='#32' class='goto-slide ' >32<\/a><a href='#33' class='goto-slide ' >33<\/a><a href='#34' class='goto-slide ' >34<\/a><a href='#35' class='goto-slide ' >35<\/a><\/div><div class='av-horizontal-gallery-inner' data-av-height='25'><div class=\"av-horizontal-gallery-slider\"><div class=\"av-horizontal-gallery-wrap noHover\"><img decoding=\"async\" class='wp-image-8015 avia-img-lazy-loading-8015 av-horizontal-gallery-img lazyload' width=\"1000\" height=\"750\" data-src=\"https:\/\/www.cosmorevas.tk\/wp-content\/uploads\/2019\/09\/monumento-alla-Riunificazione-Korea-del-Nord.jpg\" title='Corea del Norte - Pyongyang - Arco de la Reunificaci\u00f3n' alt='Corea del Norte - Pyongyang - Arco de la Reunificaci\u00f3n' data-srcset=\"https:\/\/www.cosmorevas.tk\/wp-content\/uploads\/2019\/09\/monumento-alla-Riunificazione-Korea-del-Nord.jpg 1000w, https:\/\/www.cosmorevas.tk\/wp-content\/uploads\/2019\/09\/monumento-alla-Riunificazione-Korea-del-Nord-300x225.jpg 300w, https:\/\/www.cosmorevas.tk\/wp-content\/uploads\/2019\/09\/monumento-alla-Riunificazione-Korea-del-Nord-768x576.jpg 768w, https:\/\/www.cosmorevas.tk\/wp-content\/uploads\/2019\/09\/monumento-alla-Riunificazione-Korea-del-Nord-705x529.jpg 705w, https:\/\/www.cosmorevas.tk\/wp-content\/uploads\/2019\/09\/monumento-alla-Riunificazione-Korea-del-Nord-450x338.jpg 450w\" data-sizes=\"auto, (max-width: 1000px) 100vw, 1000px\" src=\"data:image\/svg+xml;base64,PHN2ZyB3aWR0aD0iMSIgaGVpZ2h0PSIxIiB4bWxucz0iaHR0cDovL3d3dy53My5vcmcvMjAwMC9zdmciPjwvc3ZnPg==\" style=\"--smush-placeholder-width: 1000px; --smush-placeholder-aspect-ratio: 1000\/750;\" \/><a href=\"https:\/\/www.cosmorevas.tk\/wp-content\/uploads\/2019\/09\/monumento-alla-Riunificazione-Korea-del-Nord.jpg\" data-srcset=\"https:\/\/www.cosmorevas.tk\/wp-content\/uploads\/2019\/09\/monumento-alla-Riunificazione-Korea-del-Nord.jpg 1000w, https:\/\/www.cosmorevas.tk\/wp-content\/uploads\/2019\/09\/monumento-alla-Riunificazione-Korea-del-Nord-300x225.jpg 300w, https:\/\/www.cosmorevas.tk\/wp-content\/uploads\/2019\/09\/monumento-alla-Riunificazione-Korea-del-Nord-768x576.jpg 768w, https:\/\/www.cosmorevas.tk\/wp-content\/uploads\/2019\/09\/monumento-alla-Riunificazione-Korea-del-Nord-705x529.jpg 705w, https:\/\/www.cosmorevas.tk\/wp-content\/uploads\/2019\/09\/monumento-alla-Riunificazione-Korea-del-Nord-450x338.jpg 450w\" data-sizes=\"(max-width: 1000px) 100vw, 1000px\" class='av-horizontal-gallery-link avia-svg-icon avia-font-svg_entypo-fontello' data-av_svg_icon='resize-full' data-av_iconset='svg_entypo-fontello' title='Corea del Norte - Pyongyang - Arco de la Reunificaci\u00f3n' alt='Corea del Norte - Pyongyang - Arco de la Reunificaci\u00f3n' aria-label='Open image in lightbox: Corea del Norte - Pyongyang - Arco de la Reunificaci\u00f3n'><svg version=\"1.1\" xmlns=\"http:\/\/www.w3.org\/2000\/svg\" width=\"25\" height=\"32\" viewBox=\"0 0 25 32\" preserveAspectRatio=\"xMidYMid meet\" aria-labelledby='av-svg-title-3' aria-describedby='av-svg-desc-3' role=\"graphics-symbol\" aria-hidden=\"true\">\n<title id='av-svg-title-3'>Open image in lightbox: Corea del Norte - Pyongyang - Arco de la Reunificaci\u00f3n<\/title>\n<desc id='av-svg-desc-3'>Open image in lightbox: Corea del Norte - Pyongyang - Arco de la Reunificaci\u00f3n<\/desc>\n<path d=\"M15.232 3.328h10.112v10.112l-3.2-3.968-4.672 4.864-3.2-3.2 4.864-4.672zM7.872 17.536l3.2 3.2-4.864 4.672 3.904 3.2h-10.112v-10.112l3.2 3.904z\"><\/path>\n<\/svg><\/a><\/div><div class=\"av-horizontal-gallery-wrap noHover\"><img decoding=\"async\" class='wp-image-7997 avia-img-lazy-loading-7997 av-horizontal-gallery-img lazyload' width=\"1000\" height=\"740\" data-src=\"https:\/\/www.cosmorevas.tk\/wp-content\/uploads\/2019\/09\/Arco-Korea-del-Nord.jpg\" title='Corea del Norte - Pyongyang - Arco' alt='Corea del Norte - Pyongyang - Arco' data-srcset=\"https:\/\/www.cosmorevas.tk\/wp-content\/uploads\/2019\/09\/Arco-Korea-del-Nord.jpg 1000w, https:\/\/www.cosmorevas.tk\/wp-content\/uploads\/2019\/09\/Arco-Korea-del-Nord-300x222.jpg 300w, https:\/\/www.cosmorevas.tk\/wp-content\/uploads\/2019\/09\/Arco-Korea-del-Nord-768x568.jpg 768w, https:\/\/www.cosmorevas.tk\/wp-content\/uploads\/2019\/09\/Arco-Korea-del-Nord-705x522.jpg 705w, https:\/\/www.cosmorevas.tk\/wp-content\/uploads\/2019\/09\/Arco-Korea-del-Nord-450x333.jpg 450w\" data-sizes=\"auto, (max-width: 1000px) 100vw, 1000px\" src=\"data:image\/svg+xml;base64,PHN2ZyB3aWR0aD0iMSIgaGVpZ2h0PSIxIiB4bWxucz0iaHR0cDovL3d3dy53My5vcmcvMjAwMC9zdmciPjwvc3ZnPg==\" style=\"--smush-placeholder-width: 1000px; --smush-placeholder-aspect-ratio: 1000\/740;\" \/><a href=\"https:\/\/www.cosmorevas.tk\/wp-content\/uploads\/2019\/09\/Arco-Korea-del-Nord.jpg\" data-srcset=\"https:\/\/www.cosmorevas.tk\/wp-content\/uploads\/2019\/09\/Arco-Korea-del-Nord.jpg 1000w, https:\/\/www.cosmorevas.tk\/wp-content\/uploads\/2019\/09\/Arco-Korea-del-Nord-300x222.jpg 300w, https:\/\/www.cosmorevas.tk\/wp-content\/uploads\/2019\/09\/Arco-Korea-del-Nord-768x568.jpg 768w, https:\/\/www.cosmorevas.tk\/wp-content\/uploads\/2019\/09\/Arco-Korea-del-Nord-705x522.jpg 705w, https:\/\/www.cosmorevas.tk\/wp-content\/uploads\/2019\/09\/Arco-Korea-del-Nord-450x333.jpg 450w\" data-sizes=\"(max-width: 1000px) 100vw, 1000px\" class='av-horizontal-gallery-link avia-svg-icon avia-font-svg_entypo-fontello' data-av_svg_icon='resize-full' data-av_iconset='svg_entypo-fontello' title='Corea del Norte - Pyongyang - Arco' alt='Corea del Norte - Pyongyang - Arco' aria-label='Open image in lightbox: Corea del Norte - Pyongyang - Arco'><svg version=\"1.1\" xmlns=\"http:\/\/www.w3.org\/2000\/svg\" width=\"25\" height=\"32\" viewBox=\"0 0 25 32\" preserveAspectRatio=\"xMidYMid meet\" aria-labelledby='av-svg-title-4' aria-describedby='av-svg-desc-4' role=\"graphics-symbol\" aria-hidden=\"true\">\n<title id='av-svg-title-4'>Open image in lightbox: Corea del Norte - Pyongyang - Arco<\/title>\n<desc id='av-svg-desc-4'>Open image in lightbox: Corea del Norte - Pyongyang - Arco<\/desc>\n<path d=\"M15.232 3.328h10.112v10.112l-3.2-3.968-4.672 4.864-3.2-3.2 4.864-4.672zM7.872 17.536l3.2 3.2-4.864 4.672 3.904 3.2h-10.112v-10.112l3.2 3.904z\"><\/path>\n<\/svg><\/a><\/div><div class=\"av-horizontal-gallery-wrap noHover\"><img decoding=\"async\" class='wp-image-8000 avia-img-lazy-loading-8000 av-horizontal-gallery-img lazyload' width=\"1000\" height=\"750\" data-src=\"https:\/\/www.cosmorevas.tk\/wp-content\/uploads\/2019\/09\/autobus-Pyogyang-Korea-del-Nord.jpg\" title='Corea del Norte - Pyongyang - autob\u00fas' alt='Corea del Norte - Pyongyang - autob\u00fas' data-srcset=\"https:\/\/www.cosmorevas.tk\/wp-content\/uploads\/2019\/09\/autobus-Pyogyang-Korea-del-Nord.jpg 1000w, https:\/\/www.cosmorevas.tk\/wp-content\/uploads\/2019\/09\/autobus-Pyogyang-Korea-del-Nord-300x225.jpg 300w, https:\/\/www.cosmorevas.tk\/wp-content\/uploads\/2019\/09\/autobus-Pyogyang-Korea-del-Nord-768x576.jpg 768w, https:\/\/www.cosmorevas.tk\/wp-content\/uploads\/2019\/09\/autobus-Pyogyang-Korea-del-Nord-705x529.jpg 705w, https:\/\/www.cosmorevas.tk\/wp-content\/uploads\/2019\/09\/autobus-Pyogyang-Korea-del-Nord-450x338.jpg 450w\" data-sizes=\"auto, (max-width: 1000px) 100vw, 1000px\" src=\"data:image\/svg+xml;base64,PHN2ZyB3aWR0aD0iMSIgaGVpZ2h0PSIxIiB4bWxucz0iaHR0cDovL3d3dy53My5vcmcvMjAwMC9zdmciPjwvc3ZnPg==\" style=\"--smush-placeholder-width: 1000px; --smush-placeholder-aspect-ratio: 1000\/750;\" \/><a href=\"https:\/\/www.cosmorevas.tk\/wp-content\/uploads\/2019\/09\/autobus-Pyogyang-Korea-del-Nord.jpg\" data-srcset=\"https:\/\/www.cosmorevas.tk\/wp-content\/uploads\/2019\/09\/autobus-Pyogyang-Korea-del-Nord.jpg 1000w, https:\/\/www.cosmorevas.tk\/wp-content\/uploads\/2019\/09\/autobus-Pyogyang-Korea-del-Nord-300x225.jpg 300w, https:\/\/www.cosmorevas.tk\/wp-content\/uploads\/2019\/09\/autobus-Pyogyang-Korea-del-Nord-768x576.jpg 768w, https:\/\/www.cosmorevas.tk\/wp-content\/uploads\/2019\/09\/autobus-Pyogyang-Korea-del-Nord-705x529.jpg 705w, https:\/\/www.cosmorevas.tk\/wp-content\/uploads\/2019\/09\/autobus-Pyogyang-Korea-del-Nord-450x338.jpg 450w\" data-sizes=\"(max-width: 1000px) 100vw, 1000px\" class='av-horizontal-gallery-link avia-svg-icon avia-font-svg_entypo-fontello' data-av_svg_icon='resize-full' data-av_iconset='svg_entypo-fontello' title='Corea del Norte - Pyongyang - autob\u00fas' alt='Corea del Norte - Pyongyang - autob\u00fas' aria-label='Open image in lightbox: Corea del Norte - Pyongyang - autob\u00fas'><svg version=\"1.1\" xmlns=\"http:\/\/www.w3.org\/2000\/svg\" width=\"25\" height=\"32\" viewBox=\"0 0 25 32\" preserveAspectRatio=\"xMidYMid meet\" aria-labelledby='av-svg-title-5' aria-describedby='av-svg-desc-5' role=\"graphics-symbol\" aria-hidden=\"true\">\n<title id='av-svg-title-5'>Open image in lightbox: Corea del Norte - Pyongyang - autob\u00fas<\/title>\n<desc id='av-svg-desc-5'>Open image in lightbox: Corea del Norte - Pyongyang - autob\u00fas<\/desc>\n<path d=\"M15.232 3.328h10.112v10.112l-3.2-3.968-4.672 4.864-3.2-3.2 4.864-4.672zM7.872 17.536l3.2 3.2-4.864 4.672 3.904 3.2h-10.112v-10.112l3.2 3.904z\"><\/path>\n<\/svg><\/a><\/div><div class=\"av-horizontal-gallery-wrap noHover\"><img decoding=\"async\" class='wp-image-8825 avia-img-lazy-loading-8825 av-horizontal-gallery-img lazyload' width=\"1000\" height=\"750\" data-src=\"https:\/\/www.cosmorevas.tk\/wp-content\/uploads\/2019\/10\/Korea-del-Nord-Pyongyang-10.jpg\" title='Corea del Norte - Pyongyang - ni\u00f1os' alt='Corea del Norte - Pyongyang - ni\u00f1os' data-srcset=\"https:\/\/www.cosmorevas.tk\/wp-content\/uploads\/2019\/10\/Korea-del-Nord-Pyongyang-10.jpg 1000w, https:\/\/www.cosmorevas.tk\/wp-content\/uploads\/2019\/10\/Korea-del-Nord-Pyongyang-10-300x225.jpg 300w, https:\/\/www.cosmorevas.tk\/wp-content\/uploads\/2019\/10\/Korea-del-Nord-Pyongyang-10-768x576.jpg 768w, https:\/\/www.cosmorevas.tk\/wp-content\/uploads\/2019\/10\/Korea-del-Nord-Pyongyang-10-705x529.jpg 705w, https:\/\/www.cosmorevas.tk\/wp-content\/uploads\/2019\/10\/Korea-del-Nord-Pyongyang-10-450x338.jpg 450w\" data-sizes=\"auto, (max-width: 1000px) 100vw, 1000px\" src=\"data:image\/svg+xml;base64,PHN2ZyB3aWR0aD0iMSIgaGVpZ2h0PSIxIiB4bWxucz0iaHR0cDovL3d3dy53My5vcmcvMjAwMC9zdmciPjwvc3ZnPg==\" style=\"--smush-placeholder-width: 1000px; --smush-placeholder-aspect-ratio: 1000\/750;\" \/><a href=\"https:\/\/www.cosmorevas.tk\/wp-content\/uploads\/2019\/10\/Korea-del-Nord-Pyongyang-10.jpg\" data-srcset=\"https:\/\/www.cosmorevas.tk\/wp-content\/uploads\/2019\/10\/Korea-del-Nord-Pyongyang-10.jpg 1000w, https:\/\/www.cosmorevas.tk\/wp-content\/uploads\/2019\/10\/Korea-del-Nord-Pyongyang-10-300x225.jpg 300w, https:\/\/www.cosmorevas.tk\/wp-content\/uploads\/2019\/10\/Korea-del-Nord-Pyongyang-10-768x576.jpg 768w, https:\/\/www.cosmorevas.tk\/wp-content\/uploads\/2019\/10\/Korea-del-Nord-Pyongyang-10-705x529.jpg 705w, https:\/\/www.cosmorevas.tk\/wp-content\/uploads\/2019\/10\/Korea-del-Nord-Pyongyang-10-450x338.jpg 450w\" data-sizes=\"(max-width: 1000px) 100vw, 1000px\" class='av-horizontal-gallery-link avia-svg-icon avia-font-svg_entypo-fontello' data-av_svg_icon='resize-full' data-av_iconset='svg_entypo-fontello' title='Corea del Norte - Pyongyang - ni\u00f1os' alt='Corea del Norte - Pyongyang - ni\u00f1os' aria-label='Open image in lightbox: Corea del Norte - Pyongyang - ni\u00f1os'><svg version=\"1.1\" xmlns=\"http:\/\/www.w3.org\/2000\/svg\" width=\"25\" height=\"32\" viewBox=\"0 0 25 32\" preserveAspectRatio=\"xMidYMid meet\" aria-labelledby='av-svg-title-6' aria-describedby='av-svg-desc-6' role=\"graphics-symbol\" aria-hidden=\"true\">\n<title id='av-svg-title-6'>Open image in lightbox: Corea del Norte - Pyongyang - ni\u00f1os<\/title>\n<desc id='av-svg-desc-6'>Open image in lightbox: Corea del Norte - Pyongyang - ni\u00f1os<\/desc>\n<path d=\"M15.232 3.328h10.112v10.112l-3.2-3.968-4.672 4.864-3.2-3.2 4.864-4.672zM7.872 17.536l3.2 3.2-4.864 4.672 3.904 3.2h-10.112v-10.112l3.2 3.904z\"><\/path>\n<\/svg><\/a><\/div><div class=\"av-horizontal-gallery-wrap noHover\"><img decoding=\"async\" class='wp-image-8792 avia-img-lazy-loading-8792 av-horizontal-gallery-img lazyload' width=\"1000\" height=\"750\" data-src=\"https:\/\/www.cosmorevas.tk\/wp-content\/uploads\/2019\/10\/Korea-del-Nord-bambini-1.jpg\" title='Corea del Norte - Pyongyang - ni\u00f1os' alt='Corea del Norte - Pyongyang - ni\u00f1os' data-srcset=\"https:\/\/www.cosmorevas.tk\/wp-content\/uploads\/2019\/10\/Korea-del-Nord-bambini-1.jpg 1000w, https:\/\/www.cosmorevas.tk\/wp-content\/uploads\/2019\/10\/Korea-del-Nord-bambini-1-300x225.jpg 300w, https:\/\/www.cosmorevas.tk\/wp-content\/uploads\/2019\/10\/Korea-del-Nord-bambini-1-768x576.jpg 768w, https:\/\/www.cosmorevas.tk\/wp-content\/uploads\/2019\/10\/Korea-del-Nord-bambini-1-705x529.jpg 705w, https:\/\/www.cosmorevas.tk\/wp-content\/uploads\/2019\/10\/Korea-del-Nord-bambini-1-450x338.jpg 450w\" data-sizes=\"auto, (max-width: 1000px) 100vw, 1000px\" src=\"data:image\/svg+xml;base64,PHN2ZyB3aWR0aD0iMSIgaGVpZ2h0PSIxIiB4bWxucz0iaHR0cDovL3d3dy53My5vcmcvMjAwMC9zdmciPjwvc3ZnPg==\" style=\"--smush-placeholder-width: 1000px; --smush-placeholder-aspect-ratio: 1000\/750;\" \/><a href=\"https:\/\/www.cosmorevas.tk\/wp-content\/uploads\/2019\/10\/Korea-del-Nord-bambini-1.jpg\" data-srcset=\"https:\/\/www.cosmorevas.tk\/wp-content\/uploads\/2019\/10\/Korea-del-Nord-bambini-1.jpg 1000w, https:\/\/www.cosmorevas.tk\/wp-content\/uploads\/2019\/10\/Korea-del-Nord-bambini-1-300x225.jpg 300w, https:\/\/www.cosmorevas.tk\/wp-content\/uploads\/2019\/10\/Korea-del-Nord-bambini-1-768x576.jpg 768w, https:\/\/www.cosmorevas.tk\/wp-content\/uploads\/2019\/10\/Korea-del-Nord-bambini-1-705x529.jpg 705w, https:\/\/www.cosmorevas.tk\/wp-content\/uploads\/2019\/10\/Korea-del-Nord-bambini-1-450x338.jpg 450w\" data-sizes=\"(max-width: 1000px) 100vw, 1000px\" class='av-horizontal-gallery-link avia-svg-icon avia-font-svg_entypo-fontello' data-av_svg_icon='resize-full' data-av_iconset='svg_entypo-fontello' title='Corea del Norte - Pyongyang - ni\u00f1os' alt='Corea del Norte - Pyongyang - ni\u00f1os' aria-label='Open image in lightbox: Corea del Norte - Pyongyang - ni\u00f1os'><svg version=\"1.1\" xmlns=\"http:\/\/www.w3.org\/2000\/svg\" width=\"25\" height=\"32\" viewBox=\"0 0 25 32\" preserveAspectRatio=\"xMidYMid meet\" aria-labelledby='av-svg-title-7' aria-describedby='av-svg-desc-7' role=\"graphics-symbol\" aria-hidden=\"true\">\n<title id='av-svg-title-7'>Open image in lightbox: Corea del Norte - Pyongyang - ni\u00f1os<\/title>\n<desc id='av-svg-desc-7'>Open image in lightbox: Corea del Norte - Pyongyang - ni\u00f1os<\/desc>\n<path d=\"M15.232 3.328h10.112v10.112l-3.2-3.968-4.672 4.864-3.2-3.2 4.864-4.672zM7.872 17.536l3.2 3.2-4.864 4.672 3.904 3.2h-10.112v-10.112l3.2 3.904z\"><\/path>\n<\/svg><\/a><\/div><div class=\"av-horizontal-gallery-wrap noHover\"><img decoding=\"async\" class='wp-image-8003 avia-img-lazy-loading-8003 av-horizontal-gallery-img lazyload' width=\"1000\" height=\"750\" data-src=\"https:\/\/www.cosmorevas.tk\/wp-content\/uploads\/2019\/09\/Fiume-Taedong-Pyongyang-Korea-del-Nord.jpg\" title='Corea del Norte - Pyongyang - r\u00edo Taedong' alt='Corea del Norte - Pyongyang - r\u00edo Taedong' data-srcset=\"https:\/\/www.cosmorevas.tk\/wp-content\/uploads\/2019\/09\/Fiume-Taedong-Pyongyang-Korea-del-Nord.jpg 1000w, https:\/\/www.cosmorevas.tk\/wp-content\/uploads\/2019\/09\/Fiume-Taedong-Pyongyang-Korea-del-Nord-300x225.jpg 300w, https:\/\/www.cosmorevas.tk\/wp-content\/uploads\/2019\/09\/Fiume-Taedong-Pyongyang-Korea-del-Nord-768x576.jpg 768w, https:\/\/www.cosmorevas.tk\/wp-content\/uploads\/2019\/09\/Fiume-Taedong-Pyongyang-Korea-del-Nord-705x529.jpg 705w, https:\/\/www.cosmorevas.tk\/wp-content\/uploads\/2019\/09\/Fiume-Taedong-Pyongyang-Korea-del-Nord-450x338.jpg 450w\" data-sizes=\"auto, (max-width: 1000px) 100vw, 1000px\" src=\"data:image\/svg+xml;base64,PHN2ZyB3aWR0aD0iMSIgaGVpZ2h0PSIxIiB4bWxucz0iaHR0cDovL3d3dy53My5vcmcvMjAwMC9zdmciPjwvc3ZnPg==\" style=\"--smush-placeholder-width: 1000px; --smush-placeholder-aspect-ratio: 1000\/750;\" \/><a href=\"https:\/\/www.cosmorevas.tk\/wp-content\/uploads\/2019\/09\/Fiume-Taedong-Pyongyang-Korea-del-Nord.jpg\" data-srcset=\"https:\/\/www.cosmorevas.tk\/wp-content\/uploads\/2019\/09\/Fiume-Taedong-Pyongyang-Korea-del-Nord.jpg 1000w, https:\/\/www.cosmorevas.tk\/wp-content\/uploads\/2019\/09\/Fiume-Taedong-Pyongyang-Korea-del-Nord-300x225.jpg 300w, https:\/\/www.cosmorevas.tk\/wp-content\/uploads\/2019\/09\/Fiume-Taedong-Pyongyang-Korea-del-Nord-768x576.jpg 768w, https:\/\/www.cosmorevas.tk\/wp-content\/uploads\/2019\/09\/Fiume-Taedong-Pyongyang-Korea-del-Nord-705x529.jpg 705w, https:\/\/www.cosmorevas.tk\/wp-content\/uploads\/2019\/09\/Fiume-Taedong-Pyongyang-Korea-del-Nord-450x338.jpg 450w\" data-sizes=\"(max-width: 1000px) 100vw, 1000px\" class='av-horizontal-gallery-link avia-svg-icon avia-font-svg_entypo-fontello' data-av_svg_icon='resize-full' data-av_iconset='svg_entypo-fontello' title='Corea del Norte - Pyongyang - r\u00edo Taedong' alt='Corea del Norte - Pyongyang - r\u00edo Taedong' aria-label='Open image in lightbox: Corea del Norte - Pyongyang - r\u00edo Taedong'><svg version=\"1.1\" xmlns=\"http:\/\/www.w3.org\/2000\/svg\" width=\"25\" height=\"32\" viewBox=\"0 0 25 32\" preserveAspectRatio=\"xMidYMid meet\" aria-labelledby='av-svg-title-8' aria-describedby='av-svg-desc-8' role=\"graphics-symbol\" aria-hidden=\"true\">\n<title id='av-svg-title-8'>Open image in lightbox: Corea del Norte - Pyongyang - r\u00edo Taedong<\/title>\n<desc id='av-svg-desc-8'>Open image in lightbox: Corea del Norte - Pyongyang - r\u00edo Taedong<\/desc>\n<path d=\"M15.232 3.328h10.112v10.112l-3.2-3.968-4.672 4.864-3.2-3.2 4.864-4.672zM7.872 17.536l3.2 3.2-4.864 4.672 3.904 3.2h-10.112v-10.112l3.2 3.904z\"><\/path>\n<\/svg><\/a><\/div><div class=\"av-horizontal-gallery-wrap noHover\"><img decoding=\"async\" class='wp-image-8006 avia-img-lazy-loading-8006 av-horizontal-gallery-img lazyload' width=\"1000\" height=\"750\" data-src=\"https:\/\/www.cosmorevas.tk\/wp-content\/uploads\/2019\/09\/Fiume-Taedong-pioggia-Pyongyang-Korea-del-Nord.jpg\" title='Corea del Norte - Pyongyang - Lluvia en el r\u00edo Taedong' alt='Corea del Norte - Pyongyang - Lluvia en el r\u00edo Taedong' data-srcset=\"https:\/\/www.cosmorevas.tk\/wp-content\/uploads\/2019\/09\/Fiume-Taedong-pioggia-Pyongyang-Korea-del-Nord.jpg 1000w, https:\/\/www.cosmorevas.tk\/wp-content\/uploads\/2019\/09\/Fiume-Taedong-pioggia-Pyongyang-Korea-del-Nord-300x225.jpg 300w, https:\/\/www.cosmorevas.tk\/wp-content\/uploads\/2019\/09\/Fiume-Taedong-pioggia-Pyongyang-Korea-del-Nord-768x576.jpg 768w, https:\/\/www.cosmorevas.tk\/wp-content\/uploads\/2019\/09\/Fiume-Taedong-pioggia-Pyongyang-Korea-del-Nord-705x529.jpg 705w, https:\/\/www.cosmorevas.tk\/wp-content\/uploads\/2019\/09\/Fiume-Taedong-pioggia-Pyongyang-Korea-del-Nord-450x338.jpg 450w\" data-sizes=\"auto, (max-width: 1000px) 100vw, 1000px\" src=\"data:image\/svg+xml;base64,PHN2ZyB3aWR0aD0iMSIgaGVpZ2h0PSIxIiB4bWxucz0iaHR0cDovL3d3dy53My5vcmcvMjAwMC9zdmciPjwvc3ZnPg==\" style=\"--smush-placeholder-width: 1000px; --smush-placeholder-aspect-ratio: 1000\/750;\" \/><a href=\"https:\/\/www.cosmorevas.tk\/wp-content\/uploads\/2019\/09\/Fiume-Taedong-pioggia-Pyongyang-Korea-del-Nord.jpg\" data-srcset=\"https:\/\/www.cosmorevas.tk\/wp-content\/uploads\/2019\/09\/Fiume-Taedong-pioggia-Pyongyang-Korea-del-Nord.jpg 1000w, https:\/\/www.cosmorevas.tk\/wp-content\/uploads\/2019\/09\/Fiume-Taedong-pioggia-Pyongyang-Korea-del-Nord-300x225.jpg 300w, https:\/\/www.cosmorevas.tk\/wp-content\/uploads\/2019\/09\/Fiume-Taedong-pioggia-Pyongyang-Korea-del-Nord-768x576.jpg 768w, https:\/\/www.cosmorevas.tk\/wp-content\/uploads\/2019\/09\/Fiume-Taedong-pioggia-Pyongyang-Korea-del-Nord-705x529.jpg 705w, https:\/\/www.cosmorevas.tk\/wp-content\/uploads\/2019\/09\/Fiume-Taedong-pioggia-Pyongyang-Korea-del-Nord-450x338.jpg 450w\" data-sizes=\"(max-width: 1000px) 100vw, 1000px\" class='av-horizontal-gallery-link avia-svg-icon avia-font-svg_entypo-fontello' data-av_svg_icon='resize-full' data-av_iconset='svg_entypo-fontello' title='Corea del Norte - Pyongyang - Lluvia en el r\u00edo Taedong' alt='Corea del Norte - Pyongyang - Lluvia en el r\u00edo Taedong' aria-label='Open image in lightbox: Corea del Norte - Pyongyang - Lluvia en el r\u00edo Taedong'><svg version=\"1.1\" xmlns=\"http:\/\/www.w3.org\/2000\/svg\" width=\"25\" height=\"32\" viewBox=\"0 0 25 32\" preserveAspectRatio=\"xMidYMid meet\" aria-labelledby='av-svg-title-9' aria-describedby='av-svg-desc-9' role=\"graphics-symbol\" aria-hidden=\"true\">\n<title id='av-svg-title-9'>Open image in lightbox: Corea del Norte - Pyongyang - Lluvia en el r\u00edo Taedong<\/title>\n<desc id='av-svg-desc-9'>Open image in lightbox: Corea del Norte - Pyongyang - Lluvia en el r\u00edo Taedong<\/desc>\n<path d=\"M15.232 3.328h10.112v10.112l-3.2-3.968-4.672 4.864-3.2-3.2 4.864-4.672zM7.872 17.536l3.2 3.2-4.864 4.672 3.904 3.2h-10.112v-10.112l3.2 3.904z\"><\/path>\n<\/svg><\/a><\/div><div class=\"av-horizontal-gallery-wrap noHover\"><img decoding=\"async\" class='wp-image-8009 avia-img-lazy-loading-8009 av-horizontal-gallery-img lazyload' width=\"1000\" height=\"745\" data-src=\"https:\/\/www.cosmorevas.tk\/wp-content\/uploads\/2019\/09\/ingresso-metro-Pyogyang-Korea-del-Nord.jpg\" title='Corea del Norte - Pyongyang - entrada de metro' alt='Corea del Norte - Pyongyang - entrada de metro' data-srcset=\"https:\/\/www.cosmorevas.tk\/wp-content\/uploads\/2019\/09\/ingresso-metro-Pyogyang-Korea-del-Nord.jpg 1000w, https:\/\/www.cosmorevas.tk\/wp-content\/uploads\/2019\/09\/ingresso-metro-Pyogyang-Korea-del-Nord-300x224.jpg 300w, https:\/\/www.cosmorevas.tk\/wp-content\/uploads\/2019\/09\/ingresso-metro-Pyogyang-Korea-del-Nord-768x572.jpg 768w, https:\/\/www.cosmorevas.tk\/wp-content\/uploads\/2019\/09\/ingresso-metro-Pyogyang-Korea-del-Nord-705x525.jpg 705w, https:\/\/www.cosmorevas.tk\/wp-content\/uploads\/2019\/09\/ingresso-metro-Pyogyang-Korea-del-Nord-450x335.jpg 450w\" data-sizes=\"auto, (max-width: 1000px) 100vw, 1000px\" src=\"data:image\/svg+xml;base64,PHN2ZyB3aWR0aD0iMSIgaGVpZ2h0PSIxIiB4bWxucz0iaHR0cDovL3d3dy53My5vcmcvMjAwMC9zdmciPjwvc3ZnPg==\" style=\"--smush-placeholder-width: 1000px; --smush-placeholder-aspect-ratio: 1000\/745;\" \/><a href=\"https:\/\/www.cosmorevas.tk\/wp-content\/uploads\/2019\/09\/ingresso-metro-Pyogyang-Korea-del-Nord.jpg\" data-srcset=\"https:\/\/www.cosmorevas.tk\/wp-content\/uploads\/2019\/09\/ingresso-metro-Pyogyang-Korea-del-Nord.jpg 1000w, https:\/\/www.cosmorevas.tk\/wp-content\/uploads\/2019\/09\/ingresso-metro-Pyogyang-Korea-del-Nord-300x224.jpg 300w, https:\/\/www.cosmorevas.tk\/wp-content\/uploads\/2019\/09\/ingresso-metro-Pyogyang-Korea-del-Nord-768x572.jpg 768w, https:\/\/www.cosmorevas.tk\/wp-content\/uploads\/2019\/09\/ingresso-metro-Pyogyang-Korea-del-Nord-705x525.jpg 705w, https:\/\/www.cosmorevas.tk\/wp-content\/uploads\/2019\/09\/ingresso-metro-Pyogyang-Korea-del-Nord-450x335.jpg 450w\" data-sizes=\"(max-width: 1000px) 100vw, 1000px\" class='av-horizontal-gallery-link avia-svg-icon avia-font-svg_entypo-fontello' data-av_svg_icon='resize-full' data-av_iconset='svg_entypo-fontello' title='Corea del Norte - Pyongyang - entrada de metro' alt='Corea del Norte - Pyongyang - entrada de metro' aria-label='Open image in lightbox: Corea del Norte - Pyongyang - entrada de metro'><svg version=\"1.1\" xmlns=\"http:\/\/www.w3.org\/2000\/svg\" width=\"25\" height=\"32\" viewBox=\"0 0 25 32\" preserveAspectRatio=\"xMidYMid meet\" aria-labelledby='av-svg-title-10' aria-describedby='av-svg-desc-10' role=\"graphics-symbol\" aria-hidden=\"true\">\n<title id='av-svg-title-10'>Open image in lightbox: Corea del Norte - Pyongyang - entrada de metro<\/title>\n<desc id='av-svg-desc-10'>Open image in lightbox: Corea del Norte - Pyongyang - entrada de metro<\/desc>\n<path d=\"M15.232 3.328h10.112v10.112l-3.2-3.968-4.672 4.864-3.2-3.2 4.864-4.672zM7.872 17.536l3.2 3.2-4.864 4.672 3.904 3.2h-10.112v-10.112l3.2 3.904z\"><\/path>\n<\/svg><\/a><\/div><div class=\"av-horizontal-gallery-wrap noHover\"><img decoding=\"async\" class='wp-image-8012 avia-img-lazy-loading-8012 av-horizontal-gallery-img lazyload' width=\"1000\" height=\"751\" data-src=\"https:\/\/www.cosmorevas.tk\/wp-content\/uploads\/2019\/09\/metro-Pyogyang-Korea-del-Nord.jpg\" title='Corea del Norte - Pyongyang - metro' alt='Corea del Norte - Pyongyang - metro' data-srcset=\"https:\/\/www.cosmorevas.tk\/wp-content\/uploads\/2019\/09\/metro-Pyogyang-Korea-del-Nord.jpg 1000w, https:\/\/www.cosmorevas.tk\/wp-content\/uploads\/2019\/09\/metro-Pyogyang-Korea-del-Nord-300x225.jpg 300w, https:\/\/www.cosmorevas.tk\/wp-content\/uploads\/2019\/09\/metro-Pyogyang-Korea-del-Nord-768x577.jpg 768w, https:\/\/www.cosmorevas.tk\/wp-content\/uploads\/2019\/09\/metro-Pyogyang-Korea-del-Nord-705x529.jpg 705w, https:\/\/www.cosmorevas.tk\/wp-content\/uploads\/2019\/09\/metro-Pyogyang-Korea-del-Nord-450x338.jpg 450w\" data-sizes=\"auto, (max-width: 1000px) 100vw, 1000px\" src=\"data:image\/svg+xml;base64,PHN2ZyB3aWR0aD0iMSIgaGVpZ2h0PSIxIiB4bWxucz0iaHR0cDovL3d3dy53My5vcmcvMjAwMC9zdmciPjwvc3ZnPg==\" style=\"--smush-placeholder-width: 1000px; --smush-placeholder-aspect-ratio: 1000\/751;\" \/><a href=\"https:\/\/www.cosmorevas.tk\/wp-content\/uploads\/2019\/09\/metro-Pyogyang-Korea-del-Nord.jpg\" data-srcset=\"https:\/\/www.cosmorevas.tk\/wp-content\/uploads\/2019\/09\/metro-Pyogyang-Korea-del-Nord.jpg 1000w, https:\/\/www.cosmorevas.tk\/wp-content\/uploads\/2019\/09\/metro-Pyogyang-Korea-del-Nord-300x225.jpg 300w, https:\/\/www.cosmorevas.tk\/wp-content\/uploads\/2019\/09\/metro-Pyogyang-Korea-del-Nord-768x577.jpg 768w, https:\/\/www.cosmorevas.tk\/wp-content\/uploads\/2019\/09\/metro-Pyogyang-Korea-del-Nord-705x529.jpg 705w, https:\/\/www.cosmorevas.tk\/wp-content\/uploads\/2019\/09\/metro-Pyogyang-Korea-del-Nord-450x338.jpg 450w\" data-sizes=\"(max-width: 1000px) 100vw, 1000px\" class='av-horizontal-gallery-link avia-svg-icon avia-font-svg_entypo-fontello' data-av_svg_icon='resize-full' data-av_iconset='svg_entypo-fontello' title='Corea del Norte - Pyongyang - metro' alt='Corea del Norte - Pyongyang - metro' aria-label='Open image in lightbox: Corea del Norte - Pyongyang - metro'><svg version=\"1.1\" xmlns=\"http:\/\/www.w3.org\/2000\/svg\" width=\"25\" height=\"32\" viewBox=\"0 0 25 32\" preserveAspectRatio=\"xMidYMid meet\" aria-labelledby='av-svg-title-11' aria-describedby='av-svg-desc-11' role=\"graphics-symbol\" aria-hidden=\"true\">\n<title id='av-svg-title-11'>Open image in lightbox: Corea del Norte - Pyongyang - metro<\/title>\n<desc id='av-svg-desc-11'>Open image in lightbox: Corea del Norte - Pyongyang - metro<\/desc>\n<path d=\"M15.232 3.328h10.112v10.112l-3.2-3.968-4.672 4.864-3.2-3.2 4.864-4.672zM7.872 17.536l3.2 3.2-4.864 4.672 3.904 3.2h-10.112v-10.112l3.2 3.904z\"><\/path>\n<\/svg><\/a><\/div><div class=\"av-horizontal-gallery-wrap noHover\"><img decoding=\"async\" class='wp-image-8018 avia-img-lazy-loading-8018 av-horizontal-gallery-img lazyload' width=\"1000\" height=\"750\" data-src=\"https:\/\/www.cosmorevas.tk\/wp-content\/uploads\/2019\/09\/monumento-militare-Pyogyang-Korea-del-Nord.jpg\" title='Corea del Norte - Pyongyang - monumento militar' alt='Corea del Norte - Pyongyang - monumento militar' data-srcset=\"https:\/\/www.cosmorevas.tk\/wp-content\/uploads\/2019\/09\/monumento-militare-Pyogyang-Korea-del-Nord.jpg 1000w, https:\/\/www.cosmorevas.tk\/wp-content\/uploads\/2019\/09\/monumento-militare-Pyogyang-Korea-del-Nord-300x225.jpg 300w, https:\/\/www.cosmorevas.tk\/wp-content\/uploads\/2019\/09\/monumento-militare-Pyogyang-Korea-del-Nord-768x576.jpg 768w, https:\/\/www.cosmorevas.tk\/wp-content\/uploads\/2019\/09\/monumento-militare-Pyogyang-Korea-del-Nord-705x529.jpg 705w, https:\/\/www.cosmorevas.tk\/wp-content\/uploads\/2019\/09\/monumento-militare-Pyogyang-Korea-del-Nord-450x338.jpg 450w\" data-sizes=\"auto, (max-width: 1000px) 100vw, 1000px\" src=\"data:image\/svg+xml;base64,PHN2ZyB3aWR0aD0iMSIgaGVpZ2h0PSIxIiB4bWxucz0iaHR0cDovL3d3dy53My5vcmcvMjAwMC9zdmciPjwvc3ZnPg==\" style=\"--smush-placeholder-width: 1000px; --smush-placeholder-aspect-ratio: 1000\/750;\" \/><a href=\"https:\/\/www.cosmorevas.tk\/wp-content\/uploads\/2019\/09\/monumento-militare-Pyogyang-Korea-del-Nord.jpg\" data-srcset=\"https:\/\/www.cosmorevas.tk\/wp-content\/uploads\/2019\/09\/monumento-militare-Pyogyang-Korea-del-Nord.jpg 1000w, https:\/\/www.cosmorevas.tk\/wp-content\/uploads\/2019\/09\/monumento-militare-Pyogyang-Korea-del-Nord-300x225.jpg 300w, https:\/\/www.cosmorevas.tk\/wp-content\/uploads\/2019\/09\/monumento-militare-Pyogyang-Korea-del-Nord-768x576.jpg 768w, https:\/\/www.cosmorevas.tk\/wp-content\/uploads\/2019\/09\/monumento-militare-Pyogyang-Korea-del-Nord-705x529.jpg 705w, https:\/\/www.cosmorevas.tk\/wp-content\/uploads\/2019\/09\/monumento-militare-Pyogyang-Korea-del-Nord-450x338.jpg 450w\" data-sizes=\"(max-width: 1000px) 100vw, 1000px\" class='av-horizontal-gallery-link avia-svg-icon avia-font-svg_entypo-fontello' data-av_svg_icon='resize-full' data-av_iconset='svg_entypo-fontello' title='Corea del Norte - Pyongyang - monumento militar' alt='Corea del Norte - Pyongyang - monumento militar' aria-label='Open image in lightbox: Corea del Norte - Pyongyang - monumento militar'><svg version=\"1.1\" xmlns=\"http:\/\/www.w3.org\/2000\/svg\" width=\"25\" height=\"32\" viewBox=\"0 0 25 32\" preserveAspectRatio=\"xMidYMid meet\" aria-labelledby='av-svg-title-12' aria-describedby='av-svg-desc-12' role=\"graphics-symbol\" aria-hidden=\"true\">\n<title id='av-svg-title-12'>Open image in lightbox: Corea del Norte - Pyongyang - monumento militar<\/title>\n<desc id='av-svg-desc-12'>Open image in lightbox: Corea del Norte - Pyongyang - monumento militar<\/desc>\n<path d=\"M15.232 3.328h10.112v10.112l-3.2-3.968-4.672 4.864-3.2-3.2 4.864-4.672zM7.872 17.536l3.2 3.2-4.864 4.672 3.904 3.2h-10.112v-10.112l3.2 3.904z\"><\/path>\n<\/svg><\/a><\/div><div class=\"av-horizontal-gallery-wrap noHover\"><img decoding=\"async\" class='wp-image-8021 avia-img-lazy-loading-8021 av-horizontal-gallery-img lazyload' width=\"1000\" height=\"750\" data-src=\"https:\/\/www.cosmorevas.tk\/wp-content\/uploads\/2019\/09\/paesaggio-Pyogyang-Korea-del-Nord.jpg\" title='Corea del Norte - Pyongyang - paisaje' alt='Corea del Norte - Pyongyang - paisaje' data-srcset=\"https:\/\/www.cosmorevas.tk\/wp-content\/uploads\/2019\/09\/paesaggio-Pyogyang-Korea-del-Nord.jpg 1000w, https:\/\/www.cosmorevas.tk\/wp-content\/uploads\/2019\/09\/paesaggio-Pyogyang-Korea-del-Nord-300x225.jpg 300w, https:\/\/www.cosmorevas.tk\/wp-content\/uploads\/2019\/09\/paesaggio-Pyogyang-Korea-del-Nord-768x576.jpg 768w, https:\/\/www.cosmorevas.tk\/wp-content\/uploads\/2019\/09\/paesaggio-Pyogyang-Korea-del-Nord-705x529.jpg 705w, https:\/\/www.cosmorevas.tk\/wp-content\/uploads\/2019\/09\/paesaggio-Pyogyang-Korea-del-Nord-450x338.jpg 450w\" data-sizes=\"auto, (max-width: 1000px) 100vw, 1000px\" src=\"data:image\/svg+xml;base64,PHN2ZyB3aWR0aD0iMSIgaGVpZ2h0PSIxIiB4bWxucz0iaHR0cDovL3d3dy53My5vcmcvMjAwMC9zdmciPjwvc3ZnPg==\" style=\"--smush-placeholder-width: 1000px; --smush-placeholder-aspect-ratio: 1000\/750;\" \/><a href=\"https:\/\/www.cosmorevas.tk\/wp-content\/uploads\/2019\/09\/paesaggio-Pyogyang-Korea-del-Nord.jpg\" data-srcset=\"https:\/\/www.cosmorevas.tk\/wp-content\/uploads\/2019\/09\/paesaggio-Pyogyang-Korea-del-Nord.jpg 1000w, https:\/\/www.cosmorevas.tk\/wp-content\/uploads\/2019\/09\/paesaggio-Pyogyang-Korea-del-Nord-300x225.jpg 300w, https:\/\/www.cosmorevas.tk\/wp-content\/uploads\/2019\/09\/paesaggio-Pyogyang-Korea-del-Nord-768x576.jpg 768w, https:\/\/www.cosmorevas.tk\/wp-content\/uploads\/2019\/09\/paesaggio-Pyogyang-Korea-del-Nord-705x529.jpg 705w, https:\/\/www.cosmorevas.tk\/wp-content\/uploads\/2019\/09\/paesaggio-Pyogyang-Korea-del-Nord-450x338.jpg 450w\" data-sizes=\"(max-width: 1000px) 100vw, 1000px\" class='av-horizontal-gallery-link avia-svg-icon avia-font-svg_entypo-fontello' data-av_svg_icon='resize-full' data-av_iconset='svg_entypo-fontello' title='Corea del Norte - Pyongyang - paisaje' alt='Corea del Norte - Pyongyang - paisaje' aria-label='Open image in lightbox: Corea del Norte - Pyongyang - paisaje'><svg version=\"1.1\" xmlns=\"http:\/\/www.w3.org\/2000\/svg\" width=\"25\" height=\"32\" viewBox=\"0 0 25 32\" preserveAspectRatio=\"xMidYMid meet\" aria-labelledby='av-svg-title-13' aria-describedby='av-svg-desc-13' role=\"graphics-symbol\" aria-hidden=\"true\">\n<title id='av-svg-title-13'>Open image in lightbox: Corea del Norte - Pyongyang - paisaje<\/title>\n<desc id='av-svg-desc-13'>Open image in lightbox: Corea del Norte - Pyongyang - paisaje<\/desc>\n<path d=\"M15.232 3.328h10.112v10.112l-3.2-3.968-4.672 4.864-3.2-3.2 4.864-4.672zM7.872 17.536l3.2 3.2-4.864 4.672 3.904 3.2h-10.112v-10.112l3.2 3.904z\"><\/path>\n<\/svg><\/a><\/div><div class=\"av-horizontal-gallery-wrap noHover\"><img decoding=\"async\" class='wp-image-8024 avia-img-lazy-loading-8024 av-horizontal-gallery-img lazyload' width=\"1000\" height=\"750\" data-src=\"https:\/\/www.cosmorevas.tk\/wp-content\/uploads\/2019\/09\/Piazza-Kim-Il-Sung-Pyogyang-Korea-del-Nord.jpg\" title='Corea del Norte - Pyongyang - Plaza Kim Il Sung' alt='Corea del Norte - Pyongyang - Plaza Kim Il Sung' data-srcset=\"https:\/\/www.cosmorevas.tk\/wp-content\/uploads\/2019\/09\/Piazza-Kim-Il-Sung-Pyogyang-Korea-del-Nord.jpg 1000w, https:\/\/www.cosmorevas.tk\/wp-content\/uploads\/2019\/09\/Piazza-Kim-Il-Sung-Pyogyang-Korea-del-Nord-300x225.jpg 300w, https:\/\/www.cosmorevas.tk\/wp-content\/uploads\/2019\/09\/Piazza-Kim-Il-Sung-Pyogyang-Korea-del-Nord-768x576.jpg 768w, https:\/\/www.cosmorevas.tk\/wp-content\/uploads\/2019\/09\/Piazza-Kim-Il-Sung-Pyogyang-Korea-del-Nord-705x529.jpg 705w, https:\/\/www.cosmorevas.tk\/wp-content\/uploads\/2019\/09\/Piazza-Kim-Il-Sung-Pyogyang-Korea-del-Nord-450x338.jpg 450w\" data-sizes=\"auto, (max-width: 1000px) 100vw, 1000px\" src=\"data:image\/svg+xml;base64,PHN2ZyB3aWR0aD0iMSIgaGVpZ2h0PSIxIiB4bWxucz0iaHR0cDovL3d3dy53My5vcmcvMjAwMC9zdmciPjwvc3ZnPg==\" style=\"--smush-placeholder-width: 1000px; --smush-placeholder-aspect-ratio: 1000\/750;\" \/><a href=\"https:\/\/www.cosmorevas.tk\/wp-content\/uploads\/2019\/09\/Piazza-Kim-Il-Sung-Pyogyang-Korea-del-Nord.jpg\" data-srcset=\"https:\/\/www.cosmorevas.tk\/wp-content\/uploads\/2019\/09\/Piazza-Kim-Il-Sung-Pyogyang-Korea-del-Nord.jpg 1000w, https:\/\/www.cosmorevas.tk\/wp-content\/uploads\/2019\/09\/Piazza-Kim-Il-Sung-Pyogyang-Korea-del-Nord-300x225.jpg 300w, https:\/\/www.cosmorevas.tk\/wp-content\/uploads\/2019\/09\/Piazza-Kim-Il-Sung-Pyogyang-Korea-del-Nord-768x576.jpg 768w, https:\/\/www.cosmorevas.tk\/wp-content\/uploads\/2019\/09\/Piazza-Kim-Il-Sung-Pyogyang-Korea-del-Nord-705x529.jpg 705w, https:\/\/www.cosmorevas.tk\/wp-content\/uploads\/2019\/09\/Piazza-Kim-Il-Sung-Pyogyang-Korea-del-Nord-450x338.jpg 450w\" data-sizes=\"(max-width: 1000px) 100vw, 1000px\" class='av-horizontal-gallery-link avia-svg-icon avia-font-svg_entypo-fontello' data-av_svg_icon='resize-full' data-av_iconset='svg_entypo-fontello' title='Corea del Norte - Pyongyang - Plaza Kim Il Sung' alt='Corea del Norte - Pyongyang - Plaza Kim Il Sung' aria-label='Open image in lightbox: Corea del Norte - Pyongyang - Plaza Kim Il Sung'><svg version=\"1.1\" xmlns=\"http:\/\/www.w3.org\/2000\/svg\" width=\"25\" height=\"32\" viewBox=\"0 0 25 32\" preserveAspectRatio=\"xMidYMid meet\" aria-labelledby='av-svg-title-14' aria-describedby='av-svg-desc-14' role=\"graphics-symbol\" aria-hidden=\"true\">\n<title id='av-svg-title-14'>Open image in lightbox: Corea del Norte - Pyongyang - Plaza Kim Il Sung<\/title>\n<desc id='av-svg-desc-14'>Open image in lightbox: Corea del Norte - Pyongyang - Plaza Kim Il Sung<\/desc>\n<path d=\"M15.232 3.328h10.112v10.112l-3.2-3.968-4.672 4.864-3.2-3.2 4.864-4.672zM7.872 17.536l3.2 3.2-4.864 4.672 3.904 3.2h-10.112v-10.112l3.2 3.904z\"><\/path>\n<\/svg><\/a><\/div><div class=\"av-horizontal-gallery-wrap noHover\"><img decoding=\"async\" class='wp-image-8816 avia-img-lazy-loading-8816 av-horizontal-gallery-img lazyload' width=\"1000\" height=\"750\" data-src=\"https:\/\/www.cosmorevas.tk\/wp-content\/uploads\/2019\/10\/Korea-del-Nord-Pyongyang-7.jpg\" title='Corea del Norte - Pyongyang' alt='Corea del Norte - Pyongyang' data-srcset=\"https:\/\/www.cosmorevas.tk\/wp-content\/uploads\/2019\/10\/Korea-del-Nord-Pyongyang-7.jpg 1000w, https:\/\/www.cosmorevas.tk\/wp-content\/uploads\/2019\/10\/Korea-del-Nord-Pyongyang-7-300x225.jpg 300w, https:\/\/www.cosmorevas.tk\/wp-content\/uploads\/2019\/10\/Korea-del-Nord-Pyongyang-7-768x576.jpg 768w, https:\/\/www.cosmorevas.tk\/wp-content\/uploads\/2019\/10\/Korea-del-Nord-Pyongyang-7-705x529.jpg 705w, https:\/\/www.cosmorevas.tk\/wp-content\/uploads\/2019\/10\/Korea-del-Nord-Pyongyang-7-450x338.jpg 450w\" data-sizes=\"auto, (max-width: 1000px) 100vw, 1000px\" src=\"data:image\/svg+xml;base64,PHN2ZyB3aWR0aD0iMSIgaGVpZ2h0PSIxIiB4bWxucz0iaHR0cDovL3d3dy53My5vcmcvMjAwMC9zdmciPjwvc3ZnPg==\" style=\"--smush-placeholder-width: 1000px; --smush-placeholder-aspect-ratio: 1000\/750;\" \/><a href=\"https:\/\/www.cosmorevas.tk\/wp-content\/uploads\/2019\/10\/Korea-del-Nord-Pyongyang-7.jpg\" data-srcset=\"https:\/\/www.cosmorevas.tk\/wp-content\/uploads\/2019\/10\/Korea-del-Nord-Pyongyang-7.jpg 1000w, https:\/\/www.cosmorevas.tk\/wp-content\/uploads\/2019\/10\/Korea-del-Nord-Pyongyang-7-300x225.jpg 300w, https:\/\/www.cosmorevas.tk\/wp-content\/uploads\/2019\/10\/Korea-del-Nord-Pyongyang-7-768x576.jpg 768w, https:\/\/www.cosmorevas.tk\/wp-content\/uploads\/2019\/10\/Korea-del-Nord-Pyongyang-7-705x529.jpg 705w, https:\/\/www.cosmorevas.tk\/wp-content\/uploads\/2019\/10\/Korea-del-Nord-Pyongyang-7-450x338.jpg 450w\" data-sizes=\"(max-width: 1000px) 100vw, 1000px\" class='av-horizontal-gallery-link avia-svg-icon avia-font-svg_entypo-fontello' data-av_svg_icon='resize-full' data-av_iconset='svg_entypo-fontello' title='Corea del Norte - Pyongyang' alt='Corea del Norte - Pyongyang' aria-label='Open image in lightbox: Corea del Norte - Pyongyang'><svg version=\"1.1\" xmlns=\"http:\/\/www.w3.org\/2000\/svg\" width=\"25\" height=\"32\" viewBox=\"0 0 25 32\" preserveAspectRatio=\"xMidYMid meet\" aria-labelledby='av-svg-title-15' aria-describedby='av-svg-desc-15' role=\"graphics-symbol\" aria-hidden=\"true\">\n<title id='av-svg-title-15'>Open image in lightbox: Corea del Norte - Pyongyang<\/title>\n<desc id='av-svg-desc-15'>Open image in lightbox: Corea del Norte - Pyongyang<\/desc>\n<path d=\"M15.232 3.328h10.112v10.112l-3.2-3.968-4.672 4.864-3.2-3.2 4.864-4.672zM7.872 17.536l3.2 3.2-4.864 4.672 3.904 3.2h-10.112v-10.112l3.2 3.904z\"><\/path>\n<\/svg><\/a><\/div><div class=\"av-horizontal-gallery-wrap noHover\"><img decoding=\"async\" class='wp-image-8027 avia-img-lazy-loading-8027 av-horizontal-gallery-img lazyload' width=\"1000\" height=\"750\" data-src=\"https:\/\/www.cosmorevas.tk\/wp-content\/uploads\/2019\/09\/Ryugyong-hotel-Pyongyang-Korea-del-Nord.jpg\" title='Corea del Norte - Pyongyang - Hotel Ryugyong' alt='Corea del Norte - Pyongyang - Hotel Ryugyong' data-srcset=\"https:\/\/www.cosmorevas.tk\/wp-content\/uploads\/2019\/09\/Ryugyong-hotel-Pyongyang-Korea-del-Nord.jpg 1000w, https:\/\/www.cosmorevas.tk\/wp-content\/uploads\/2019\/09\/Ryugyong-hotel-Pyongyang-Korea-del-Nord-300x225.jpg 300w, https:\/\/www.cosmorevas.tk\/wp-content\/uploads\/2019\/09\/Ryugyong-hotel-Pyongyang-Korea-del-Nord-768x576.jpg 768w, https:\/\/www.cosmorevas.tk\/wp-content\/uploads\/2019\/09\/Ryugyong-hotel-Pyongyang-Korea-del-Nord-705x529.jpg 705w, https:\/\/www.cosmorevas.tk\/wp-content\/uploads\/2019\/09\/Ryugyong-hotel-Pyongyang-Korea-del-Nord-450x338.jpg 450w\" data-sizes=\"auto, (max-width: 1000px) 100vw, 1000px\" src=\"data:image\/svg+xml;base64,PHN2ZyB3aWR0aD0iMSIgaGVpZ2h0PSIxIiB4bWxucz0iaHR0cDovL3d3dy53My5vcmcvMjAwMC9zdmciPjwvc3ZnPg==\" style=\"--smush-placeholder-width: 1000px; --smush-placeholder-aspect-ratio: 1000\/750;\" \/><a href=\"https:\/\/www.cosmorevas.tk\/wp-content\/uploads\/2019\/09\/Ryugyong-hotel-Pyongyang-Korea-del-Nord.jpg\" data-srcset=\"https:\/\/www.cosmorevas.tk\/wp-content\/uploads\/2019\/09\/Ryugyong-hotel-Pyongyang-Korea-del-Nord.jpg 1000w, https:\/\/www.cosmorevas.tk\/wp-content\/uploads\/2019\/09\/Ryugyong-hotel-Pyongyang-Korea-del-Nord-300x225.jpg 300w, https:\/\/www.cosmorevas.tk\/wp-content\/uploads\/2019\/09\/Ryugyong-hotel-Pyongyang-Korea-del-Nord-768x576.jpg 768w, https:\/\/www.cosmorevas.tk\/wp-content\/uploads\/2019\/09\/Ryugyong-hotel-Pyongyang-Korea-del-Nord-705x529.jpg 705w, https:\/\/www.cosmorevas.tk\/wp-content\/uploads\/2019\/09\/Ryugyong-hotel-Pyongyang-Korea-del-Nord-450x338.jpg 450w\" data-sizes=\"(max-width: 1000px) 100vw, 1000px\" class='av-horizontal-gallery-link avia-svg-icon avia-font-svg_entypo-fontello' data-av_svg_icon='resize-full' data-av_iconset='svg_entypo-fontello' title='Corea del Norte - Pyongyang - Hotel Ryugyong' alt='Corea del Norte - Pyongyang - Hotel Ryugyong' aria-label='Open image in lightbox: Corea del Norte - Pyongyang - Hotel Ryugyong'><svg version=\"1.1\" xmlns=\"http:\/\/www.w3.org\/2000\/svg\" width=\"25\" height=\"32\" viewBox=\"0 0 25 32\" preserveAspectRatio=\"xMidYMid meet\" aria-labelledby='av-svg-title-16' aria-describedby='av-svg-desc-16' role=\"graphics-symbol\" aria-hidden=\"true\">\n<title id='av-svg-title-16'>Open image in lightbox: Corea del Norte - Pyongyang - Hotel Ryugyong<\/title>\n<desc id='av-svg-desc-16'>Open image in lightbox: Corea del Norte - Pyongyang - Hotel Ryugyong<\/desc>\n<path d=\"M15.232 3.328h10.112v10.112l-3.2-3.968-4.672 4.864-3.2-3.2 4.864-4.672zM7.872 17.536l3.2 3.2-4.864 4.672 3.904 3.2h-10.112v-10.112l3.2 3.904z\"><\/path>\n<\/svg><\/a><\/div><div class=\"av-horizontal-gallery-wrap noHover\"><img decoding=\"async\" class='wp-image-8030 avia-img-lazy-loading-8030 av-horizontal-gallery-img lazyload' width=\"1000\" height=\"750\" data-src=\"https:\/\/www.cosmorevas.tk\/wp-content\/uploads\/2019\/09\/simbolo-Partito-dei-Lavoratori-Pyogyang-Korea-del-Nord.jpg\" title='Corea del Norte - Pyongyang - S\u00edmbolo del partido de los trabajadores' alt='Corea del Norte - Pyongyang - S\u00edmbolo del partido de los trabajadores' data-srcset=\"https:\/\/www.cosmorevas.tk\/wp-content\/uploads\/2019\/09\/simbolo-Partito-dei-Lavoratori-Pyogyang-Korea-del-Nord.jpg 1000w, https:\/\/www.cosmorevas.tk\/wp-content\/uploads\/2019\/09\/simbolo-Partito-dei-Lavoratori-Pyogyang-Korea-del-Nord-300x225.jpg 300w, https:\/\/www.cosmorevas.tk\/wp-content\/uploads\/2019\/09\/simbolo-Partito-dei-Lavoratori-Pyogyang-Korea-del-Nord-768x576.jpg 768w, https:\/\/www.cosmorevas.tk\/wp-content\/uploads\/2019\/09\/simbolo-Partito-dei-Lavoratori-Pyogyang-Korea-del-Nord-705x529.jpg 705w, https:\/\/www.cosmorevas.tk\/wp-content\/uploads\/2019\/09\/simbolo-Partito-dei-Lavoratori-Pyogyang-Korea-del-Nord-450x338.jpg 450w\" data-sizes=\"auto, (max-width: 1000px) 100vw, 1000px\" src=\"data:image\/svg+xml;base64,PHN2ZyB3aWR0aD0iMSIgaGVpZ2h0PSIxIiB4bWxucz0iaHR0cDovL3d3dy53My5vcmcvMjAwMC9zdmciPjwvc3ZnPg==\" style=\"--smush-placeholder-width: 1000px; --smush-placeholder-aspect-ratio: 1000\/750;\" \/><a href=\"https:\/\/www.cosmorevas.tk\/wp-content\/uploads\/2019\/09\/simbolo-Partito-dei-Lavoratori-Pyogyang-Korea-del-Nord.jpg\" data-srcset=\"https:\/\/www.cosmorevas.tk\/wp-content\/uploads\/2019\/09\/simbolo-Partito-dei-Lavoratori-Pyogyang-Korea-del-Nord.jpg 1000w, https:\/\/www.cosmorevas.tk\/wp-content\/uploads\/2019\/09\/simbolo-Partito-dei-Lavoratori-Pyogyang-Korea-del-Nord-300x225.jpg 300w, https:\/\/www.cosmorevas.tk\/wp-content\/uploads\/2019\/09\/simbolo-Partito-dei-Lavoratori-Pyogyang-Korea-del-Nord-768x576.jpg 768w, https:\/\/www.cosmorevas.tk\/wp-content\/uploads\/2019\/09\/simbolo-Partito-dei-Lavoratori-Pyogyang-Korea-del-Nord-705x529.jpg 705w, https:\/\/www.cosmorevas.tk\/wp-content\/uploads\/2019\/09\/simbolo-Partito-dei-Lavoratori-Pyogyang-Korea-del-Nord-450x338.jpg 450w\" data-sizes=\"(max-width: 1000px) 100vw, 1000px\" class='av-horizontal-gallery-link avia-svg-icon avia-font-svg_entypo-fontello' data-av_svg_icon='resize-full' data-av_iconset='svg_entypo-fontello' title='Corea del Norte - Pyongyang - S\u00edmbolo del partido de los trabajadores' alt='Corea del Norte - Pyongyang - S\u00edmbolo del partido de los trabajadores' aria-label='Open image in lightbox: Corea del Norte - Pyongyang - S\u00edmbolo del partido de los trabajadores'><svg version=\"1.1\" xmlns=\"http:\/\/www.w3.org\/2000\/svg\" width=\"25\" height=\"32\" viewBox=\"0 0 25 32\" preserveAspectRatio=\"xMidYMid meet\" aria-labelledby='av-svg-title-17' aria-describedby='av-svg-desc-17' role=\"graphics-symbol\" aria-hidden=\"true\">\n<title id='av-svg-title-17'>Open image in lightbox: Corea del Norte - Pyongyang - S\u00edmbolo del partido de los trabajadores<\/title>\n<desc id='av-svg-desc-17'>Open image in lightbox: Corea del Norte - Pyongyang - S\u00edmbolo del partido de los trabajadores<\/desc>\n<path d=\"M15.232 3.328h10.112v10.112l-3.2-3.968-4.672 4.864-3.2-3.2 4.864-4.672zM7.872 17.536l3.2 3.2-4.864 4.672 3.904 3.2h-10.112v-10.112l3.2 3.904z\"><\/path>\n<\/svg><\/a><\/div><div class=\"av-horizontal-gallery-wrap noHover\"><img decoding=\"async\" class='wp-image-8819 avia-img-lazy-loading-8819 av-horizontal-gallery-img lazyload' width=\"563\" height=\"750\" data-src=\"https:\/\/www.cosmorevas.tk\/wp-content\/uploads\/2019\/10\/Korea-del-Nord-Pyongyang-8.jpg\" title='Corea del Norte - Pyongyang' alt='Corea del Norte - Pyongyang' data-srcset=\"https:\/\/www.cosmorevas.tk\/wp-content\/uploads\/2019\/10\/Korea-del-Nord-Pyongyang-8.jpg 563w, https:\/\/www.cosmorevas.tk\/wp-content\/uploads\/2019\/10\/Korea-del-Nord-Pyongyang-8-225x300.jpg 225w, https:\/\/www.cosmorevas.tk\/wp-content\/uploads\/2019\/10\/Korea-del-Nord-Pyongyang-8-529x705.jpg 529w, https:\/\/www.cosmorevas.tk\/wp-content\/uploads\/2019\/10\/Korea-del-Nord-Pyongyang-8-450x599.jpg 450w\" data-sizes=\"auto, (max-width: 563px) 100vw, 563px\" src=\"data:image\/svg+xml;base64,PHN2ZyB3aWR0aD0iMSIgaGVpZ2h0PSIxIiB4bWxucz0iaHR0cDovL3d3dy53My5vcmcvMjAwMC9zdmciPjwvc3ZnPg==\" style=\"--smush-placeholder-width: 563px; --smush-placeholder-aspect-ratio: 563\/750;\" \/><a href=\"https:\/\/www.cosmorevas.tk\/wp-content\/uploads\/2019\/10\/Korea-del-Nord-Pyongyang-8.jpg\" data-srcset=\"https:\/\/www.cosmorevas.tk\/wp-content\/uploads\/2019\/10\/Korea-del-Nord-Pyongyang-8.jpg 563w, https:\/\/www.cosmorevas.tk\/wp-content\/uploads\/2019\/10\/Korea-del-Nord-Pyongyang-8-225x300.jpg 225w, https:\/\/www.cosmorevas.tk\/wp-content\/uploads\/2019\/10\/Korea-del-Nord-Pyongyang-8-529x705.jpg 529w, https:\/\/www.cosmorevas.tk\/wp-content\/uploads\/2019\/10\/Korea-del-Nord-Pyongyang-8-450x599.jpg 450w\" data-sizes=\"(max-width: 563px) 100vw, 563px\" class='av-horizontal-gallery-link avia-svg-icon avia-font-svg_entypo-fontello' data-av_svg_icon='resize-full' data-av_iconset='svg_entypo-fontello' title='Corea del Norte - Pyongyang' alt='Corea del Norte - Pyongyang' aria-label='Open image in lightbox: Corea del Norte - Pyongyang'><svg version=\"1.1\" xmlns=\"http:\/\/www.w3.org\/2000\/svg\" width=\"25\" height=\"32\" viewBox=\"0 0 25 32\" preserveAspectRatio=\"xMidYMid meet\" aria-labelledby='av-svg-title-18' aria-describedby='av-svg-desc-18' role=\"graphics-symbol\" aria-hidden=\"true\">\n<title id='av-svg-title-18'>Open image in lightbox: Corea del Norte - Pyongyang<\/title>\n<desc id='av-svg-desc-18'>Open image in lightbox: Corea del Norte - Pyongyang<\/desc>\n<path d=\"M15.232 3.328h10.112v10.112l-3.2-3.968-4.672 4.864-3.2-3.2 4.864-4.672zM7.872 17.536l3.2 3.2-4.864 4.672 3.904 3.2h-10.112v-10.112l3.2 3.904z\"><\/path>\n<\/svg><\/a><\/div><div class=\"av-horizontal-gallery-wrap noHover\"><img decoding=\"async\" class='wp-image-8033 avia-img-lazy-loading-8033 av-horizontal-gallery-img lazyload' width=\"1000\" height=\"750\" data-src=\"https:\/\/www.cosmorevas.tk\/wp-content\/uploads\/2019\/09\/Torre-Juche-Pyogyang-Korea-del-Nord.jpg\" title='Corea del Norte - Pyongyang - Torre del ideario Juche' alt='Corea del Norte - Pyongyang - Torre del ideario Juche' data-srcset=\"https:\/\/www.cosmorevas.tk\/wp-content\/uploads\/2019\/09\/Torre-Juche-Pyogyang-Korea-del-Nord.jpg 1000w, https:\/\/www.cosmorevas.tk\/wp-content\/uploads\/2019\/09\/Torre-Juche-Pyogyang-Korea-del-Nord-300x225.jpg 300w, https:\/\/www.cosmorevas.tk\/wp-content\/uploads\/2019\/09\/Torre-Juche-Pyogyang-Korea-del-Nord-768x576.jpg 768w, https:\/\/www.cosmorevas.tk\/wp-content\/uploads\/2019\/09\/Torre-Juche-Pyogyang-Korea-del-Nord-705x529.jpg 705w, https:\/\/www.cosmorevas.tk\/wp-content\/uploads\/2019\/09\/Torre-Juche-Pyogyang-Korea-del-Nord-450x338.jpg 450w\" data-sizes=\"auto, (max-width: 1000px) 100vw, 1000px\" src=\"data:image\/svg+xml;base64,PHN2ZyB3aWR0aD0iMSIgaGVpZ2h0PSIxIiB4bWxucz0iaHR0cDovL3d3dy53My5vcmcvMjAwMC9zdmciPjwvc3ZnPg==\" style=\"--smush-placeholder-width: 1000px; --smush-placeholder-aspect-ratio: 1000\/750;\" \/><a href=\"https:\/\/www.cosmorevas.tk\/wp-content\/uploads\/2019\/09\/Torre-Juche-Pyogyang-Korea-del-Nord.jpg\" data-srcset=\"https:\/\/www.cosmorevas.tk\/wp-content\/uploads\/2019\/09\/Torre-Juche-Pyogyang-Korea-del-Nord.jpg 1000w, https:\/\/www.cosmorevas.tk\/wp-content\/uploads\/2019\/09\/Torre-Juche-Pyogyang-Korea-del-Nord-300x225.jpg 300w, https:\/\/www.cosmorevas.tk\/wp-content\/uploads\/2019\/09\/Torre-Juche-Pyogyang-Korea-del-Nord-768x576.jpg 768w, https:\/\/www.cosmorevas.tk\/wp-content\/uploads\/2019\/09\/Torre-Juche-Pyogyang-Korea-del-Nord-705x529.jpg 705w, https:\/\/www.cosmorevas.tk\/wp-content\/uploads\/2019\/09\/Torre-Juche-Pyogyang-Korea-del-Nord-450x338.jpg 450w\" data-sizes=\"(max-width: 1000px) 100vw, 1000px\" class='av-horizontal-gallery-link avia-svg-icon avia-font-svg_entypo-fontello' data-av_svg_icon='resize-full' data-av_iconset='svg_entypo-fontello' title='Corea del Norte - Pyongyang - Torre del ideario Juche' alt='Corea del Norte - Pyongyang - Torre del ideario Juche' aria-label='Open image in lightbox: Corea del Norte - Pyongyang - Torre del ideario Juche'><svg version=\"1.1\" xmlns=\"http:\/\/www.w3.org\/2000\/svg\" width=\"25\" height=\"32\" viewBox=\"0 0 25 32\" preserveAspectRatio=\"xMidYMid meet\" aria-labelledby='av-svg-title-19' aria-describedby='av-svg-desc-19' role=\"graphics-symbol\" aria-hidden=\"true\">\n<title id='av-svg-title-19'>Open image in lightbox: Corea del Norte - Pyongyang - Torre del ideario Juche<\/title>\n<desc id='av-svg-desc-19'>Open image in lightbox: Corea del Norte - Pyongyang - Torre del ideario Juche<\/desc>\n<path d=\"M15.232 3.328h10.112v10.112l-3.2-3.968-4.672 4.864-3.2-3.2 4.864-4.672zM7.872 17.536l3.2 3.2-4.864 4.672 3.904 3.2h-10.112v-10.112l3.2 3.904z\"><\/path>\n<\/svg><\/a><\/div><div class=\"av-horizontal-gallery-wrap noHover\"><img decoding=\"async\" class='wp-image-8036 avia-img-lazy-loading-8036 av-horizontal-gallery-img lazyload' width=\"750\" height=\"1000\" data-src=\"https:\/\/www.cosmorevas.tk\/wp-content\/uploads\/2019\/09\/Torre-Juche-1-Pyogyang-Korea-del-Nord.jpg\" title='Corea del Norte - Pyongyang - Torre del ideario Juche' alt='Corea del Norte - Pyongyang - Torre del ideario Juche' data-srcset=\"https:\/\/www.cosmorevas.tk\/wp-content\/uploads\/2019\/09\/Torre-Juche-1-Pyogyang-Korea-del-Nord.jpg 750w, https:\/\/www.cosmorevas.tk\/wp-content\/uploads\/2019\/09\/Torre-Juche-1-Pyogyang-Korea-del-Nord-225x300.jpg 225w, https:\/\/www.cosmorevas.tk\/wp-content\/uploads\/2019\/09\/Torre-Juche-1-Pyogyang-Korea-del-Nord-529x705.jpg 529w, https:\/\/www.cosmorevas.tk\/wp-content\/uploads\/2019\/09\/Torre-Juche-1-Pyogyang-Korea-del-Nord-450x600.jpg 450w\" data-sizes=\"auto, (max-width: 750px) 100vw, 750px\" src=\"data:image\/svg+xml;base64,PHN2ZyB3aWR0aD0iMSIgaGVpZ2h0PSIxIiB4bWxucz0iaHR0cDovL3d3dy53My5vcmcvMjAwMC9zdmciPjwvc3ZnPg==\" style=\"--smush-placeholder-width: 750px; --smush-placeholder-aspect-ratio: 750\/1000;\" \/><a href=\"https:\/\/www.cosmorevas.tk\/wp-content\/uploads\/2019\/09\/Torre-Juche-1-Pyogyang-Korea-del-Nord.jpg\" data-srcset=\"https:\/\/www.cosmorevas.tk\/wp-content\/uploads\/2019\/09\/Torre-Juche-1-Pyogyang-Korea-del-Nord.jpg 750w, https:\/\/www.cosmorevas.tk\/wp-content\/uploads\/2019\/09\/Torre-Juche-1-Pyogyang-Korea-del-Nord-225x300.jpg 225w, https:\/\/www.cosmorevas.tk\/wp-content\/uploads\/2019\/09\/Torre-Juche-1-Pyogyang-Korea-del-Nord-529x705.jpg 529w, https:\/\/www.cosmorevas.tk\/wp-content\/uploads\/2019\/09\/Torre-Juche-1-Pyogyang-Korea-del-Nord-450x600.jpg 450w\" data-sizes=\"(max-width: 750px) 100vw, 750px\" class='av-horizontal-gallery-link avia-svg-icon avia-font-svg_entypo-fontello' data-av_svg_icon='resize-full' data-av_iconset='svg_entypo-fontello' title='Corea del Norte - Pyongyang - Torre del ideario Juche' alt='Corea del Norte - Pyongyang - Torre del ideario Juche' aria-label='Open image in lightbox: Corea del Norte - Pyongyang - Torre del ideario Juche'><svg version=\"1.1\" xmlns=\"http:\/\/www.w3.org\/2000\/svg\" width=\"25\" height=\"32\" viewBox=\"0 0 25 32\" preserveAspectRatio=\"xMidYMid meet\" aria-labelledby='av-svg-title-20' aria-describedby='av-svg-desc-20' role=\"graphics-symbol\" aria-hidden=\"true\">\n<title id='av-svg-title-20'>Open image in lightbox: Corea del Norte - Pyongyang - Torre del ideario Juche<\/title>\n<desc id='av-svg-desc-20'>Open image in lightbox: Corea del Norte - Pyongyang - Torre del ideario Juche<\/desc>\n<path d=\"M15.232 3.328h10.112v10.112l-3.2-3.968-4.672 4.864-3.2-3.2 4.864-4.672zM7.872 17.536l3.2 3.2-4.864 4.672 3.904 3.2h-10.112v-10.112l3.2 3.904z\"><\/path>\n<\/svg><\/a><\/div><div class=\"av-horizontal-gallery-wrap noHover\"><img decoding=\"async\" class='wp-image-8807 avia-img-lazy-loading-8807 av-horizontal-gallery-img lazyload' width=\"1000\" height=\"566\" data-src=\"https:\/\/www.cosmorevas.tk\/wp-content\/uploads\/2019\/10\/Korea-del-Nord-Pyongyang-4.jpg\" title='Corea del Norte - Pyongyang' alt='Corea del Norte - Pyongyang' data-srcset=\"https:\/\/www.cosmorevas.tk\/wp-content\/uploads\/2019\/10\/Korea-del-Nord-Pyongyang-4.jpg 1000w, https:\/\/www.cosmorevas.tk\/wp-content\/uploads\/2019\/10\/Korea-del-Nord-Pyongyang-4-300x170.jpg 300w, https:\/\/www.cosmorevas.tk\/wp-content\/uploads\/2019\/10\/Korea-del-Nord-Pyongyang-4-768x435.jpg 768w, https:\/\/www.cosmorevas.tk\/wp-content\/uploads\/2019\/10\/Korea-del-Nord-Pyongyang-4-705x399.jpg 705w, https:\/\/www.cosmorevas.tk\/wp-content\/uploads\/2019\/10\/Korea-del-Nord-Pyongyang-4-450x255.jpg 450w\" data-sizes=\"auto, (max-width: 1000px) 100vw, 1000px\" src=\"data:image\/svg+xml;base64,PHN2ZyB3aWR0aD0iMSIgaGVpZ2h0PSIxIiB4bWxucz0iaHR0cDovL3d3dy53My5vcmcvMjAwMC9zdmciPjwvc3ZnPg==\" style=\"--smush-placeholder-width: 1000px; --smush-placeholder-aspect-ratio: 1000\/566;\" \/><a href=\"https:\/\/www.cosmorevas.tk\/wp-content\/uploads\/2019\/10\/Korea-del-Nord-Pyongyang-4.jpg\" data-srcset=\"https:\/\/www.cosmorevas.tk\/wp-content\/uploads\/2019\/10\/Korea-del-Nord-Pyongyang-4.jpg 1000w, https:\/\/www.cosmorevas.tk\/wp-content\/uploads\/2019\/10\/Korea-del-Nord-Pyongyang-4-300x170.jpg 300w, https:\/\/www.cosmorevas.tk\/wp-content\/uploads\/2019\/10\/Korea-del-Nord-Pyongyang-4-768x435.jpg 768w, https:\/\/www.cosmorevas.tk\/wp-content\/uploads\/2019\/10\/Korea-del-Nord-Pyongyang-4-705x399.jpg 705w, https:\/\/www.cosmorevas.tk\/wp-content\/uploads\/2019\/10\/Korea-del-Nord-Pyongyang-4-450x255.jpg 450w\" data-sizes=\"(max-width: 1000px) 100vw, 1000px\" class='av-horizontal-gallery-link avia-svg-icon avia-font-svg_entypo-fontello' data-av_svg_icon='resize-full' data-av_iconset='svg_entypo-fontello' title='Corea del Norte - Pyongyang' alt='Corea del Norte - Pyongyang' aria-label='Open image in lightbox: Corea del Norte - Pyongyang'><svg version=\"1.1\" xmlns=\"http:\/\/www.w3.org\/2000\/svg\" width=\"25\" height=\"32\" viewBox=\"0 0 25 32\" preserveAspectRatio=\"xMidYMid meet\" aria-labelledby='av-svg-title-21' aria-describedby='av-svg-desc-21' role=\"graphics-symbol\" aria-hidden=\"true\">\n<title id='av-svg-title-21'>Open image in lightbox: Corea del Norte - Pyongyang<\/title>\n<desc id='av-svg-desc-21'>Open image in lightbox: Corea del Norte - Pyongyang<\/desc>\n<path d=\"M15.232 3.328h10.112v10.112l-3.2-3.968-4.672 4.864-3.2-3.2 4.864-4.672zM7.872 17.536l3.2 3.2-4.864 4.672 3.904 3.2h-10.112v-10.112l3.2 3.904z\"><\/path>\n<\/svg><\/a><\/div><div class=\"av-horizontal-gallery-wrap noHover\"><img decoding=\"async\" class='wp-image-8804 avia-img-lazy-loading-8804 av-horizontal-gallery-img lazyload' width=\"1000\" height=\"750\" data-src=\"https:\/\/www.cosmorevas.tk\/wp-content\/uploads\/2019\/10\/Korea-del-Nord-Pyongyang-2.jpg\" title='Corea del Norte - Pyongyang' alt='Corea del Norte - Pyongyang' data-srcset=\"https:\/\/www.cosmorevas.tk\/wp-content\/uploads\/2019\/10\/Korea-del-Nord-Pyongyang-2.jpg 1000w, https:\/\/www.cosmorevas.tk\/wp-content\/uploads\/2019\/10\/Korea-del-Nord-Pyongyang-2-300x225.jpg 300w, https:\/\/www.cosmorevas.tk\/wp-content\/uploads\/2019\/10\/Korea-del-Nord-Pyongyang-2-768x576.jpg 768w, https:\/\/www.cosmorevas.tk\/wp-content\/uploads\/2019\/10\/Korea-del-Nord-Pyongyang-2-705x529.jpg 705w, https:\/\/www.cosmorevas.tk\/wp-content\/uploads\/2019\/10\/Korea-del-Nord-Pyongyang-2-450x338.jpg 450w\" data-sizes=\"auto, (max-width: 1000px) 100vw, 1000px\" src=\"data:image\/svg+xml;base64,PHN2ZyB3aWR0aD0iMSIgaGVpZ2h0PSIxIiB4bWxucz0iaHR0cDovL3d3dy53My5vcmcvMjAwMC9zdmciPjwvc3ZnPg==\" style=\"--smush-placeholder-width: 1000px; --smush-placeholder-aspect-ratio: 1000\/750;\" \/><a href=\"https:\/\/www.cosmorevas.tk\/wp-content\/uploads\/2019\/10\/Korea-del-Nord-Pyongyang-2.jpg\" data-srcset=\"https:\/\/www.cosmorevas.tk\/wp-content\/uploads\/2019\/10\/Korea-del-Nord-Pyongyang-2.jpg 1000w, https:\/\/www.cosmorevas.tk\/wp-content\/uploads\/2019\/10\/Korea-del-Nord-Pyongyang-2-300x225.jpg 300w, https:\/\/www.cosmorevas.tk\/wp-content\/uploads\/2019\/10\/Korea-del-Nord-Pyongyang-2-768x576.jpg 768w, https:\/\/www.cosmorevas.tk\/wp-content\/uploads\/2019\/10\/Korea-del-Nord-Pyongyang-2-705x529.jpg 705w, https:\/\/www.cosmorevas.tk\/wp-content\/uploads\/2019\/10\/Korea-del-Nord-Pyongyang-2-450x338.jpg 450w\" data-sizes=\"(max-width: 1000px) 100vw, 1000px\" class='av-horizontal-gallery-link avia-svg-icon avia-font-svg_entypo-fontello' data-av_svg_icon='resize-full' data-av_iconset='svg_entypo-fontello' title='Corea del Norte - Pyongyang' alt='Corea del Norte - Pyongyang' aria-label='Open image in lightbox: Corea del Norte - Pyongyang'><svg version=\"1.1\" xmlns=\"http:\/\/www.w3.org\/2000\/svg\" width=\"25\" height=\"32\" viewBox=\"0 0 25 32\" preserveAspectRatio=\"xMidYMid meet\" aria-labelledby='av-svg-title-22' aria-describedby='av-svg-desc-22' role=\"graphics-symbol\" aria-hidden=\"true\">\n<title id='av-svg-title-22'>Open image in lightbox: Corea del Norte - Pyongyang<\/title>\n<desc id='av-svg-desc-22'>Open image in lightbox: Corea del Norte - Pyongyang<\/desc>\n<path d=\"M15.232 3.328h10.112v10.112l-3.2-3.968-4.672 4.864-3.2-3.2 4.864-4.672zM7.872 17.536l3.2 3.2-4.864 4.672 3.904 3.2h-10.112v-10.112l3.2 3.904z\"><\/path>\n<\/svg><\/a><\/div><div class=\"av-horizontal-gallery-wrap noHover\"><img decoding=\"async\" class='wp-image-8801 avia-img-lazy-loading-8801 av-horizontal-gallery-img lazyload' width=\"1000\" height=\"750\" data-src=\"https:\/\/www.cosmorevas.tk\/wp-content\/uploads\/2019\/10\/Korea-del-Nord-Pyongyang-1-1.jpg\" title='Corea del Norte - Pyongyang' alt='Corea del Norte - Pyongyang' data-srcset=\"https:\/\/www.cosmorevas.tk\/wp-content\/uploads\/2019\/10\/Korea-del-Nord-Pyongyang-1-1.jpg 1000w, https:\/\/www.cosmorevas.tk\/wp-content\/uploads\/2019\/10\/Korea-del-Nord-Pyongyang-1-1-300x225.jpg 300w, https:\/\/www.cosmorevas.tk\/wp-content\/uploads\/2019\/10\/Korea-del-Nord-Pyongyang-1-1-768x576.jpg 768w, https:\/\/www.cosmorevas.tk\/wp-content\/uploads\/2019\/10\/Korea-del-Nord-Pyongyang-1-1-705x529.jpg 705w, https:\/\/www.cosmorevas.tk\/wp-content\/uploads\/2019\/10\/Korea-del-Nord-Pyongyang-1-1-450x338.jpg 450w\" data-sizes=\"auto, (max-width: 1000px) 100vw, 1000px\" src=\"data:image\/svg+xml;base64,PHN2ZyB3aWR0aD0iMSIgaGVpZ2h0PSIxIiB4bWxucz0iaHR0cDovL3d3dy53My5vcmcvMjAwMC9zdmciPjwvc3ZnPg==\" style=\"--smush-placeholder-width: 1000px; --smush-placeholder-aspect-ratio: 1000\/750;\" \/><a href=\"https:\/\/www.cosmorevas.tk\/wp-content\/uploads\/2019\/10\/Korea-del-Nord-Pyongyang-1-1.jpg\" data-srcset=\"https:\/\/www.cosmorevas.tk\/wp-content\/uploads\/2019\/10\/Korea-del-Nord-Pyongyang-1-1.jpg 1000w, https:\/\/www.cosmorevas.tk\/wp-content\/uploads\/2019\/10\/Korea-del-Nord-Pyongyang-1-1-300x225.jpg 300w, https:\/\/www.cosmorevas.tk\/wp-content\/uploads\/2019\/10\/Korea-del-Nord-Pyongyang-1-1-768x576.jpg 768w, https:\/\/www.cosmorevas.tk\/wp-content\/uploads\/2019\/10\/Korea-del-Nord-Pyongyang-1-1-705x529.jpg 705w, https:\/\/www.cosmorevas.tk\/wp-content\/uploads\/2019\/10\/Korea-del-Nord-Pyongyang-1-1-450x338.jpg 450w\" data-sizes=\"(max-width: 1000px) 100vw, 1000px\" class='av-horizontal-gallery-link avia-svg-icon avia-font-svg_entypo-fontello' data-av_svg_icon='resize-full' data-av_iconset='svg_entypo-fontello' title='Corea del Norte - Pyongyang' alt='Corea del Norte - Pyongyang' aria-label='Open image in lightbox: Corea del Norte - Pyongyang'><svg version=\"1.1\" xmlns=\"http:\/\/www.w3.org\/2000\/svg\" width=\"25\" height=\"32\" viewBox=\"0 0 25 32\" preserveAspectRatio=\"xMidYMid meet\" aria-labelledby='av-svg-title-23' aria-describedby='av-svg-desc-23' role=\"graphics-symbol\" aria-hidden=\"true\">\n<title id='av-svg-title-23'>Open image in lightbox: Corea del Norte - Pyongyang<\/title>\n<desc id='av-svg-desc-23'>Open image in lightbox: Corea del Norte - Pyongyang<\/desc>\n<path d=\"M15.232 3.328h10.112v10.112l-3.2-3.968-4.672 4.864-3.2-3.2 4.864-4.672zM7.872 17.536l3.2 3.2-4.864 4.672 3.904 3.2h-10.112v-10.112l3.2 3.904z\"><\/path>\n<\/svg><\/a><\/div><div class=\"av-horizontal-gallery-wrap noHover\"><img decoding=\"async\" class='wp-image-8039 avia-img-lazy-loading-8039 av-horizontal-gallery-img lazyload' width=\"1000\" height=\"750\" data-src=\"https:\/\/www.cosmorevas.tk\/wp-content\/uploads\/2019\/09\/viale-Pyogyang-Korea-del-Nord.jpg\" title='Corea del Norte - Pyongyang' alt='Corea del Norte - Pyongyang' data-srcset=\"https:\/\/www.cosmorevas.tk\/wp-content\/uploads\/2019\/09\/viale-Pyogyang-Korea-del-Nord.jpg 1000w, https:\/\/www.cosmorevas.tk\/wp-content\/uploads\/2019\/09\/viale-Pyogyang-Korea-del-Nord-300x225.jpg 300w, https:\/\/www.cosmorevas.tk\/wp-content\/uploads\/2019\/09\/viale-Pyogyang-Korea-del-Nord-768x576.jpg 768w, https:\/\/www.cosmorevas.tk\/wp-content\/uploads\/2019\/09\/viale-Pyogyang-Korea-del-Nord-705x529.jpg 705w, https:\/\/www.cosmorevas.tk\/wp-content\/uploads\/2019\/09\/viale-Pyogyang-Korea-del-Nord-450x338.jpg 450w\" data-sizes=\"auto, (max-width: 1000px) 100vw, 1000px\" src=\"data:image\/svg+xml;base64,PHN2ZyB3aWR0aD0iMSIgaGVpZ2h0PSIxIiB4bWxucz0iaHR0cDovL3d3dy53My5vcmcvMjAwMC9zdmciPjwvc3ZnPg==\" style=\"--smush-placeholder-width: 1000px; --smush-placeholder-aspect-ratio: 1000\/750;\" \/><a href=\"https:\/\/www.cosmorevas.tk\/wp-content\/uploads\/2019\/09\/viale-Pyogyang-Korea-del-Nord.jpg\" data-srcset=\"https:\/\/www.cosmorevas.tk\/wp-content\/uploads\/2019\/09\/viale-Pyogyang-Korea-del-Nord.jpg 1000w, https:\/\/www.cosmorevas.tk\/wp-content\/uploads\/2019\/09\/viale-Pyogyang-Korea-del-Nord-300x225.jpg 300w, https:\/\/www.cosmorevas.tk\/wp-content\/uploads\/2019\/09\/viale-Pyogyang-Korea-del-Nord-768x576.jpg 768w, https:\/\/www.cosmorevas.tk\/wp-content\/uploads\/2019\/09\/viale-Pyogyang-Korea-del-Nord-705x529.jpg 705w, https:\/\/www.cosmorevas.tk\/wp-content\/uploads\/2019\/09\/viale-Pyogyang-Korea-del-Nord-450x338.jpg 450w\" data-sizes=\"(max-width: 1000px) 100vw, 1000px\" class='av-horizontal-gallery-link avia-svg-icon avia-font-svg_entypo-fontello' data-av_svg_icon='resize-full' data-av_iconset='svg_entypo-fontello' title='Corea del Norte - Pyongyang' alt='Corea del Norte - Pyongyang' aria-label='Open image in lightbox: Corea del Norte - Pyongyang'><svg version=\"1.1\" xmlns=\"http:\/\/www.w3.org\/2000\/svg\" width=\"25\" height=\"32\" viewBox=\"0 0 25 32\" preserveAspectRatio=\"xMidYMid meet\" aria-labelledby='av-svg-title-24' aria-describedby='av-svg-desc-24' role=\"graphics-symbol\" aria-hidden=\"true\">\n<title id='av-svg-title-24'>Open image in lightbox: Corea del Norte - Pyongyang<\/title>\n<desc id='av-svg-desc-24'>Open image in lightbox: Corea del Norte - Pyongyang<\/desc>\n<path d=\"M15.232 3.328h10.112v10.112l-3.2-3.968-4.672 4.864-3.2-3.2 4.864-4.672zM7.872 17.536l3.2 3.2-4.864 4.672 3.904 3.2h-10.112v-10.112l3.2 3.904z\"><\/path>\n<\/svg><\/a><\/div><div class=\"av-horizontal-gallery-wrap noHover\"><img decoding=\"async\" class='wp-image-8855 avia-img-lazy-loading-8855 av-horizontal-gallery-img lazyload' width=\"1000\" height=\"605\" data-src=\"https:\/\/www.cosmorevas.tk\/wp-content\/uploads\/2019\/10\/Korea-del-Nord-Pyongyang-15-1.jpg\" title='Corea del Norte - Pyongyang - Hospital' alt='Corea del Norte - Pyongyang - Hospital' data-srcset=\"https:\/\/www.cosmorevas.tk\/wp-content\/uploads\/2019\/10\/Korea-del-Nord-Pyongyang-15-1.jpg 1000w, https:\/\/www.cosmorevas.tk\/wp-content\/uploads\/2019\/10\/Korea-del-Nord-Pyongyang-15-1-300x182.jpg 300w, https:\/\/www.cosmorevas.tk\/wp-content\/uploads\/2019\/10\/Korea-del-Nord-Pyongyang-15-1-768x465.jpg 768w, https:\/\/www.cosmorevas.tk\/wp-content\/uploads\/2019\/10\/Korea-del-Nord-Pyongyang-15-1-705x427.jpg 705w, https:\/\/www.cosmorevas.tk\/wp-content\/uploads\/2019\/10\/Korea-del-Nord-Pyongyang-15-1-450x272.jpg 450w\" data-sizes=\"auto, (max-width: 1000px) 100vw, 1000px\" src=\"data:image\/svg+xml;base64,PHN2ZyB3aWR0aD0iMSIgaGVpZ2h0PSIxIiB4bWxucz0iaHR0cDovL3d3dy53My5vcmcvMjAwMC9zdmciPjwvc3ZnPg==\" style=\"--smush-placeholder-width: 1000px; --smush-placeholder-aspect-ratio: 1000\/605;\" \/><a href=\"https:\/\/www.cosmorevas.tk\/wp-content\/uploads\/2019\/10\/Korea-del-Nord-Pyongyang-15-1.jpg\" data-srcset=\"https:\/\/www.cosmorevas.tk\/wp-content\/uploads\/2019\/10\/Korea-del-Nord-Pyongyang-15-1.jpg 1000w, https:\/\/www.cosmorevas.tk\/wp-content\/uploads\/2019\/10\/Korea-del-Nord-Pyongyang-15-1-300x182.jpg 300w, https:\/\/www.cosmorevas.tk\/wp-content\/uploads\/2019\/10\/Korea-del-Nord-Pyongyang-15-1-768x465.jpg 768w, https:\/\/www.cosmorevas.tk\/wp-content\/uploads\/2019\/10\/Korea-del-Nord-Pyongyang-15-1-705x427.jpg 705w, https:\/\/www.cosmorevas.tk\/wp-content\/uploads\/2019\/10\/Korea-del-Nord-Pyongyang-15-1-450x272.jpg 450w\" data-sizes=\"(max-width: 1000px) 100vw, 1000px\" class='av-horizontal-gallery-link avia-svg-icon avia-font-svg_entypo-fontello' data-av_svg_icon='resize-full' data-av_iconset='svg_entypo-fontello' title='Corea del Norte - Pyongyang - Hospital' alt='Corea del Norte - Pyongyang - Hospital' aria-label='Open image in lightbox: Corea del Norte - Pyongyang - Hospital'><svg version=\"1.1\" xmlns=\"http:\/\/www.w3.org\/2000\/svg\" width=\"25\" height=\"32\" viewBox=\"0 0 25 32\" preserveAspectRatio=\"xMidYMid meet\" aria-labelledby='av-svg-title-25' aria-describedby='av-svg-desc-25' role=\"graphics-symbol\" aria-hidden=\"true\">\n<title id='av-svg-title-25'>Open image in lightbox: Corea del Norte - Pyongyang - Hospital<\/title>\n<desc id='av-svg-desc-25'>Open image in lightbox: Corea del Norte - Pyongyang - Hospital<\/desc>\n<path d=\"M15.232 3.328h10.112v10.112l-3.2-3.968-4.672 4.864-3.2-3.2 4.864-4.672zM7.872 17.536l3.2 3.2-4.864 4.672 3.904 3.2h-10.112v-10.112l3.2 3.904z\"><\/path>\n<\/svg><\/a><\/div><div class=\"av-horizontal-gallery-wrap noHover\"><img decoding=\"async\" class='wp-image-8864 avia-img-lazy-loading-8864 av-horizontal-gallery-img lazyload' width=\"1000\" height=\"750\" data-src=\"https:\/\/www.cosmorevas.tk\/wp-content\/uploads\/2019\/10\/Korea-del-Nord-scuola-1.jpg\" title='Corea del Norte - escuela' alt='Corea del Norte - escuela' data-srcset=\"https:\/\/www.cosmorevas.tk\/wp-content\/uploads\/2019\/10\/Korea-del-Nord-scuola-1.jpg 1000w, https:\/\/www.cosmorevas.tk\/wp-content\/uploads\/2019\/10\/Korea-del-Nord-scuola-1-300x225.jpg 300w, https:\/\/www.cosmorevas.tk\/wp-content\/uploads\/2019\/10\/Korea-del-Nord-scuola-1-768x576.jpg 768w, https:\/\/www.cosmorevas.tk\/wp-content\/uploads\/2019\/10\/Korea-del-Nord-scuola-1-705x529.jpg 705w, https:\/\/www.cosmorevas.tk\/wp-content\/uploads\/2019\/10\/Korea-del-Nord-scuola-1-450x338.jpg 450w\" data-sizes=\"auto, (max-width: 1000px) 100vw, 1000px\" src=\"data:image\/svg+xml;base64,PHN2ZyB3aWR0aD0iMSIgaGVpZ2h0PSIxIiB4bWxucz0iaHR0cDovL3d3dy53My5vcmcvMjAwMC9zdmciPjwvc3ZnPg==\" style=\"--smush-placeholder-width: 1000px; --smush-placeholder-aspect-ratio: 1000\/750;\" \/><a href=\"https:\/\/www.cosmorevas.tk\/wp-content\/uploads\/2019\/10\/Korea-del-Nord-scuola-1.jpg\" data-srcset=\"https:\/\/www.cosmorevas.tk\/wp-content\/uploads\/2019\/10\/Korea-del-Nord-scuola-1.jpg 1000w, https:\/\/www.cosmorevas.tk\/wp-content\/uploads\/2019\/10\/Korea-del-Nord-scuola-1-300x225.jpg 300w, https:\/\/www.cosmorevas.tk\/wp-content\/uploads\/2019\/10\/Korea-del-Nord-scuola-1-768x576.jpg 768w, https:\/\/www.cosmorevas.tk\/wp-content\/uploads\/2019\/10\/Korea-del-Nord-scuola-1-705x529.jpg 705w, https:\/\/www.cosmorevas.tk\/wp-content\/uploads\/2019\/10\/Korea-del-Nord-scuola-1-450x338.jpg 450w\" data-sizes=\"(max-width: 1000px) 100vw, 1000px\" class='av-horizontal-gallery-link avia-svg-icon avia-font-svg_entypo-fontello' data-av_svg_icon='resize-full' data-av_iconset='svg_entypo-fontello' title='Corea del Norte - escuela' alt='Corea del Norte - escuela' aria-label='Open image in lightbox: Corea del Norte - escuela'><svg version=\"1.1\" xmlns=\"http:\/\/www.w3.org\/2000\/svg\" width=\"25\" height=\"32\" viewBox=\"0 0 25 32\" preserveAspectRatio=\"xMidYMid meet\" aria-labelledby='av-svg-title-26' aria-describedby='av-svg-desc-26' role=\"graphics-symbol\" aria-hidden=\"true\">\n<title id='av-svg-title-26'>Open image in lightbox: Corea del Norte - escuela<\/title>\n<desc id='av-svg-desc-26'>Open image in lightbox: Corea del Norte - escuela<\/desc>\n<path d=\"M15.232 3.328h10.112v10.112l-3.2-3.968-4.672 4.864-3.2-3.2 4.864-4.672zM7.872 17.536l3.2 3.2-4.864 4.672 3.904 3.2h-10.112v-10.112l3.2 3.904z\"><\/path>\n<\/svg><\/a><\/div><div class=\"av-horizontal-gallery-wrap noHover\"><img decoding=\"async\" class='wp-image-8861 avia-img-lazy-loading-8861 av-horizontal-gallery-img lazyload' width=\"1000\" height=\"750\" data-src=\"https:\/\/www.cosmorevas.tk\/wp-content\/uploads\/2019\/10\/Korea-del-Nord-Pyongyang-Nave-usa-Pueblo-1.jpg\" title='Corea del Norte - Pyongyang - barco EE.UU. Pueblo' alt='Corea del Norte - Pyongyang - barco EE.UU. Pueblo' data-srcset=\"https:\/\/www.cosmorevas.tk\/wp-content\/uploads\/2019\/10\/Korea-del-Nord-Pyongyang-Nave-usa-Pueblo-1.jpg 1000w, https:\/\/www.cosmorevas.tk\/wp-content\/uploads\/2019\/10\/Korea-del-Nord-Pyongyang-Nave-usa-Pueblo-1-300x225.jpg 300w, https:\/\/www.cosmorevas.tk\/wp-content\/uploads\/2019\/10\/Korea-del-Nord-Pyongyang-Nave-usa-Pueblo-1-768x576.jpg 768w, https:\/\/www.cosmorevas.tk\/wp-content\/uploads\/2019\/10\/Korea-del-Nord-Pyongyang-Nave-usa-Pueblo-1-705x529.jpg 705w, https:\/\/www.cosmorevas.tk\/wp-content\/uploads\/2019\/10\/Korea-del-Nord-Pyongyang-Nave-usa-Pueblo-1-450x338.jpg 450w\" data-sizes=\"auto, (max-width: 1000px) 100vw, 1000px\" src=\"data:image\/svg+xml;base64,PHN2ZyB3aWR0aD0iMSIgaGVpZ2h0PSIxIiB4bWxucz0iaHR0cDovL3d3dy53My5vcmcvMjAwMC9zdmciPjwvc3ZnPg==\" style=\"--smush-placeholder-width: 1000px; --smush-placeholder-aspect-ratio: 1000\/750;\" \/><a href=\"https:\/\/www.cosmorevas.tk\/wp-content\/uploads\/2019\/10\/Korea-del-Nord-Pyongyang-Nave-usa-Pueblo-1.jpg\" data-srcset=\"https:\/\/www.cosmorevas.tk\/wp-content\/uploads\/2019\/10\/Korea-del-Nord-Pyongyang-Nave-usa-Pueblo-1.jpg 1000w, https:\/\/www.cosmorevas.tk\/wp-content\/uploads\/2019\/10\/Korea-del-Nord-Pyongyang-Nave-usa-Pueblo-1-300x225.jpg 300w, https:\/\/www.cosmorevas.tk\/wp-content\/uploads\/2019\/10\/Korea-del-Nord-Pyongyang-Nave-usa-Pueblo-1-768x576.jpg 768w, https:\/\/www.cosmorevas.tk\/wp-content\/uploads\/2019\/10\/Korea-del-Nord-Pyongyang-Nave-usa-Pueblo-1-705x529.jpg 705w, https:\/\/www.cosmorevas.tk\/wp-content\/uploads\/2019\/10\/Korea-del-Nord-Pyongyang-Nave-usa-Pueblo-1-450x338.jpg 450w\" data-sizes=\"(max-width: 1000px) 100vw, 1000px\" class='av-horizontal-gallery-link avia-svg-icon avia-font-svg_entypo-fontello' data-av_svg_icon='resize-full' data-av_iconset='svg_entypo-fontello' title='Corea del Norte - Pyongyang - barco EE.UU. Pueblo' alt='Corea del Norte - Pyongyang - barco EE.UU. Pueblo' aria-label='Open image in lightbox: Corea del Norte - Pyongyang - barco EE.UU. Pueblo'><svg version=\"1.1\" xmlns=\"http:\/\/www.w3.org\/2000\/svg\" width=\"25\" height=\"32\" viewBox=\"0 0 25 32\" preserveAspectRatio=\"xMidYMid meet\" aria-labelledby='av-svg-title-27' aria-describedby='av-svg-desc-27' role=\"graphics-symbol\" aria-hidden=\"true\">\n<title id='av-svg-title-27'>Open image in lightbox: Corea del Norte - Pyongyang - barco EE.UU. Pueblo<\/title>\n<desc id='av-svg-desc-27'>Open image in lightbox: Corea del Norte - Pyongyang - barco EE.UU. Pueblo<\/desc>\n<path d=\"M15.232 3.328h10.112v10.112l-3.2-3.968-4.672 4.864-3.2-3.2 4.864-4.672zM7.872 17.536l3.2 3.2-4.864 4.672 3.904 3.2h-10.112v-10.112l3.2 3.904z\"><\/path>\n<\/svg><\/a><\/div><div class=\"av-horizontal-gallery-wrap noHover\"><img decoding=\"async\" class='wp-image-8858 avia-img-lazy-loading-8858 av-horizontal-gallery-img lazyload' width=\"490\" height=\"750\" data-src=\"https:\/\/www.cosmorevas.tk\/wp-content\/uploads\/2019\/10\/Korea-del-Nord-Pyongyang-Nave-usa-Pueblo-confession-1.jpg\" title='Corea del Norte - Pyongyang - barco EE.UU. Pueblo confesi\u00f3n' alt='Corea del Norte - Pyongyang - barco EE.UU. Pueblo confesi\u00f3n' data-srcset=\"https:\/\/www.cosmorevas.tk\/wp-content\/uploads\/2019\/10\/Korea-del-Nord-Pyongyang-Nave-usa-Pueblo-confession-1.jpg 490w, https:\/\/www.cosmorevas.tk\/wp-content\/uploads\/2019\/10\/Korea-del-Nord-Pyongyang-Nave-usa-Pueblo-confession-1-196x300.jpg 196w, https:\/\/www.cosmorevas.tk\/wp-content\/uploads\/2019\/10\/Korea-del-Nord-Pyongyang-Nave-usa-Pueblo-confession-1-461x705.jpg 461w, https:\/\/www.cosmorevas.tk\/wp-content\/uploads\/2019\/10\/Korea-del-Nord-Pyongyang-Nave-usa-Pueblo-confession-1-450x689.jpg 450w\" data-sizes=\"auto, (max-width: 490px) 100vw, 490px\" src=\"data:image\/svg+xml;base64,PHN2ZyB3aWR0aD0iMSIgaGVpZ2h0PSIxIiB4bWxucz0iaHR0cDovL3d3dy53My5vcmcvMjAwMC9zdmciPjwvc3ZnPg==\" style=\"--smush-placeholder-width: 490px; --smush-placeholder-aspect-ratio: 490\/750;\" \/><a href=\"https:\/\/www.cosmorevas.tk\/wp-content\/uploads\/2019\/10\/Korea-del-Nord-Pyongyang-Nave-usa-Pueblo-confession-1.jpg\" data-srcset=\"https:\/\/www.cosmorevas.tk\/wp-content\/uploads\/2019\/10\/Korea-del-Nord-Pyongyang-Nave-usa-Pueblo-confession-1.jpg 490w, https:\/\/www.cosmorevas.tk\/wp-content\/uploads\/2019\/10\/Korea-del-Nord-Pyongyang-Nave-usa-Pueblo-confession-1-196x300.jpg 196w, https:\/\/www.cosmorevas.tk\/wp-content\/uploads\/2019\/10\/Korea-del-Nord-Pyongyang-Nave-usa-Pueblo-confession-1-461x705.jpg 461w, https:\/\/www.cosmorevas.tk\/wp-content\/uploads\/2019\/10\/Korea-del-Nord-Pyongyang-Nave-usa-Pueblo-confession-1-450x689.jpg 450w\" data-sizes=\"(max-width: 490px) 100vw, 490px\" class='av-horizontal-gallery-link avia-svg-icon avia-font-svg_entypo-fontello' data-av_svg_icon='resize-full' data-av_iconset='svg_entypo-fontello' title='Corea del Norte - Pyongyang - barco EE.UU. Pueblo confesi\u00f3n' alt='Corea del Norte - Pyongyang - barco EE.UU. Pueblo confesi\u00f3n' aria-label='Open image in lightbox: Corea del Norte - Pyongyang - barco EE.UU. Pueblo confesi\u00f3n'><svg version=\"1.1\" xmlns=\"http:\/\/www.w3.org\/2000\/svg\" width=\"25\" height=\"32\" viewBox=\"0 0 25 32\" preserveAspectRatio=\"xMidYMid meet\" aria-labelledby='av-svg-title-28' aria-describedby='av-svg-desc-28' role=\"graphics-symbol\" aria-hidden=\"true\">\n<title id='av-svg-title-28'>Open image in lightbox: Corea del Norte - Pyongyang - barco EE.UU. Pueblo confesi\u00f3n<\/title>\n<desc id='av-svg-desc-28'>Open image in lightbox: Corea del Norte - Pyongyang - barco EE.UU. Pueblo confesi\u00f3n<\/desc>\n<path d=\"M15.232 3.328h10.112v10.112l-3.2-3.968-4.672 4.864-3.2-3.2 4.864-4.672zM7.872 17.536l3.2 3.2-4.864 4.672 3.904 3.2h-10.112v-10.112l3.2 3.904z\"><\/path>\n<\/svg><\/a><\/div><div class=\"av-horizontal-gallery-wrap noHover\"><img decoding=\"async\" class='wp-image-8852 avia-img-lazy-loading-8852 av-horizontal-gallery-img lazyload' width=\"1000\" height=\"750\" data-src=\"https:\/\/www.cosmorevas.tk\/wp-content\/uploads\/2019\/10\/Korea-del-Nord-Pyongyang-12-1.jpg\" title='Corea del Norte - Pyongyang - coreograf\u00eda estadio cien a\u00f1os' alt='Corea del Norte - Pyongyang - coreograf\u00eda estadio cien a\u00f1os' data-srcset=\"https:\/\/www.cosmorevas.tk\/wp-content\/uploads\/2019\/10\/Korea-del-Nord-Pyongyang-12-1.jpg 1000w, https:\/\/www.cosmorevas.tk\/wp-content\/uploads\/2019\/10\/Korea-del-Nord-Pyongyang-12-1-300x225.jpg 300w, https:\/\/www.cosmorevas.tk\/wp-content\/uploads\/2019\/10\/Korea-del-Nord-Pyongyang-12-1-768x576.jpg 768w, https:\/\/www.cosmorevas.tk\/wp-content\/uploads\/2019\/10\/Korea-del-Nord-Pyongyang-12-1-705x529.jpg 705w, https:\/\/www.cosmorevas.tk\/wp-content\/uploads\/2019\/10\/Korea-del-Nord-Pyongyang-12-1-450x338.jpg 450w\" data-sizes=\"auto, (max-width: 1000px) 100vw, 1000px\" src=\"data:image\/svg+xml;base64,PHN2ZyB3aWR0aD0iMSIgaGVpZ2h0PSIxIiB4bWxucz0iaHR0cDovL3d3dy53My5vcmcvMjAwMC9zdmciPjwvc3ZnPg==\" style=\"--smush-placeholder-width: 1000px; --smush-placeholder-aspect-ratio: 1000\/750;\" \/><a href=\"https:\/\/www.cosmorevas.tk\/wp-content\/uploads\/2019\/10\/Korea-del-Nord-Pyongyang-12-1.jpg\" data-srcset=\"https:\/\/www.cosmorevas.tk\/wp-content\/uploads\/2019\/10\/Korea-del-Nord-Pyongyang-12-1.jpg 1000w, https:\/\/www.cosmorevas.tk\/wp-content\/uploads\/2019\/10\/Korea-del-Nord-Pyongyang-12-1-300x225.jpg 300w, https:\/\/www.cosmorevas.tk\/wp-content\/uploads\/2019\/10\/Korea-del-Nord-Pyongyang-12-1-768x576.jpg 768w, https:\/\/www.cosmorevas.tk\/wp-content\/uploads\/2019\/10\/Korea-del-Nord-Pyongyang-12-1-705x529.jpg 705w, https:\/\/www.cosmorevas.tk\/wp-content\/uploads\/2019\/10\/Korea-del-Nord-Pyongyang-12-1-450x338.jpg 450w\" data-sizes=\"(max-width: 1000px) 100vw, 1000px\" class='av-horizontal-gallery-link avia-svg-icon avia-font-svg_entypo-fontello' data-av_svg_icon='resize-full' data-av_iconset='svg_entypo-fontello' title='Corea del Norte - Pyongyang - coreograf\u00eda estadio cien a\u00f1os' alt='Corea del Norte - Pyongyang - coreograf\u00eda estadio cien a\u00f1os' aria-label='Open image in lightbox: Corea del Norte - Pyongyang - coreograf\u00eda estadio cien a\u00f1os'><svg version=\"1.1\" xmlns=\"http:\/\/www.w3.org\/2000\/svg\" width=\"25\" height=\"32\" viewBox=\"0 0 25 32\" preserveAspectRatio=\"xMidYMid meet\" aria-labelledby='av-svg-title-29' aria-describedby='av-svg-desc-29' role=\"graphics-symbol\" aria-hidden=\"true\">\n<title id='av-svg-title-29'>Open image in lightbox: Corea del Norte - Pyongyang - coreograf\u00eda estadio cien a\u00f1os<\/title>\n<desc id='av-svg-desc-29'>Open image in lightbox: Corea del Norte - Pyongyang - coreograf\u00eda estadio cien a\u00f1os<\/desc>\n<path d=\"M15.232 3.328h10.112v10.112l-3.2-3.968-4.672 4.864-3.2-3.2 4.864-4.672zM7.872 17.536l3.2 3.2-4.864 4.672 3.904 3.2h-10.112v-10.112l3.2 3.904z\"><\/path>\n<\/svg><\/a><\/div><div class=\"av-horizontal-gallery-wrap noHover\"><img decoding=\"async\" class='wp-image-8835 avia-img-lazy-loading-8835 av-horizontal-gallery-img lazyload' width=\"1000\" height=\"750\" data-src=\"https:\/\/www.cosmorevas.tk\/wp-content\/uploads\/2019\/10\/Korea-del-Nord-Pyongyang-14.jpg\" title='Korea del Nord - Pyongyang - coreografia stadio 100' alt='Korea del Nord - Pyongyang - coreografia stadio 100' data-srcset=\"https:\/\/www.cosmorevas.tk\/wp-content\/uploads\/2019\/10\/Korea-del-Nord-Pyongyang-14.jpg 1000w, https:\/\/www.cosmorevas.tk\/wp-content\/uploads\/2019\/10\/Korea-del-Nord-Pyongyang-14-300x225.jpg 300w, https:\/\/www.cosmorevas.tk\/wp-content\/uploads\/2019\/10\/Korea-del-Nord-Pyongyang-14-768x576.jpg 768w, https:\/\/www.cosmorevas.tk\/wp-content\/uploads\/2019\/10\/Korea-del-Nord-Pyongyang-14-705x529.jpg 705w, https:\/\/www.cosmorevas.tk\/wp-content\/uploads\/2019\/10\/Korea-del-Nord-Pyongyang-14-450x338.jpg 450w\" data-sizes=\"auto, (max-width: 1000px) 100vw, 1000px\" src=\"data:image\/svg+xml;base64,PHN2ZyB3aWR0aD0iMSIgaGVpZ2h0PSIxIiB4bWxucz0iaHR0cDovL3d3dy53My5vcmcvMjAwMC9zdmciPjwvc3ZnPg==\" style=\"--smush-placeholder-width: 1000px; --smush-placeholder-aspect-ratio: 1000\/750;\" \/><a href=\"https:\/\/www.cosmorevas.tk\/wp-content\/uploads\/2019\/10\/Korea-del-Nord-Pyongyang-14.jpg\" data-srcset=\"https:\/\/www.cosmorevas.tk\/wp-content\/uploads\/2019\/10\/Korea-del-Nord-Pyongyang-14.jpg 1000w, https:\/\/www.cosmorevas.tk\/wp-content\/uploads\/2019\/10\/Korea-del-Nord-Pyongyang-14-300x225.jpg 300w, https:\/\/www.cosmorevas.tk\/wp-content\/uploads\/2019\/10\/Korea-del-Nord-Pyongyang-14-768x576.jpg 768w, https:\/\/www.cosmorevas.tk\/wp-content\/uploads\/2019\/10\/Korea-del-Nord-Pyongyang-14-705x529.jpg 705w, https:\/\/www.cosmorevas.tk\/wp-content\/uploads\/2019\/10\/Korea-del-Nord-Pyongyang-14-450x338.jpg 450w\" data-sizes=\"(max-width: 1000px) 100vw, 1000px\" class='av-horizontal-gallery-link avia-svg-icon avia-font-svg_entypo-fontello' data-av_svg_icon='resize-full' data-av_iconset='svg_entypo-fontello' title='Korea del Nord - Pyongyang - coreografia stadio 100' alt='Korea del Nord - Pyongyang - coreografia stadio 100' aria-label='Open image in lightbox: Korea del Nord - Pyongyang - coreografia stadio 100'><svg version=\"1.1\" xmlns=\"http:\/\/www.w3.org\/2000\/svg\" width=\"25\" height=\"32\" viewBox=\"0 0 25 32\" preserveAspectRatio=\"xMidYMid meet\" aria-labelledby='av-svg-title-30' aria-describedby='av-svg-desc-30' role=\"graphics-symbol\" aria-hidden=\"true\">\n<title id='av-svg-title-30'>Open image in lightbox: Korea del Nord - Pyongyang - coreografia stadio 100<\/title>\n<desc id='av-svg-desc-30'>Open image in lightbox: Korea del Nord - Pyongyang - coreografia stadio 100<\/desc>\n<path d=\"M15.232 3.328h10.112v10.112l-3.2-3.968-4.672 4.864-3.2-3.2 4.864-4.672zM7.872 17.536l3.2 3.2-4.864 4.672 3.904 3.2h-10.112v-10.112l3.2 3.904z\"><\/path>\n<\/svg><\/a><\/div><div class=\"av-horizontal-gallery-wrap noHover\"><img decoding=\"async\" class='wp-image-8834 avia-img-lazy-loading-8834 av-horizontal-gallery-img lazyload' width=\"1000\" height=\"750\" data-src=\"https:\/\/www.cosmorevas.tk\/wp-content\/uploads\/2019\/10\/Korea-del-Nord-Pyongyang-13.jpg\" title='Corea del Norte - Pyongyang - coreograf\u00eda estadio cien a\u00f1os' alt='Corea del Norte - Pyongyang - coreograf\u00eda estadio cien a\u00f1os' data-srcset=\"https:\/\/www.cosmorevas.tk\/wp-content\/uploads\/2019\/10\/Korea-del-Nord-Pyongyang-13.jpg 1000w, https:\/\/www.cosmorevas.tk\/wp-content\/uploads\/2019\/10\/Korea-del-Nord-Pyongyang-13-300x225.jpg 300w, https:\/\/www.cosmorevas.tk\/wp-content\/uploads\/2019\/10\/Korea-del-Nord-Pyongyang-13-768x576.jpg 768w, https:\/\/www.cosmorevas.tk\/wp-content\/uploads\/2019\/10\/Korea-del-Nord-Pyongyang-13-705x529.jpg 705w, https:\/\/www.cosmorevas.tk\/wp-content\/uploads\/2019\/10\/Korea-del-Nord-Pyongyang-13-450x338.jpg 450w\" data-sizes=\"auto, (max-width: 1000px) 100vw, 1000px\" src=\"data:image\/svg+xml;base64,PHN2ZyB3aWR0aD0iMSIgaGVpZ2h0PSIxIiB4bWxucz0iaHR0cDovL3d3dy53My5vcmcvMjAwMC9zdmciPjwvc3ZnPg==\" style=\"--smush-placeholder-width: 1000px; --smush-placeholder-aspect-ratio: 1000\/750;\" \/><a href=\"https:\/\/www.cosmorevas.tk\/wp-content\/uploads\/2019\/10\/Korea-del-Nord-Pyongyang-13.jpg\" data-srcset=\"https:\/\/www.cosmorevas.tk\/wp-content\/uploads\/2019\/10\/Korea-del-Nord-Pyongyang-13.jpg 1000w, https:\/\/www.cosmorevas.tk\/wp-content\/uploads\/2019\/10\/Korea-del-Nord-Pyongyang-13-300x225.jpg 300w, https:\/\/www.cosmorevas.tk\/wp-content\/uploads\/2019\/10\/Korea-del-Nord-Pyongyang-13-768x576.jpg 768w, https:\/\/www.cosmorevas.tk\/wp-content\/uploads\/2019\/10\/Korea-del-Nord-Pyongyang-13-705x529.jpg 705w, https:\/\/www.cosmorevas.tk\/wp-content\/uploads\/2019\/10\/Korea-del-Nord-Pyongyang-13-450x338.jpg 450w\" data-sizes=\"(max-width: 1000px) 100vw, 1000px\" class='av-horizontal-gallery-link avia-svg-icon avia-font-svg_entypo-fontello' data-av_svg_icon='resize-full' data-av_iconset='svg_entypo-fontello' title='Corea del Norte - Pyongyang - coreograf\u00eda estadio cien a\u00f1os' alt='Corea del Norte - Pyongyang - coreograf\u00eda estadio cien a\u00f1os' aria-label='Open image in lightbox: Corea del Norte - Pyongyang - coreograf\u00eda estadio cien a\u00f1os'><svg version=\"1.1\" xmlns=\"http:\/\/www.w3.org\/2000\/svg\" width=\"25\" height=\"32\" viewBox=\"0 0 25 32\" preserveAspectRatio=\"xMidYMid meet\" aria-labelledby='av-svg-title-31' aria-describedby='av-svg-desc-31' role=\"graphics-symbol\" aria-hidden=\"true\">\n<title id='av-svg-title-31'>Open image in lightbox: Corea del Norte - Pyongyang - coreograf\u00eda estadio cien a\u00f1os<\/title>\n<desc id='av-svg-desc-31'>Open image in lightbox: Corea del Norte - Pyongyang - coreograf\u00eda estadio cien a\u00f1os<\/desc>\n<path d=\"M15.232 3.328h10.112v10.112l-3.2-3.968-4.672 4.864-3.2-3.2 4.864-4.672zM7.872 17.536l3.2 3.2-4.864 4.672 3.904 3.2h-10.112v-10.112l3.2 3.904z\"><\/path>\n<\/svg><\/a><\/div><div class=\"av-horizontal-gallery-wrap noHover\"><img decoding=\"async\" class='wp-image-8828 avia-img-lazy-loading-8828 av-horizontal-gallery-img lazyload' width=\"1000\" height=\"750\" data-src=\"https:\/\/www.cosmorevas.tk\/wp-content\/uploads\/2019\/10\/Korea-del-Nord-Pyongyang-11.jpg\" title='Corea del Norte - Pyongyang - coreograf\u00eda estadio cien a\u00f1os' alt='Corea del Norte - Pyongyang - coreograf\u00eda estadio cien a\u00f1os' data-srcset=\"https:\/\/www.cosmorevas.tk\/wp-content\/uploads\/2019\/10\/Korea-del-Nord-Pyongyang-11.jpg 1000w, https:\/\/www.cosmorevas.tk\/wp-content\/uploads\/2019\/10\/Korea-del-Nord-Pyongyang-11-300x225.jpg 300w, https:\/\/www.cosmorevas.tk\/wp-content\/uploads\/2019\/10\/Korea-del-Nord-Pyongyang-11-768x576.jpg 768w, https:\/\/www.cosmorevas.tk\/wp-content\/uploads\/2019\/10\/Korea-del-Nord-Pyongyang-11-705x529.jpg 705w, https:\/\/www.cosmorevas.tk\/wp-content\/uploads\/2019\/10\/Korea-del-Nord-Pyongyang-11-450x338.jpg 450w\" data-sizes=\"auto, (max-width: 1000px) 100vw, 1000px\" src=\"data:image\/svg+xml;base64,PHN2ZyB3aWR0aD0iMSIgaGVpZ2h0PSIxIiB4bWxucz0iaHR0cDovL3d3dy53My5vcmcvMjAwMC9zdmciPjwvc3ZnPg==\" style=\"--smush-placeholder-width: 1000px; --smush-placeholder-aspect-ratio: 1000\/750;\" \/><a href=\"https:\/\/www.cosmorevas.tk\/wp-content\/uploads\/2019\/10\/Korea-del-Nord-Pyongyang-11.jpg\" data-srcset=\"https:\/\/www.cosmorevas.tk\/wp-content\/uploads\/2019\/10\/Korea-del-Nord-Pyongyang-11.jpg 1000w, https:\/\/www.cosmorevas.tk\/wp-content\/uploads\/2019\/10\/Korea-del-Nord-Pyongyang-11-300x225.jpg 300w, https:\/\/www.cosmorevas.tk\/wp-content\/uploads\/2019\/10\/Korea-del-Nord-Pyongyang-11-768x576.jpg 768w, https:\/\/www.cosmorevas.tk\/wp-content\/uploads\/2019\/10\/Korea-del-Nord-Pyongyang-11-705x529.jpg 705w, https:\/\/www.cosmorevas.tk\/wp-content\/uploads\/2019\/10\/Korea-del-Nord-Pyongyang-11-450x338.jpg 450w\" data-sizes=\"(max-width: 1000px) 100vw, 1000px\" class='av-horizontal-gallery-link avia-svg-icon avia-font-svg_entypo-fontello' data-av_svg_icon='resize-full' data-av_iconset='svg_entypo-fontello' title='Corea del Norte - Pyongyang - coreograf\u00eda estadio cien a\u00f1os' alt='Corea del Norte - Pyongyang - coreograf\u00eda estadio cien a\u00f1os' aria-label='Open image in lightbox: Corea del Norte - Pyongyang - coreograf\u00eda estadio cien a\u00f1os'><svg version=\"1.1\" xmlns=\"http:\/\/www.w3.org\/2000\/svg\" width=\"25\" height=\"32\" viewBox=\"0 0 25 32\" preserveAspectRatio=\"xMidYMid meet\" aria-labelledby='av-svg-title-32' aria-describedby='av-svg-desc-32' role=\"graphics-symbol\" aria-hidden=\"true\">\n<title id='av-svg-title-32'>Open image in lightbox: Corea del Norte - Pyongyang - coreograf\u00eda estadio cien a\u00f1os<\/title>\n<desc id='av-svg-desc-32'>Open image in lightbox: Corea del Norte - Pyongyang - coreograf\u00eda estadio cien a\u00f1os<\/desc>\n<path d=\"M15.232 3.328h10.112v10.112l-3.2-3.968-4.672 4.864-3.2-3.2 4.864-4.672zM7.872 17.536l3.2 3.2-4.864 4.672 3.904 3.2h-10.112v-10.112l3.2 3.904z\"><\/path>\n<\/svg><\/a><\/div><div class=\"av-horizontal-gallery-wrap noHover\"><img decoding=\"async\" class='wp-image-8810 avia-img-lazy-loading-8810 av-horizontal-gallery-img lazyload' width=\"1000\" height=\"750\" data-src=\"https:\/\/www.cosmorevas.tk\/wp-content\/uploads\/2019\/10\/Korea-del-Nord-Pyongyang-5.jpg\" title='Corea del Norte - Pyongyang' alt='Corea del Norte - Pyongyang' data-srcset=\"https:\/\/www.cosmorevas.tk\/wp-content\/uploads\/2019\/10\/Korea-del-Nord-Pyongyang-5.jpg 1000w, https:\/\/www.cosmorevas.tk\/wp-content\/uploads\/2019\/10\/Korea-del-Nord-Pyongyang-5-300x225.jpg 300w, https:\/\/www.cosmorevas.tk\/wp-content\/uploads\/2019\/10\/Korea-del-Nord-Pyongyang-5-768x576.jpg 768w, https:\/\/www.cosmorevas.tk\/wp-content\/uploads\/2019\/10\/Korea-del-Nord-Pyongyang-5-705x529.jpg 705w, https:\/\/www.cosmorevas.tk\/wp-content\/uploads\/2019\/10\/Korea-del-Nord-Pyongyang-5-450x338.jpg 450w\" data-sizes=\"auto, (max-width: 1000px) 100vw, 1000px\" src=\"data:image\/svg+xml;base64,PHN2ZyB3aWR0aD0iMSIgaGVpZ2h0PSIxIiB4bWxucz0iaHR0cDovL3d3dy53My5vcmcvMjAwMC9zdmciPjwvc3ZnPg==\" style=\"--smush-placeholder-width: 1000px; --smush-placeholder-aspect-ratio: 1000\/750;\" \/><a href=\"https:\/\/www.cosmorevas.tk\/wp-content\/uploads\/2019\/10\/Korea-del-Nord-Pyongyang-5.jpg\" data-srcset=\"https:\/\/www.cosmorevas.tk\/wp-content\/uploads\/2019\/10\/Korea-del-Nord-Pyongyang-5.jpg 1000w, https:\/\/www.cosmorevas.tk\/wp-content\/uploads\/2019\/10\/Korea-del-Nord-Pyongyang-5-300x225.jpg 300w, https:\/\/www.cosmorevas.tk\/wp-content\/uploads\/2019\/10\/Korea-del-Nord-Pyongyang-5-768x576.jpg 768w, https:\/\/www.cosmorevas.tk\/wp-content\/uploads\/2019\/10\/Korea-del-Nord-Pyongyang-5-705x529.jpg 705w, https:\/\/www.cosmorevas.tk\/wp-content\/uploads\/2019\/10\/Korea-del-Nord-Pyongyang-5-450x338.jpg 450w\" data-sizes=\"(max-width: 1000px) 100vw, 1000px\" class='av-horizontal-gallery-link avia-svg-icon avia-font-svg_entypo-fontello' data-av_svg_icon='resize-full' data-av_iconset='svg_entypo-fontello' title='Corea del Norte - Pyongyang' alt='Corea del Norte - Pyongyang' aria-label='Open image in lightbox: Corea del Norte - Pyongyang'><svg version=\"1.1\" xmlns=\"http:\/\/www.w3.org\/2000\/svg\" width=\"25\" height=\"32\" viewBox=\"0 0 25 32\" preserveAspectRatio=\"xMidYMid meet\" aria-labelledby='av-svg-title-33' aria-describedby='av-svg-desc-33' role=\"graphics-symbol\" aria-hidden=\"true\">\n<title id='av-svg-title-33'>Open image in lightbox: Corea del Norte - Pyongyang<\/title>\n<desc id='av-svg-desc-33'>Open image in lightbox: Corea del Norte - Pyongyang<\/desc>\n<path d=\"M15.232 3.328h10.112v10.112l-3.2-3.968-4.672 4.864-3.2-3.2 4.864-4.672zM7.872 17.536l3.2 3.2-4.864 4.672 3.904 3.2h-10.112v-10.112l3.2 3.904z\"><\/path>\n<\/svg><\/a><\/div><div class=\"av-horizontal-gallery-wrap noHover\"><img decoding=\"async\" class='wp-image-8798 avia-img-lazy-loading-8798 av-horizontal-gallery-img lazyload' width=\"1000\" height=\"750\" data-src=\"https:\/\/www.cosmorevas.tk\/wp-content\/uploads\/2019\/10\/Korea-del-Nord-diga-1.jpg\" title='Corea del Norte - Represa' alt='Corea del Norte - Represa' data-srcset=\"https:\/\/www.cosmorevas.tk\/wp-content\/uploads\/2019\/10\/Korea-del-Nord-diga-1.jpg 1000w, https:\/\/www.cosmorevas.tk\/wp-content\/uploads\/2019\/10\/Korea-del-Nord-diga-1-300x225.jpg 300w, https:\/\/www.cosmorevas.tk\/wp-content\/uploads\/2019\/10\/Korea-del-Nord-diga-1-768x576.jpg 768w, https:\/\/www.cosmorevas.tk\/wp-content\/uploads\/2019\/10\/Korea-del-Nord-diga-1-705x529.jpg 705w, https:\/\/www.cosmorevas.tk\/wp-content\/uploads\/2019\/10\/Korea-del-Nord-diga-1-450x338.jpg 450w\" data-sizes=\"auto, (max-width: 1000px) 100vw, 1000px\" src=\"data:image\/svg+xml;base64,PHN2ZyB3aWR0aD0iMSIgaGVpZ2h0PSIxIiB4bWxucz0iaHR0cDovL3d3dy53My5vcmcvMjAwMC9zdmciPjwvc3ZnPg==\" style=\"--smush-placeholder-width: 1000px; --smush-placeholder-aspect-ratio: 1000\/750;\" \/><a href=\"https:\/\/www.cosmorevas.tk\/wp-content\/uploads\/2019\/10\/Korea-del-Nord-diga-1.jpg\" data-srcset=\"https:\/\/www.cosmorevas.tk\/wp-content\/uploads\/2019\/10\/Korea-del-Nord-diga-1.jpg 1000w, https:\/\/www.cosmorevas.tk\/wp-content\/uploads\/2019\/10\/Korea-del-Nord-diga-1-300x225.jpg 300w, https:\/\/www.cosmorevas.tk\/wp-content\/uploads\/2019\/10\/Korea-del-Nord-diga-1-768x576.jpg 768w, https:\/\/www.cosmorevas.tk\/wp-content\/uploads\/2019\/10\/Korea-del-Nord-diga-1-705x529.jpg 705w, https:\/\/www.cosmorevas.tk\/wp-content\/uploads\/2019\/10\/Korea-del-Nord-diga-1-450x338.jpg 450w\" data-sizes=\"(max-width: 1000px) 100vw, 1000px\" class='av-horizontal-gallery-link avia-svg-icon avia-font-svg_entypo-fontello' data-av_svg_icon='resize-full' data-av_iconset='svg_entypo-fontello' title='Corea del Norte - Represa' alt='Corea del Norte - Represa' aria-label='Open image in lightbox: Corea del Norte - Represa'><svg version=\"1.1\" xmlns=\"http:\/\/www.w3.org\/2000\/svg\" width=\"25\" height=\"32\" viewBox=\"0 0 25 32\" preserveAspectRatio=\"xMidYMid meet\" aria-labelledby='av-svg-title-34' aria-describedby='av-svg-desc-34' role=\"graphics-symbol\" aria-hidden=\"true\">\n<title id='av-svg-title-34'>Open image in lightbox: Corea del Norte - Represa<\/title>\n<desc id='av-svg-desc-34'>Open image in lightbox: Corea del Norte - Represa<\/desc>\n<path d=\"M15.232 3.328h10.112v10.112l-3.2-3.968-4.672 4.864-3.2-3.2 4.864-4.672zM7.872 17.536l3.2 3.2-4.864 4.672 3.904 3.2h-10.112v-10.112l3.2 3.904z\"><\/path>\n<\/svg><\/a><\/div><div class=\"av-horizontal-gallery-wrap noHover\"><img decoding=\"async\" class='wp-image-8795 avia-img-lazy-loading-8795 av-horizontal-gallery-img lazyload' width=\"1000\" height=\"750\" data-src=\"https:\/\/www.cosmorevas.tk\/wp-content\/uploads\/2019\/10\/Korea-del-Nord-campagna-1.jpg\" title='Corea del Norte - paisaje' alt='Corea del Norte - paisaje' data-srcset=\"https:\/\/www.cosmorevas.tk\/wp-content\/uploads\/2019\/10\/Korea-del-Nord-campagna-1.jpg 1000w, https:\/\/www.cosmorevas.tk\/wp-content\/uploads\/2019\/10\/Korea-del-Nord-campagna-1-300x225.jpg 300w, https:\/\/www.cosmorevas.tk\/wp-content\/uploads\/2019\/10\/Korea-del-Nord-campagna-1-768x576.jpg 768w, https:\/\/www.cosmorevas.tk\/wp-content\/uploads\/2019\/10\/Korea-del-Nord-campagna-1-705x529.jpg 705w, https:\/\/www.cosmorevas.tk\/wp-content\/uploads\/2019\/10\/Korea-del-Nord-campagna-1-450x338.jpg 450w\" data-sizes=\"auto, (max-width: 1000px) 100vw, 1000px\" src=\"data:image\/svg+xml;base64,PHN2ZyB3aWR0aD0iMSIgaGVpZ2h0PSIxIiB4bWxucz0iaHR0cDovL3d3dy53My5vcmcvMjAwMC9zdmciPjwvc3ZnPg==\" style=\"--smush-placeholder-width: 1000px; --smush-placeholder-aspect-ratio: 1000\/750;\" \/><a href=\"https:\/\/www.cosmorevas.tk\/wp-content\/uploads\/2019\/10\/Korea-del-Nord-campagna-1.jpg\" data-srcset=\"https:\/\/www.cosmorevas.tk\/wp-content\/uploads\/2019\/10\/Korea-del-Nord-campagna-1.jpg 1000w, https:\/\/www.cosmorevas.tk\/wp-content\/uploads\/2019\/10\/Korea-del-Nord-campagna-1-300x225.jpg 300w, https:\/\/www.cosmorevas.tk\/wp-content\/uploads\/2019\/10\/Korea-del-Nord-campagna-1-768x576.jpg 768w, https:\/\/www.cosmorevas.tk\/wp-content\/uploads\/2019\/10\/Korea-del-Nord-campagna-1-705x529.jpg 705w, https:\/\/www.cosmorevas.tk\/wp-content\/uploads\/2019\/10\/Korea-del-Nord-campagna-1-450x338.jpg 450w\" data-sizes=\"(max-width: 1000px) 100vw, 1000px\" class='av-horizontal-gallery-link avia-svg-icon avia-font-svg_entypo-fontello' data-av_svg_icon='resize-full' data-av_iconset='svg_entypo-fontello' title='Corea del Norte - paisaje' alt='Corea del Norte - paisaje' aria-label='Open image in lightbox: Corea del Norte - paisaje'><svg version=\"1.1\" xmlns=\"http:\/\/www.w3.org\/2000\/svg\" width=\"25\" height=\"32\" viewBox=\"0 0 25 32\" preserveAspectRatio=\"xMidYMid meet\" aria-labelledby='av-svg-title-35' aria-describedby='av-svg-desc-35' role=\"graphics-symbol\" aria-hidden=\"true\">\n<title id='av-svg-title-35'>Open image in lightbox: Corea del Norte - paisaje<\/title>\n<desc id='av-svg-desc-35'>Open image in lightbox: Corea del Norte - paisaje<\/desc>\n<path d=\"M15.232 3.328h10.112v10.112l-3.2-3.968-4.672 4.864-3.2-3.2 4.864-4.672zM7.872 17.536l3.2 3.2-4.864 4.672 3.904 3.2h-10.112v-10.112l3.2 3.904z\"><\/path>\n<\/svg><\/a><\/div><div class=\"av-horizontal-gallery-wrap noHover\"><img decoding=\"async\" class='wp-image-8787 avia-img-lazy-loading-8787 av-horizontal-gallery-img lazyload' width=\"1000\" height=\"750\" data-src=\"https:\/\/www.cosmorevas.tk\/wp-content\/uploads\/2019\/10\/Korea-del-Nord-38\u00b0-Parallelo.jpg\" title='Korea del Nord - 38\u00b0 Parallelo' alt='Korea del Nord - 38\u00b0 Parallelo' data-srcset=\"https:\/\/www.cosmorevas.tk\/wp-content\/uploads\/2019\/10\/Korea-del-Nord-38\u00b0-Parallelo.jpg 1000w, https:\/\/www.cosmorevas.tk\/wp-content\/uploads\/2019\/10\/Korea-del-Nord-38\u00b0-Parallelo-300x225.jpg 300w, https:\/\/www.cosmorevas.tk\/wp-content\/uploads\/2019\/10\/Korea-del-Nord-38\u00b0-Parallelo-768x576.jpg 768w, https:\/\/www.cosmorevas.tk\/wp-content\/uploads\/2019\/10\/Korea-del-Nord-38\u00b0-Parallelo-705x529.jpg 705w, https:\/\/www.cosmorevas.tk\/wp-content\/uploads\/2019\/10\/Korea-del-Nord-38\u00b0-Parallelo-450x338.jpg 450w\" data-sizes=\"auto, (max-width: 1000px) 100vw, 1000px\" src=\"data:image\/svg+xml;base64,PHN2ZyB3aWR0aD0iMSIgaGVpZ2h0PSIxIiB4bWxucz0iaHR0cDovL3d3dy53My5vcmcvMjAwMC9zdmciPjwvc3ZnPg==\" style=\"--smush-placeholder-width: 1000px; --smush-placeholder-aspect-ratio: 1000\/750;\" \/><a href=\"https:\/\/www.cosmorevas.tk\/wp-content\/uploads\/2019\/10\/Korea-del-Nord-38\u00b0-Parallelo.jpg\" data-srcset=\"https:\/\/www.cosmorevas.tk\/wp-content\/uploads\/2019\/10\/Korea-del-Nord-38\u00b0-Parallelo.jpg 1000w, https:\/\/www.cosmorevas.tk\/wp-content\/uploads\/2019\/10\/Korea-del-Nord-38\u00b0-Parallelo-300x225.jpg 300w, https:\/\/www.cosmorevas.tk\/wp-content\/uploads\/2019\/10\/Korea-del-Nord-38\u00b0-Parallelo-768x576.jpg 768w, https:\/\/www.cosmorevas.tk\/wp-content\/uploads\/2019\/10\/Korea-del-Nord-38\u00b0-Parallelo-705x529.jpg 705w, https:\/\/www.cosmorevas.tk\/wp-content\/uploads\/2019\/10\/Korea-del-Nord-38\u00b0-Parallelo-450x338.jpg 450w\" data-sizes=\"(max-width: 1000px) 100vw, 1000px\" class='av-horizontal-gallery-link avia-svg-icon avia-font-svg_entypo-fontello' data-av_svg_icon='resize-full' data-av_iconset='svg_entypo-fontello' title='Korea del Nord - 38\u00b0 Parallelo' alt='Korea del Nord - 38\u00b0 Parallelo' aria-label='Open image in lightbox: Korea del Nord - 38\u00b0 Parallelo'><svg version=\"1.1\" xmlns=\"http:\/\/www.w3.org\/2000\/svg\" width=\"25\" height=\"32\" viewBox=\"0 0 25 32\" preserveAspectRatio=\"xMidYMid meet\" aria-labelledby='av-svg-title-36' aria-describedby='av-svg-desc-36' role=\"graphics-symbol\" aria-hidden=\"true\">\n<title id='av-svg-title-36'>Open image in lightbox: Korea del Nord - 38\u00b0 Parallelo<\/title>\n<desc id='av-svg-desc-36'>Open image in lightbox: Korea del Nord - 38\u00b0 Parallelo<\/desc>\n<path d=\"M15.232 3.328h10.112v10.112l-3.2-3.968-4.672 4.864-3.2-3.2 4.864-4.672zM7.872 17.536l3.2 3.2-4.864 4.672 3.904 3.2h-10.112v-10.112l3.2 3.904z\"><\/path>\n<\/svg><\/a><\/div><div class=\"av-horizontal-gallery-wrap noHover\"><img decoding=\"async\" class='wp-image-8784 avia-img-lazy-loading-8784 av-horizontal-gallery-img lazyload' width=\"1000\" height=\"750\" data-src=\"https:\/\/www.cosmorevas.tk\/wp-content\/uploads\/2019\/10\/Korea-del-Nord-38\u00b0-Parallelo-Korea-del-Sud-1.jpg\" title='Korea del Nord - 38\u00b0 Parallelo - Korea del Sud' alt='Korea del Nord - 38\u00b0 Parallelo - Korea del Sud' data-srcset=\"https:\/\/www.cosmorevas.tk\/wp-content\/uploads\/2019\/10\/Korea-del-Nord-38\u00b0-Parallelo-Korea-del-Sud-1.jpg 1000w, https:\/\/www.cosmorevas.tk\/wp-content\/uploads\/2019\/10\/Korea-del-Nord-38\u00b0-Parallelo-Korea-del-Sud-1-300x225.jpg 300w, https:\/\/www.cosmorevas.tk\/wp-content\/uploads\/2019\/10\/Korea-del-Nord-38\u00b0-Parallelo-Korea-del-Sud-1-768x576.jpg 768w, https:\/\/www.cosmorevas.tk\/wp-content\/uploads\/2019\/10\/Korea-del-Nord-38\u00b0-Parallelo-Korea-del-Sud-1-705x529.jpg 705w, https:\/\/www.cosmorevas.tk\/wp-content\/uploads\/2019\/10\/Korea-del-Nord-38\u00b0-Parallelo-Korea-del-Sud-1-450x338.jpg 450w\" data-sizes=\"auto, (max-width: 1000px) 100vw, 1000px\" src=\"data:image\/svg+xml;base64,PHN2ZyB3aWR0aD0iMSIgaGVpZ2h0PSIxIiB4bWxucz0iaHR0cDovL3d3dy53My5vcmcvMjAwMC9zdmciPjwvc3ZnPg==\" style=\"--smush-placeholder-width: 1000px; --smush-placeholder-aspect-ratio: 1000\/750;\" \/><a href=\"https:\/\/www.cosmorevas.tk\/wp-content\/uploads\/2019\/10\/Korea-del-Nord-38\u00b0-Parallelo-Korea-del-Sud-1.jpg\" data-srcset=\"https:\/\/www.cosmorevas.tk\/wp-content\/uploads\/2019\/10\/Korea-del-Nord-38\u00b0-Parallelo-Korea-del-Sud-1.jpg 1000w, https:\/\/www.cosmorevas.tk\/wp-content\/uploads\/2019\/10\/Korea-del-Nord-38\u00b0-Parallelo-Korea-del-Sud-1-300x225.jpg 300w, https:\/\/www.cosmorevas.tk\/wp-content\/uploads\/2019\/10\/Korea-del-Nord-38\u00b0-Parallelo-Korea-del-Sud-1-768x576.jpg 768w, https:\/\/www.cosmorevas.tk\/wp-content\/uploads\/2019\/10\/Korea-del-Nord-38\u00b0-Parallelo-Korea-del-Sud-1-705x529.jpg 705w, https:\/\/www.cosmorevas.tk\/wp-content\/uploads\/2019\/10\/Korea-del-Nord-38\u00b0-Parallelo-Korea-del-Sud-1-450x338.jpg 450w\" data-sizes=\"(max-width: 1000px) 100vw, 1000px\" class='av-horizontal-gallery-link avia-svg-icon avia-font-svg_entypo-fontello' data-av_svg_icon='resize-full' data-av_iconset='svg_entypo-fontello' title='Korea del Nord - 38\u00b0 Parallelo - Korea del Sud' alt='Korea del Nord - 38\u00b0 Parallelo - Korea del Sud' aria-label='Open image in lightbox: Korea del Nord - 38\u00b0 Parallelo - Korea del Sud'><svg version=\"1.1\" xmlns=\"http:\/\/www.w3.org\/2000\/svg\" width=\"25\" height=\"32\" viewBox=\"0 0 25 32\" preserveAspectRatio=\"xMidYMid meet\" aria-labelledby='av-svg-title-37' aria-describedby='av-svg-desc-37' role=\"graphics-symbol\" aria-hidden=\"true\">\n<title id='av-svg-title-37'>Open image in lightbox: Korea del Nord - 38\u00b0 Parallelo - Korea del Sud<\/title>\n<desc id='av-svg-desc-37'>Open image in lightbox: Korea del Nord - 38\u00b0 Parallelo - Korea del Sud<\/desc>\n<path d=\"M15.232 3.328h10.112v10.112l-3.2-3.968-4.672 4.864-3.2-3.2 4.864-4.672zM7.872 17.536l3.2 3.2-4.864 4.672 3.904 3.2h-10.112v-10.112l3.2 3.904z\"><\/path>\n<\/svg><\/a><\/div><\/div><\/div><\/div><\/div>\n\n<\/div><\/div><\/div><!-- close content main div --><\/div><\/div><div id='av_section_3'  class='avia-section av-in9utd-9fa8e786dc5fc3400a5647385ab93b5c main_color avia-section-default avia-no-border-styling  avia-builder-el-16  el_after_av_section  el_before_av_section  avia-bg-style-scroll container_wrap fullsize'  ><div class='container av-section-cont-open' ><div class='template-page content  av-content-full alpha units'><div class='post-entry post-entry-type-page post-entry-10328'><div class='entry-content-wrapper clearfix'>\n\n<style type=\"text\/css\" data-created_by=\"avia_inline_auto\" id=\"style-css-av-hd5u0h-fa614df1924f9e47b6df1fd820e77a14\">\n.flex_column.av-hd5u0h-fa614df1924f9e47b6df1fd820e77a14{\nborder-radius:0px 0px 0px 0px;\npadding:0px 0px 0px 0px;\n}\n<\/style>\n<div  class='flex_column av-hd5u0h-fa614df1924f9e47b6df1fd820e77a14 av_three_fourth  avia-builder-el-17  el_before_av_one_fourth  avia-builder-el-first  first flex_column_div av-zero-column-padding  '     ><section  class='av_textblock_section av-1mzoap-95cbf06ba65ea27d487ec7b86310c733 '   itemscope=\"itemscope\" itemtype=\"https:\/\/schema.org\/CreativeWork\" ><div class='avia_textblock'  itemprop=\"text\" ><h2>LA IDEA<\/h2>\n<p>El aumento excesivo de los precios de las aerol\u00edneas a <a href=\"https:\/\/www.cosmorevas.tk\/es\/destinos\/mexico\/\" target=\"_blank\" rel=\"noopener\">M\u00e9xico<\/a> me hizo posponer ese viaje al a\u00f1o siguiente.<br \/>\nLuego eleg\u00ed continuar idealmente el viaje del a\u00f1o anterior en el <a href=\"https:\/\/www.cosmorevas.tk\/es\/destinos\/transiberiano\/\" target=\"_blank\" rel=\"noopener\">Transiberiano<\/a>, tregresando a <a href=\"https:\/\/www.cosmorevas.tk\/es\/destinos\/china\/\" target=\"_blank\" rel=\"noopener\">China<\/a>.<\/p>\n<p>La experiencia me ha ense\u00f1ado que mudarse a varios pa\u00edses hace que el per\u00edodo de viaje parezca m\u00e1s largo de lo que realmente es. As\u00ed que tuve que elegir a d\u00f3nde ir.<\/p>\n<h2>POR QU\u00c9 IR<\/h2>\n<p>Hay un estado del que siempre se habla mal y casi exclusivamente por rumores.<br \/>\nLa noticia que llega a menudo se inventa, ya que muy pocos son los que realmente fueron all\u00ed.<\/p>\n<p>Un viajero debe ver el mundo con sus ojos.<br \/>\nAqu\u00ed m\u00e1s que en cualquier otro lugar, cada imagen preconcebida debe dejarse en casa.<\/p>\n<p>La informaci\u00f3n habla de menos de 100 extranjeros que vienen aqu\u00ed, la mayor\u00eda de los cuales son ciudadanos rusos o chinos.<br \/>\nEsto afect\u00f3 mucho mi elecci\u00f3n. Quer\u00eda ser uno de los pocos.<\/p>\n<p>El viaje fue decidido.<br \/>\n\u00bfPero fue factible?<\/p>\n<h2>COMO IR<\/h2>\n<p>A pesar de lo que se pueda pensar, un viaje a la Rep\u00fablica Popular Democr\u00e1tica de Corea, Corea del Norte o la abreviada DPKR es una de las m\u00e1s f\u00e1ciles de organizar. Solo porque no hay nada que organizar.<\/p>\n<p>Solo tom\u00f3 3 d\u00edas de correo electr\u00f3nico con la agencia autorizada y algunos documentos firmados para obtener la visa (que se aplicar\u00e1 materialmente en la embajada), los boletos de avi\u00f3n desde Beijing, los hoteles, los movimientos, el acceso a los lugares principales y todos los restaurantes incluidos.<\/p>\n<p>Aqu\u00ed, como en cualquier otro lugar, un viajero debe respetar las leyes y tradiciones del lugar. Entre otras cosas, los comportamientos a respetar se explican bien en las hojas que firmas, acept\u00e1ndolos. Criticarlos m\u00e1s tarde es irrespetuoso e injusto.<\/p>\n<h2>PREJUICIOS, ANTEOJERAS E MALDICENCIAS COMUNE<\/h2>\n<p>Ning\u00fan estado en el mundo sea tan poco conocido personalmente, sino que sea criticado inversamente.<br \/>\nEsto muestra que casi todas las historias son el resultado de inventos, prejuicios y calumnias dictadas por la ignorancia y el pensamiento lobotizado.<\/p>\n<p>Fue casi divertido pensar en algo que se escuch\u00f3 al respecto y luego ver que la realidad era casi siempre lo contrario.<\/p>\n<h2>EL PRIMER CONTACTO<\/h2>\n<p>El check-in para el vuelo de Air Korio a Pyongyang se encuentra en una puerta casi aislada del aeropuerto de Beijing.<br \/>\nLas personas en la fila est\u00e1n probablemente entre las m\u00e1s curiosas del mundo.<br \/>\nNos miramos sonriendo, como si cada uno de nosotros se sintiera parte de un viaje en particular, diferente de todos los dem\u00e1s.<\/p>\n<p>El interior del avi\u00f3n Ilyushin Il-62 se remonta inmediatamente a la d\u00e9cada de 1960 de la Uni\u00f3n Sovi\u00e9tica, pero la tripulaci\u00f3n y el men\u00fa servido sin duda coinciden con otras aerol\u00edneas.<\/p>\n<p>Despu\u00e9s de aproximadamente 2 horas de vuelo, aterrizo en Pyongyang. Estoy en Corea del Norte.<\/p>\n<p>El operador del aeropuerto limpia las mochillas antes de colocarlo suavemente en la cinta transportadora.<br \/>\nLos diversos grupos, basados \u200b\u200ben la agencia y el idioma elegidos, ya est\u00e1n capacitados y, por lo tanto, todo lo que queda es llegar a su propia gu\u00eda.<\/p>\n<p>El tel\u00e9fono m\u00f3vil debe dejarse a la seguridad del aeropuerto, que lo sellar\u00e1 en un sobre mediante la liberaci\u00f3n del n\u00famero correspondiente, para recogerlo a la salida. Para algunos puede ser una pesadilla, para otros, como yo, un alivio.<\/p>\n<p>Despu\u00e9s de registrar el equipaje, me subo al minib\u00fas de 15 plazas que nos llevar\u00e1 lejos en estos d\u00edas.<\/p>\n<p>El se\u00f1or Kim y la se\u00f1orita Ha ser\u00e1n nuestras gu\u00edas &#8220;personales&#8221;. Hablan un ingl\u00e9s perfecto e inmediatamente nos explican que son nuestros gerentes y que cualquier cosa tendr\u00e1 que acordarse con ellos.<\/p>\n<p>Lo que lo deja inmediatamente sorprendido es la referencia continua a Corea, no a Corea del Norte. Pregunto por qu\u00e9 y la respuesta es a\u00fan m\u00e1s sorprendente &#8220;para nosotros Corea es uno, no tenemos nada en contra de nuestros hermanos en el Sur, hablamos el mismo idioma y tenemos la misma sangre. El problema son los Estados Unidos&#8221;.<\/p>\n<p>Nunca pens\u00e9 que escuchar\u00eda estas palabras.<\/p>\n<\/div><\/section><\/div>\n<style type=\"text\/css\" data-created_by=\"avia_inline_auto\" id=\"style-css-av-a9f341-e21e1ceb6800bc7658e7e1cc779ff43e\">\n.flex_column.av-a9f341-e21e1ceb6800bc7658e7e1cc779ff43e{\nborder-radius:0px 0px 0px 0px;\npadding:0px 0px 0px 0px;\n}\n<\/style>\n<div  class='flex_column av-a9f341-e21e1ceb6800bc7658e7e1cc779ff43e av_one_fourth  avia-builder-el-19  el_after_av_three_fourth  avia-builder-el-last  flex_column_div av-zero-column-padding  '     ><section  class='av_textblock_section av-9a9v9t-4a9a7cdf9e4799938aa9ce1cbdd0f87d '   itemscope=\"itemscope\" itemtype=\"https:\/\/schema.org\/CreativeWork\" ><div class='avia_textblock'  itemprop=\"text\" ><h3>Itinerario recomendado:<\/h3>\n<ul>\n<li>Pyongyang<\/li>\n<\/ul>\n<p>Escritura en progreso:<br \/>\nSi necesita urgentemente un art\u00edculo en particular<br \/>\n<a href=\"https:\/\/www.cosmorevas.tk\/es\/escribeme\/\" target=\"_blank\" rel=\"noopener\">escr\u00edbeme<\/a> y te dar\u00e9 una prioridad.<\/p>\n<\/div><\/section><\/div>\n\n<\/div><\/div><\/div><!-- close content main div --><\/div><\/div><div id='av_section_4'  class='avia-section av-7w68pt-e44abd642cd4f9a448f5a57efd1b36d7 main_color avia-section-default avia-no-border-styling  avia-builder-el-21  el_after_av_section  el_before_av_masonry_entries  avia-bg-style-scroll container_wrap fullsize'  ><div class='container av-section-cont-open' ><div class='template-page content  av-content-full alpha units'><div class='post-entry post-entry-type-page post-entry-10328'><div class='entry-content-wrapper clearfix'>\n<div  class='hr av-4rhr4t-0457d6468bb4240b9a6e92c92112b92c hr-default  avia-builder-el-22  el_before_av_one_full  avia-builder-el-first '><span class='hr-inner '><span class=\"hr-inner-style\"><\/span><\/span><\/div>\n\n<style type=\"text\/css\" data-created_by=\"avia_inline_auto\" id=\"style-css-av-1wxm3l-a6c27040dbc4bf519b5539926d55b458\">\n.flex_column.av-1wxm3l-a6c27040dbc4bf519b5539926d55b458{\nborder-radius:0px 0px 0px 0px;\npadding:0px 0px 0px 0px;\n}\n<\/style>\n<div  class='flex_column av-1wxm3l-a6c27040dbc4bf519b5539926d55b458 av_one_full  avia-builder-el-23  el_after_av_hr  avia-builder-el-last  first flex_column_div av-zero-column-padding  '     ><style type=\"text\/css\" data-created_by=\"avia_inline_auto\" id=\"style-css-av-2200tp-5c41f0861878e70ae5b9f2b8459d5e7f\">\n#top .av-special-heading.av-2200tp-5c41f0861878e70ae5b9f2b8459d5e7f{\npadding-bottom:10px;\n}\nbody .av-special-heading.av-2200tp-5c41f0861878e70ae5b9f2b8459d5e7f .av-special-heading-tag .heading-char{\nfont-size:25px;\n}\n.av-special-heading.av-2200tp-5c41f0861878e70ae5b9f2b8459d5e7f .av-subheading{\nfont-size:15px;\n}\n<\/style>\n<div  class='av-special-heading av-2200tp-5c41f0861878e70ae5b9f2b8459d5e7f av-special-heading-h2 blockquote modern-quote modern-centered  avia-builder-el-24  avia-builder-el-no-sibling '><h2 class='av-special-heading-tag '  itemprop=\"headline\"  >podr\u00edas continuar tu viaje en<\/h2><div class=\"special-heading-border\"><div class=\"special-heading-inner-border\"><\/div><\/div><\/div><\/div>\n\n<div id='av-masonry-1' class='av-masonry av-k0jjmx73-4c24e205ee09c1261448446139f4d33f noHover av-fixed-size av-no-gap av-hover-overlay- av-masonry-animation-active av-masonry-col-4 av-caption-on-hover av-caption-style-overlay av-masonry-entries av-orientation-square ' data-post_id=\"10328\"><div class=\"av-masonry-container isotope av-js-disabled\"><div class='av-masonry-entry isotope-item av-masonry-item-no-image '><\/div><a href=\"https:\/\/www.cosmorevas.tk\/es\/destinos\/area-sami-laponia\/\"  id='av-masonry-1-item-15243' data-av-masonry-item='15243' class='av-masonry-entry isotope-item post-15243 portfolio type-portfolio status-publish has-post-thumbnail hentry tag-artico-es tag-europa-es tag-laponia tag-noruega tag-sami-es portfolio_entries-artico-es portfolio_entries-corea-del-norte portfolio_entries-destinos portfolio_entries-rusia  av-masonry-item-with-image' title=\"Noruega &#8211; Tromso &#8211; Sami\"   itemscope=\"itemscope\" itemtype=\"https:\/\/schema.org\/CreativeWork\" ><div class='av-inner-masonry-sizer'><\/div><figure class='av-inner-masonry main_color'><div class=\"av-masonry-outerimage-container\"><div class='av-masonry-image-container lazyload' style=\"background-image:inherit;\"  title=\"Noruega &#8211; Tromso &#8211; Sami\"  data-bg-image=\"url(https:\/\/www.cosmorevas.tk\/wp-content\/uploads\/2020\/07\/Norvegia-Tromso-Sami-705x529.jpg)\"><\/div><\/div><figcaption class='av-inner-masonry-content site-background'><div class='av-inner-masonry-content-pos'><div class='av-inner-masonry-content-pos-content'><div class='avia-arrow'><\/div><h3 class='av-masonry-entry-title entry-title '  itemprop=\"headline\" >Area Sami &#8211; Laponia<\/h3><\/div><\/div><\/figcaption><\/figure><\/a><!--end av-masonry entry--><a href=\"https:\/\/www.cosmorevas.tk\/es\/destinos\/china\/\"  id='av-masonry-1-item-10327' data-av-masonry-item='10327' class='av-masonry-entry isotope-item post-10327 portfolio type-portfolio status-publish has-post-thumbnail hentry tag-asia-es tag-china-es tag-historia tag-transiberiano tag-viajes-politicos portfolio_entries-china-es portfolio_entries-destinos  av-masonry-item-with-image' title=\"China\"   itemscope=\"itemscope\" itemtype=\"https:\/\/schema.org\/CreativeWork\" ><div class='av-inner-masonry-sizer'><\/div><figure class='av-inner-masonry main_color'><div class=\"av-masonry-outerimage-container\"><div class='av-masonry-image-container lazyload' style=\"background-image:inherit;\"  title=\"China\"  data-bg-image=\"url(https:\/\/www.cosmorevas.tk\/wp-content\/uploads\/2017\/04\/Cina-705x529.jpg)\"><\/div><\/div><figcaption class='av-inner-masonry-content site-background'><div class='av-inner-masonry-content-pos'><div class='av-inner-masonry-content-pos-content'><div class='avia-arrow'><\/div><h3 class='av-masonry-entry-title entry-title '  itemprop=\"headline\" >China<\/h3><\/div><\/div><\/figcaption><\/figure><\/a><!--end av-masonry entry--><a href=\"https:\/\/www.cosmorevas.tk\/es\/destinos\/rusia\/\"  id='av-masonry-1-item-10324' data-av-masonry-item='10324' class='av-masonry-entry isotope-item post-10324 portfolio type-portfolio status-publish has-post-thumbnail hentry tag-artico-es tag-asia-es tag-europa-es tag-historia tag-rusia tag-transiberiano tag-viajes-politicos portfolio_entries-destinos portfolio_entries-rusia  av-masonry-item-with-image' title=\"Rusia\"   itemscope=\"itemscope\" itemtype=\"https:\/\/schema.org\/CreativeWork\" ><div class='av-inner-masonry-sizer'><\/div><figure class='av-inner-masonry main_color'><div class=\"av-masonry-outerimage-container\"><div class='av-masonry-image-container lazyload' style=\"background-image:inherit;\"  title=\"Rusia\"  data-bg-image=\"url(https:\/\/www.cosmorevas.tk\/wp-content\/uploads\/2017\/04\/Piazza-Rossa-Mosca-Russia-705x668.jpg)\"><\/div><\/div><figcaption class='av-inner-masonry-content site-background'><div class='av-inner-masonry-content-pos'><div class='av-inner-masonry-content-pos-content'><div class='avia-arrow'><\/div><h3 class='av-masonry-entry-title entry-title '  itemprop=\"headline\" >Rusia<\/h3><\/div><\/div><\/figcaption><\/figure><\/a><!--end av-masonry entry--><a href=\"https:\/\/www.cosmorevas.tk\/es\/destinos\/transiberiano\/\"  id='av-masonry-1-item-10325' data-av-masonry-item='10325' class='av-masonry-entry isotope-item post-10325 portfolio type-portfolio status-publish has-post-thumbnail hentry tag-china-es tag-historia tag-mongolia-es tag-rusia tag-transiberiano tag-viajes-politicos portfolio_entries-destinos portfolio_entries-transiberiano  av-masonry-item-with-image' title=\"Transiberiano\"   itemscope=\"itemscope\" itemtype=\"https:\/\/schema.org\/CreativeWork\" ><div class='av-inner-masonry-sizer'><\/div><figure class='av-inner-masonry main_color'><div class=\"av-masonry-outerimage-container\"><div class='av-masonry-image-container lazyload' style=\"background-image:inherit;\"  title=\"Transiberiano\"  data-bg-image=\"url(https:\/\/www.cosmorevas.tk\/wp-content\/uploads\/2017\/04\/Transiberiana-705x529.jpg)\"><\/div><\/div><figcaption class='av-inner-masonry-content site-background'><div class='av-inner-masonry-content-pos'><div class='av-inner-masonry-content-pos-content'><div class='avia-arrow'><\/div><h3 class='av-masonry-entry-title entry-title '  itemprop=\"headline\" >Transiberiano<\/h3><\/div><\/div><\/figcaption><\/figure><\/a><!--end av-masonry entry--><\/div><\/div>\n<div id='av_section_5'  class='avia-section av-gzz01-f10f583b4baae709e527e0e0fcceb8a1 main_color avia-section-default avia-no-border-styling  avia-builder-el-26  el_after_av_masonry_entries  el_before_av_one_full  avia-bg-style-scroll container_wrap fullsize'  ><div class='container av-section-cont-open' ><div class='template-page content  av-content-full alpha units'><div class='post-entry post-entry-type-page post-entry-10328'><div class='entry-content-wrapper clearfix'>\n<div  class='hr av-2ywn29-ecd34512e82cea1f341004238a53e694 hr-default  avia-builder-el-27  el_before_av_heading  avia-builder-el-first '><span class='hr-inner '><span class=\"hr-inner-style\"><\/span><\/span><\/div>\n\n<style type=\"text\/css\" data-created_by=\"avia_inline_auto\" id=\"style-css-av-3t3r8d-b47a285596d981ea4d30f11fa7252573\">\n#top .av-special-heading.av-3t3r8d-b47a285596d981ea4d30f11fa7252573{\npadding-bottom:10px;\n}\nbody .av-special-heading.av-3t3r8d-b47a285596d981ea4d30f11fa7252573 .av-special-heading-tag .heading-char{\nfont-size:25px;\n}\n.av-special-heading.av-3t3r8d-b47a285596d981ea4d30f11fa7252573 .av-subheading{\nfont-size:15px;\n}\n<\/style>\n<div  class='av-special-heading av-3t3r8d-b47a285596d981ea4d30f11fa7252573 av-special-heading-h2 blockquote modern-quote modern-centered  avia-builder-el-28  el_after_av_hr  avia-builder-el-last '><h2 class='av-special-heading-tag '  itemprop=\"headline\"  >o busca otra inspiraci\u00f3n<\/h2><div class=\"special-heading-border\"><div class=\"special-heading-inner-border\"><\/div><\/div><\/div>\n<\/div><\/div><\/div><!-- close content main div --><\/div><\/div><div id='after_section_5'  class='main_color av_default_container_wrap container_wrap fullsize'  ><div class='container av-section-cont-open' ><div class='template-page content  av-content-full alpha units'><div class='post-entry post-entry-type-page post-entry-10328'><div class='entry-content-wrapper clearfix'>\n\n<style type=\"text\/css\" data-created_by=\"avia_inline_auto\" id=\"style-css-av-301tpc-7c90b092cd98bdf1a1e71abc43fbed77\">\n.flex_column.av-301tpc-7c90b092cd98bdf1a1e71abc43fbed77{\nborder-radius:0px 0px 0px 0px;\npadding:0px 0px 0px 0px;\n}\n<\/style>\n<div  class='flex_column av-301tpc-7c90b092cd98bdf1a1e71abc43fbed77 av_one_full  avia-builder-el-29  el_after_av_section  el_before_av_hr  avia-builder-el-first  first flex_column_div av-zero-column-padding  '     ><div id='av-masonry-2' class='av-masonry av-k0jjumz1-0e6488e104dd512170189009ee216c92 noHover av-fixed-size av-no-gap av-hover-overlay- av-masonry-animation- av-masonry-col-5 av-caption-on-hover av-caption-style-overlay av-masonry-entries av-orientation-square ' data-post_id=\"10328\"><div class=\"av-masonry-container isotope av-js-disabled\"><div class='av-masonry-entry isotope-item av-masonry-item-no-image '><\/div><a href=\"https:\/\/www.cosmorevas.tk\/es\/destinos\/cerdena\/\"  id='av-masonry-2-item-10314' data-av-masonry-item='10314' class='av-masonry-entry isotope-item post-10314 portfolio type-portfolio status-publish has-post-thumbnail hentry tag-animales tag-cerdena tag-europa-es tag-historia tag-isla tag-mar tag-viajes-politicos portfolio_entries-cerdena portfolio_entries-destinos  av-masonry-item-with-image' title=\"Cerde\u00f1a\"   itemscope=\"itemscope\" itemtype=\"https:\/\/schema.org\/CreativeWork\" ><div class='av-inner-masonry-sizer'><\/div><figure class='av-inner-masonry main_color'><div class=\"av-masonry-outerimage-container\"><div class='av-masonry-image-container lazyload' style=\"background-image:inherit;\"  title=\"Cerde\u00f1a\"  data-bg-image=\"url(https:\/\/www.cosmorevas.tk\/wp-content\/uploads\/2017\/04\/Nuraghe-Sardegna-705x529.jpg)\"><\/div><\/div><figcaption class='av-inner-masonry-content site-background'><div class='av-inner-masonry-content-pos'><div class='av-inner-masonry-content-pos-content'><div class='avia-arrow'><\/div><h3 class='av-masonry-entry-title entry-title '  itemprop=\"headline\" >Cerde\u00f1a<\/h3><\/div><\/div><\/figcaption><\/figure><\/a><!--end av-masonry entry--><a href=\"https:\/\/www.cosmorevas.tk\/es\/destinos\/camboya\/\"  id='av-masonry-2-item-10332' data-av-masonry-item='10332' class='av-masonry-entry isotope-item post-10332 portfolio type-portfolio status-publish has-post-thumbnail hentry tag-animales tag-asia-es tag-camboya tag-historia tag-viajes-politicos portfolio_entries-camboya portfolio_entries-destinos  av-masonry-item-with-image' title=\"Camboya\"   itemscope=\"itemscope\" itemtype=\"https:\/\/schema.org\/CreativeWork\" ><div class='av-inner-masonry-sizer'><\/div><figure class='av-inner-masonry main_color'><div class=\"av-masonry-outerimage-container\"><div class='av-masonry-image-container lazyload' style=\"background-image:inherit;\"  title=\"Camboya\"  data-bg-image=\"url(https:\/\/www.cosmorevas.tk\/wp-content\/uploads\/2017\/03\/Cambogia.jpg)\"><\/div><\/div><figcaption class='av-inner-masonry-content site-background'><div class='av-inner-masonry-content-pos'><div class='av-inner-masonry-content-pos-content'><div class='avia-arrow'><\/div><h3 class='av-masonry-entry-title entry-title '  itemprop=\"headline\" >Camboya<\/h3><\/div><\/div><\/figcaption><\/figure><\/a><!--end av-masonry entry--><a href=\"https:\/\/www.cosmorevas.tk\/es\/destinos\/cuba\/\"  id='av-masonry-2-item-10331' data-av-masonry-item='10331' class='av-masonry-entry isotope-item post-10331 portfolio type-portfolio status-publish has-post-thumbnail hentry tag-america-del-sur tag-cuba-es tag-historia tag-isla tag-mar tag-viajes-politicos portfolio_entries-cuba-es portfolio_entries-destinos  av-masonry-item-with-image' title=\"Cuba\"   itemscope=\"itemscope\" itemtype=\"https:\/\/schema.org\/CreativeWork\" ><div class='av-inner-masonry-sizer'><\/div><figure class='av-inner-masonry main_color'><div class=\"av-masonry-outerimage-container\"><div class='av-masonry-image-container lazyload' style=\"background-image:inherit;\"  title=\"Cuba\"  data-bg-image=\"url(https:\/\/www.cosmorevas.tk\/wp-content\/uploads\/2017\/03\/Fidel-Castro-Che-Guevara-Camilo-Cienfuegos-La-Habana-Cuba-Plaza-de-la-Revolucion-705x589.jpg)\"><\/div><\/div><figcaption class='av-inner-masonry-content site-background'><div class='av-inner-masonry-content-pos'><div class='av-inner-masonry-content-pos-content'><div class='avia-arrow'><\/div><h3 class='av-masonry-entry-title entry-title '  itemprop=\"headline\" >Cuba<\/h3><\/div><\/div><\/figcaption><\/figure><\/a><!--end av-masonry entry--><a href=\"https:\/\/www.cosmorevas.tk\/es\/destinos\/argentina\/\"  id='av-masonry-2-item-10340' data-av-masonry-item='10340' class='av-masonry-entry isotope-item post-10340 portfolio type-portfolio status-publish has-post-thumbnail hentry tag-america-del-sur tag-animales tag-argentina-es tag-mapuche-es portfolio_entries-argentina-es portfolio_entries-destinos  av-masonry-item-with-image' title=\"Argentina\"   itemscope=\"itemscope\" itemtype=\"https:\/\/schema.org\/CreativeWork\" ><div class='av-inner-masonry-sizer'><\/div><figure class='av-inner-masonry main_color'><div class=\"av-masonry-outerimage-container\"><div class='av-masonry-image-container lazyload' style=\"background-image:inherit;\"  title=\"Argentina\"  data-bg-image=\"url(https:\/\/www.cosmorevas.tk\/wp-content\/uploads\/2023\/03\/Argentina.webp)\"><\/div><\/div><figcaption class='av-inner-masonry-content site-background'><div class='av-inner-masonry-content-pos'><div class='av-inner-masonry-content-pos-content'><div class='avia-arrow'><\/div><h3 class='av-masonry-entry-title entry-title '  itemprop=\"headline\" >Argentina<\/h3><\/div><\/div><\/figcaption><\/figure><\/a><!--end av-masonry entry--><a href=\"https:\/\/www.cosmorevas.tk\/es\/destinos\/espana\/\"  id='av-masonry-2-item-10343' data-av-masonry-item='10343' class='av-masonry-entry isotope-item post-10343 portfolio type-portfolio status-publish has-post-thumbnail hentry tag-cataluna tag-espana tag-pais-vasco tag-mar portfolio_entries-destinos portfolio_entries-espana  av-masonry-item-with-image' title=\"Espa\u00f1a\"   itemscope=\"itemscope\" itemtype=\"https:\/\/schema.org\/CreativeWork\" ><div class='av-inner-masonry-sizer'><\/div><figure class='av-inner-masonry main_color'><div class=\"av-masonry-outerimage-container\"><div class='av-masonry-image-container lazyload' style=\"background-image:inherit;\"  title=\"Espa\u00f1a\"  data-bg-image=\"url(https:\/\/www.cosmorevas.tk\/wp-content\/uploads\/2014\/07\/Spagna.jpg)\"><\/div><\/div><figcaption class='av-inner-masonry-content site-background'><div class='av-inner-masonry-content-pos'><div class='av-inner-masonry-content-pos-content'><div class='avia-arrow'><\/div><h3 class='av-masonry-entry-title entry-title '  itemprop=\"headline\" >Espa\u00f1a<\/h3><\/div><\/div><\/figcaption><\/figure><\/a><!--end av-masonry entry--><a href=\"https:\/\/www.cosmorevas.tk\/es\/destinos\/islas-cook\/\"  id='av-masonry-2-item-10316' data-av-masonry-item='10316' class='av-masonry-entry isotope-item post-10316 portfolio type-portfolio status-publish has-post-thumbnail hentry tag-isla tag-islas-cook tag-mar tag-oceania-es portfolio_entries-destinos portfolio_entries-islas-cook  av-masonry-item-with-image' title=\"Islas Cook\"   itemscope=\"itemscope\" itemtype=\"https:\/\/schema.org\/CreativeWork\" ><div class='av-inner-masonry-sizer'><\/div><figure class='av-inner-masonry main_color'><div class=\"av-masonry-outerimage-container\"><div class='av-masonry-image-container lazyload' style=\"background-image:inherit;\"  title=\"Islas Cook\"  data-bg-image=\"url(https:\/\/www.cosmorevas.tk\/wp-content\/uploads\/2021\/03\/Isole-Cook.jpg)\"><\/div><\/div><figcaption class='av-inner-masonry-content site-background'><div class='av-inner-masonry-content-pos'><div class='av-inner-masonry-content-pos-content'><div class='avia-arrow'><\/div><h3 class='av-masonry-entry-title entry-title '  itemprop=\"headline\" >Islas Cook<\/h3><\/div><\/div><\/figcaption><\/figure><\/a><!--end av-masonry entry--><a href=\"https:\/\/www.cosmorevas.tk\/es\/destinos\/alemania\/\"  id='av-masonry-2-item-10317' data-av-masonry-item='10317' class='av-masonry-entry isotope-item post-10317 portfolio type-portfolio status-publish has-post-thumbnail hentry tag-alemania tag-europa-es tag-historia tag-viajes-politicos portfolio_entries-alemania portfolio_entries-destinos  av-masonry-item-with-image' title=\"Alemania\"   itemscope=\"itemscope\" itemtype=\"https:\/\/schema.org\/CreativeWork\" ><div class='av-inner-masonry-sizer'><\/div><figure class='av-inner-masonry main_color'><div class=\"av-masonry-outerimage-container\"><div class='av-masonry-image-container lazyload' style=\"background-image:inherit;\"  title=\"Alemania\"  data-bg-image=\"url(https:\/\/www.cosmorevas.tk\/wp-content\/uploads\/2018\/11\/Germania.jpg)\"><\/div><\/div><figcaption class='av-inner-masonry-content site-background'><div class='av-inner-masonry-content-pos'><div class='av-inner-masonry-content-pos-content'><div class='avia-arrow'><\/div><h3 class='av-masonry-entry-title entry-title '  itemprop=\"headline\" >Alemania<\/h3><\/div><\/div><\/figcaption><\/figure><\/a><!--end av-masonry entry--><a href=\"https:\/\/www.cosmorevas.tk\/es\/destinos\/islas-fiyi\/\"  id='av-masonry-2-item-12053' data-av-masonry-item='12053' class='av-masonry-entry isotope-item post-12053 portfolio type-portfolio status-publish has-post-thumbnail hentry tag-animales tag-fiji-es tag-mar tag-oceania-es portfolio_entries-destinos portfolio_entries-fiji-es  av-masonry-item-with-image' title=\"Islas Fiyi\"   itemscope=\"itemscope\" itemtype=\"https:\/\/schema.org\/CreativeWork\" ><div class='av-inner-masonry-sizer'><\/div><figure class='av-inner-masonry main_color'><div class=\"av-masonry-outerimage-container\"><div class='av-masonry-image-container lazyload' style=\"background-image:inherit;\"  title=\"Islas Fiyi\"  data-bg-image=\"url(https:\/\/www.cosmorevas.tk\/wp-content\/uploads\/2021\/03\/Isole-Fiji.jpg)\"><\/div><\/div><figcaption class='av-inner-masonry-content site-background'><div class='av-inner-masonry-content-pos'><div class='av-inner-masonry-content-pos-content'><div class='avia-arrow'><\/div><h3 class='av-masonry-entry-title entry-title '  itemprop=\"headline\" >Islas Fiyi<\/h3><\/div><\/div><\/figcaption><\/figure><\/a><!--end av-masonry entry--><a href=\"https:\/\/www.cosmorevas.tk\/es\/destinos\/laos\/\"  id='av-masonry-2-item-10334' data-av-masonry-item='10334' class='av-masonry-entry isotope-item post-10334 portfolio type-portfolio status-publish has-post-thumbnail hentry tag-animales tag-asia-es tag-laos-es portfolio_entries-destinos portfolio_entries-laos-es  av-masonry-item-with-image' title=\"Laos\"   itemscope=\"itemscope\" itemtype=\"https:\/\/schema.org\/CreativeWork\" ><div class='av-inner-masonry-sizer'><\/div><figure class='av-inner-masonry main_color'><div class=\"av-masonry-outerimage-container\"><div class='av-masonry-image-container lazyload' style=\"background-image:inherit;\"  title=\"Laos\"  data-bg-image=\"url(https:\/\/www.cosmorevas.tk\/wp-content\/uploads\/2017\/03\/07.08.2015-09.20-4.jpg)\"><\/div><\/div><figcaption class='av-inner-masonry-content site-background'><div class='av-inner-masonry-content-pos'><div class='av-inner-masonry-content-pos-content'><div class='avia-arrow'><\/div><h3 class='av-masonry-entry-title entry-title '  itemprop=\"headline\" >Laos<\/h3><\/div><\/div><\/figcaption><\/figure><\/a><!--end av-masonry entry--><a href=\"https:\/\/www.cosmorevas.tk\/es\/destinos\/pais-vasco\/\"  id='av-masonry-2-item-10322' data-av-masonry-item='10322' class='av-masonry-entry isotope-item post-10322 portfolio type-portfolio status-publish has-post-thumbnail hentry tag-espana tag-europa-es tag-euskal-herria-es tag-mar tag-viajes-politicos portfolio_entries-destinos portfolio_entries-euskal-herria  av-masonry-item-with-image' title=\"Pa\u00eds Vasco\"   itemscope=\"itemscope\" itemtype=\"https:\/\/schema.org\/CreativeWork\" ><div class='av-inner-masonry-sizer'><\/div><figure class='av-inner-masonry main_color'><div class=\"av-masonry-outerimage-container\"><div class='av-masonry-image-container lazyload' style=\"background-image:inherit;\"  title=\"Pa\u00eds Vasco\"  data-bg-image=\"url(https:\/\/www.cosmorevas.tk\/wp-content\/uploads\/2017\/04\/paesi-baschi-705x470.jpg)\"><\/div><\/div><figcaption class='av-inner-masonry-content site-background'><div class='av-inner-masonry-content-pos'><div class='av-inner-masonry-content-pos-content'><div class='avia-arrow'><\/div><h3 class='av-masonry-entry-title entry-title '  itemprop=\"headline\" >Pa\u00eds Vasco<\/h3><\/div><\/div><\/figcaption><\/figure><\/a><!--end av-masonry entry--><a href=\"https:\/\/www.cosmorevas.tk\/es\/destinos\/area-sami-laponia\/\"  id='av-masonry-2-item-15243' data-av-masonry-item='15243' class='av-masonry-entry isotope-item post-15243 portfolio type-portfolio status-publish has-post-thumbnail hentry tag-artico-es tag-europa-es tag-laponia tag-noruega tag-sami-es portfolio_entries-artico-es portfolio_entries-corea-del-norte portfolio_entries-destinos portfolio_entries-rusia  av-masonry-item-with-image' title=\"Noruega &#8211; Tromso &#8211; Sami\"   itemscope=\"itemscope\" itemtype=\"https:\/\/schema.org\/CreativeWork\" ><div class='av-inner-masonry-sizer'><\/div><figure class='av-inner-masonry main_color'><div class=\"av-masonry-outerimage-container\"><div class='av-masonry-image-container lazyload' style=\"background-image:inherit;\"  title=\"Noruega &#8211; Tromso &#8211; Sami\"  data-bg-image=\"url(https:\/\/www.cosmorevas.tk\/wp-content\/uploads\/2020\/07\/Norvegia-Tromso-Sami-705x529.jpg)\"><\/div><\/div><figcaption class='av-inner-masonry-content site-background'><div class='av-inner-masonry-content-pos'><div class='av-inner-masonry-content-pos-content'><div class='avia-arrow'><\/div><h3 class='av-masonry-entry-title entry-title '  itemprop=\"headline\" >Area Sami &#8211; Laponia<\/h3><\/div><\/div><\/figcaption><\/figure><\/a><!--end av-masonry entry--><a href=\"https:\/\/www.cosmorevas.tk\/es\/destinos\/artico\/\"  id='av-masonry-2-item-10312' data-av-masonry-item='10312' class='av-masonry-entry isotope-item post-10312 portfolio type-portfolio status-publish has-post-thumbnail hentry tag-animales tag-artico-es tag-noruega portfolio_entries-artico-es portfolio_entries-destinos  av-masonry-item-with-image' title=\"Artico\"   itemscope=\"itemscope\" itemtype=\"https:\/\/schema.org\/CreativeWork\" ><div class='av-inner-masonry-sizer'><\/div><figure class='av-inner-masonry main_color'><div class=\"av-masonry-outerimage-container\"><div class='av-masonry-image-container lazyload' style=\"background-image:inherit;\"  title=\"Artico\"  data-bg-image=\"url(https:\/\/www.cosmorevas.tk\/wp-content\/uploads\/2018\/11\/Artico-705x529.jpg)\"><\/div><\/div><figcaption class='av-inner-masonry-content site-background'><div class='av-inner-masonry-content-pos'><div class='av-inner-masonry-content-pos-content'><div class='avia-arrow'><\/div><h3 class='av-masonry-entry-title entry-title '  itemprop=\"headline\" >Artico<\/h3><\/div><\/div><\/figcaption><\/figure><\/a><!--end av-masonry entry--><a href=\"https:\/\/www.cosmorevas.tk\/es\/destinos\/tonga\/\"  id='av-masonry-2-item-13362' data-av-masonry-item='13362' class='av-masonry-entry isotope-item post-13362 portfolio type-portfolio status-publish has-post-thumbnail hentry tag-animales tag-isla tag-mar tag-oceania-es tag-tonga-es portfolio_entries-destinos portfolio_entries-tonga-es  av-masonry-item-with-image' title=\"Tonga\"   itemscope=\"itemscope\" itemtype=\"https:\/\/schema.org\/CreativeWork\" ><div class='av-inner-masonry-sizer'><\/div><figure class='av-inner-masonry main_color'><div class=\"av-masonry-outerimage-container\"><div class='av-masonry-image-container lazyload' style=\"background-image:inherit;\"  title=\"Tonga\"  data-bg-image=\"url(https:\/\/www.cosmorevas.tk\/wp-content\/uploads\/2019\/08\/Balene-a-Tonga.jpg)\"><\/div><\/div><figcaption class='av-inner-masonry-content site-background'><div class='av-inner-masonry-content-pos'><div class='av-inner-masonry-content-pos-content'><div class='avia-arrow'><\/div><h3 class='av-masonry-entry-title entry-title '  itemprop=\"headline\" >Tonga<\/h3><\/div><\/div><\/figcaption><\/figure><\/a><!--end av-masonry entry--><a href=\"https:\/\/www.cosmorevas.tk\/es\/destinos\/tuvalu\/\"  id='av-masonry-2-item-13366' data-av-masonry-item='13366' class='av-masonry-entry isotope-item post-13366 portfolio type-portfolio status-publish has-post-thumbnail hentry tag-isla tag-mar tag-oceania-es tag-tuvalu-es portfolio_entries-destinos portfolio_entries-tuvalu-es  av-masonry-item-with-image' title=\"Tuvalu\"   itemscope=\"itemscope\" itemtype=\"https:\/\/schema.org\/CreativeWork\" ><div class='av-inner-masonry-sizer'><\/div><figure class='av-inner-masonry main_color'><div class=\"av-masonry-outerimage-container\"><div class='av-masonry-image-container lazyload' style=\"background-image:inherit;\"  title=\"Tuvalu\"  data-bg-image=\"url(https:\/\/www.cosmorevas.tk\/wp-content\/uploads\/2021\/03\/Tuvalu-.jpg)\"><\/div><\/div><figcaption class='av-inner-masonry-content site-background'><div class='av-inner-masonry-content-pos'><div class='av-inner-masonry-content-pos-content'><div class='avia-arrow'><\/div><h3 class='av-masonry-entry-title entry-title '  itemprop=\"headline\" >Tuvalu<\/h3><\/div><\/div><\/figcaption><\/figure><\/a><!--end av-masonry entry--><a href=\"https:\/\/www.cosmorevas.tk\/es\/destinos\/zanzibar\/\"  id='av-masonry-2-item-15258' data-av-masonry-item='15258' class='av-masonry-entry isotope-item post-15258 portfolio type-portfolio status-publish has-post-thumbnail hentry tag-africa-es tag-isla tag-mar tag-tanzania-es tag-zanzibar-es portfolio_entries-destinos portfolio_entries-tanzania-es portfolio_entries-zanzibar-es  av-masonry-item-with-image' title=\"Zanzibar\"   itemscope=\"itemscope\" itemtype=\"https:\/\/schema.org\/CreativeWork\" ><div class='av-inner-masonry-sizer'><\/div><figure class='av-inner-masonry main_color'><div class=\"av-masonry-outerimage-container\"><div class='av-masonry-image-container lazyload' style=\"background-image:inherit;\"  title=\"Zanzibar\"  data-bg-image=\"url(https:\/\/www.cosmorevas.tk\/wp-content\/uploads\/2023\/03\/Zanzibar.webp)\"><\/div><\/div><figcaption class='av-inner-masonry-content site-background'><div class='av-inner-masonry-content-pos'><div class='av-inner-masonry-content-pos-content'><div class='avia-arrow'><\/div><h3 class='av-masonry-entry-title entry-title '  itemprop=\"headline\" >Zanzibar<\/h3><\/div><\/div><\/figcaption><\/figure><\/a><!--end av-masonry entry--><a href=\"https:\/\/www.cosmorevas.tk\/es\/destinos\/tanzania\/\"  id='av-masonry-2-item-15260' data-av-masonry-item='15260' class='av-masonry-entry isotope-item post-15260 portfolio type-portfolio status-publish has-post-thumbnail hentry tag-africa-es tag-animales tag-tanzania-es portfolio_entries-animales portfolio_entries-destinos  av-masonry-item-with-image' title=\"Tanzania\"   itemscope=\"itemscope\" itemtype=\"https:\/\/schema.org\/CreativeWork\" ><div class='av-inner-masonry-sizer'><\/div><figure class='av-inner-masonry main_color'><div class=\"av-masonry-outerimage-container\"><div class='av-masonry-image-container lazyload' style=\"background-image:inherit;\"  title=\"Tanzania\"  data-bg-image=\"url(https:\/\/www.cosmorevas.tk\/wp-content\/uploads\/2023\/03\/Tanzania.webp)\"><\/div><\/div><figcaption class='av-inner-masonry-content site-background'><div class='av-inner-masonry-content-pos'><div class='av-inner-masonry-content-pos-content'><div class='avia-arrow'><\/div><h3 class='av-masonry-entry-title entry-title '  itemprop=\"headline\" >Tanzania<\/h3><\/div><\/div><\/figcaption><\/figure><\/a><!--end av-masonry entry--><a href=\"https:\/\/www.cosmorevas.tk\/es\/destinos\/mongolia\/\"  id='av-masonry-2-item-10326' data-av-masonry-item='10326' class='av-masonry-entry isotope-item post-10326 portfolio type-portfolio status-publish has-post-thumbnail hentry tag-animales tag-asia-es tag-mongolia-es tag-transiberiano tag-viajes-politicos portfolio_entries-destinos portfolio_entries-mongolia-es  av-masonry-item-with-image' title=\"Mongolia\"   itemscope=\"itemscope\" itemtype=\"https:\/\/schema.org\/CreativeWork\" ><div class='av-inner-masonry-sizer'><\/div><figure class='av-inner-masonry main_color'><div class=\"av-masonry-outerimage-container\"><div class='av-masonry-image-container lazyload' style=\"background-image:inherit;\"  title=\"Mongolia\"  data-bg-image=\"url(https:\/\/www.cosmorevas.tk\/wp-content\/uploads\/2017\/04\/Mongolia-705x529.jpg)\"><\/div><\/div><figcaption class='av-inner-masonry-content site-background'><div class='av-inner-masonry-content-pos'><div class='av-inner-masonry-content-pos-content'><div class='avia-arrow'><\/div><h3 class='av-masonry-entry-title entry-title '  itemprop=\"headline\" >Mongolia<\/h3><\/div><\/div><\/figcaption><\/figure><\/a><!--end av-masonry entry--><a href=\"https:\/\/www.cosmorevas.tk\/es\/destinos\/oceania\/\"  id='av-masonry-2-item-10315' data-av-masonry-item='10315' class='av-masonry-entry isotope-item post-10315 portfolio type-portfolio status-publish has-post-thumbnail hentry tag-animales tag-fiji-es tag-isla tag-islas-cook tag-mar tag-tonga-es tag-tuvalu-es tag-vanuatu-es portfolio_entries-destinos portfolio_entries-oceania-es  av-masonry-item-with-image' title=\"Ocean\u00eda\"   itemscope=\"itemscope\" itemtype=\"https:\/\/schema.org\/CreativeWork\" ><div class='av-inner-masonry-sizer'><\/div><figure class='av-inner-masonry main_color'><div class=\"av-masonry-outerimage-container\"><div class='av-masonry-image-container lazyload' style=\"background-image:inherit;\"  title=\"Ocean\u00eda\"  data-bg-image=\"url(https:\/\/www.cosmorevas.tk\/wp-content\/uploads\/2019\/08\/Oceania.jpg)\"><\/div><\/div><figcaption class='av-inner-masonry-content site-background'><div class='av-inner-masonry-content-pos'><div class='av-inner-masonry-content-pos-content'><div class='avia-arrow'><\/div><h3 class='av-masonry-entry-title entry-title '  itemprop=\"headline\" >Ocean\u00eda<\/h3><\/div><\/div><\/figcaption><\/figure><\/a><!--end av-masonry entry--><a href=\"https:\/\/www.cosmorevas.tk\/es\/destinos\/brasil\/\"  id='av-masonry-2-item-15239' data-av-masonry-item='15239' class='av-masonry-entry isotope-item post-15239 portfolio type-portfolio status-publish has-post-thumbnail hentry tag-america-del-sur tag-brasil portfolio_entries-brasil portfolio_entries-destinos  av-masonry-item-with-image' title=\"Brasil\"   itemscope=\"itemscope\" itemtype=\"https:\/\/schema.org\/CreativeWork\" ><div class='av-inner-masonry-sizer'><\/div><figure class='av-inner-masonry main_color'><div class=\"av-masonry-outerimage-container\"><div class='av-masonry-image-container lazyload' style=\"background-image:inherit;\"  title=\"Brasil\"  data-bg-image=\"url(https:\/\/www.cosmorevas.tk\/wp-content\/uploads\/2023\/03\/Brasile.webp)\"><\/div><\/div><figcaption class='av-inner-masonry-content site-background'><div class='av-inner-masonry-content-pos'><div class='av-inner-masonry-content-pos-content'><div class='avia-arrow'><\/div><h3 class='av-masonry-entry-title entry-title '  itemprop=\"headline\" >Brasil<\/h3><\/div><\/div><\/figcaption><\/figure><\/a><!--end av-masonry entry--><a href=\"https:\/\/www.cosmorevas.tk\/es\/destinos\/chile\/\"  id='av-masonry-2-item-10337' data-av-masonry-item='10337' class='av-masonry-entry isotope-item post-10337 portfolio type-portfolio status-publish has-post-thumbnail hentry tag-america-del-sur tag-animales tag-chile-es tag-historia tag-mapuche-es tag-viajes-politicos portfolio_entries-chile-es portfolio_entries-destinos  av-masonry-item-with-image' title=\"Chile\"   itemscope=\"itemscope\" itemtype=\"https:\/\/schema.org\/CreativeWork\" ><div class='av-inner-masonry-sizer'><\/div><figure class='av-inner-masonry main_color'><div class=\"av-masonry-outerimage-container\"><div class='av-masonry-image-container lazyload' style=\"background-image:inherit;\"  title=\"Chile\"  data-bg-image=\"url(https:\/\/www.cosmorevas.tk\/wp-content\/uploads\/2017\/03\/Cile.jpg)\"><\/div><\/div><figcaption class='av-inner-masonry-content site-background'><div class='av-inner-masonry-content-pos'><div class='av-inner-masonry-content-pos-content'><div class='avia-arrow'><\/div><h3 class='av-masonry-entry-title entry-title '  itemprop=\"headline\" >Chile<\/h3><\/div><\/div><\/figcaption><\/figure><\/a><!--end av-masonry entry--><a href=\"https:\/\/www.cosmorevas.tk\/es\/destinos\/portugal\/\"  id='av-masonry-2-item-10335' data-av-masonry-item='10335' class='av-masonry-entry isotope-item post-10335 portfolio type-portfolio status-publish has-post-thumbnail hentry tag-europa-es tag-mar tag-portugal-es portfolio_entries-destinos portfolio_entries-portugal-es  av-masonry-item-with-image' title=\"Portugal\"   itemscope=\"itemscope\" itemtype=\"https:\/\/schema.org\/CreativeWork\" ><div class='av-inner-masonry-sizer'><\/div><figure class='av-inner-masonry main_color'><div class=\"av-masonry-outerimage-container\"><div class='av-masonry-image-container lazyload' style=\"background-image:inherit;\"  title=\"Portugal\"  data-bg-image=\"url(https:\/\/www.cosmorevas.tk\/wp-content\/uploads\/2014\/04\/Portogallo.jpg)\"><\/div><\/div><figcaption class='av-inner-masonry-content site-background'><div class='av-inner-masonry-content-pos'><div class='av-inner-masonry-content-pos-content'><div class='avia-arrow'><\/div><h3 class='av-masonry-entry-title entry-title '  itemprop=\"headline\" >Portugal<\/h3><\/div><\/div><\/figcaption><\/figure><\/a><!--end av-masonry entry--><a href=\"https:\/\/www.cosmorevas.tk\/es\/destinos\/irlanda\/\"  id='av-masonry-2-item-10313' data-av-masonry-item='10313' class='av-masonry-entry isotope-item post-10313 portfolio type-portfolio status-publish has-post-thumbnail hentry tag-europa-es tag-historia tag-irlanda-es tag-isla tag-viajes-politicos portfolio_entries-destinos portfolio_entries-irlanda-es  av-masonry-item-with-image' title=\"Irlanda &#8211; Derry &#8211; murales Derry Libre\"   itemscope=\"itemscope\" itemtype=\"https:\/\/schema.org\/CreativeWork\" ><div class='av-inner-masonry-sizer'><\/div><figure class='av-inner-masonry main_color'><div class=\"av-masonry-outerimage-container\"><div class='av-masonry-image-container lazyload' style=\"background-image:inherit;\"  title=\"Irlanda &#8211; Derry &#8211; murales Derry Libre\"  data-bg-image=\"url(https:\/\/www.cosmorevas.tk\/wp-content\/uploads\/2019\/02\/murales-free-Derry-articolo.jpg)\"><\/div><\/div><figcaption class='av-inner-masonry-content site-background'><div class='av-inner-masonry-content-pos'><div class='av-inner-masonry-content-pos-content'><div class='avia-arrow'><\/div><h3 class='av-masonry-entry-title entry-title '  itemprop=\"headline\" >Irlanda<\/h3><\/div><\/div><\/figcaption><\/figure><\/a><!--end av-masonry entry--><a href=\"https:\/\/www.cosmorevas.tk\/es\/destinos\/viajes-en-el-tiempo\/\"  id='av-masonry-2-item-19170' data-av-masonry-item='19170' class='av-masonry-entry isotope-item post-19170 portfolio type-portfolio status-publish has-post-thumbnail hentry tag-animales tag-fiji-es tag-historia tag-isla tag-islas-cook tag-lugares tag-mar tag-oceania-es tag-tonga-es tag-tuvalu-es tag-vanuatu-es tag-viajes-en-el-tiempo tag-viajes-politicos portfolio_entries-destinos portfolio_entries-fiji-es portfolio_entries-islas-cook portfolio_entries-tonga-es portfolio_entries-tuvalu-es portfolio_entries-vanuatu-es portfolio_entries-viajes-en-el-tiempo  av-masonry-item-with-image' title=\"viajes en el tiempo\"   itemscope=\"itemscope\" itemtype=\"https:\/\/schema.org\/CreativeWork\" ><div class='av-inner-masonry-sizer'><\/div><figure class='av-inner-masonry main_color'><div class=\"av-masonry-outerimage-container\"><div class='av-masonry-image-container lazyload' style=\"background-image:inherit;\"  title=\"viajes en el tiempo\"  data-bg-image=\"url(https:\/\/www.cosmorevas.tk\/wp-content\/uploads\/2023\/08\/viaggi-nel-tempo.webp)\"><\/div><\/div><figcaption class='av-inner-masonry-content site-background'><div class='av-inner-masonry-content-pos'><div class='av-inner-masonry-content-pos-content'><div class='avia-arrow'><\/div><h3 class='av-masonry-entry-title entry-title '  itemprop=\"headline\" >Viajes en el Tiempo<\/h3><\/div><\/div><\/figcaption><\/figure><\/a><!--end av-masonry entry--><a href=\"https:\/\/www.cosmorevas.tk\/es\/destinos\/uruguay\/\"  id='av-masonry-2-item-15256' data-av-masonry-item='15256' class='av-masonry-entry isotope-item post-15256 portfolio type-portfolio status-publish has-post-thumbnail hentry tag-america-del-sur tag-uruguay-es portfolio_entries-destinos portfolio_entries-uruguay-es  av-masonry-item-with-image' title=\"Uruguay\"   itemscope=\"itemscope\" itemtype=\"https:\/\/schema.org\/CreativeWork\" ><div class='av-inner-masonry-sizer'><\/div><figure class='av-inner-masonry main_color'><div class=\"av-masonry-outerimage-container\"><div class='av-masonry-image-container lazyload' style=\"background-image:inherit;\"  title=\"Uruguay\"  data-bg-image=\"url(https:\/\/www.cosmorevas.tk\/wp-content\/uploads\/2023\/03\/Uruguay.webp)\"><\/div><\/div><figcaption class='av-inner-masonry-content site-background'><div class='av-inner-masonry-content-pos'><div class='av-inner-masonry-content-pos-content'><div class='avia-arrow'><\/div><h3 class='av-masonry-entry-title entry-title '  itemprop=\"headline\" >Uruguay<\/h3><\/div><\/div><\/figcaption><\/figure><\/a><!--end av-masonry entry--><a href=\"https:\/\/www.cosmorevas.tk\/es\/destinos\/cataluna\/\"  id='av-masonry-2-item-10323' data-av-masonry-item='10323' class='av-masonry-entry isotope-item post-10323 portfolio type-portfolio status-publish has-post-thumbnail hentry tag-cataluna tag-espana tag-europa-es tag-mar tag-viajes-politicos portfolio_entries-cataluna portfolio_entries-destinos  av-masonry-item-with-image' title=\"Catalu\u00f1a\"   itemscope=\"itemscope\" itemtype=\"https:\/\/schema.org\/CreativeWork\" ><div class='av-inner-masonry-sizer'><\/div><figure class='av-inner-masonry main_color'><div class=\"av-masonry-outerimage-container\"><div class='av-masonry-image-container lazyload' style=\"background-image:inherit;\"  title=\"Catalu\u00f1a\"  data-bg-image=\"url(https:\/\/www.cosmorevas.tk\/wp-content\/uploads\/2017\/04\/Catalogna-705x529.jpg)\"><\/div><\/div><figcaption class='av-inner-masonry-content site-background'><div class='av-inner-masonry-content-pos'><div class='av-inner-masonry-content-pos-content'><div class='avia-arrow'><\/div><h3 class='av-masonry-entry-title entry-title '  itemprop=\"headline\" >Catalu\u00f1a<\/h3><\/div><\/div><\/figcaption><\/figure><\/a><!--end av-masonry entry--><a href=\"https:\/\/www.cosmorevas.tk\/es\/destinos\/noruega\/\"  id='av-masonry-2-item-10341' data-av-masonry-item='10341' class='av-masonry-entry isotope-item post-10341 portfolio type-portfolio status-publish has-post-thumbnail hentry tag-animales tag-artico-es tag-europa-es tag-mar tag-noruega portfolio_entries-destinos portfolio_entries-noruega  av-masonry-item-with-image' title=\"Noruega\"   itemscope=\"itemscope\" itemtype=\"https:\/\/schema.org\/CreativeWork\" ><div class='av-inner-masonry-sizer'><\/div><figure class='av-inner-masonry main_color'><div class=\"av-masonry-outerimage-container\"><div class='av-masonry-image-container lazyload' style=\"background-image:inherit;\"  title=\"Noruega\"  data-bg-image=\"url(https:\/\/www.cosmorevas.tk\/wp-content\/uploads\/2017\/02\/Norvegia.jpg)\"><\/div><\/div><figcaption class='av-inner-masonry-content site-background'><div class='av-inner-masonry-content-pos'><div class='av-inner-masonry-content-pos-content'><div class='avia-arrow'><\/div><h3 class='av-masonry-entry-title entry-title '  itemprop=\"headline\" >Noruega<\/h3><\/div><\/div><\/figcaption><\/figure><\/a><!--end av-masonry entry--><a href=\"https:\/\/www.cosmorevas.tk\/es\/destinos\/peru\/\"  id='av-masonry-2-item-10342' data-av-masonry-item='10342' class='av-masonry-entry isotope-item post-10342 portfolio type-portfolio status-publish has-post-thumbnail hentry tag-animales tag-historia tag-mar tag-peru-es portfolio_entries-destinos portfolio_entries-peru-es  av-masonry-item-with-image' title=\"Per\u00fa\"   itemscope=\"itemscope\" itemtype=\"https:\/\/schema.org\/CreativeWork\" ><div class='av-inner-masonry-sizer'><\/div><figure class='av-inner-masonry main_color'><div class=\"av-masonry-outerimage-container\"><div class='av-masonry-image-container lazyload' style=\"background-image:inherit;\"  title=\"Per\u00fa\"  data-bg-image=\"url(https:\/\/www.cosmorevas.tk\/wp-content\/uploads\/2015\/01\/Peru.jpg)\"><\/div><\/div><figcaption class='av-inner-masonry-content site-background'><div class='av-inner-masonry-content-pos'><div class='av-inner-masonry-content-pos-content'><div class='avia-arrow'><\/div><h3 class='av-masonry-entry-title entry-title '  itemprop=\"headline\" >Per\u00fa<\/h3><\/div><\/div><\/figcaption><\/figure><\/a><!--end av-masonry entry--><a href=\"https:\/\/www.cosmorevas.tk\/es\/destinos\/animales\/\"  id='av-masonry-2-item-10321' data-av-masonry-item='10321' class='av-masonry-entry isotope-item post-10321 portfolio type-portfolio status-publish has-post-thumbnail hentry tag-animales tag-argentina-es tag-artico-es tag-bolivia-es tag-cerdena tag-chile-es tag-china-es tag-destinos tag-fiji-es tag-laos-es tag-mapuche-es tag-mar tag-mexico-es tag-mongolia-es tag-noruega tag-oceania-es tag-sami-es tag-tonga-es portfolio_entries-animales portfolio_entries-destinos  av-masonry-item-with-image' title=\"Animales\"   itemscope=\"itemscope\" itemtype=\"https:\/\/schema.org\/CreativeWork\" ><div class='av-inner-masonry-sizer'><\/div><figure class='av-inner-masonry main_color'><div class=\"av-masonry-outerimage-container\"><div class='av-masonry-image-container lazyload' style=\"background-image:inherit;\"  title=\"Animales\"  data-bg-image=\"url(https:\/\/www.cosmorevas.tk\/wp-content\/uploads\/2018\/10\/panda4-cina-chengdu-705x529.jpg)\"><\/div><\/div><figcaption class='av-inner-masonry-content site-background'><div class='av-inner-masonry-content-pos'><div class='av-inner-masonry-content-pos-content'><div class='avia-arrow'><\/div><h3 class='av-masonry-entry-title entry-title '  itemprop=\"headline\" >Animales<\/h3><\/div><\/div><\/figcaption><\/figure><\/a><!--end av-masonry entry--><a href=\"https:\/\/www.cosmorevas.tk\/es\/destinos\/vanuatu\/\"  id='av-masonry-2-item-13357' data-av-masonry-item='13357' class='av-masonry-entry isotope-item post-13357 portfolio type-portfolio status-publish has-post-thumbnail hentry tag-isla tag-mar tag-oceania-es tag-vanuatu-es portfolio_entries-destinos portfolio_entries-vanuatu-es  av-masonry-item-with-image' title=\"Vanuatu\"   itemscope=\"itemscope\" itemtype=\"https:\/\/schema.org\/CreativeWork\" ><div class='av-inner-masonry-sizer'><\/div><figure class='av-inner-masonry main_color'><div class=\"av-masonry-outerimage-container\"><div class='av-masonry-image-container lazyload' style=\"background-image:inherit;\"  title=\"Vanuatu\"  data-bg-image=\"url(https:\/\/www.cosmorevas.tk\/wp-content\/uploads\/2019\/08\/Vanuatu.jpeg)\"><\/div><\/div><figcaption class='av-inner-masonry-content site-background'><div class='av-inner-masonry-content-pos'><div class='av-inner-masonry-content-pos-content'><div class='avia-arrow'><\/div><h3 class='av-masonry-entry-title entry-title '  itemprop=\"headline\" >Vanuatu<\/h3><\/div><\/div><\/figcaption><\/figure><\/a><!--end av-masonry entry--><a href=\"https:\/\/www.cosmorevas.tk\/es\/destinos\/bolivia\/\"  id='av-masonry-2-item-10339' data-av-masonry-item='10339' class='av-masonry-entry isotope-item post-10339 portfolio type-portfolio status-publish has-post-thumbnail hentry tag-america-del-sur tag-animales tag-bolivia-es tag-viajes-politicos portfolio_entries-bolivia-es portfolio_entries-destinos  av-masonry-item-with-image' title=\"Bolivia\"   itemscope=\"itemscope\" itemtype=\"https:\/\/schema.org\/CreativeWork\" ><div class='av-inner-masonry-sizer'><\/div><figure class='av-inner-masonry main_color'><div class=\"av-masonry-outerimage-container\"><div class='av-masonry-image-container lazyload' style=\"background-image:inherit;\"  title=\"Bolivia\"  data-bg-image=\"url(https:\/\/www.cosmorevas.tk\/wp-content\/uploads\/2017\/03\/Bolivia.jpg)\"><\/div><\/div><figcaption class='av-inner-masonry-content site-background'><div class='av-inner-masonry-content-pos'><div class='av-inner-masonry-content-pos-content'><div class='avia-arrow'><\/div><h3 class='av-masonry-entry-title entry-title '  itemprop=\"headline\" >Bolivia<\/h3><\/div><\/div><\/figcaption><\/figure><\/a><!--end av-masonry entry--><\/div><\/div><\/div><div  class='hr av-8y79p-6faae4adeb645d842932d15dd85ad2b7 hr-default  avia-builder-el-31  el_after_av_one_full  avia-builder-el-last '><span class='hr-inner '><span class=\"hr-inner-style\"><\/span><\/span><\/div><\/p>\n","protected":false},"excerpt":{"rendered":"<p>Como ir a Corea del Norte. Descubriendo el Pa\u00eds menos conocido del mundo desde Pyongyang hasta el Paralelo 38 norte. Yo viaj\u00e9 a Corea del Norte y te dir\u00e9 c\u00f3mo es.<\/p>\n","protected":false},"author":1,"featured_media":4346,"comment_status":"open","ping_status":"closed","template":"","meta":{"footnotes":""},"tags":[761,724,774,777],"portfolio_entries":[471,450],"class_list":["post-10328","portfolio","type-portfolio","status-publish","has-post-thumbnail","hentry","tag-asia-es","tag-corea-del-norte","tag-historia","tag-viajes-politicos","portfolio_entries-corea-del-norte","portfolio_entries-destinos"],"yoast_head":"<!-- This site is optimized with the Yoast SEO plugin v27.4 - https:\/\/yoast.com\/product\/yoast-seo-wordpress\/ -->\n<title>Viajar en Corea del Norte: de Pyongyang a Paralelo 38<\/title>\n<meta name=\"description\" content=\"Como ir a Corea del Norte. Descubriendo el pa\u00eds menos conocido del mundo. Viaj\u00e9 a Corea del Norte y te dir\u00e9 c\u00f3mo es.\" \/>\n<meta name=\"robots\" content=\"index, follow, max-snippet:-1, max-image-preview:large, max-video-preview:-1\" \/>\n<link rel=\"canonical\" href=\"https:\/\/www.cosmorevas.tk\/es\/destinos\/corea-del-norte\/\" \/>\n<meta property=\"og:locale\" content=\"es_ES\" \/>\n<meta property=\"og:type\" content=\"article\" \/>\n<meta property=\"og:title\" content=\"Viajar en Corea del Norte: de Pyongyang a Paralelo 38\" \/>\n<meta property=\"og:description\" content=\"Como ir a Corea del Norte. Descubriendo el pa\u00eds menos conocido del mundo. Viaj\u00e9 a Corea del Norte y te dir\u00e9 c\u00f3mo es.\" \/>\n<meta property=\"og:url\" content=\"https:\/\/www.cosmorevas.tk\/es\/destinos\/corea-del-norte\/\" \/>\n<meta property=\"og:site_name\" content=\"CosmoRevas: mi visi\u00f3n del mundo\" \/>\n<meta property=\"article:modified_time\" content=\"2024-10-20T14:22:33+00:00\" \/>\n<meta property=\"og:image\" content=\"https:\/\/www.cosmorevas.tk\/wp-content\/uploads\/2017\/03\/Korea-del-Nord.jpg\" \/>\n\t<meta property=\"og:image:width\" content=\"1000\" \/>\n\t<meta property=\"og:image:height\" content=\"728\" \/>\n\t<meta property=\"og:image:type\" content=\"image\/jpeg\" \/>\n<meta name=\"twitter:card\" content=\"summary_large_image\" \/>\n<meta name=\"twitter:label1\" content=\"Tiempo de lectura\" \/>\n\t<meta name=\"twitter:data1\" content=\"16 minutos\" \/>\n<script type=\"application\/ld+json\" class=\"yoast-schema-graph\">{\"@context\":\"https:\\\/\\\/schema.org\",\"@graph\":[{\"@type\":\"WebPage\",\"@id\":\"https:\\\/\\\/www.cosmorevas.tk\\\/es\\\/destinos\\\/corea-del-norte\\\/\",\"url\":\"https:\\\/\\\/www.cosmorevas.tk\\\/es\\\/destinos\\\/corea-del-norte\\\/\",\"name\":\"Viajar en Corea del Norte: de Pyongyang a Paralelo 38\",\"isPartOf\":{\"@id\":\"https:\\\/\\\/www.cosmorevas.tk\\\/es\\\/#website\"},\"primaryImageOfPage\":{\"@id\":\"https:\\\/\\\/www.cosmorevas.tk\\\/es\\\/destinos\\\/corea-del-norte\\\/#primaryimage\"},\"image\":{\"@id\":\"https:\\\/\\\/www.cosmorevas.tk\\\/es\\\/destinos\\\/corea-del-norte\\\/#primaryimage\"},\"thumbnailUrl\":\"https:\\\/\\\/www.cosmorevas.tk\\\/wp-content\\\/uploads\\\/2017\\\/03\\\/Korea-del-Nord.jpg\",\"datePublished\":\"2020-04-12T10:17:43+00:00\",\"dateModified\":\"2024-10-20T14:22:33+00:00\",\"description\":\"Como ir a Corea del Norte. Descubriendo el pa\u00eds menos conocido del mundo. Viaj\u00e9 a Corea del Norte y te dir\u00e9 c\u00f3mo es.\",\"breadcrumb\":{\"@id\":\"https:\\\/\\\/www.cosmorevas.tk\\\/es\\\/destinos\\\/corea-del-norte\\\/#breadcrumb\"},\"inLanguage\":\"es\",\"potentialAction\":[{\"@type\":\"ReadAction\",\"target\":[\"https:\\\/\\\/www.cosmorevas.tk\\\/es\\\/destinos\\\/corea-del-norte\\\/\"]}]},{\"@type\":\"ImageObject\",\"inLanguage\":\"es\",\"@id\":\"https:\\\/\\\/www.cosmorevas.tk\\\/es\\\/destinos\\\/corea-del-norte\\\/#primaryimage\",\"url\":\"https:\\\/\\\/www.cosmorevas.tk\\\/wp-content\\\/uploads\\\/2017\\\/03\\\/Korea-del-Nord.jpg\",\"contentUrl\":\"https:\\\/\\\/www.cosmorevas.tk\\\/wp-content\\\/uploads\\\/2017\\\/03\\\/Korea-del-Nord.jpg\",\"width\":1000,\"height\":728,\"caption\":\"Corea del Norte\"},{\"@type\":\"BreadcrumbList\",\"@id\":\"https:\\\/\\\/www.cosmorevas.tk\\\/es\\\/destinos\\\/corea-del-norte\\\/#breadcrumb\",\"itemListElement\":[{\"@type\":\"ListItem\",\"position\":1,\"name\":\"Comienzo\",\"item\":\"https:\\\/\\\/www.cosmorevas.tk\\\/es\\\/destinos\\\/\"},{\"@type\":\"ListItem\",\"position\":2,\"name\":\"destinos\",\"item\":\"https:\\\/\\\/www.cosmorevas.tk\\\/es\\\/portfolio_voci\\\/destinos\\\/\"},{\"@type\":\"ListItem\",\"position\":3,\"name\":\"corea del norte\",\"item\":\"https:\\\/\\\/www.cosmorevas.tk\\\/es\\\/portfolio_voci\\\/corea-del-norte\\\/\"},{\"@type\":\"ListItem\",\"position\":4,\"name\":\"Corea del Norte\"}]},{\"@type\":\"WebSite\",\"@id\":\"https:\\\/\\\/www.cosmorevas.tk\\\/es\\\/#website\",\"url\":\"https:\\\/\\\/www.cosmorevas.tk\\\/es\\\/\",\"name\":\"la mia visuale sul mondo\",\"description\":\"\\\"La Tierra desde aqu\u00ed es hermosa, sin fronteras\\\" - \u042e\u0440\u0438\u0439 \u0413\u0430\u0433\u0430\u0440\u0438\u043d\",\"publisher\":{\"@id\":\"https:\\\/\\\/www.cosmorevas.tk\\\/es\\\/#\\\/schema\\\/person\\\/4ff3ba11ae8c9cfc82000c8d421a5e0d\"},\"potentialAction\":[{\"@type\":\"SearchAction\",\"target\":{\"@type\":\"EntryPoint\",\"urlTemplate\":\"https:\\\/\\\/www.cosmorevas.tk\\\/es\\\/?s={search_term_string}\"},\"query-input\":{\"@type\":\"PropertyValueSpecification\",\"valueRequired\":true,\"valueName\":\"search_term_string\"}}],\"inLanguage\":\"es\"},{\"@type\":[\"Person\",\"Organization\"],\"@id\":\"https:\\\/\\\/www.cosmorevas.tk\\\/es\\\/#\\\/schema\\\/person\\\/4ff3ba11ae8c9cfc82000c8d421a5e0d\",\"name\":\"cosmorevas\",\"image\":{\"@type\":\"ImageObject\",\"inLanguage\":\"es\",\"@id\":\"https:\\\/\\\/www.cosmorevas.tk\\\/wp-content\\\/uploads\\\/2022\\\/08\\\/cosmorevas-map-2022.jpg\",\"url\":\"https:\\\/\\\/www.cosmorevas.tk\\\/wp-content\\\/uploads\\\/2022\\\/08\\\/cosmorevas-map-2022.jpg\",\"contentUrl\":\"https:\\\/\\\/www.cosmorevas.tk\\\/wp-content\\\/uploads\\\/2022\\\/08\\\/cosmorevas-map-2022.jpg\",\"width\":997,\"height\":698,\"caption\":\"cosmorevas\"},\"logo\":{\"@id\":\"https:\\\/\\\/www.cosmorevas.tk\\\/wp-content\\\/uploads\\\/2022\\\/08\\\/cosmorevas-map-2022.jpg\"},\"description\":\"Sono Matteo, Cagliaritano del 1986. Per un isolano aerei e navi sono mezzi comuni come una macchina o un treno. Da quando sono piccolo ho viaggiato con la mia famiglia e poi su e gi\u00f9 per l\u2019italia per sport, amici, lavoro, vita. Nel 2009 ho fatto il mio primo viaggio in compagnia di me stesso. Viaggiare da solo \u00e8 sempre stata una scelta per me, mai un ripiego con rimpianti.\"}]}<\/script>\n<!-- \/ Yoast SEO plugin. -->","yoast_head_json":{"title":"Viajar en Corea del Norte: de Pyongyang a Paralelo 38","description":"Como ir a Corea del Norte. Descubriendo el pa\u00eds menos conocido del mundo. Viaj\u00e9 a Corea del Norte y te dir\u00e9 c\u00f3mo es.","robots":{"index":"index","follow":"follow","max-snippet":"max-snippet:-1","max-image-preview":"max-image-preview:large","max-video-preview":"max-video-preview:-1"},"canonical":"https:\/\/www.cosmorevas.tk\/es\/destinos\/corea-del-norte\/","og_locale":"es_ES","og_type":"article","og_title":"Viajar en Corea del Norte: de Pyongyang a Paralelo 38","og_description":"Como ir a Corea del Norte. Descubriendo el pa\u00eds menos conocido del mundo. Viaj\u00e9 a Corea del Norte y te dir\u00e9 c\u00f3mo es.","og_url":"https:\/\/www.cosmorevas.tk\/es\/destinos\/corea-del-norte\/","og_site_name":"CosmoRevas: mi visi\u00f3n del mundo","article_modified_time":"2024-10-20T14:22:33+00:00","og_image":[{"width":1000,"height":728,"url":"https:\/\/www.cosmorevas.tk\/wp-content\/uploads\/2017\/03\/Korea-del-Nord.jpg","type":"image\/jpeg"}],"twitter_card":"summary_large_image","twitter_misc":{"Tiempo de lectura":"16 minutos"},"schema":{"@context":"https:\/\/schema.org","@graph":[{"@type":"WebPage","@id":"https:\/\/www.cosmorevas.tk\/es\/destinos\/corea-del-norte\/","url":"https:\/\/www.cosmorevas.tk\/es\/destinos\/corea-del-norte\/","name":"Viajar en Corea del Norte: de Pyongyang a Paralelo 38","isPartOf":{"@id":"https:\/\/www.cosmorevas.tk\/es\/#website"},"primaryImageOfPage":{"@id":"https:\/\/www.cosmorevas.tk\/es\/destinos\/corea-del-norte\/#primaryimage"},"image":{"@id":"https:\/\/www.cosmorevas.tk\/es\/destinos\/corea-del-norte\/#primaryimage"},"thumbnailUrl":"https:\/\/www.cosmorevas.tk\/wp-content\/uploads\/2017\/03\/Korea-del-Nord.jpg","datePublished":"2020-04-12T10:17:43+00:00","dateModified":"2024-10-20T14:22:33+00:00","description":"Como ir a Corea del Norte. Descubriendo el pa\u00eds menos conocido del mundo. Viaj\u00e9 a Corea del Norte y te dir\u00e9 c\u00f3mo es.","breadcrumb":{"@id":"https:\/\/www.cosmorevas.tk\/es\/destinos\/corea-del-norte\/#breadcrumb"},"inLanguage":"es","potentialAction":[{"@type":"ReadAction","target":["https:\/\/www.cosmorevas.tk\/es\/destinos\/corea-del-norte\/"]}]},{"@type":"ImageObject","inLanguage":"es","@id":"https:\/\/www.cosmorevas.tk\/es\/destinos\/corea-del-norte\/#primaryimage","url":"https:\/\/www.cosmorevas.tk\/wp-content\/uploads\/2017\/03\/Korea-del-Nord.jpg","contentUrl":"https:\/\/www.cosmorevas.tk\/wp-content\/uploads\/2017\/03\/Korea-del-Nord.jpg","width":1000,"height":728,"caption":"Corea del Norte"},{"@type":"BreadcrumbList","@id":"https:\/\/www.cosmorevas.tk\/es\/destinos\/corea-del-norte\/#breadcrumb","itemListElement":[{"@type":"ListItem","position":1,"name":"Comienzo","item":"https:\/\/www.cosmorevas.tk\/es\/destinos\/"},{"@type":"ListItem","position":2,"name":"destinos","item":"https:\/\/www.cosmorevas.tk\/es\/portfolio_voci\/destinos\/"},{"@type":"ListItem","position":3,"name":"corea del norte","item":"https:\/\/www.cosmorevas.tk\/es\/portfolio_voci\/corea-del-norte\/"},{"@type":"ListItem","position":4,"name":"Corea del Norte"}]},{"@type":"WebSite","@id":"https:\/\/www.cosmorevas.tk\/es\/#website","url":"https:\/\/www.cosmorevas.tk\/es\/","name":"la mia visuale sul mondo","description":"\"La Tierra desde aqu\u00ed es hermosa, sin fronteras\" - \u042e\u0440\u0438\u0439 \u0413\u0430\u0433\u0430\u0440\u0438\u043d","publisher":{"@id":"https:\/\/www.cosmorevas.tk\/es\/#\/schema\/person\/4ff3ba11ae8c9cfc82000c8d421a5e0d"},"potentialAction":[{"@type":"SearchAction","target":{"@type":"EntryPoint","urlTemplate":"https:\/\/www.cosmorevas.tk\/es\/?s={search_term_string}"},"query-input":{"@type":"PropertyValueSpecification","valueRequired":true,"valueName":"search_term_string"}}],"inLanguage":"es"},{"@type":["Person","Organization"],"@id":"https:\/\/www.cosmorevas.tk\/es\/#\/schema\/person\/4ff3ba11ae8c9cfc82000c8d421a5e0d","name":"cosmorevas","image":{"@type":"ImageObject","inLanguage":"es","@id":"https:\/\/www.cosmorevas.tk\/wp-content\/uploads\/2022\/08\/cosmorevas-map-2022.jpg","url":"https:\/\/www.cosmorevas.tk\/wp-content\/uploads\/2022\/08\/cosmorevas-map-2022.jpg","contentUrl":"https:\/\/www.cosmorevas.tk\/wp-content\/uploads\/2022\/08\/cosmorevas-map-2022.jpg","width":997,"height":698,"caption":"cosmorevas"},"logo":{"@id":"https:\/\/www.cosmorevas.tk\/wp-content\/uploads\/2022\/08\/cosmorevas-map-2022.jpg"},"description":"Sono Matteo, Cagliaritano del 1986. Per un isolano aerei e navi sono mezzi comuni come una macchina o un treno. Da quando sono piccolo ho viaggiato con la mia famiglia e poi su e gi\u00f9 per l\u2019italia per sport, amici, lavoro, vita. Nel 2009 ho fatto il mio primo viaggio in compagnia di me stesso. Viaggiare da solo \u00e8 sempre stata una scelta per me, mai un ripiego con rimpianti."}]}},"_links":{"self":[{"href":"https:\/\/www.cosmorevas.tk\/es\/wp-json\/wp\/v2\/portfolio\/10328","targetHints":{"allow":["GET"]}}],"collection":[{"href":"https:\/\/www.cosmorevas.tk\/es\/wp-json\/wp\/v2\/portfolio"}],"about":[{"href":"https:\/\/www.cosmorevas.tk\/es\/wp-json\/wp\/v2\/types\/portfolio"}],"author":[{"embeddable":true,"href":"https:\/\/www.cosmorevas.tk\/es\/wp-json\/wp\/v2\/users\/1"}],"replies":[{"embeddable":true,"href":"https:\/\/www.cosmorevas.tk\/es\/wp-json\/wp\/v2\/comments?post=10328"}],"version-history":[{"count":24,"href":"https:\/\/www.cosmorevas.tk\/es\/wp-json\/wp\/v2\/portfolio\/10328\/revisions"}],"predecessor-version":[{"id":18872,"href":"https:\/\/www.cosmorevas.tk\/es\/wp-json\/wp\/v2\/portfolio\/10328\/revisions\/18872"}],"wp:featuredmedia":[{"embeddable":true,"href":"https:\/\/www.cosmorevas.tk\/es\/wp-json\/wp\/v2\/media\/4346"}],"wp:attachment":[{"href":"https:\/\/www.cosmorevas.tk\/es\/wp-json\/wp\/v2\/media?parent=10328"}],"wp:term":[{"taxonomy":"post_tag","embeddable":true,"href":"https:\/\/www.cosmorevas.tk\/es\/wp-json\/wp\/v2\/tags?post=10328"},{"taxonomy":"portfolio_entries","embeddable":true,"href":"https:\/\/www.cosmorevas.tk\/es\/wp-json\/wp\/v2\/portfolio_entries?post=10328"}],"curies":[{"name":"wp","href":"https:\/\/api.w.org\/{rel}","templated":true}]}}