{"id":17394,"date":"2023-08-25T11:13:09","date_gmt":"2023-08-25T08:13:09","guid":{"rendered":"https:\/\/www.cosmorevas.tk\/?post_type=portfolio&#038;p=17394"},"modified":"2025-11-11T23:48:09","modified_gmt":"2025-11-11T20:48:09","slug":"colombia","status":"publish","type":"portfolio","link":"https:\/\/www.cosmorevas.tk\/es\/destinos\/colombia\/","title":{"rendered":"Colombia"},"content":{"rendered":"<div id='av_section_1'  class='avia-section av-bl6bnu8-e048ca6bb6fff165741dbec39cefb696 main_color avia-section-no-padding avia-no-border-styling  avia-builder-el-0  el_before_av_section  avia-builder-el-first  avia-bg-style-scroll container_wrap fullsize'  ><div class='container av-section-cont-open' ><main  role=\"main\" itemprop=\"mainContentOfPage\"  class='template-page content  av-content-full alpha units'><div class='post-entry post-entry-type-page post-entry-17394'><div class='entry-content-wrapper clearfix'>\n\n<style type=\"text\/css\" data-created_by=\"avia_inline_auto\" id=\"style-css-av-150jdio-b77150535468a699d00350066c15bff2\">\n.flex_column.av-150jdio-b77150535468a699d00350066c15bff2{\nborder-radius:0px 0px 0px 0px;\npadding:0px 0px 0px 0px;\n}\n<\/style>\n<div  class='flex_column av-150jdio-b77150535468a699d00350066c15bff2 av_one_third  avia-builder-el-1  el_before_av_one_third  avia-builder-el-first  first flex_column_div av-zero-column-padding  '     ><p><div  class='hr av-arps7yo-0d952ff179014c70452f5a3e9e5fb969 hr-default  avia-builder-el-2  el_before_av_image  avia-builder-el-first '><span class='hr-inner '><span class=\"hr-inner-style\"><\/span><\/span><\/div><br \/>\n\n<style type=\"text\/css\" data-created_by=\"avia_inline_auto\" id=\"style-css-av-10wpg0g-eaaa38edfe612f20b4c13c1e75f6cb9b\">\n.avia-image-container.av-10wpg0g-eaaa38edfe612f20b4c13c1e75f6cb9b img.avia_image{\nbox-shadow:none;\n}\n.avia-image-container.av-10wpg0g-eaaa38edfe612f20b4c13c1e75f6cb9b .av-image-caption-overlay-center{\ncolor:#ffffff;\n}\n<\/style>\n<div  class='avia-image-container av-10wpg0g-eaaa38edfe612f20b4c13c1e75f6cb9b av-styling- avia-align-center  avia-builder-el-3  el_after_av_hr  avia-builder-el-last '   itemprop=\"image\" itemscope=\"itemscope\" itemtype=\"https:\/\/schema.org\/ImageObject\" ><div class=\"avia-image-container-inner\"><div class=\"avia-image-overlay-wrap\"><img decoding=\"async\" fetchpriority=\"high\" class='wp-image-17212 avia-img-lazy-loading-not-17212 avia_image ' src=\"https:\/\/www.cosmorevas.tk\/wp-content\/uploads\/2023\/08\/Bandera-de-Colombia.webp\" alt='Bandera de Colombia' title='Bandera de Colombia'  height=\"600\" width=\"900\"  itemprop=\"thumbnailUrl\" srcset=\"https:\/\/www.cosmorevas.tk\/wp-content\/uploads\/2023\/08\/Bandera-de-Colombia.webp 900w, https:\/\/www.cosmorevas.tk\/wp-content\/uploads\/2023\/08\/Bandera-de-Colombia-300x200.webp 300w, https:\/\/www.cosmorevas.tk\/wp-content\/uploads\/2023\/08\/Bandera-de-Colombia-768x512.webp 768w, https:\/\/www.cosmorevas.tk\/wp-content\/uploads\/2023\/08\/Bandera-de-Colombia-705x470.webp 705w\" sizes=\"(max-width: 900px) 100vw, 900px\" \/><\/div><\/div><\/div><\/p><\/div>\n<style type=\"text\/css\" data-created_by=\"avia_inline_auto\" id=\"style-css-av-9xit4ts-b92c168a2bdcef72e437ceac36f11084\">\n.flex_column.av-9xit4ts-b92c168a2bdcef72e437ceac36f11084{\nborder-radius:0px 0px 0px 0px;\npadding:0px 0px 0px 0px;\n}\n<\/style>\n<div  class='flex_column av-9xit4ts-b92c168a2bdcef72e437ceac36f11084 av_one_third  avia-builder-el-4  el_after_av_one_third  el_before_av_one_third  flex_column_div av-zero-column-padding  '     ><p><div  class='hr av-9aqdt80-6363e423be89f55b6586c721facb21c9 hr-default  avia-builder-el-5  el_before_av_heading  avia-builder-el-first '><span class='hr-inner '><span class=\"hr-inner-style\"><\/span><\/span><\/div><br \/>\n\n<style type=\"text\/css\" data-created_by=\"avia_inline_auto\" id=\"style-css-av-llqbi52t-eadd7077cd82096fda4d549a254f9f5a\">\n#top .av-special-heading.av-llqbi52t-eadd7077cd82096fda4d549a254f9f5a{\npadding-bottom:10px;\nfont-size:40px;\n}\nbody .av-special-heading.av-llqbi52t-eadd7077cd82096fda4d549a254f9f5a .av-special-heading-tag .heading-char{\nfont-size:25px;\n}\n#top #wrap_all .av-special-heading.av-llqbi52t-eadd7077cd82096fda4d549a254f9f5a .av-special-heading-tag{\nfont-size:40px;\n}\n.av-special-heading.av-llqbi52t-eadd7077cd82096fda4d549a254f9f5a .av-subheading{\nfont-size:19px;\n}\n\n@media only screen and (min-width: 480px) and (max-width: 767px){ \n#top #wrap_all .av-special-heading.av-llqbi52t-eadd7077cd82096fda4d549a254f9f5a .av-special-heading-tag{\nfont-size:0.8em;\n}\n}\n\n@media only screen and (max-width: 479px){ \n#top #wrap_all .av-special-heading.av-llqbi52t-eadd7077cd82096fda4d549a254f9f5a .av-special-heading-tag{\nfont-size:0.8em;\n}\n}\n<\/style>\n<div  class='av-special-heading av-llqbi52t-eadd7077cd82096fda4d549a254f9f5a av-special-heading-h1 blockquote modern-quote modern-centered  avia-builder-el-6  el_after_av_hr  avia-builder-el-last  av-inherit-size av-linked-heading'><h1 class='av-special-heading-tag '  itemprop=\"headline\"  >Colombia<\/h1><div class='av-subheading av-subheading_below'><p>Plata o Plomo<br \/>\na la orden<\/p>\n<\/div><div class=\"special-heading-border\"><div class=\"special-heading-inner-border\"><\/div><\/div><\/div><\/p><\/div>\n<style type=\"text\/css\" data-created_by=\"avia_inline_auto\" id=\"style-css-av-wyak40-8198d8424681be74a765422bf2410b0e\">\n.flex_column.av-wyak40-8198d8424681be74a765422bf2410b0e{\nborder-radius:0px 0px 0px 0px;\npadding:0px 0px 0px 0px;\n}\n<\/style>\n<div  class='flex_column av-wyak40-8198d8424681be74a765422bf2410b0e av_one_third  avia-builder-el-7  el_after_av_one_third  el_before_av_hr  flex_column_div av-zero-column-padding  '     ><p><div  class='hr av-8ojkivk-3df5393be877d364b7681c58ac08b45d hr-default  avia-builder-el-8  el_before_av_image  avia-builder-el-first '><span class='hr-inner '><span class=\"hr-inner-style\"><\/span><\/span><\/div><br \/>\n\n<style type=\"text\/css\" data-created_by=\"avia_inline_auto\" id=\"style-css-av-tn7v4g-a7aa94a0a4846f3ed43176a9511a8a9d\">\n.avia-image-container.av-tn7v4g-a7aa94a0a4846f3ed43176a9511a8a9d img.avia_image{\nbox-shadow:none;\n}\n.avia-image-container.av-tn7v4g-a7aa94a0a4846f3ed43176a9511a8a9d .av-image-caption-overlay-center{\ncolor:#ffffff;\n}\n<\/style>\n<div  class='avia-image-container av-tn7v4g-a7aa94a0a4846f3ed43176a9511a8a9d av-styling- avia-align-center  avia-builder-el-9  el_after_av_hr  avia-builder-el-last '   itemprop=\"image\" itemscope=\"itemscope\" itemtype=\"https:\/\/schema.org\/ImageObject\" ><div class=\"avia-image-container-inner\"><div class=\"avia-image-overlay-wrap\"><img decoding=\"async\" fetchpriority=\"high\" class='wp-image-19423 avia-img-lazy-loading-not-19423 avia_image ' src=\"https:\/\/www.cosmorevas.tk\/wp-content\/uploads\/2025\/10\/geografia-Colombia.webp\" alt='mapa de Colombia' title='mapa de Colombia'  height=\"551\" width=\"551\"  itemprop=\"thumbnailUrl\" srcset=\"https:\/\/www.cosmorevas.tk\/wp-content\/uploads\/2025\/10\/geografia-Colombia.webp 551w, https:\/\/www.cosmorevas.tk\/wp-content\/uploads\/2025\/10\/geografia-Colombia-300x300.webp 300w, https:\/\/www.cosmorevas.tk\/wp-content\/uploads\/2025\/10\/geografia-Colombia-80x80.webp 80w, https:\/\/www.cosmorevas.tk\/wp-content\/uploads\/2025\/10\/geografia-Colombia-36x36.webp 36w, https:\/\/www.cosmorevas.tk\/wp-content\/uploads\/2025\/10\/geografia-Colombia-180x180.webp 180w\" sizes=\"(max-width: 551px) 100vw, 551px\" \/><\/div><\/div><\/div><\/p><\/div><div  class='hr av-7o8hhe8-8c595a3642e08983351c006fd48cf288 hr-default  avia-builder-el-10  el_after_av_one_third  avia-builder-el-last '><span class='hr-inner '><span class=\"hr-inner-style\"><\/span><\/span><\/div>\n\n<\/div><\/div><\/main><!-- close content main element --><\/div><\/div><div id='av_section_2'  class='avia-section av-72sp9ww-482a20fbfd075b20335c6d1a0e20f15d main_color avia-section-default avia-no-border-styling  avia-builder-el-11  el_after_av_section  el_before_av_section  avia-bg-style-scroll container_wrap fullsize'  ><div class='container av-section-cont-open' ><div class='template-page content  av-content-full alpha units'><div class='post-entry post-entry-type-page post-entry-17394'><div class='entry-content-wrapper clearfix'>\n\n<style type=\"text\/css\" data-created_by=\"avia_inline_auto\" id=\"style-css-av-6vfgnww-8954080cbb5a3d051a661f9cc8b2d587\">\n.flex_column.av-6vfgnww-8954080cbb5a3d051a661f9cc8b2d587{\nborder-radius:0px 0px 0px 0px;\npadding:0px 0px 0px 0px;\n}\n<\/style>\n<div  class='flex_column av-6vfgnww-8954080cbb5a3d051a661f9cc8b2d587 av_one_full  avia-builder-el-12  el_before_av_one_full  avia-builder-el-first  first flex_column_div av-zero-column-padding  '     ><section  class='av_textblock_section av-62x9xn4-b4508f7ccbde4dd3e609043b56e7bb83 '   itemscope=\"itemscope\" itemtype=\"https:\/\/schema.org\/CreativeWork\" ><div class='avia_textblock'  itemprop=\"text\" ><h2 style=\"text-align: center;\">Haz clic en la foto para ampliarla<br \/>\ny mira la galer\u00eda<\/h2>\n<\/div><\/section><\/div>\n<style type=\"text\/css\" data-created_by=\"avia_inline_auto\" id=\"style-css-av-5ldtlg0-452db326e7279eeb0a2ee508ccde7508\">\n.flex_column.av-5ldtlg0-452db326e7279eeb0a2ee508ccde7508{\nborder-radius:0px 0px 0px 0px;\npadding:0px 0px 0px 0px;\n}\n<\/style>\n<div  class='flex_column av-5ldtlg0-452db326e7279eeb0a2ee508ccde7508 av_one_full  avia-builder-el-14  el_after_av_one_full  avia-builder-el-last  first flex_column_div av-zero-column-padding  column-top-margin'     ><style type=\"text\/css\" data-created_by=\"avia_inline_auto\" id=\"style-css-av-llqbirnq-24b27ceec0719fc338c77bd9508eab3e\">\n.av-horizontal-gallery.av-llqbirnq-24b27ceec0719fc338c77bd9508eab3e{\npadding:3.75% 0px;;\n}\n.av-horizontal-gallery.av-llqbirnq-24b27ceec0719fc338c77bd9508eab3e .av-horizontal-gallery-inner{\npadding-bottom:25%;\n}\n<\/style>\n<div  class='av-horizontal-gallery av-llqbirnq-24b27ceec0719fc338c77bd9508eab3e av-horizontal-gallery-large-gap av-horizontal-gallery-enlarge-effect  avia-builder-el-15  avia-builder-el-no-sibling  av-slideshow-ui av-control-default av-slideshow-manual av-loop-once av-loop-manual-endless av-horizontal-gallery-1' data-slideshow-data=\"{&quot;enlarge&quot;:1.3,&quot;animation&quot;:&quot;slide&quot;,&quot;autoplay&quot;:false,&quot;loop_autoplay&quot;:&quot;once&quot;,&quot;interval&quot;:5,&quot;loop_manual&quot;:&quot;manual-endless&quot;,&quot;autoplay_stopper&quot;:false,&quot;noNavigation&quot;:false,&quot;bg_slider&quot;:false,&quot;keep_padding&quot;:&quot;&quot;,&quot;hoverpause&quot;:false,&quot;show_slide_delay&quot;:0,&quot;initial&quot;:&quot;1&quot;}\"  itemprop=\"image\" itemscope=\"itemscope\" itemtype=\"https:\/\/schema.org\/ImageObject\" ><div class='av-horizontal-gallery-inner' data-av-height='25'><div class=\"av-horizontal-gallery-slider\"><div class=\"av-horizontal-gallery-wrap noHover\"><img decoding=\"async\" fetchpriority=\"high\" class='wp-image-19469 avia-img-lazy-loading-not-19469 av-horizontal-gallery-img' width=\"300\" height=\"300\" src=\"https:\/\/www.cosmorevas.tk\/wp-content\/uploads\/2025\/11\/Colombia.webp\" title='Colombia' alt='Colombia' srcset=\"https:\/\/www.cosmorevas.tk\/wp-content\/uploads\/2025\/11\/Colombia.webp 300w, https:\/\/www.cosmorevas.tk\/wp-content\/uploads\/2025\/11\/Colombia-80x80.webp 80w, https:\/\/www.cosmorevas.tk\/wp-content\/uploads\/2025\/11\/Colombia-36x36.webp 36w, https:\/\/www.cosmorevas.tk\/wp-content\/uploads\/2025\/11\/Colombia-180x180.webp 180w\" sizes=\"(max-width: 300px) 100vw, 300px\" \/><a href=\"https:\/\/www.cosmorevas.tk\/wp-content\/uploads\/2025\/11\/Colombia.webp\" data-srcset=\"https:\/\/www.cosmorevas.tk\/wp-content\/uploads\/2025\/11\/Colombia.webp 300w, https:\/\/www.cosmorevas.tk\/wp-content\/uploads\/2025\/11\/Colombia-80x80.webp 80w, https:\/\/www.cosmorevas.tk\/wp-content\/uploads\/2025\/11\/Colombia-36x36.webp 36w, https:\/\/www.cosmorevas.tk\/wp-content\/uploads\/2025\/11\/Colombia-180x180.webp 180w\" data-sizes=\"(max-width: 300px) 100vw, 300px\" class='av-horizontal-gallery-link avia-svg-icon avia-font-svg_entypo-fontello' data-av_svg_icon='resize-full' data-av_iconset='svg_entypo-fontello' title='Colombia' alt='Colombia' aria-label='Open image in lightbox: Colombia'><svg version=\"1.1\" xmlns=\"http:\/\/www.w3.org\/2000\/svg\" width=\"25\" height=\"32\" viewBox=\"0 0 25 32\" preserveAspectRatio=\"xMidYMid meet\" aria-labelledby='av-svg-title-1' aria-describedby='av-svg-desc-1' role=\"graphics-symbol\" aria-hidden=\"true\">\n<title id='av-svg-title-1'>Open image in lightbox: Colombia<\/title>\n<desc id='av-svg-desc-1'>Open image in lightbox: Colombia<\/desc>\n<path d=\"M15.232 3.328h10.112v10.112l-3.2-3.968-4.672 4.864-3.2-3.2 4.864-4.672zM7.872 17.536l3.2 3.2-4.864 4.672 3.904 3.2h-10.112v-10.112l3.2 3.904z\"><\/path>\n<\/svg><\/a><\/div><\/div><\/div><\/div><\/div>\n\n<\/div><\/div><\/div><!-- close content main div --><\/div><\/div><div id='av_section_3'  class='avia-section av-5bytdlc-901a84c871979a2137f78da3e038f37d main_color avia-section-default avia-no-border-styling  avia-builder-el-16  el_after_av_section  el_before_av_section  avia-bg-style-scroll container_wrap fullsize'  ><div class='container av-section-cont-open' ><div class='template-page content  av-content-full alpha units'><div class='post-entry post-entry-type-page post-entry-17394'><div class='entry-content-wrapper clearfix'>\n\n<style type=\"text\/css\" data-created_by=\"avia_inline_auto\" id=\"style-css-av-4ojnaog-35c0d98893aa3f4cc5c71a5f4c57ec23\">\n.flex_column.av-4ojnaog-35c0d98893aa3f4cc5c71a5f4c57ec23{\nborder-radius:0px 0px 0px 0px;\npadding:0px 0px 0px 0px;\n}\n<\/style>\n<div  class='flex_column av-4ojnaog-35c0d98893aa3f4cc5c71a5f4c57ec23 av_three_fourth  avia-builder-el-17  el_before_av_one_fourth  avia-builder-el-first  first flex_column_div av-zero-column-padding  '     ><style type=\"text\/css\" data-created_by=\"avia_inline_auto\" id=\"style-css-av-llqbm3y4-5e6659099dd036bec6ebe4bca74a53ef\">\n#top .av_textblock_section.av-llqbm3y4-5e6659099dd036bec6ebe4bca74a53ef .avia_textblock{\nfont-size:18px;\n}\n<\/style>\n<section  class='av_textblock_section av-llqbm3y4-5e6659099dd036bec6ebe4bca74a53ef '   itemscope=\"itemscope\" itemtype=\"https:\/\/schema.org\/CreativeWork\" ><div class='avia_textblock'  itemprop=\"text\" ><h1><strong>\u00bfPOR QU\u00c9 IR A COLOMBIA?<br \/>\n<\/strong><\/h1>\n<p>Hay gente que solo conoce Colombia por los <strong>Narcos<\/strong> y todo lo que eso supone.<\/p>\n<p>Pero, hay otra comunidad enorme que est\u00e1 s\u00faper conectada con Colombia: los guerrilleros comunistas de las <strong>FARC<\/strong> (Fuerzas Armadas Revolucionarias de Colombia &#8211; Ej\u00e9rcito del Pueblo) y del ELN (Ej\u00e9rcito de Liberaci\u00f3n Nacional).<\/p>\n<p>La guerra que ha involucrado, y que en menor medida sigue involucrando, a los narcos, las FARC, el ELN, los militares, los paramilitares, el Estado colombiano y los Estados Unidos, ha manchado, obviamente, lo que Colombia ofrece a nivel naturalista, y ha hecho que el turismo deje de ir a esta zona de Sudam\u00e9rica.<\/p>\n<p><div id=\"attachment_19726\" style=\"width: 1010px\" class=\"wp-caption aligncenter\"><img decoding=\"async\" aria-describedby=\"caption-attachment-19726\" class=\"size-full wp-image-19529 lazyload\" data-src=\"https:\/\/www.cosmorevas.tk\/wp-content\/uploads\/2025\/11\/Esercito-e-Paramilitari-a-Bogota.webp\" alt=\"Ej\u00e9rcito y paramilitares en Bogot\u00e1\" width=\"1000\" height=\"628\" data-srcset=\"https:\/\/www.cosmorevas.tk\/wp-content\/uploads\/2025\/11\/Esercito-e-Paramilitari-a-Bogota.webp 1000w, https:\/\/www.cosmorevas.tk\/wp-content\/uploads\/2025\/11\/Esercito-e-Paramilitari-a-Bogota-300x188.webp 300w, https:\/\/www.cosmorevas.tk\/wp-content\/uploads\/2025\/11\/Esercito-e-Paramilitari-a-Bogota-768x482.webp 768w, https:\/\/www.cosmorevas.tk\/wp-content\/uploads\/2025\/11\/Esercito-e-Paramilitari-a-Bogota-705x443.webp 705w\" data-sizes=\"(max-width: 1000px) 100vw, 1000px\" src=\"data:image\/svg+xml;base64,PHN2ZyB3aWR0aD0iMSIgaGVpZ2h0PSIxIiB4bWxucz0iaHR0cDovL3d3dy53My5vcmcvMjAwMC9zdmciPjwvc3ZnPg==\" style=\"--smush-placeholder-width: 1000px; --smush-placeholder-aspect-ratio: 1000\/628;\" \/><p id=\"caption-attachment-19726\" class=\"wp-caption-text\">Ej\u00e9rcito y paramilitares en Bogot\u00e1<\/p><\/div><br \/>\n<div id=\"attachment_19728\" style=\"width: 1010px\" class=\"wp-caption aligncenter\"><img decoding=\"async\" aria-describedby=\"caption-attachment-19728\" class=\"size-full wp-image-19531 lazyload\" data-src=\"https:\/\/www.cosmorevas.tk\/wp-content\/uploads\/2025\/11\/Manifestazioni-in-America-Latina.webp\" alt=\"Manifestaciones en Am\u00e9rica Latina\" width=\"1000\" height=\"642\" data-srcset=\"https:\/\/www.cosmorevas.tk\/wp-content\/uploads\/2025\/11\/Manifestazioni-in-America-Latina.webp 1000w, https:\/\/www.cosmorevas.tk\/wp-content\/uploads\/2025\/11\/Manifestazioni-in-America-Latina-300x193.webp 300w, https:\/\/www.cosmorevas.tk\/wp-content\/uploads\/2025\/11\/Manifestazioni-in-America-Latina-768x493.webp 768w, https:\/\/www.cosmorevas.tk\/wp-content\/uploads\/2025\/11\/Manifestazioni-in-America-Latina-705x453.webp 705w\" data-sizes=\"(max-width: 1000px) 100vw, 1000px\" src=\"data:image\/svg+xml;base64,PHN2ZyB3aWR0aD0iMSIgaGVpZ2h0PSIxIiB4bWxucz0iaHR0cDovL3d3dy53My5vcmcvMjAwMC9zdmciPjwvc3ZnPg==\" style=\"--smush-placeholder-width: 1000px; --smush-placeholder-aspect-ratio: 1000\/642;\" \/><p id=\"caption-attachment-19728\" class=\"wp-caption-text\">Manifestaciones en Am\u00e9rica Latina<\/p><\/div><\/p>\n<p>Soy un viajero y quiero ver el mundo con mis propios ojos, as\u00ed que no pod\u00eda perderme Colombia.<br \/>\nEn 2023 era casi imposible pensar en hacer un viaje a Colombia y era muy dif\u00edcil saber de antemano d\u00f3nde ir y qu\u00e9 ver.<br \/>\nOye, d\u00e9jame contarte algo: la Lonely Planet y otros sitios oficiales pon\u00edan Colombia como uno de los primeros destinos que evitar. \u00a1Qu\u00e9 loco!<br \/>Y cuando busqu\u00e9 recomendaciones en blogs y p\u00e1ginas web, \u00a1vaya que no hab\u00eda casi nada!<br \/>\nPues mira, mejor as\u00ed, me gusta sentirme un pionero en ciertos viajes y descubrirlo todo por mi cuenta.<\/p>\n<p>Adem\u00e1s del viaje a Colombia en 2023, volv\u00ed m\u00e1s o menos por casualidad en 2024.<br \/>\nEl vuelo de Madrid a San Jos\u00e9 (en Costa Rica, de donde luego segu\u00ed hacia Nicaragua) se paraba un ratito en el aeropuerto de Bogot\u00e1.<br \/>\nPero, cuando volv\u00ed, me retras\u00e9 un mont\u00f3n, \u00a113 horas con <a href=\"https:\/\/www.avianca.com\/es\/\" target=\"_blank\" rel=\"noopener\">Avianca<\/a>! Y como si fuera poco, perd\u00ed el cambio de itinerario con una conexi\u00f3n superimprobable: Bogot\u00e1-Medell\u00edn-Madrid.<br \/>\u00a1Madre m\u00eda! La aerol\u00ednea colombiana tuvo que pagar mi cena y mi estancia en el Hotel Hilton de Bogot\u00e1.<br \/>\nNo hace falta decir lo bonito que es el hotel y lo abundante que fue la cena.<\/p>\n<p>En resumen, Colombia me llama y no me suelta&#8230;<\/p>\n<p><img decoding=\"async\" class=\"size-full wp-image-19514 aligncenter lazyload\" data-src=\"https:\/\/www.cosmorevas.tk\/wp-content\/uploads\/2025\/11\/22Colombia22-di-Antonio-Caro-Museo-di-Fernando-Botero-Bogota.webp\" alt=\"Colombia, de Antonio Caro - Museo Fernando Botero, Bogot\u00e1\" width=\"1000\" height=\"481\" data-srcset=\"https:\/\/www.cosmorevas.tk\/wp-content\/uploads\/2025\/11\/22Colombia22-di-Antonio-Caro-Museo-di-Fernando-Botero-Bogota.webp 1000w, https:\/\/www.cosmorevas.tk\/wp-content\/uploads\/2025\/11\/22Colombia22-di-Antonio-Caro-Museo-di-Fernando-Botero-Bogota-300x144.webp 300w, https:\/\/www.cosmorevas.tk\/wp-content\/uploads\/2025\/11\/22Colombia22-di-Antonio-Caro-Museo-di-Fernando-Botero-Bogota-768x369.webp 768w, https:\/\/www.cosmorevas.tk\/wp-content\/uploads\/2025\/11\/22Colombia22-di-Antonio-Caro-Museo-di-Fernando-Botero-Bogota-705x339.webp 705w\" data-sizes=\"(max-width: 1000px) 100vw, 1000px\" src=\"data:image\/svg+xml;base64,PHN2ZyB3aWR0aD0iMSIgaGVpZ2h0PSIxIiB4bWxucz0iaHR0cDovL3d3dy53My5vcmcvMjAwMC9zdmciPjwvc3ZnPg==\" style=\"--smush-placeholder-width: 1000px; --smush-placeholder-aspect-ratio: 1000\/481;\" \/><\/p>\n<h2><strong>C\u00d3MO IR A COLOMBIA<\/strong><\/h2>\n<p>Si tienes pasaporte europeo, puedes entrar en Colombia sin visado.<br \/>\nPero, ojo, tienes que tener un pasaporte v\u00e1lido como m\u00ednimo seis meses.<br \/>\nDependiendo de las zonas que vayas a visitar y tambi\u00e9n de si ya has visitado alguna en las \u00faltimas semanas o meses, tendr\u00e1s que vacunarte contra la <strong>fiebre amarilla<\/strong>.<\/p>\n<p>La situaci\u00f3n geopol\u00edtica en Am\u00e9rica Latina puede cambiar a\u00fan m\u00e1s r\u00e1pidamente (y violentamente) que en el resto del mundo.<br \/>\nPor eso, no siempre es f\u00e1cil ni posible cruzar ciertas fronteras.<br \/>\nHoy en d\u00eda, por ejemplo, es casi imposible viajar por tierra entre Colombia y Venezuela.<\/p>\n<div id=\"attachment_19732\" style=\"width: 787px\" class=\"wp-caption aligncenter\"><img decoding=\"async\" aria-describedby=\"caption-attachment-19732\" class=\"size-full wp-image-19509 lazyload\" data-src=\"https:\/\/www.cosmorevas.tk\/wp-content\/uploads\/2025\/11\/volo-Madrid-Bogota.webp\" alt=\"ruta de vuelo Madrid - Bogot\u00e1\" width=\"777\" height=\"600\" data-srcset=\"https:\/\/www.cosmorevas.tk\/wp-content\/uploads\/2025\/11\/volo-Madrid-Bogota.webp 777w, https:\/\/www.cosmorevas.tk\/wp-content\/uploads\/2025\/11\/volo-Madrid-Bogota-300x232.webp 300w, https:\/\/www.cosmorevas.tk\/wp-content\/uploads\/2025\/11\/volo-Madrid-Bogota-768x593.webp 768w, https:\/\/www.cosmorevas.tk\/wp-content\/uploads\/2025\/11\/volo-Madrid-Bogota-705x544.webp 705w\" data-sizes=\"(max-width: 777px) 100vw, 777px\" src=\"data:image\/svg+xml;base64,PHN2ZyB3aWR0aD0iMSIgaGVpZ2h0PSIxIiB4bWxucz0iaHR0cDovL3d3dy53My5vcmcvMjAwMC9zdmciPjwvc3ZnPg==\" style=\"--smush-placeholder-width: 777px; --smush-placeholder-aspect-ratio: 777\/600;\" \/><p id=\"caption-attachment-19732\" class=\"wp-caption-text\">ruta de vuelo Madrid &#8211; Bogot\u00e1<\/p><\/div>\n<h3><strong><span class=\"\">Avi\u00f3n<\/span><\/strong><\/h3>\n<p>Como la mayor\u00eda de los vuelos de Europa a Latinoam\u00e9rica, los m\u00e1s baratos son los que conectan Bogot\u00e1 y Medell\u00edn a Madrid y Barcelona.<\/p>\n<p>Claro, hay un mont\u00f3n de avi\u00f3n diarios con otros pa\u00edses de Am\u00e9rica.<\/p>\n<p>El <strong>aeropuerto de Cartagena<\/strong> tambi\u00e9n tiene muy buenas conexiones con \u00c1msterdam, a trav\u00e9s de KLM.<\/p>\n<p>El <strong>aeropuerto de Pereira<\/strong> es la puerta de entrada m\u00e1s importante a la zona del Eje Cafetero.<br \/>\nSe puede llegar a la estaci\u00f3n de autobuses por unos 15 000 pesos.<br \/>\nLlegar a Salento en colectivo deber\u00eda costar alrededor de 10 000 pesos.<\/p>\n<div id=\"attachment_19734\" style=\"width: 1010px\" class=\"wp-caption aligncenter\"><img decoding=\"async\" aria-describedby=\"caption-attachment-19734\" class=\"size-full wp-image-19513 lazyload\" data-src=\"https:\/\/www.cosmorevas.tk\/wp-content\/uploads\/2025\/11\/Aeropuerto-Pereira.webp\" alt=\"Aeropuerto Pereira\" width=\"1000\" height=\"563\" data-srcset=\"https:\/\/www.cosmorevas.tk\/wp-content\/uploads\/2025\/11\/Aeropuerto-Pereira.webp 1000w, https:\/\/www.cosmorevas.tk\/wp-content\/uploads\/2025\/11\/Aeropuerto-Pereira-300x169.webp 300w, https:\/\/www.cosmorevas.tk\/wp-content\/uploads\/2025\/11\/Aeropuerto-Pereira-768x432.webp 768w, https:\/\/www.cosmorevas.tk\/wp-content\/uploads\/2025\/11\/Aeropuerto-Pereira-705x397.webp 705w\" data-sizes=\"(max-width: 1000px) 100vw, 1000px\" src=\"data:image\/svg+xml;base64,PHN2ZyB3aWR0aD0iMSIgaGVpZ2h0PSIxIiB4bWxucz0iaHR0cDovL3d3dy53My5vcmcvMjAwMC9zdmciPjwvc3ZnPg==\" style=\"--smush-placeholder-width: 1000px; --smush-placeholder-aspect-ratio: 1000\/563;\" \/><p id=\"caption-attachment-19734\" class=\"wp-caption-text\">Aeropuerto Pereira<\/p><\/div>\n<h3><strong><span class=\"\">Tienes mucho tiempo, \u00bfverdad? Pues mira, te cuento: se puede viajar tranquilamente en autob\u00fas desde el sur de laAutob\u00fas<\/span><\/strong><\/h3>\n<p>Se hai tempo a disposizione, puoi tranquillamente spostarti in autobus dall&#8217;estremo sud della <a href=\"https:\/\/www.cosmorevas.tk\/es\/destinos\/patagonia-tierra-del-fuego\/\" target=\"_blank\" rel=\"noopener\">Patagonia<\/a> hasta el norte de <a href=\"https:\/\/www.cosmorevas.tk\/es\/destinos\/mexico\/\" target=\"_blank\" rel=\"noopener\">Mexico<\/a>.<br \/>\nO sea, puedes entrar en Colombia en bus, con conexiones internacionales.<br \/>\nEn este caso, los pa\u00edses fronterizos son Panam\u00e1, Ecuador, <a href=\"https:\/\/www.cosmorevas.tk\/es\/destinos\/peru\/\" target=\"_blank\" rel=\"noopener\">Per\u00fa<\/a> y <a href=\"https:\/\/www.cosmorevas.tk\/es\/destinos\/brasil\/\" target=\"_blank\" rel=\"noopener\">Brasil<\/a>.<\/p>\n<p>Solo un consejo: cuando est\u00e9s planeando tus viajes por Colombia, ten en cuenta que <strong>las carreteras pueden ser un poco sinuosas y en mal estado<\/strong>.<br \/>\nEntonces, la velocidad media va a ser muy baja y, adem\u00e1s, el bus puede parar hasta una hora durante el viaje para que los conductores y los pasajeros puedan comer, beber, ir al ba\u00f1o y estirar las piernas.<br \/>\nEn resumen, sabes cu\u00e1ndo sales (tal veces), pero seguramente no sabes a qu\u00e9 hora llegas.<\/p>\n<div id=\"attachment_19736\" style=\"width: 1010px\" class=\"wp-caption aligncenter\"><img decoding=\"async\" aria-describedby=\"caption-attachment-19736\" class=\"size-full wp-image-19655 lazyload\" data-src=\"https:\/\/www.cosmorevas.tk\/wp-content\/uploads\/2025\/11\/Autobus-America-Latina.webp\" alt=\"Autobuses en Am\u00e9rica Latina\" width=\"1000\" height=\"209\" data-srcset=\"https:\/\/www.cosmorevas.tk\/wp-content\/uploads\/2025\/11\/Autobus-America-Latina.webp 1000w, https:\/\/www.cosmorevas.tk\/wp-content\/uploads\/2025\/11\/Autobus-America-Latina-300x63.webp 300w, https:\/\/www.cosmorevas.tk\/wp-content\/uploads\/2025\/11\/Autobus-America-Latina-768x161.webp 768w, https:\/\/www.cosmorevas.tk\/wp-content\/uploads\/2025\/11\/Autobus-America-Latina-705x147.webp 705w\" data-sizes=\"(max-width: 1000px) 100vw, 1000px\" src=\"data:image\/svg+xml;base64,PHN2ZyB3aWR0aD0iMSIgaGVpZ2h0PSIxIiB4bWxucz0iaHR0cDovL3d3dy53My5vcmcvMjAwMC9zdmciPjwvc3ZnPg==\" style=\"--smush-placeholder-width: 1000px; --smush-placeholder-aspect-ratio: 1000\/209;\" \/><p id=\"caption-attachment-19736\" class=\"wp-caption-text\">Autobuses en Am\u00e9rica Latina<\/p><\/div>\n<h3><strong><span class=\"\">Barco<\/span><\/strong><\/h3>\n<p>Colombia est\u00e1 ba\u00f1ada por el Pac\u00edfico y el Caribe, \u00a1as\u00ed que tambi\u00e9n se puede llegar por mar!<br \/>\nCartagena es un puerto tur\u00edstico muy importante, pero algunas de sus <strong>islas<\/strong> tambi\u00e9n son visitadas por extranjeros de todo el mundo.<\/p>\n<h2><strong>QU\u00c9 HACER EN COLOMBIA<br \/>\n<\/strong><\/h2>\n<p>Pues mira, organizar mi viaje por Colombia por mi cuenta fue un pel\u00edn complicado, la verdad.<br \/>\nM\u00e1s all\u00e1 del cl\u00e1sico consejo de que \u00abColombia es peligrosa, mejor no ir si no eres narcotraficante\u00bb, todav\u00eda son pocos los viajeros que se han lanzado a visitarla.<br \/>\n\u00bfSab\u00edas que las gu\u00edas tur\u00edsticas y los diarios de viaje son casi inexistentes en algunas zonas?<br \/>\nEspero que mis historias te ayuden en tu pr\u00f3ximo viaje a Colombia.<\/p>\n<p>He viajado por ella de arriba abajo y, la verdad, pensaba que era mucho m\u00e1s peligrosa.<br \/>\nPero ojo, Colombia no es un viaje para todos, as\u00ed que no te lo tomes a la ligera.<br \/>\nYo creo que casi todos los sitios del mundo pueden ser peligrosos, entonces no te voy a decir que no viajes a un pa\u00eds porque es peligroso.<br \/>\nHay que tener cuidado en todas partes, <strong>conociendo y respetando<\/strong> las leyes, las tradiciones, los usos y la cultura local.<br \/>\nLa verdad es que las situaciones m\u00e1s complicadas las he vivido en <a href=\"https:\/\/www.cosmorevas.tk\/es\/ciudad\/berlin\/\" target=\"_blank\" rel=\"noopener\">Berl\u00edn<\/a> y Johannesburgo.<\/p>\n<p><img decoding=\"async\" class=\"size-full wp-image-19578 lazyload\" data-src=\"https:\/\/www.cosmorevas.tk\/wp-content\/uploads\/2025\/11\/Colombia-1.webp\" alt=\"Colombia\" width=\"1000\" height=\"563\" data-srcset=\"https:\/\/www.cosmorevas.tk\/wp-content\/uploads\/2025\/11\/Colombia-1.webp 1000w, https:\/\/www.cosmorevas.tk\/wp-content\/uploads\/2025\/11\/Colombia-1-300x169.webp 300w, https:\/\/www.cosmorevas.tk\/wp-content\/uploads\/2025\/11\/Colombia-1-768x432.webp 768w, https:\/\/www.cosmorevas.tk\/wp-content\/uploads\/2025\/11\/Colombia-1-705x397.webp 705w\" data-sizes=\"(max-width: 1000px) 100vw, 1000px\" src=\"data:image\/svg+xml;base64,PHN2ZyB3aWR0aD0iMSIgaGVpZ2h0PSIxIiB4bWxucz0iaHR0cDovL3d3dy53My5vcmcvMjAwMC9zdmciPjwvc3ZnPg==\" style=\"--smush-placeholder-width: 1000px; --smush-placeholder-aspect-ratio: 1000\/563;\" \/><\/p>\n<h3><strong><span class=\"\">Bogot\u00e1<\/span><\/strong><\/h3>\n<p>La verdad es que no podr\u00eda decir que he estado en un pa\u00eds si no he visitado su capital.<br \/>\nBogot\u00e1 es una de las puertas principales para entrar al pa\u00eds, y el nombre de su aeropuerto, El Dorado, tiene una historia y leyendas antiguas que te van a dejar boquiabierto.<\/p>\n<p>El centro es bastante tranquilo y agradable para pasear.<br \/>\nEsto es v\u00e1lido hasta las 5 de la tarde aproximadamente, que es cuando se pone el sol y la ciudad se queda en la oscuridad.<br \/>\nLas luces de las calles a menudo no se encienden, las tiendas cierran y la gente se encierra en casa.<br \/>\nY, en una ciudad donde las cuatro estaciones clim\u00e1ticas se suceden varias veces al d\u00eda, la lluvia lo hace todo a\u00fan m\u00e1s l\u00fagubre.<br \/>\nPero, por otro lado, \u00bfqu\u00e9 sentido tiene pasear de noche por Bogot\u00e1?<\/p>\n<div id=\"attachment_19739\" style=\"width: 573px\" class=\"wp-caption aligncenter\"><img decoding=\"async\" aria-describedby=\"caption-attachment-19739\" class=\"size-full wp-image-19515 lazyload\" data-src=\"https:\/\/www.cosmorevas.tk\/wp-content\/uploads\/2025\/11\/Bogota-di-notte.webp\" alt=\"Bogot\u00e1 por la noche\" width=\"563\" height=\"600\" data-srcset=\"https:\/\/www.cosmorevas.tk\/wp-content\/uploads\/2025\/11\/Bogota-di-notte.webp 563w, https:\/\/www.cosmorevas.tk\/wp-content\/uploads\/2025\/11\/Bogota-di-notte-282x300.webp 282w\" data-sizes=\"(max-width: 563px) 100vw, 563px\" src=\"data:image\/svg+xml;base64,PHN2ZyB3aWR0aD0iMSIgaGVpZ2h0PSIxIiB4bWxucz0iaHR0cDovL3d3dy53My5vcmcvMjAwMC9zdmciPjwvc3ZnPg==\" style=\"--smush-placeholder-width: 563px; --smush-placeholder-aspect-ratio: 563\/600;\" \/><p id=\"caption-attachment-19739\" class=\"wp-caption-text\">Bogot\u00e1 por la noche<\/p><\/div>\n<p>Por la ma\u00f1ana, en cambio, la capital colombiana ofrece muchas atracciones.<br \/>\nComo en todas las ciudades de Am\u00e9rica Latina, la plaza principal es la <strong>Plaza Simon Bolivar<\/strong>.<br \/>\nAqu\u00ed est\u00e1n los edificios s\u00edmbolo del poder: el <strong>Capitolio Nacional<\/strong> (donde se re\u00fane el Congreso de la Rep\u00fablica), la <strong>Catedral Primada de Colombia<\/strong>, el Palacio de Justicia y el <strong>Palacio Li\u00e9vano<\/strong> (donde se encuentra el Ayuntamiento de Bogot\u00e1).<br \/>\nSus respectivas estructuras arquitect\u00f3nicas muestran tambi\u00e9n los diferentes per\u00edodos hist\u00f3ricos en los que fueron construidos.<\/p>\n<p><div id=\"attachment_19741\" style=\"width: 1010px\" class=\"wp-caption aligncenter\"><img decoding=\"async\" aria-describedby=\"caption-attachment-19741\" class=\"size-full wp-image-19518 lazyload\" data-src=\"https:\/\/www.cosmorevas.tk\/wp-content\/uploads\/2025\/11\/Palacio-Lievano-Bogota.webp\" alt=\"Palacio Li\u00e9vano, Bogot\u00e0\" width=\"1000\" height=\"484\" data-srcset=\"https:\/\/www.cosmorevas.tk\/wp-content\/uploads\/2025\/11\/Palacio-Lievano-Bogota.webp 1000w, https:\/\/www.cosmorevas.tk\/wp-content\/uploads\/2025\/11\/Palacio-Lievano-Bogota-300x145.webp 300w, https:\/\/www.cosmorevas.tk\/wp-content\/uploads\/2025\/11\/Palacio-Lievano-Bogota-768x372.webp 768w, https:\/\/www.cosmorevas.tk\/wp-content\/uploads\/2025\/11\/Palacio-Lievano-Bogota-705x341.webp 705w\" data-sizes=\"(max-width: 1000px) 100vw, 1000px\" src=\"data:image\/svg+xml;base64,PHN2ZyB3aWR0aD0iMSIgaGVpZ2h0PSIxIiB4bWxucz0iaHR0cDovL3d3dy53My5vcmcvMjAwMC9zdmciPjwvc3ZnPg==\" style=\"--smush-placeholder-width: 1000px; --smush-placeholder-aspect-ratio: 1000\/484;\" \/><p id=\"caption-attachment-19741\" class=\"wp-caption-text\">Palacio Li\u00e9vano, Bogot\u00e0<\/p><\/div><br \/>\n<div id=\"attachment_19743\" style=\"width: 1010px\" class=\"wp-caption aligncenter\"><img decoding=\"async\" aria-describedby=\"caption-attachment-19743\" class=\"size-full wp-image-19517 lazyload\" data-src=\"https:\/\/www.cosmorevas.tk\/wp-content\/uploads\/2025\/11\/Catedral-Primada-de-Colombia-Bogota.webp\" alt=\"Catedral Primada de Colombia Bogot\u00e0\" width=\"1000\" height=\"434\" data-srcset=\"https:\/\/www.cosmorevas.tk\/wp-content\/uploads\/2025\/11\/Catedral-Primada-de-Colombia-Bogota.webp 1000w, https:\/\/www.cosmorevas.tk\/wp-content\/uploads\/2025\/11\/Catedral-Primada-de-Colombia-Bogota-300x130.webp 300w, https:\/\/www.cosmorevas.tk\/wp-content\/uploads\/2025\/11\/Catedral-Primada-de-Colombia-Bogota-768x333.webp 768w, https:\/\/www.cosmorevas.tk\/wp-content\/uploads\/2025\/11\/Catedral-Primada-de-Colombia-Bogota-705x306.webp 705w\" data-sizes=\"(max-width: 1000px) 100vw, 1000px\" src=\"data:image\/svg+xml;base64,PHN2ZyB3aWR0aD0iMSIgaGVpZ2h0PSIxIiB4bWxucz0iaHR0cDovL3d3dy53My5vcmcvMjAwMC9zdmciPjwvc3ZnPg==\" style=\"--smush-placeholder-width: 1000px; --smush-placeholder-aspect-ratio: 1000\/434;\" \/><p id=\"caption-attachment-19743\" class=\"wp-caption-text\">Catedral Primada de Colombia Bogot\u00e0<\/p><\/div><br \/>\n<div id=\"attachment_19745\" style=\"width: 697px\" class=\"wp-caption aligncenter\"><img decoding=\"async\" aria-describedby=\"caption-attachment-19745\" class=\"size-full wp-image-19516 lazyload\" data-src=\"https:\/\/www.cosmorevas.tk\/wp-content\/uploads\/2025\/11\/Congreso-de-la-Republica-Plaza-Bolivar-Bogota.webp\" alt=\"Congreso de la Rep\u00fablica - Plaza Bol\u00edvar, Bogot\u00e0\" width=\"687\" height=\"600\" data-srcset=\"https:\/\/www.cosmorevas.tk\/wp-content\/uploads\/2025\/11\/Congreso-de-la-Republica-Plaza-Bolivar-Bogota.webp 687w, https:\/\/www.cosmorevas.tk\/wp-content\/uploads\/2025\/11\/Congreso-de-la-Republica-Plaza-Bolivar-Bogota-300x262.webp 300w\" data-sizes=\"(max-width: 687px) 100vw, 687px\" src=\"data:image\/svg+xml;base64,PHN2ZyB3aWR0aD0iMSIgaGVpZ2h0PSIxIiB4bWxucz0iaHR0cDovL3d3dy53My5vcmcvMjAwMC9zdmciPjwvc3ZnPg==\" style=\"--smush-placeholder-width: 687px; --smush-placeholder-aspect-ratio: 687\/600;\" \/><p id=\"caption-attachment-19745\" class=\"wp-caption-text\">Congreso de la Rep\u00fablica &#8211; Plaza Bol\u00edvar, Bogot\u00e0<\/p><\/div><\/p>\n<p>Como apasionado de la historia, no pod\u00eda dejar de ir al<strong> Museo del Oro<\/strong> para ver la colecci\u00f3n arqueol\u00f3gica de objetos de oro m\u00e1s grande del mundo, que te lleva por la historia desde los primeros pueblos que habitaron el continente.<br \/>\nSe necesitan entre dos y tres horas para visitarlo, porque hay mucho que ver.<br \/>\nLa plaza frente al Museo del Oro es tranquila y desde aqu\u00ed tambi\u00e9n salen algunas visitas guiadas por la ciudad.<br \/>\nEn este sentido, recomiendo las de <a href=\"https:\/\/www.beyondcolombia.com\/?locale=es\" target=\"_blank\" rel=\"noopener\">Beyond Colombia<\/a>.<\/p>\n<p><div id=\"attachment_19747\" style=\"width: 460px\" class=\"wp-caption aligncenter\"><img decoding=\"async\" aria-describedby=\"caption-attachment-19747\" class=\"size-full wp-image-19519 lazyload\" data-src=\"https:\/\/www.cosmorevas.tk\/wp-content\/uploads\/2025\/11\/maschera-precolombiana-Museo-dellOro-di-Bogota.JPG.webp\" alt=\"M\u00e1scara precolombina - Museo del Oro de Bogot\u00e1\" width=\"450\" height=\"600\" data-srcset=\"https:\/\/www.cosmorevas.tk\/wp-content\/uploads\/2025\/11\/maschera-precolombiana-Museo-dellOro-di-Bogota.JPG.webp 450w, https:\/\/www.cosmorevas.tk\/wp-content\/uploads\/2025\/11\/maschera-precolombiana-Museo-dellOro-di-Bogota.JPG-225x300.webp 225w\" data-sizes=\"(max-width: 450px) 100vw, 450px\" src=\"data:image\/svg+xml;base64,PHN2ZyB3aWR0aD0iMSIgaGVpZ2h0PSIxIiB4bWxucz0iaHR0cDovL3d3dy53My5vcmcvMjAwMC9zdmciPjwvc3ZnPg==\" style=\"--smush-placeholder-width: 450px; --smush-placeholder-aspect-ratio: 450\/600;\" \/><p id=\"caption-attachment-19747\" class=\"wp-caption-text\">M\u00e1scara precolombina &#8211; Museo del Oro de Bogot\u00e1<\/p><\/div><br \/>\n<div id=\"attachment_19749\" style=\"width: 348px\" class=\"wp-caption aligncenter\"><img decoding=\"async\" aria-describedby=\"caption-attachment-19749\" class=\"size-full wp-image-19520 lazyload\" data-src=\"https:\/\/www.cosmorevas.tk\/wp-content\/uploads\/2025\/11\/gioielli-precolombiani-Museo-dellOro-di-Bogota.webp\" alt=\"Joyas precolombinas - Museo del Oro de Bogot\u00e1\" width=\"338\" height=\"600\" data-srcset=\"https:\/\/www.cosmorevas.tk\/wp-content\/uploads\/2025\/11\/gioielli-precolombiani-Museo-dellOro-di-Bogota.webp 338w, https:\/\/www.cosmorevas.tk\/wp-content\/uploads\/2025\/11\/gioielli-precolombiani-Museo-dellOro-di-Bogota-169x300.webp 169w\" data-sizes=\"(max-width: 338px) 100vw, 338px\" src=\"data:image\/svg+xml;base64,PHN2ZyB3aWR0aD0iMSIgaGVpZ2h0PSIxIiB4bWxucz0iaHR0cDovL3d3dy53My5vcmcvMjAwMC9zdmciPjwvc3ZnPg==\" style=\"--smush-placeholder-width: 338px; --smush-placeholder-aspect-ratio: 338\/600;\" \/><p id=\"caption-attachment-19749\" class=\"wp-caption-text\">Joyas precolombinas &#8211; Museo del Oro de Bogot\u00e1<\/p><\/div><\/p>\n<p>A poca distancia del Museo del Oro se encuentra el <strong>Museo Fernando Botero<\/strong>.<br \/>\nAqu\u00ed, adem\u00e1s de las pinturas y esculturas que don\u00f3 el maestro de Medell\u00edn, tambi\u00e9n hay obras de Salvador Dal\u00ed, Pablo Picasso, Joan Mir\u00f3, Edgar Degas y otros artistas internacionales.<br \/>\nHay tambi\u00e9n una parte del museo dedicada a fotograf\u00edas que cuentan la historia colombiana de las \u00faltimas d\u00e9cadas.<\/p>\n<p><div id=\"attachment_19751\" style=\"width: 558px\" class=\"wp-caption aligncenter\"><img decoding=\"async\" aria-describedby=\"caption-attachment-19751\" class=\"size-full wp-image-19521 lazyload\" data-src=\"https:\/\/www.cosmorevas.tk\/wp-content\/uploads\/2025\/11\/22Monalisa22-Museo-di-Fernando-Botero-Bogota.webp\" alt=\"Monalisa - Museo Fernando Botero, Bogot\u00e1\" width=\"548\" height=\"600\" data-srcset=\"https:\/\/www.cosmorevas.tk\/wp-content\/uploads\/2025\/11\/22Monalisa22-Museo-di-Fernando-Botero-Bogota.webp 548w, https:\/\/www.cosmorevas.tk\/wp-content\/uploads\/2025\/11\/22Monalisa22-Museo-di-Fernando-Botero-Bogota-274x300.webp 274w\" data-sizes=\"(max-width: 548px) 100vw, 548px\" src=\"data:image\/svg+xml;base64,PHN2ZyB3aWR0aD0iMSIgaGVpZ2h0PSIxIiB4bWxucz0iaHR0cDovL3d3dy53My5vcmcvMjAwMC9zdmciPjwvc3ZnPg==\" style=\"--smush-placeholder-width: 548px; --smush-placeholder-aspect-ratio: 548\/600;\" \/><p id=\"caption-attachment-19751\" class=\"wp-caption-text\">Monalisa &#8211; Museo Fernando Botero, Bogot\u00e1<\/p><\/div><br \/>\n<div id=\"attachment_19753\" style=\"width: 472px\" class=\"wp-caption aligncenter\"><img decoding=\"async\" aria-describedby=\"caption-attachment-19753\" class=\"size-full wp-image-19522 lazyload\" data-src=\"https:\/\/www.cosmorevas.tk\/wp-content\/uploads\/2025\/11\/22La-primera-dama22-Museo-di-Fernando-Botero-Bogota.webp\" alt=\"La primera dama - Museo Fernando Botero, Bogot\u00e1\" width=\"462\" height=\"600\" data-srcset=\"https:\/\/www.cosmorevas.tk\/wp-content\/uploads\/2025\/11\/22La-primera-dama22-Museo-di-Fernando-Botero-Bogota.webp 462w, https:\/\/www.cosmorevas.tk\/wp-content\/uploads\/2025\/11\/22La-primera-dama22-Museo-di-Fernando-Botero-Bogota-231x300.webp 231w\" data-sizes=\"(max-width: 462px) 100vw, 462px\" src=\"data:image\/svg+xml;base64,PHN2ZyB3aWR0aD0iMSIgaGVpZ2h0PSIxIiB4bWxucz0iaHR0cDovL3d3dy53My5vcmcvMjAwMC9zdmciPjwvc3ZnPg==\" style=\"--smush-placeholder-width: 462px; --smush-placeholder-aspect-ratio: 462\/600;\" \/><p id=\"caption-attachment-19753\" class=\"wp-caption-text\">La primera dama &#8211; Museo Fernando Botero, Bogot\u00e1<\/p><\/div><br \/>\n<div id=\"attachment_19755\" style=\"width: 545px\" class=\"wp-caption aligncenter\"><img decoding=\"async\" aria-describedby=\"caption-attachment-19755\" class=\"size-full wp-image-19523 lazyload\" data-src=\"https:\/\/www.cosmorevas.tk\/wp-content\/uploads\/2025\/11\/22Ritratto-di-Cezanne-Museo-di-Fernando-Botero-Bogota.webp\" alt=\"Retrato de Cezanne - Museo Fernando Botero, Bogot\u00e1\" width=\"535\" height=\"600\" data-srcset=\"https:\/\/www.cosmorevas.tk\/wp-content\/uploads\/2025\/11\/22Ritratto-di-Cezanne-Museo-di-Fernando-Botero-Bogota.webp 535w, https:\/\/www.cosmorevas.tk\/wp-content\/uploads\/2025\/11\/22Ritratto-di-Cezanne-Museo-di-Fernando-Botero-Bogota-268x300.webp 268w\" data-sizes=\"(max-width: 535px) 100vw, 535px\" src=\"data:image\/svg+xml;base64,PHN2ZyB3aWR0aD0iMSIgaGVpZ2h0PSIxIiB4bWxucz0iaHR0cDovL3d3dy53My5vcmcvMjAwMC9zdmciPjwvc3ZnPg==\" style=\"--smush-placeholder-width: 535px; --smush-placeholder-aspect-ratio: 535\/600;\" \/><p id=\"caption-attachment-19755\" class=\"wp-caption-text\">Retrato de Cezanne &#8211; Museo Fernando Botero, Bogot\u00e1<\/p><\/div><br \/>\n<div id=\"attachment_19756\" style=\"width: 777px\" class=\"wp-caption aligncenter\"><img decoding=\"async\" aria-describedby=\"caption-attachment-19756\" class=\"size-full wp-image-19524 lazyload\" data-src=\"https:\/\/www.cosmorevas.tk\/wp-content\/uploads\/2025\/11\/22Guerrilla-de-Eliseo-Velasquez22-Museo-di-Fernando-Botero-Bogota.webp\" alt=\"Guerrilla de Eliseo Vel\u00e1squez - Museo de Fernando Botero, Bogot\u00e1\" width=\"767\" height=\"600\" data-srcset=\"https:\/\/www.cosmorevas.tk\/wp-content\/uploads\/2025\/11\/22Guerrilla-de-Eliseo-Velasquez22-Museo-di-Fernando-Botero-Bogota.webp 767w, https:\/\/www.cosmorevas.tk\/wp-content\/uploads\/2025\/11\/22Guerrilla-de-Eliseo-Velasquez22-Museo-di-Fernando-Botero-Bogota-300x235.webp 300w, https:\/\/www.cosmorevas.tk\/wp-content\/uploads\/2025\/11\/22Guerrilla-de-Eliseo-Velasquez22-Museo-di-Fernando-Botero-Bogota-705x551.webp 705w\" data-sizes=\"(max-width: 767px) 100vw, 767px\" src=\"data:image\/svg+xml;base64,PHN2ZyB3aWR0aD0iMSIgaGVpZ2h0PSIxIiB4bWxucz0iaHR0cDovL3d3dy53My5vcmcvMjAwMC9zdmciPjwvc3ZnPg==\" style=\"--smush-placeholder-width: 767px; --smush-placeholder-aspect-ratio: 767\/600;\" \/><p id=\"caption-attachment-19756\" class=\"wp-caption-text\">Guerrilla de Eliseo Vel\u00e1squez &#8211; Museo de Fernando Botero, Bogot\u00e1<\/p><\/div><br \/>\n<div id=\"attachment_19758\" style=\"width: 1010px\" class=\"wp-caption aligncenter\"><img decoding=\"async\" aria-describedby=\"caption-attachment-19758\" class=\"size-full wp-image-19525 lazyload\" data-src=\"https:\/\/www.cosmorevas.tk\/wp-content\/uploads\/2025\/11\/Museo-di-Fernando-Botero-Bogota.webp\" alt=\"Museo de Fernando Botero, Bogot\u00e1\" width=\"1000\" height=\"485\" data-srcset=\"https:\/\/www.cosmorevas.tk\/wp-content\/uploads\/2025\/11\/Museo-di-Fernando-Botero-Bogota.webp 1000w, https:\/\/www.cosmorevas.tk\/wp-content\/uploads\/2025\/11\/Museo-di-Fernando-Botero-Bogota-300x146.webp 300w, https:\/\/www.cosmorevas.tk\/wp-content\/uploads\/2025\/11\/Museo-di-Fernando-Botero-Bogota-768x372.webp 768w, https:\/\/www.cosmorevas.tk\/wp-content\/uploads\/2025\/11\/Museo-di-Fernando-Botero-Bogota-705x342.webp 705w\" data-sizes=\"(max-width: 1000px) 100vw, 1000px\" src=\"data:image\/svg+xml;base64,PHN2ZyB3aWR0aD0iMSIgaGVpZ2h0PSIxIiB4bWxucz0iaHR0cDovL3d3dy53My5vcmcvMjAwMC9zdmciPjwvc3ZnPg==\" style=\"--smush-placeholder-width: 1000px; --smush-placeholder-aspect-ratio: 1000\/485;\" \/><p id=\"caption-attachment-19758\" class=\"wp-caption-text\">Museo de Fernando Botero, Bogot\u00e1<\/p><\/div><br \/>\n<div id=\"attachment_19760\" style=\"width: 545px\" class=\"wp-caption aligncenter\"><img decoding=\"async\" aria-describedby=\"caption-attachment-19760\" class=\"size-full wp-image-19526 lazyload\" data-src=\"https:\/\/www.cosmorevas.tk\/wp-content\/uploads\/2025\/11\/22Physichromie22-dellartista-venezuelano-Carlos-Cruz-Diez-Museo-di-Fernando-Botero-Bogota.webp\" alt=\"Physichromie dell'artista venezuelano Carlos Cruz-Diez - Museo di Fernando Botero, Bogot\u00e0\" width=\"535\" height=\"600\" data-srcset=\"https:\/\/www.cosmorevas.tk\/wp-content\/uploads\/2025\/11\/22Physichromie22-dellartista-venezuelano-Carlos-Cruz-Diez-Museo-di-Fernando-Botero-Bogota.webp 535w, https:\/\/www.cosmorevas.tk\/wp-content\/uploads\/2025\/11\/22Physichromie22-dellartista-venezuelano-Carlos-Cruz-Diez-Museo-di-Fernando-Botero-Bogota-268x300.webp 268w\" data-sizes=\"(max-width: 535px) 100vw, 535px\" src=\"data:image\/svg+xml;base64,PHN2ZyB3aWR0aD0iMSIgaGVpZ2h0PSIxIiB4bWxucz0iaHR0cDovL3d3dy53My5vcmcvMjAwMC9zdmciPjwvc3ZnPg==\" style=\"--smush-placeholder-width: 535px; --smush-placeholder-aspect-ratio: 535\/600;\" \/><p id=\"caption-attachment-19760\" class=\"wp-caption-text\">Physichromie del artista venezolano Carlos Cruz-Diez &#8211; Museo Fernando Botero, Bogot\u00e1<\/p><\/div><\/p>\n<p>Quiero dedicar una nota especial al <strong>Barrio Egipto<\/strong>.<br \/>\nNacido de las perspectivas luminosas de la Comuna 13, o mejor dicho, de la oscuridad de las experiencias compartidas en la c\u00e1rcel de Medell\u00edn, uno de los barrios m\u00e1s peligrosos de Bogot\u00e1 est\u00e1 tratando de deshacerse de las guerras internas por el tr\u00e1fico de drogas.<\/p>\n<div id=\"attachment_19762\" style=\"width: 688px\" class=\"wp-caption aligncenter\"><img decoding=\"async\" aria-describedby=\"caption-attachment-19762\" class=\"size-full wp-image-19527 lazyload\" data-src=\"https:\/\/www.cosmorevas.tk\/wp-content\/uploads\/2025\/11\/Barrio-Egipto-somos-todos.webp\" alt=\"Barrio Egipto somos todos\" width=\"678\" height=\"600\" data-srcset=\"https:\/\/www.cosmorevas.tk\/wp-content\/uploads\/2025\/11\/Barrio-Egipto-somos-todos.webp 678w, https:\/\/www.cosmorevas.tk\/wp-content\/uploads\/2025\/11\/Barrio-Egipto-somos-todos-300x265.webp 300w\" data-sizes=\"(max-width: 678px) 100vw, 678px\" src=\"data:image\/svg+xml;base64,PHN2ZyB3aWR0aD0iMSIgaGVpZ2h0PSIxIiB4bWxucz0iaHR0cDovL3d3dy53My5vcmcvMjAwMC9zdmciPjwvc3ZnPg==\" style=\"--smush-placeholder-width: 678px; --smush-placeholder-aspect-ratio: 678\/600;\" \/><p id=\"caption-attachment-19762\" class=\"wp-caption-text\">Barrio Egipto somos todos<\/p><\/div>\n<p>Sin duda, no es un camino f\u00e1cil, pero la voluntad de Jaime Roncancio \u00abCalabrazo\u00bb de mejorar la vida de su familia y de todos los habitantes del barrio debe dar sus frutos.<br \/>\nAunque \u00e9l, el inspirador del proyecto \u00ab<strong>Breaking Border<\/strong>\u00bb, fue asesinado en su barrio el 8 de octubre de 2024, su familia y sus amigos necesitan todo el apoyo posible para hacer realidad este sue\u00f1o.<br \/>\nSi la famosa Comuna 13 ya es un lugar emblem\u00e1tico al que ir, el Barrio Egipto de Bogot\u00e1 lo es a\u00fan m\u00e1s.<br \/>\nSi est\u00e1s en Bogot\u00e1, no te puedes perder una visita al Barrio Egipto con Breaking Border, \u00a1es una experiencia \u00fanica!<\/p>\n<div class=\"mceTemp\"><\/div>\n<p><div id=\"attachment_19763\" style=\"width: 1010px\" class=\"wp-caption aligncenter\"><img decoding=\"async\" aria-describedby=\"caption-attachment-19763\" class=\"size-full wp-image-19528 lazyload\" data-src=\"https:\/\/www.cosmorevas.tk\/wp-content\/uploads\/2025\/11\/Iglesia-de-Nuestra-Senora-de-Egipto-Bogota.webp\" alt=\"Iglesia de Nuestra Se\u00f1ora de Egipto - Bogot\u00e0\" width=\"1000\" height=\"750\" data-srcset=\"https:\/\/www.cosmorevas.tk\/wp-content\/uploads\/2025\/11\/Iglesia-de-Nuestra-Senora-de-Egipto-Bogota.webp 1000w, https:\/\/www.cosmorevas.tk\/wp-content\/uploads\/2025\/11\/Iglesia-de-Nuestra-Senora-de-Egipto-Bogota-300x225.webp 300w, https:\/\/www.cosmorevas.tk\/wp-content\/uploads\/2025\/11\/Iglesia-de-Nuestra-Senora-de-Egipto-Bogota-768x576.webp 768w, https:\/\/www.cosmorevas.tk\/wp-content\/uploads\/2025\/11\/Iglesia-de-Nuestra-Senora-de-Egipto-Bogota-705x529.webp 705w\" data-sizes=\"(max-width: 1000px) 100vw, 1000px\" src=\"data:image\/svg+xml;base64,PHN2ZyB3aWR0aD0iMSIgaGVpZ2h0PSIxIiB4bWxucz0iaHR0cDovL3d3dy53My5vcmcvMjAwMC9zdmciPjwvc3ZnPg==\" style=\"--smush-placeholder-width: 1000px; --smush-placeholder-aspect-ratio: 1000\/750;\" \/><p id=\"caption-attachment-19763\" class=\"wp-caption-text\">Iglesia de Nuestra Se\u00f1ora de Egipto &#8211; Bogot\u00e0<\/p><\/div><br \/>\n<div id=\"attachment_19765\" style=\"width: 1010px\" class=\"wp-caption aligncenter\"><img decoding=\"async\" aria-describedby=\"caption-attachment-19765\" class=\"size-full wp-image-19533 lazyload\" data-src=\"https:\/\/www.cosmorevas.tk\/wp-content\/uploads\/2025\/11\/vista-di-Bogota-dal-Barrio-Egipto.webp\" alt=\"Panorama de Bogot\u00e1 desde el Barrio Egipto\" width=\"1000\" height=\"750\" data-srcset=\"https:\/\/www.cosmorevas.tk\/wp-content\/uploads\/2025\/11\/vista-di-Bogota-dal-Barrio-Egipto.webp 1000w, https:\/\/www.cosmorevas.tk\/wp-content\/uploads\/2025\/11\/vista-di-Bogota-dal-Barrio-Egipto-300x225.webp 300w, https:\/\/www.cosmorevas.tk\/wp-content\/uploads\/2025\/11\/vista-di-Bogota-dal-Barrio-Egipto-768x576.webp 768w, https:\/\/www.cosmorevas.tk\/wp-content\/uploads\/2025\/11\/vista-di-Bogota-dal-Barrio-Egipto-705x529.webp 705w\" data-sizes=\"(max-width: 1000px) 100vw, 1000px\" src=\"data:image\/svg+xml;base64,PHN2ZyB3aWR0aD0iMSIgaGVpZ2h0PSIxIiB4bWxucz0iaHR0cDovL3d3dy53My5vcmcvMjAwMC9zdmciPjwvc3ZnPg==\" style=\"--smush-placeholder-width: 1000px; --smush-placeholder-aspect-ratio: 1000\/750;\" \/><p id=\"caption-attachment-19765\" class=\"wp-caption-text\">Panorama de Bogot\u00e1 desde el Barrio Egipto<\/p><\/div><\/p>\n<h3><strong><span class=\"\">Guatavita<\/span><\/strong><\/h3>\n<p>La <strong>Reserva de la Laguna del Cacique<\/strong> es un lugar muy especial, donde el silencio te hace sentir en sinton\u00eda con el mundo y te invita a so\u00f1ar.<br \/>\nEl lago est\u00e1 en la Cordillera de los Andes, parece un cr\u00e1ter causado por un meteorito y mide como 1,5 kil\u00f3metros de di\u00e1metro.<\/p>\n<div id=\"attachment_19767\" style=\"width: 1010px\" class=\"wp-caption aligncenter\"><img decoding=\"async\" aria-describedby=\"caption-attachment-19767\" class=\"size-full wp-image-19538 lazyload\" data-src=\"https:\/\/www.cosmorevas.tk\/wp-content\/uploads\/2025\/11\/Laguna-del-Cacique-dal-drone.webp\" alt=\"Laguna del Cacique desde el dron\" width=\"1000\" height=\"563\" data-srcset=\"https:\/\/www.cosmorevas.tk\/wp-content\/uploads\/2025\/11\/Laguna-del-Cacique-dal-drone.webp 1000w, https:\/\/www.cosmorevas.tk\/wp-content\/uploads\/2025\/11\/Laguna-del-Cacique-dal-drone-300x169.webp 300w, https:\/\/www.cosmorevas.tk\/wp-content\/uploads\/2025\/11\/Laguna-del-Cacique-dal-drone-768x432.webp 768w, https:\/\/www.cosmorevas.tk\/wp-content\/uploads\/2025\/11\/Laguna-del-Cacique-dal-drone-705x397.webp 705w\" data-sizes=\"(max-width: 1000px) 100vw, 1000px\" src=\"data:image\/svg+xml;base64,PHN2ZyB3aWR0aD0iMSIgaGVpZ2h0PSIxIiB4bWxucz0iaHR0cDovL3d3dy53My5vcmcvMjAwMC9zdmciPjwvc3ZnPg==\" style=\"--smush-placeholder-width: 1000px; --smush-placeholder-aspect-ratio: 1000\/563;\" \/><p id=\"caption-attachment-19767\" class=\"wp-caption-text\">Laguna del Cacique desde el dron<\/p><\/div>\n<p>Para los <strong>Muiscas<\/strong>, el pueblo que viv\u00eda por ah\u00ed, era un lugar sagrado. Ah\u00ed hac\u00edan sus rituales y luego de eso se convirti\u00f3 en la base de la leyenda de El Dorado, que todos conocemos.<br \/>\nPues resulta que el Zipa de Guatavita era el jefe de los Muiscas. \u00c9l se cubr\u00eda de resina y polvo de oro, navegaba hasta el centro del lago en una balsa y luego se met\u00eda en la laguna.<br \/>\nAl final del ritual religioso dedicado al culto al Sol, los creyentes tiraban al lago oro, plata y otros objetos preciosos.<br \/>\nExisten leyendas sobre este lugar que hablan de grandes cantidades de oro y piedras preciosas escondidas en las profundidades del lago. \u00a1Qu\u00e9 incre\u00edble ser\u00eda descubrirlo!<\/p>\n<div id=\"attachment_19769\" style=\"width: 830px\" class=\"wp-caption aligncenter\"><img decoding=\"async\" aria-describedby=\"caption-attachment-19769\" class=\"size-full wp-image-19543 lazyload\" data-src=\"https:\/\/www.cosmorevas.tk\/wp-content\/uploads\/2025\/11\/Zattera-Muisca-Museo-dellOro-di-Bogota.webp\" alt=\"Balsa Muisca - Museo del Oro de Bogot\u00e1\" width=\"820\" height=\"600\" data-srcset=\"https:\/\/www.cosmorevas.tk\/wp-content\/uploads\/2025\/11\/Zattera-Muisca-Museo-dellOro-di-Bogota.webp 820w, https:\/\/www.cosmorevas.tk\/wp-content\/uploads\/2025\/11\/Zattera-Muisca-Museo-dellOro-di-Bogota-300x220.webp 300w, https:\/\/www.cosmorevas.tk\/wp-content\/uploads\/2025\/11\/Zattera-Muisca-Museo-dellOro-di-Bogota-768x562.webp 768w, https:\/\/www.cosmorevas.tk\/wp-content\/uploads\/2025\/11\/Zattera-Muisca-Museo-dellOro-di-Bogota-705x516.webp 705w\" data-sizes=\"(max-width: 820px) 100vw, 820px\" src=\"data:image\/svg+xml;base64,PHN2ZyB3aWR0aD0iMSIgaGVpZ2h0PSIxIiB4bWxucz0iaHR0cDovL3d3dy53My5vcmcvMjAwMC9zdmciPjwvc3ZnPg==\" style=\"--smush-placeholder-width: 820px; --smush-placeholder-aspect-ratio: 820\/600;\" \/><p id=\"caption-attachment-19769\" class=\"wp-caption-text\">Balsa Muisca &#8211; Museo del Oro de Bogot\u00e1<\/p><\/div>\n<p>Con el tiempo, las historias sobre <strong>El Dorado<\/strong> han cambiado un mont\u00f3n. Al principio era un hombre, pero luego se convirti\u00f3 en una ciudad o un imperio donde la gente viv\u00eda feliz y no necesitaba cosas materiales.<br \/>\nDesde los tiempos de los conquistadores europeos hasta hoy, el mito de El Dorado siempre ha fascinado e inspirado la gente.<\/p>\n<div id=\"attachment_19771\" style=\"width: 1010px\" class=\"wp-caption aligncenter\"><img decoding=\"async\" aria-describedby=\"caption-attachment-19771\" class=\"size-full wp-image-19542 lazyload\" data-src=\"https:\/\/www.cosmorevas.tk\/wp-content\/uploads\/2025\/11\/Laguna-del-Cacique.webp\" alt=\"Laguna del Cacique\" width=\"1000\" height=\"750\" data-srcset=\"https:\/\/www.cosmorevas.tk\/wp-content\/uploads\/2025\/11\/Laguna-del-Cacique.webp 1000w, https:\/\/www.cosmorevas.tk\/wp-content\/uploads\/2025\/11\/Laguna-del-Cacique-300x225.webp 300w, https:\/\/www.cosmorevas.tk\/wp-content\/uploads\/2025\/11\/Laguna-del-Cacique-768x576.webp 768w, https:\/\/www.cosmorevas.tk\/wp-content\/uploads\/2025\/11\/Laguna-del-Cacique-705x529.webp 705w\" data-sizes=\"(max-width: 1000px) 100vw, 1000px\" src=\"data:image\/svg+xml;base64,PHN2ZyB3aWR0aD0iMSIgaGVpZ2h0PSIxIiB4bWxucz0iaHR0cDovL3d3dy53My5vcmcvMjAwMC9zdmciPjwvc3ZnPg==\" style=\"--smush-placeholder-width: 1000px; --smush-placeholder-aspect-ratio: 1000\/750;\" \/><p id=\"caption-attachment-19771\" class=\"wp-caption-text\">Laguna del Cacique<\/p><\/div>\n<h3><strong><span class=\"\">Zipaquir\u00e0<\/span><\/strong><\/h3>\n<p>Dentro de las minas de sal de Zipaquir\u00e1 se encuentra la <strong>Catedral de Sal<\/strong>, dedicada a la Virgen del Rosario, uno de los santuarios cat\u00f3licos m\u00e1s importantes de Colombia.<\/p>\n<div id=\"attachment_19772\" style=\"width: 1010px\" class=\"wp-caption aligncenter\"><img decoding=\"async\" aria-describedby=\"caption-attachment-19772\" class=\"size-full wp-image-19544 lazyload\" data-src=\"https:\/\/www.cosmorevas.tk\/wp-content\/uploads\/2025\/11\/Scritta-INRI-nelle-miniere-del-sale-di-Zipaquira.webp\" alt=\"Inscripci\u00f3n INRI en las minas de sal de Zipaquir\u00e1\" width=\"1000\" height=\"750\" data-srcset=\"https:\/\/www.cosmorevas.tk\/wp-content\/uploads\/2025\/11\/Scritta-INRI-nelle-miniere-del-sale-di-Zipaquira.webp 1000w, https:\/\/www.cosmorevas.tk\/wp-content\/uploads\/2025\/11\/Scritta-INRI-nelle-miniere-del-sale-di-Zipaquira-300x225.webp 300w, https:\/\/www.cosmorevas.tk\/wp-content\/uploads\/2025\/11\/Scritta-INRI-nelle-miniere-del-sale-di-Zipaquira-768x576.webp 768w, https:\/\/www.cosmorevas.tk\/wp-content\/uploads\/2025\/11\/Scritta-INRI-nelle-miniere-del-sale-di-Zipaquira-705x529.webp 705w\" data-sizes=\"(max-width: 1000px) 100vw, 1000px\" src=\"data:image\/svg+xml;base64,PHN2ZyB3aWR0aD0iMSIgaGVpZ2h0PSIxIiB4bWxucz0iaHR0cDovL3d3dy53My5vcmcvMjAwMC9zdmciPjwvc3ZnPg==\" style=\"--smush-placeholder-width: 1000px; --smush-placeholder-aspect-ratio: 1000\/750;\" \/><p id=\"caption-attachment-19772\" class=\"wp-caption-text\">Inscripci\u00f3n INRI en las minas de sal de Zipaquir\u00e1<\/p><\/div>\n<p>Las cruces iluminadas, las esculturas y el v\u00eda crucis en un ambiente m\u00edstico hacen que pasear por las galer\u00edas de sal sea una experiencia \u00fanica.<br \/>\nD\u00e9jame contarte lo incre\u00edble que es la experiencia de visitar las cuevas y la catedral. Al llegar, te quedas sin aliento por la magnitud del lugar. \u00a1Es algo que no te puedes perder!<br \/>\nEra la primera vez que ve\u00eda algo as\u00ed (hay algo parecido en Wieliczka, a 15 km de Cracovia), as\u00ed que me sent\u00ed fascinado y emocionado todo el tiempo que pas\u00e9 en las <strong>minas de sal<\/strong>, a muchos metros bajo tierra.<\/p>\n<p><div id=\"attachment_19774\" style=\"width: 460px\" class=\"wp-caption aligncenter\"><img decoding=\"async\" aria-describedby=\"caption-attachment-19774\" class=\"size-full wp-image-19546 lazyload\" data-src=\"https:\/\/www.cosmorevas.tk\/wp-content\/uploads\/2025\/11\/Corce-rossa-nella-Cattedrale-di-Sale-di-Zipaquira.webp\" alt=\"Corce roja en la Catedral de la Sal de Zipaquir\u00e1\" width=\"450\" height=\"600\" data-srcset=\"https:\/\/www.cosmorevas.tk\/wp-content\/uploads\/2025\/11\/Corce-rossa-nella-Cattedrale-di-Sale-di-Zipaquira.webp 450w, https:\/\/www.cosmorevas.tk\/wp-content\/uploads\/2025\/11\/Corce-rossa-nella-Cattedrale-di-Sale-di-Zipaquira-225x300.webp 225w\" data-sizes=\"(max-width: 450px) 100vw, 450px\" src=\"data:image\/svg+xml;base64,PHN2ZyB3aWR0aD0iMSIgaGVpZ2h0PSIxIiB4bWxucz0iaHR0cDovL3d3dy53My5vcmcvMjAwMC9zdmciPjwvc3ZnPg==\" style=\"--smush-placeholder-width: 450px; --smush-placeholder-aspect-ratio: 450\/600;\" \/><p id=\"caption-attachment-19774\" class=\"wp-caption-text\">Corce roja en la Catedral de la Sal de Zipaquir\u00e1<\/p><\/div><br \/>\n<div id=\"attachment_19776\" style=\"width: 1010px\" class=\"wp-caption aligncenter\"><img decoding=\"async\" aria-describedby=\"caption-attachment-19776\" class=\"size-full wp-image-19548 lazyload\" data-src=\"https:\/\/www.cosmorevas.tk\/wp-content\/uploads\/2025\/11\/Grotte-nella-Cattedrale-di-Sale-di-Zipaquira.webp\" alt=\"Cuevas en la Catedral de Sal de Zipaquir\u00e1\" width=\"1000\" height=\"750\" data-srcset=\"https:\/\/www.cosmorevas.tk\/wp-content\/uploads\/2025\/11\/Grotte-nella-Cattedrale-di-Sale-di-Zipaquira.webp 1000w, https:\/\/www.cosmorevas.tk\/wp-content\/uploads\/2025\/11\/Grotte-nella-Cattedrale-di-Sale-di-Zipaquira-300x225.webp 300w, https:\/\/www.cosmorevas.tk\/wp-content\/uploads\/2025\/11\/Grotte-nella-Cattedrale-di-Sale-di-Zipaquira-768x576.webp 768w, https:\/\/www.cosmorevas.tk\/wp-content\/uploads\/2025\/11\/Grotte-nella-Cattedrale-di-Sale-di-Zipaquira-705x529.webp 705w\" data-sizes=\"(max-width: 1000px) 100vw, 1000px\" src=\"data:image\/svg+xml;base64,PHN2ZyB3aWR0aD0iMSIgaGVpZ2h0PSIxIiB4bWxucz0iaHR0cDovL3d3dy53My5vcmcvMjAwMC9zdmciPjwvc3ZnPg==\" style=\"--smush-placeholder-width: 1000px; --smush-placeholder-aspect-ratio: 1000\/750;\" \/><p id=\"caption-attachment-19776\" class=\"wp-caption-text\">Cuevas en la Catedral de Sal de Zipaquir\u00e1<\/p><\/div><br \/>\n<div id=\"attachment_19778\" style=\"width: 1010px\" class=\"wp-caption aligncenter\"><img decoding=\"async\" aria-describedby=\"caption-attachment-19778\" class=\"size-full wp-image-19550 lazyload\" data-src=\"https:\/\/www.cosmorevas.tk\/wp-content\/uploads\/2025\/11\/Cattedrale-di-Sale-di-Zipaquira.webp\" alt=\"Catedral de Sal de Zipaquir\u00e1\" width=\"1000\" height=\"750\" data-srcset=\"https:\/\/www.cosmorevas.tk\/wp-content\/uploads\/2025\/11\/Cattedrale-di-Sale-di-Zipaquira.webp 1000w, https:\/\/www.cosmorevas.tk\/wp-content\/uploads\/2025\/11\/Cattedrale-di-Sale-di-Zipaquira-300x225.webp 300w, https:\/\/www.cosmorevas.tk\/wp-content\/uploads\/2025\/11\/Cattedrale-di-Sale-di-Zipaquira-768x576.webp 768w, https:\/\/www.cosmorevas.tk\/wp-content\/uploads\/2025\/11\/Cattedrale-di-Sale-di-Zipaquira-705x529.webp 705w\" data-sizes=\"(max-width: 1000px) 100vw, 1000px\" src=\"data:image\/svg+xml;base64,PHN2ZyB3aWR0aD0iMSIgaGVpZ2h0PSIxIiB4bWxucz0iaHR0cDovL3d3dy53My5vcmcvMjAwMC9zdmciPjwvc3ZnPg==\" style=\"--smush-placeholder-width: 1000px; --smush-placeholder-aspect-ratio: 1000\/750;\" \/><p id=\"caption-attachment-19778\" class=\"wp-caption-text\">Catedral de Sal de Zipaquir\u00e1<\/p><\/div><\/p>\n<p>Zipaquir\u00e1 est\u00e1 en la sabana de Bogot\u00e1, a unos 50 km de la capital.<br \/>\nPuedes llegar en bus o en alguna de las excursiones diarias que salen del centro.<\/p>\n<p>En 2007, los colombianos votaron y eligieron la Catedral de Sal como la primera maravilla de Colombia.<\/p>\n<h3><strong>Medell\u00edn<br \/>\n<\/strong><\/h3>\n<p>Vamos directo: cuando pensamos en Colombia, pensamos en Medell\u00edn y el <strong>Cartel de Pablo Escobar<\/strong>.<br \/>\nPero si crees que la ciudad es peligrosa ahora mismo, con narcos circulando en enormes todoterrenos con armas a la vista, en busca de c\u00e1rteles rivales, te vas a llevar una decepci\u00f3n.<\/p>\n<p>Llegu\u00e9 a Medell\u00edn un mi\u00e9rcoles por la noche en bus y, la verdad, la capital de Antioquia me recibi\u00f3 a las 3 de la madrugada como si fuera un s\u00e1bado festivo.<br \/>\nLas calles estaban llenas de gente, todos los locales estaban abiertos y las calles iluminadas como si fuera de d\u00eda.<\/p>\n<div id=\"attachment_19780\" style=\"width: 460px\" class=\"wp-caption aligncenter\"><img decoding=\"async\" aria-describedby=\"caption-attachment-19780\" class=\"size-full wp-image-19552 lazyload\" data-src=\"https:\/\/www.cosmorevas.tk\/wp-content\/uploads\/2025\/11\/Arrivo-a-Medellin-in-autobus-da-Bogota.webp\" alt=\"Llegada nocturna a Medell\u00edn en autob\u00fas desde Bogot\u00e1.\" width=\"450\" height=\"600\" data-srcset=\"https:\/\/www.cosmorevas.tk\/wp-content\/uploads\/2025\/11\/Arrivo-a-Medellin-in-autobus-da-Bogota.webp 450w, https:\/\/www.cosmorevas.tk\/wp-content\/uploads\/2025\/11\/Arrivo-a-Medellin-in-autobus-da-Bogota-225x300.webp 225w\" data-sizes=\"(max-width: 450px) 100vw, 450px\" src=\"data:image\/svg+xml;base64,PHN2ZyB3aWR0aD0iMSIgaGVpZ2h0PSIxIiB4bWxucz0iaHR0cDovL3d3dy53My5vcmcvMjAwMC9zdmciPjwvc3ZnPg==\" style=\"--smush-placeholder-width: 450px; --smush-placeholder-aspect-ratio: 450\/600;\" \/><p id=\"caption-attachment-19780\" class=\"wp-caption-text\">Llegada nocturna a Medell\u00edn en autob\u00fas desde Bogot\u00e1.<\/p><\/div>\n<p>Por la ma\u00f1ana, me recorr\u00ed el centro de la ciudad a pie y en metro.<\/p>\n<p>El <strong>Fernando Botero<\/strong> naci\u00f3 aqu\u00ed y sus obras est\u00e1n por todas partes, en las calles y plazas de su ciudad.<\/p>\n<p><div id=\"attachment_19782\" style=\"width: 460px\" class=\"wp-caption aligncenter\"><img decoding=\"async\" aria-describedby=\"caption-attachment-19782\" class=\"size-full wp-image-19553 lazyload\" data-src=\"https:\/\/www.cosmorevas.tk\/wp-content\/uploads\/2025\/11\/Palazzo-della-Cultura-Rafael-Uribe-Uribe-Piazza-Botero-a-Medellin.webp\" alt=\"Palacio de la Cultura Rafael Uribe Uribe, Plaza Botero en Medell\u00edn\" width=\"450\" height=\"600\" data-srcset=\"https:\/\/www.cosmorevas.tk\/wp-content\/uploads\/2025\/11\/Palazzo-della-Cultura-Rafael-Uribe-Uribe-Piazza-Botero-a-Medellin.webp 450w, https:\/\/www.cosmorevas.tk\/wp-content\/uploads\/2025\/11\/Palazzo-della-Cultura-Rafael-Uribe-Uribe-Piazza-Botero-a-Medellin-225x300.webp 225w\" data-sizes=\"(max-width: 450px) 100vw, 450px\" src=\"data:image\/svg+xml;base64,PHN2ZyB3aWR0aD0iMSIgaGVpZ2h0PSIxIiB4bWxucz0iaHR0cDovL3d3dy53My5vcmcvMjAwMC9zdmciPjwvc3ZnPg==\" style=\"--smush-placeholder-width: 450px; --smush-placeholder-aspect-ratio: 450\/600;\" \/><p id=\"caption-attachment-19782\" class=\"wp-caption-text\">Palacio de la Cultura Rafael Uribe Uribe, Plaza Botero en Medell\u00edn<\/p><\/div><br \/>\n<div id=\"attachment_19784\" style=\"width: 460px\" class=\"wp-caption aligncenter\"><img decoding=\"async\" aria-describedby=\"caption-attachment-19784\" class=\"size-full wp-image-19554 lazyload\" data-src=\"https:\/\/www.cosmorevas.tk\/wp-content\/uploads\/2025\/11\/22Soldado-Romano22-scultura-dellartista-Fernando-Botero-in-Plaza-Botero-a-Medellin.webp\" alt=\"Soldado Romano, escultura del artista Fernando Botero en la Plaza Botero de Medell\u00edn.\" width=\"450\" height=\"600\" data-srcset=\"https:\/\/www.cosmorevas.tk\/wp-content\/uploads\/2025\/11\/22Soldado-Romano22-scultura-dellartista-Fernando-Botero-in-Plaza-Botero-a-Medellin.webp 450w, https:\/\/www.cosmorevas.tk\/wp-content\/uploads\/2025\/11\/22Soldado-Romano22-scultura-dellartista-Fernando-Botero-in-Plaza-Botero-a-Medellin-225x300.webp 225w\" data-sizes=\"(max-width: 450px) 100vw, 450px\" src=\"data:image\/svg+xml;base64,PHN2ZyB3aWR0aD0iMSIgaGVpZ2h0PSIxIiB4bWxucz0iaHR0cDovL3d3dy53My5vcmcvMjAwMC9zdmciPjwvc3ZnPg==\" style=\"--smush-placeholder-width: 450px; --smush-placeholder-aspect-ratio: 450\/600;\" \/><p id=\"caption-attachment-19784\" class=\"wp-caption-text\">Soldado Romano, escultura del artista Fernando Botero en la Plaza Botero de Medell\u00edn.<\/p><\/div><\/p>\n<p>Medell\u00edn es una ciudad llena de vida, con un centro s\u00faper activo donde las palmeras y los rascacielos te permiten pasear a la sombra.<br \/>\nLa<strong> ciutad de la eterna primavera <\/strong>est\u00e1 preciosa, con sus parques y sus avenidas llenas de \u00e1rboles.<br \/>\nPues mira, resulta que el verde es el color que m\u00e1s se ve, y eso es gracias al clima, que durante todo el a\u00f1o suele estar por los 25 grados.<\/p>\n<p><div id=\"attachment_19786\" style=\"width: 1010px\" class=\"wp-caption aligncenter\"><img decoding=\"async\" aria-describedby=\"caption-attachment-19786\" class=\"size-full wp-image-19555 lazyload\" data-src=\"https:\/\/www.cosmorevas.tk\/wp-content\/uploads\/2025\/11\/Plaza-Mayor-Medellin.webp\" alt=\"Plaza Mayor, Medellin\" width=\"1000\" height=\"563\" data-srcset=\"https:\/\/www.cosmorevas.tk\/wp-content\/uploads\/2025\/11\/Plaza-Mayor-Medellin.webp 1000w, https:\/\/www.cosmorevas.tk\/wp-content\/uploads\/2025\/11\/Plaza-Mayor-Medellin-300x169.webp 300w, https:\/\/www.cosmorevas.tk\/wp-content\/uploads\/2025\/11\/Plaza-Mayor-Medellin-768x432.webp 768w, https:\/\/www.cosmorevas.tk\/wp-content\/uploads\/2025\/11\/Plaza-Mayor-Medellin-705x397.webp 705w\" data-sizes=\"(max-width: 1000px) 100vw, 1000px\" src=\"data:image\/svg+xml;base64,PHN2ZyB3aWR0aD0iMSIgaGVpZ2h0PSIxIiB4bWxucz0iaHR0cDovL3d3dy53My5vcmcvMjAwMC9zdmciPjwvc3ZnPg==\" style=\"--smush-placeholder-width: 1000px; --smush-placeholder-aspect-ratio: 1000\/563;\" \/><p id=\"caption-attachment-19786\" class=\"wp-caption-text\">Plaza Mayor, Medellin<\/p><\/div><br \/>\n<div id=\"attachment_19788\" style=\"width: 1010px\" class=\"wp-caption aligncenter\"><img decoding=\"async\" aria-describedby=\"caption-attachment-19788\" class=\"size-full wp-image-19557 lazyload\" data-src=\"https:\/\/www.cosmorevas.tk\/wp-content\/uploads\/2025\/11\/Avenida-de-la-Libertad-Medellin.webp\" alt=\"Avenida de la Libertad, Medellin\" width=\"1000\" height=\"563\" data-srcset=\"https:\/\/www.cosmorevas.tk\/wp-content\/uploads\/2025\/11\/Avenida-de-la-Libertad-Medellin.webp 1000w, https:\/\/www.cosmorevas.tk\/wp-content\/uploads\/2025\/11\/Avenida-de-la-Libertad-Medellin-300x169.webp 300w, https:\/\/www.cosmorevas.tk\/wp-content\/uploads\/2025\/11\/Avenida-de-la-Libertad-Medellin-768x432.webp 768w, https:\/\/www.cosmorevas.tk\/wp-content\/uploads\/2025\/11\/Avenida-de-la-Libertad-Medellin-705x397.webp 705w\" data-sizes=\"(max-width: 1000px) 100vw, 1000px\" src=\"data:image\/svg+xml;base64,PHN2ZyB3aWR0aD0iMSIgaGVpZ2h0PSIxIiB4bWxucz0iaHR0cDovL3d3dy53My5vcmcvMjAwMC9zdmciPjwvc3ZnPg==\" style=\"--smush-placeholder-width: 1000px; --smush-placeholder-aspect-ratio: 1000\/563;\" \/><p id=\"caption-attachment-19788\" class=\"wp-caption-text\">Avenida de la Libertad, Medellin<\/p><\/div><\/p>\n<p>La red de transporte p\u00fablico es genial, porque te lleva a todos lados en metro, tranv\u00eda, autob\u00fas el\u00e9ctrico y telef\u00e9rico.<\/p>\n<div id=\"attachment_19790\" style=\"width: 460px\" class=\"wp-caption aligncenter\"><img decoding=\"async\" aria-describedby=\"caption-attachment-19790\" class=\"size-full wp-image-19558 lazyload\" data-src=\"https:\/\/www.cosmorevas.tk\/wp-content\/uploads\/2025\/11\/Metrocable-sulle-case-di-Medellin.webp\" alt=\"Metrocable sobre las casas de Medell\u00edn\" width=\"450\" height=\"600\" data-srcset=\"https:\/\/www.cosmorevas.tk\/wp-content\/uploads\/2025\/11\/Metrocable-sulle-case-di-Medellin.webp 450w, https:\/\/www.cosmorevas.tk\/wp-content\/uploads\/2025\/11\/Metrocable-sulle-case-di-Medellin-225x300.webp 225w\" data-sizes=\"(max-width: 450px) 100vw, 450px\" src=\"data:image\/svg+xml;base64,PHN2ZyB3aWR0aD0iMSIgaGVpZ2h0PSIxIiB4bWxucz0iaHR0cDovL3d3dy53My5vcmcvMjAwMC9zdmciPjwvc3ZnPg==\" style=\"--smush-placeholder-width: 450px; --smush-placeholder-aspect-ratio: 450\/600;\" \/><p id=\"caption-attachment-19790\" class=\"wp-caption-text\">Metrocable sobre las casas de Medell\u00edn<\/p><\/div>\n<p>Una de las visitas m\u00e1s tur\u00edsticas que se pueden hacer en Medell\u00edn es el tour a la <strong>Comuna 13<\/strong>.<br \/>\nOye, \u00bfsab\u00edas que antes una de las zonas m\u00e1s peligrosas de la ciudad es ahora un lugar s\u00faper seguro para los turistas? \u00a1Incre\u00edble, \u00bfverdad?!<br \/>\nLas visitas son todas iguales en precio, duraci\u00f3n e itinerario, y salen desde la <strong>estaci\u00f3n de metro San Javier<\/strong>, in Carrera 99.<br \/>\nPuedes ir hasta all\u00ed y elegir el gu\u00eda que m\u00e1s te inspire o puedes ir a pie hasta la Comuna 13 o coger el bus en la Calle 47 A.<br \/>\nEntiendo que para la gente del barrio ha sido s\u00faper importante convertirlo en lo que es ahora y que el turismo (o sea, el dinero) sirve para sustituir los ingresos que antes se obten\u00edan de otra manera, pero, la verdad, el parque infantil que se ha creado, igual en cada esquina, me ha dejado un tanto perplejo.<\/p>\n<p><div id=\"attachment_19792\" style=\"width: 1010px\" class=\"wp-caption aligncenter\"><img decoding=\"async\" aria-describedby=\"caption-attachment-19792\" class=\"size-full wp-image-19567 lazyload\" data-src=\"https:\/\/www.cosmorevas.tk\/wp-content\/uploads\/2025\/11\/Scritta-Comuna-13-Medellin.webp\" alt=\"Escrita Comuna 13 Medell\u00edn\" width=\"1000\" height=\"563\" data-srcset=\"https:\/\/www.cosmorevas.tk\/wp-content\/uploads\/2025\/11\/Scritta-Comuna-13-Medellin.webp 1000w, https:\/\/www.cosmorevas.tk\/wp-content\/uploads\/2025\/11\/Scritta-Comuna-13-Medellin-300x169.webp 300w, https:\/\/www.cosmorevas.tk\/wp-content\/uploads\/2025\/11\/Scritta-Comuna-13-Medellin-768x432.webp 768w, https:\/\/www.cosmorevas.tk\/wp-content\/uploads\/2025\/11\/Scritta-Comuna-13-Medellin-705x397.webp 705w\" data-sizes=\"(max-width: 1000px) 100vw, 1000px\" src=\"data:image\/svg+xml;base64,PHN2ZyB3aWR0aD0iMSIgaGVpZ2h0PSIxIiB4bWxucz0iaHR0cDovL3d3dy53My5vcmcvMjAwMC9zdmciPjwvc3ZnPg==\" style=\"--smush-placeholder-width: 1000px; --smush-placeholder-aspect-ratio: 1000\/563;\" \/><p id=\"caption-attachment-19792\" class=\"wp-caption-text\">Escrita Comuna 13 Medell\u00edn<\/p><\/div><br \/>\n<div id=\"attachment_19794\" style=\"width: 460px\" class=\"wp-caption aligncenter\"><img decoding=\"async\" aria-describedby=\"caption-attachment-19794\" class=\"size-full wp-image-19568 lazyload\" data-src=\"https:\/\/www.cosmorevas.tk\/wp-content\/uploads\/2025\/11\/Passeggiando-nella-Comuna-13-di-Medellin.webp\" alt=\"Paseando por la Comuna 13 de Medell\u00edn\" width=\"450\" height=\"600\" data-srcset=\"https:\/\/www.cosmorevas.tk\/wp-content\/uploads\/2025\/11\/Passeggiando-nella-Comuna-13-di-Medellin.webp 450w, https:\/\/www.cosmorevas.tk\/wp-content\/uploads\/2025\/11\/Passeggiando-nella-Comuna-13-di-Medellin-225x300.webp 225w\" data-sizes=\"(max-width: 450px) 100vw, 450px\" src=\"data:image\/svg+xml;base64,PHN2ZyB3aWR0aD0iMSIgaGVpZ2h0PSIxIiB4bWxucz0iaHR0cDovL3d3dy53My5vcmcvMjAwMC9zdmciPjwvc3ZnPg==\" style=\"--smush-placeholder-width: 450px; --smush-placeholder-aspect-ratio: 450\/600;\" \/><p id=\"caption-attachment-19794\" class=\"wp-caption-text\">Paseando por la Comuna 13 de Medell\u00edn<\/p><\/div><\/p>\n<p>Estaba dando un paseo sin rumbo por las calles y me encontr\u00e9 con el Museo Comuna 13, \u00a1quiz\u00e1s el lugar m\u00e1s aut\u00e9ntico!<br \/>\nLas fotos muestran la verdadera historia del barrio, llena de sufrimiento, muertes, drogas, la <strong>Operacion Orion<\/strong> y guerrilleros de las FARC<br \/>\nLa Comuna 13 de hoy en d\u00eda es como el s\u00edmbolo del renacimiento de una ciudad a\u00fan muy conocida por el c\u00e1rtel de Pablo Escobar, pero donde se puede pasear tranquilamente.<\/p>\n<p>Claro, siempre teniendo en cuenta que estamos en Medell\u00edn, Colombia.<br \/>\nYa sabes, no me parece muy inteligente pasear solo por la noche por barrios donde no ves ni a un alma que no sea de all\u00ed.<\/p>\n<div id=\"attachment_19796\" style=\"width: 1010px\" class=\"wp-caption aligncenter\"><img decoding=\"async\" aria-describedby=\"caption-attachment-19796\" class=\"size-full wp-image-19571 lazyload\" data-src=\"https:\/\/www.cosmorevas.tk\/wp-content\/uploads\/2025\/11\/Comuna-13-Medellin.webp\" alt=\"Comuna 13 Medell\u00edn\" width=\"1000\" height=\"563\" data-srcset=\"https:\/\/www.cosmorevas.tk\/wp-content\/uploads\/2025\/11\/Comuna-13-Medellin.webp 1000w, https:\/\/www.cosmorevas.tk\/wp-content\/uploads\/2025\/11\/Comuna-13-Medellin-300x169.webp 300w, https:\/\/www.cosmorevas.tk\/wp-content\/uploads\/2025\/11\/Comuna-13-Medellin-768x432.webp 768w, https:\/\/www.cosmorevas.tk\/wp-content\/uploads\/2025\/11\/Comuna-13-Medellin-705x397.webp 705w\" data-sizes=\"(max-width: 1000px) 100vw, 1000px\" src=\"data:image\/svg+xml;base64,PHN2ZyB3aWR0aD0iMSIgaGVpZ2h0PSIxIiB4bWxucz0iaHR0cDovL3d3dy53My5vcmcvMjAwMC9zdmciPjwvc3ZnPg==\" style=\"--smush-placeholder-width: 1000px; --smush-placeholder-aspect-ratio: 1000\/563;\" \/><p id=\"caption-attachment-19796\" class=\"wp-caption-text\">Comuna 13 Medell\u00edn<\/p><\/div>\n<h3>La Piedra del Pe\u00f1\u00f3n<\/h3>\n<p>El s\u00edmbolo natural de los alrededores de Medell\u00edn es la Piedra del Pe\u00f1\u00f3n.<br \/>\nEsta roca enorme, un batolito de 220 metros de altura, se form\u00f3 hace 65 millones de a\u00f1os por una explosi\u00f3n volc\u00e1nica. \u00a1Imagina un trozo de roca gigante como este! Se calcula que pesa unos 66 millones de toneladas.<\/p>\n<div id=\"attachment_19798\" style=\"width: 460px\" class=\"wp-caption aligncenter\"><img decoding=\"async\" aria-describedby=\"caption-attachment-19798\" class=\"size-full wp-image-19573 lazyload\" data-src=\"https:\/\/www.cosmorevas.tk\/wp-content\/uploads\/2025\/11\/Piedra-del-Penon-Guatape.webp\" alt=\"Piedra del Pe\u00f1\u00f3n, Guatap\u00e9\" width=\"450\" height=\"600\" data-srcset=\"https:\/\/www.cosmorevas.tk\/wp-content\/uploads\/2025\/11\/Piedra-del-Penon-Guatape.webp 450w, https:\/\/www.cosmorevas.tk\/wp-content\/uploads\/2025\/11\/Piedra-del-Penon-Guatape-225x300.webp 225w\" data-sizes=\"(max-width: 450px) 100vw, 450px\" src=\"data:image\/svg+xml;base64,PHN2ZyB3aWR0aD0iMSIgaGVpZ2h0PSIxIiB4bWxucz0iaHR0cDovL3d3dy53My5vcmcvMjAwMC9zdmciPjwvc3ZnPg==\" style=\"--smush-placeholder-width: 450px; --smush-placeholder-aspect-ratio: 450\/600;\" \/><p id=\"caption-attachment-19798\" class=\"wp-caption-text\">Piedra del Pe\u00f1\u00f3n, Guatap\u00e9<\/p><\/div>\n<p>Fue escalada por primera vez el 16 de julio de 1954 por el guatapense Luis Eduardo Villegas L\u00f3pez, con una escalera de bamb\u00fa construida en siete d\u00edas.<br \/>\nSubir los <strong>659 escalones<\/strong> (numerados cada 10) puede ser un poco agotador bajo el sol colombiano, pero las vistas desde la cima hacen que valga la pena.<\/p>\n<p><div id=\"attachment_19800\" style=\"width: 1010px\" class=\"wp-caption aligncenter\"><img decoding=\"async\" aria-describedby=\"caption-attachment-19800\" class=\"size-full wp-image-19574 lazyload\" data-src=\"https:\/\/www.cosmorevas.tk\/wp-content\/uploads\/2025\/11\/Zoop-scale-Piedra-del-Penon-Guatape.webp\" alt=\"Zoom sobre las escaleras de la Piedra del Pe\u00f1\u00f3n, Guatap\u00e9\" width=\"1000\" height=\"563\" data-srcset=\"https:\/\/www.cosmorevas.tk\/wp-content\/uploads\/2025\/11\/Zoop-scale-Piedra-del-Penon-Guatape.webp 1000w, https:\/\/www.cosmorevas.tk\/wp-content\/uploads\/2025\/11\/Zoop-scale-Piedra-del-Penon-Guatape-300x169.webp 300w, https:\/\/www.cosmorevas.tk\/wp-content\/uploads\/2025\/11\/Zoop-scale-Piedra-del-Penon-Guatape-768x432.webp 768w, https:\/\/www.cosmorevas.tk\/wp-content\/uploads\/2025\/11\/Zoop-scale-Piedra-del-Penon-Guatape-705x397.webp 705w\" data-sizes=\"(max-width: 1000px) 100vw, 1000px\" src=\"data:image\/svg+xml;base64,PHN2ZyB3aWR0aD0iMSIgaGVpZ2h0PSIxIiB4bWxucz0iaHR0cDovL3d3dy53My5vcmcvMjAwMC9zdmciPjwvc3ZnPg==\" style=\"--smush-placeholder-width: 1000px; --smush-placeholder-aspect-ratio: 1000\/563;\" \/><p id=\"caption-attachment-19800\" class=\"wp-caption-text\">Zoom sobre las escaleras de la Piedra del Pe\u00f1\u00f3n, Guatap\u00e9<\/p><\/div><br \/>\n<div id=\"attachment_19802\" style=\"width: 460px\" class=\"wp-caption aligncenter\"><img decoding=\"async\" aria-describedby=\"caption-attachment-19802\" class=\"size-full wp-image-19575 lazyload\" data-src=\"https:\/\/www.cosmorevas.tk\/wp-content\/uploads\/2025\/11\/Scalini-Piedra-del-Penon-Guatape.webp\" alt=\"Escalones Piedra del Pe\u00f1\u00f3n, Guatap\u00e9\" width=\"450\" height=\"600\" data-srcset=\"https:\/\/www.cosmorevas.tk\/wp-content\/uploads\/2025\/11\/Scalini-Piedra-del-Penon-Guatape.webp 450w, https:\/\/www.cosmorevas.tk\/wp-content\/uploads\/2025\/11\/Scalini-Piedra-del-Penon-Guatape-225x300.webp 225w\" data-sizes=\"(max-width: 450px) 100vw, 450px\" src=\"data:image\/svg+xml;base64,PHN2ZyB3aWR0aD0iMSIgaGVpZ2h0PSIxIiB4bWxucz0iaHR0cDovL3d3dy53My5vcmcvMjAwMC9zdmciPjwvc3ZnPg==\" style=\"--smush-placeholder-width: 450px; --smush-placeholder-aspect-ratio: 450\/600;\" \/><p id=\"caption-attachment-19802\" class=\"wp-caption-text\">Escalones Piedra del Pe\u00f1\u00f3n, Guatap\u00e9<\/p><\/div><\/p>\n<p>Se puede llegar por cuenta propia en unas dos horas en bus desde la Terminal del Norte de Medell\u00edn, y el lugar siempre se asocia a las excursiones que llevan a Guatap\u00e9.<\/p>\n<p><div id=\"attachment_19804\" style=\"width: 1010px\" class=\"wp-caption aligncenter\"><img decoding=\"async\" aria-describedby=\"caption-attachment-19804\" class=\"size-full wp-image-19576 lazyload\" data-src=\"https:\/\/www.cosmorevas.tk\/wp-content\/uploads\/2025\/11\/Vista-panoramica-dalla-Piedra-del-Penon-Guatape.webp\" alt=\"Vista panor\u00e1mica desde la Piedra del Pe\u00f1\u00f3n, Guatap\u00e9\" width=\"1000\" height=\"563\" data-srcset=\"https:\/\/www.cosmorevas.tk\/wp-content\/uploads\/2025\/11\/Vista-panoramica-dalla-Piedra-del-Penon-Guatape.webp 1000w, https:\/\/www.cosmorevas.tk\/wp-content\/uploads\/2025\/11\/Vista-panoramica-dalla-Piedra-del-Penon-Guatape-300x169.webp 300w, https:\/\/www.cosmorevas.tk\/wp-content\/uploads\/2025\/11\/Vista-panoramica-dalla-Piedra-del-Penon-Guatape-768x432.webp 768w, https:\/\/www.cosmorevas.tk\/wp-content\/uploads\/2025\/11\/Vista-panoramica-dalla-Piedra-del-Penon-Guatape-705x397.webp 705w\" data-sizes=\"(max-width: 1000px) 100vw, 1000px\" src=\"data:image\/svg+xml;base64,PHN2ZyB3aWR0aD0iMSIgaGVpZ2h0PSIxIiB4bWxucz0iaHR0cDovL3d3dy53My5vcmcvMjAwMC9zdmciPjwvc3ZnPg==\" style=\"--smush-placeholder-width: 1000px; --smush-placeholder-aspect-ratio: 1000\/563;\" \/><p id=\"caption-attachment-19804\" class=\"wp-caption-text\">Vista panor\u00e1mica desde la Piedra del Pe\u00f1\u00f3n, Guatap\u00e9<\/p><\/div><br \/>\n<div id=\"attachment_19806\" style=\"width: 1010px\" class=\"wp-caption aligncenter\"><img decoding=\"async\" aria-describedby=\"caption-attachment-19806\" class=\"size-full wp-image-19577 lazyload\" data-src=\"https:\/\/www.cosmorevas.tk\/wp-content\/uploads\/2025\/11\/Elicottero-sorvola-Guatape-vista-dalla-Piedra-del-Penon.webp\" alt=\"Helic\u00f3ptero sobrevuela Guatap\u00e9, vista desde la Piedra del Pe\u00f1\u00f3n\" width=\"1000\" height=\"563\" data-srcset=\"https:\/\/www.cosmorevas.tk\/wp-content\/uploads\/2025\/11\/Elicottero-sorvola-Guatape-vista-dalla-Piedra-del-Penon.webp 1000w, https:\/\/www.cosmorevas.tk\/wp-content\/uploads\/2025\/11\/Elicottero-sorvola-Guatape-vista-dalla-Piedra-del-Penon-300x169.webp 300w, https:\/\/www.cosmorevas.tk\/wp-content\/uploads\/2025\/11\/Elicottero-sorvola-Guatape-vista-dalla-Piedra-del-Penon-768x432.webp 768w, https:\/\/www.cosmorevas.tk\/wp-content\/uploads\/2025\/11\/Elicottero-sorvola-Guatape-vista-dalla-Piedra-del-Penon-705x397.webp 705w\" data-sizes=\"(max-width: 1000px) 100vw, 1000px\" src=\"data:image\/svg+xml;base64,PHN2ZyB3aWR0aD0iMSIgaGVpZ2h0PSIxIiB4bWxucz0iaHR0cDovL3d3dy53My5vcmcvMjAwMC9zdmciPjwvc3ZnPg==\" style=\"--smush-placeholder-width: 1000px; --smush-placeholder-aspect-ratio: 1000\/563;\" \/><p id=\"caption-attachment-19806\" class=\"wp-caption-text\">Helic\u00f3ptero sobrevuela Guatap\u00e9, vista desde la Piedra del Pe\u00f1\u00f3n<\/p><\/div><\/p>\n<h3><strong><span class=\"\">Guatap\u00e9<\/span><\/strong><\/h3>\n<p>La peque\u00f1a ciudad que est\u00e1 cerquita de la Piedra del Pe\u00f1\u00f3n es un lugar genial para comer y descansar despu\u00e9s de hacer la escalada.<br \/>\nGuatap\u00e8 es una ciudad que tiene una estructura colonial s\u00faper interesante. Fundada en 1814, se reconoce f\u00e1cilmente por su plaza central, su iglesia y su fuente.<\/p>\n<p><div id=\"attachment_19808\" style=\"width: 1010px\" class=\"wp-caption aligncenter\"><img decoding=\"async\" aria-describedby=\"caption-attachment-19808\" class=\"size-full wp-image-19585 lazyload\" data-src=\"https:\/\/www.cosmorevas.tk\/wp-content\/uploads\/2025\/11\/Chiesa-di-Nostra-Signora-del-Carmen-a-Guatape.webp\" alt=\"Iglesia de Nuestra Se\u00f1ora del Carmen en Guatap\u00e9\" width=\"1000\" height=\"542\" data-srcset=\"https:\/\/www.cosmorevas.tk\/wp-content\/uploads\/2025\/11\/Chiesa-di-Nostra-Signora-del-Carmen-a-Guatape.webp 1000w, https:\/\/www.cosmorevas.tk\/wp-content\/uploads\/2025\/11\/Chiesa-di-Nostra-Signora-del-Carmen-a-Guatape-300x163.webp 300w, https:\/\/www.cosmorevas.tk\/wp-content\/uploads\/2025\/11\/Chiesa-di-Nostra-Signora-del-Carmen-a-Guatape-768x416.webp 768w, https:\/\/www.cosmorevas.tk\/wp-content\/uploads\/2025\/11\/Chiesa-di-Nostra-Signora-del-Carmen-a-Guatape-705x382.webp 705w\" data-sizes=\"(max-width: 1000px) 100vw, 1000px\" src=\"data:image\/svg+xml;base64,PHN2ZyB3aWR0aD0iMSIgaGVpZ2h0PSIxIiB4bWxucz0iaHR0cDovL3d3dy53My5vcmcvMjAwMC9zdmciPjwvc3ZnPg==\" style=\"--smush-placeholder-width: 1000px; --smush-placeholder-aspect-ratio: 1000\/542;\" \/><p id=\"caption-attachment-19808\" class=\"wp-caption-text\">Iglesia de Nuestra Se\u00f1ora del Carmen en Guatap\u00e9<\/p><\/div><br \/>\n<div id=\"attachment_19809\" style=\"width: 1010px\" class=\"wp-caption aligncenter\"><img decoding=\"async\" aria-describedby=\"caption-attachment-19809\" class=\"size-full wp-image-19582 lazyload\" data-src=\"https:\/\/www.cosmorevas.tk\/wp-content\/uploads\/2025\/11\/Plazoleta-de-Los-Zocalos-a-Guatape.webp\" alt=\"Plazoleta de Los Z\u00f3calos a Guatap\u00e9\" width=\"1000\" height=\"563\" data-srcset=\"https:\/\/www.cosmorevas.tk\/wp-content\/uploads\/2025\/11\/Plazoleta-de-Los-Zocalos-a-Guatape.webp 1000w, https:\/\/www.cosmorevas.tk\/wp-content\/uploads\/2025\/11\/Plazoleta-de-Los-Zocalos-a-Guatape-300x169.webp 300w, https:\/\/www.cosmorevas.tk\/wp-content\/uploads\/2025\/11\/Plazoleta-de-Los-Zocalos-a-Guatape-768x432.webp 768w, https:\/\/www.cosmorevas.tk\/wp-content\/uploads\/2025\/11\/Plazoleta-de-Los-Zocalos-a-Guatape-705x397.webp 705w\" data-sizes=\"(max-width: 1000px) 100vw, 1000px\" src=\"data:image\/svg+xml;base64,PHN2ZyB3aWR0aD0iMSIgaGVpZ2h0PSIxIiB4bWxucz0iaHR0cDovL3d3dy53My5vcmcvMjAwMC9zdmciPjwvc3ZnPg==\" style=\"--smush-placeholder-width: 1000px; --smush-placeholder-aspect-ratio: 1000\/563;\" \/><p id=\"caption-attachment-19809\" class=\"wp-caption-text\">Plazoleta de Los Z\u00f3calos a Guatap\u00e9<\/p><\/div><\/p>\n<p>\u00bfSab\u00edas que los murales de las casas representan a la familia que vive all\u00ed? Pues s\u00ed, a trav\u00e9s de apodos o oficios. \u00a1Qu\u00e9 curioso!<br \/>\n<strong>\u00abEl z\u00f3calo\u00bb<\/strong> es la parte de la casa donde se pone el mural (puede ser la pared, la columna, la ventana, el marco, la base, etc.). Es como la identidad de la casa, una parte de su historia, un sentimiento, un recuerdo o un sue\u00f1o.<\/p>\n<p><div id=\"attachment_19810\" style=\"width: 1010px\" class=\"wp-caption aligncenter\"><img decoding=\"async\" aria-describedby=\"caption-attachment-19810\" class=\"size-full wp-image-19579 lazyload\" data-src=\"https:\/\/www.cosmorevas.tk\/wp-content\/uploads\/2025\/11\/Agenzia-di-viaggi-a-Guatape.webp\" alt=\"Agencia de viajes en Guatap\u00e9\" width=\"1000\" height=\"563\" data-srcset=\"https:\/\/www.cosmorevas.tk\/wp-content\/uploads\/2025\/11\/Agenzia-di-viaggi-a-Guatape.webp 1000w, https:\/\/www.cosmorevas.tk\/wp-content\/uploads\/2025\/11\/Agenzia-di-viaggi-a-Guatape-300x169.webp 300w, https:\/\/www.cosmorevas.tk\/wp-content\/uploads\/2025\/11\/Agenzia-di-viaggi-a-Guatape-768x432.webp 768w, https:\/\/www.cosmorevas.tk\/wp-content\/uploads\/2025\/11\/Agenzia-di-viaggi-a-Guatape-705x397.webp 705w\" data-sizes=\"(max-width: 1000px) 100vw, 1000px\" src=\"data:image\/svg+xml;base64,PHN2ZyB3aWR0aD0iMSIgaGVpZ2h0PSIxIiB4bWxucz0iaHR0cDovL3d3dy53My5vcmcvMjAwMC9zdmciPjwvc3ZnPg==\" style=\"--smush-placeholder-width: 1000px; --smush-placeholder-aspect-ratio: 1000\/563;\" \/><p id=\"caption-attachment-19810\" class=\"wp-caption-text\">Agencia de viajes en Guatap\u00e9<\/p><\/div><br \/>\n<div id=\"attachment_19811\" style=\"width: 1010px\" class=\"wp-caption aligncenter\"><img decoding=\"async\" aria-describedby=\"caption-attachment-19811\" class=\"size-full wp-image-19580 lazyload\" data-src=\"https:\/\/www.cosmorevas.tk\/wp-content\/uploads\/2025\/11\/Strada-di-Guatape.webp\" alt=\"Calle de Guatap\u00e9\" width=\"1000\" height=\"563\" data-srcset=\"https:\/\/www.cosmorevas.tk\/wp-content\/uploads\/2025\/11\/Strada-di-Guatape.webp 1000w, https:\/\/www.cosmorevas.tk\/wp-content\/uploads\/2025\/11\/Strada-di-Guatape-300x169.webp 300w, https:\/\/www.cosmorevas.tk\/wp-content\/uploads\/2025\/11\/Strada-di-Guatape-768x432.webp 768w, https:\/\/www.cosmorevas.tk\/wp-content\/uploads\/2025\/11\/Strada-di-Guatape-705x397.webp 705w\" data-sizes=\"(max-width: 1000px) 100vw, 1000px\" src=\"data:image\/svg+xml;base64,PHN2ZyB3aWR0aD0iMSIgaGVpZ2h0PSIxIiB4bWxucz0iaHR0cDovL3d3dy53My5vcmcvMjAwMC9zdmciPjwvc3ZnPg==\" style=\"--smush-placeholder-width: 1000px; --smush-placeholder-aspect-ratio: 1000\/563;\" \/><p id=\"caption-attachment-19811\" class=\"wp-caption-text\">Calle de Guatap\u00e9<\/p><\/div><\/p>\n<p>La Plazoleta del Z\u00f3calo es uno de los muchos sitios tranquilos donde te puedes relajar, entre el paseo mar\u00edtimo (el Malec\u00f3n), la Calle del Comercio y la Calle del Recuerdo.<\/p>\n<p>Si te da por navegar por el r\u00edo Guatap\u00e8, podr\u00e1s ver algunas de las villas antiguas de Pablo Escobar.<\/p>\n<p><div id=\"attachment_19812\" style=\"width: 1010px\" class=\"wp-caption aligncenter\"><img decoding=\"async\" aria-describedby=\"caption-attachment-19812\" class=\"size-full wp-image-19572 lazyload\" data-src=\"https:\/\/www.cosmorevas.tk\/wp-content\/uploads\/2025\/11\/Piedra-del-Penol-dal-motoscafo-Guatape.webp\" alt=\"Piedra del Pe\u00f1ol desde una lancha, Guatap\u00e9\" width=\"1000\" height=\"421\" data-srcset=\"https:\/\/www.cosmorevas.tk\/wp-content\/uploads\/2025\/11\/Piedra-del-Penol-dal-motoscafo-Guatape.webp 1000w, https:\/\/www.cosmorevas.tk\/wp-content\/uploads\/2025\/11\/Piedra-del-Penol-dal-motoscafo-Guatape-300x126.webp 300w, https:\/\/www.cosmorevas.tk\/wp-content\/uploads\/2025\/11\/Piedra-del-Penol-dal-motoscafo-Guatape-768x323.webp 768w, https:\/\/www.cosmorevas.tk\/wp-content\/uploads\/2025\/11\/Piedra-del-Penol-dal-motoscafo-Guatape-705x297.webp 705w\" data-sizes=\"(max-width: 1000px) 100vw, 1000px\" src=\"data:image\/svg+xml;base64,PHN2ZyB3aWR0aD0iMSIgaGVpZ2h0PSIxIiB4bWxucz0iaHR0cDovL3d3dy53My5vcmcvMjAwMC9zdmciPjwvc3ZnPg==\" style=\"--smush-placeholder-width: 1000px; --smush-placeholder-aspect-ratio: 1000\/421;\" \/><p id=\"caption-attachment-19812\" class=\"wp-caption-text\">Piedra del Pe\u00f1ol desde una lancha, Guatap\u00e9<\/p><\/div><br \/>\n<div id=\"attachment_19813\" style=\"width: 1010px\" class=\"wp-caption aligncenter\"><img decoding=\"async\" aria-describedby=\"caption-attachment-19813\" class=\"size-full wp-image-19587 lazyload\" data-src=\"https:\/\/www.cosmorevas.tk\/wp-content\/uploads\/2025\/11\/Escursioni-in-motoscafo-a-Guatape.webp\" alt=\"Excursiones en lancha a Guatap\u00e9\" width=\"1000\" height=\"550\" data-srcset=\"https:\/\/www.cosmorevas.tk\/wp-content\/uploads\/2025\/11\/Escursioni-in-motoscafo-a-Guatape.webp 1000w, https:\/\/www.cosmorevas.tk\/wp-content\/uploads\/2025\/11\/Escursioni-in-motoscafo-a-Guatape-300x165.webp 300w, https:\/\/www.cosmorevas.tk\/wp-content\/uploads\/2025\/11\/Escursioni-in-motoscafo-a-Guatape-768x422.webp 768w, https:\/\/www.cosmorevas.tk\/wp-content\/uploads\/2025\/11\/Escursioni-in-motoscafo-a-Guatape-705x388.webp 705w\" data-sizes=\"(max-width: 1000px) 100vw, 1000px\" src=\"data:image\/svg+xml;base64,PHN2ZyB3aWR0aD0iMSIgaGVpZ2h0PSIxIiB4bWxucz0iaHR0cDovL3d3dy53My5vcmcvMjAwMC9zdmciPjwvc3ZnPg==\" style=\"--smush-placeholder-width: 1000px; --smush-placeholder-aspect-ratio: 1000\/550;\" \/><p id=\"caption-attachment-19813\" class=\"wp-caption-text\">Excursiones en lancha a Guatap\u00e9<\/p><\/div><br \/>\n<div id=\"attachment_19814\" style=\"width: 636px\" class=\"wp-caption aligncenter\"><img decoding=\"async\" aria-describedby=\"caption-attachment-19814\" class=\"size-full wp-image-19588 lazyload\" data-src=\"https:\/\/www.cosmorevas.tk\/wp-content\/uploads\/2025\/11\/Vecchia-villa-di-Pablo-Escobar-a-Guatape.webp\" alt=\"Antigua villa de Pablo Escobar en Guatap\u00e9\" width=\"626\" height=\"600\" data-srcset=\"https:\/\/www.cosmorevas.tk\/wp-content\/uploads\/2025\/11\/Vecchia-villa-di-Pablo-Escobar-a-Guatape.webp 626w, https:\/\/www.cosmorevas.tk\/wp-content\/uploads\/2025\/11\/Vecchia-villa-di-Pablo-Escobar-a-Guatape-300x288.webp 300w, https:\/\/www.cosmorevas.tk\/wp-content\/uploads\/2025\/11\/Vecchia-villa-di-Pablo-Escobar-a-Guatape-36x36.webp 36w\" data-sizes=\"(max-width: 626px) 100vw, 626px\" src=\"data:image\/svg+xml;base64,PHN2ZyB3aWR0aD0iMSIgaGVpZ2h0PSIxIiB4bWxucz0iaHR0cDovL3d3dy53My5vcmcvMjAwMC9zdmciPjwvc3ZnPg==\" style=\"--smush-placeholder-width: 626px; --smush-placeholder-aspect-ratio: 626\/600;\" \/><p id=\"caption-attachment-19814\" class=\"wp-caption-text\">Antigua villa de Pablo Escobar en Guatap\u00e9<\/p><\/div><\/p>\n<h3><strong><span class=\"\">Eje Cafetero<\/span><\/strong><\/h3>\n<p>Si visitas Colombia, no te puedes perder el Eje Cafetero, \u00a1es imperdible!<br \/>\nEl aeropuerto de <strong>Pereira<\/strong> es la puerta de entrada, y te recomiendo que te quedes en la peque\u00f1a y tranquila <strong>Salento<\/strong>.<br \/>\nEs una maravilla pasear por sus calles de piedra y coloridas, con las monta\u00f1as, colinas verdes y el aire tan fresco y limpio que hay.<\/p>\n<div id=\"attachment_19815\" style=\"width: 1010px\" class=\"wp-caption aligncenter\"><img decoding=\"async\" aria-describedby=\"caption-attachment-19815\" class=\"size-full wp-image-19590 lazyload\" data-src=\"https:\/\/www.cosmorevas.tk\/wp-content\/uploads\/2025\/11\/Eje-Cafetero-Colombia.webp\" alt=\"Eje Cafetero Colombia\" width=\"1000\" height=\"750\" data-srcset=\"https:\/\/www.cosmorevas.tk\/wp-content\/uploads\/2025\/11\/Eje-Cafetero-Colombia.webp 1000w, https:\/\/www.cosmorevas.tk\/wp-content\/uploads\/2025\/11\/Eje-Cafetero-Colombia-300x225.webp 300w, https:\/\/www.cosmorevas.tk\/wp-content\/uploads\/2025\/11\/Eje-Cafetero-Colombia-768x576.webp 768w, https:\/\/www.cosmorevas.tk\/wp-content\/uploads\/2025\/11\/Eje-Cafetero-Colombia-705x529.webp 705w\" data-sizes=\"(max-width: 1000px) 100vw, 1000px\" src=\"data:image\/svg+xml;base64,PHN2ZyB3aWR0aD0iMSIgaGVpZ2h0PSIxIiB4bWxucz0iaHR0cDovL3d3dy53My5vcmcvMjAwMC9zdmciPjwvc3ZnPg==\" style=\"--smush-placeholder-width: 1000px; --smush-placeholder-aspect-ratio: 1000\/750;\" \/><p id=\"caption-attachment-19815\" class=\"wp-caption-text\">Eje Cafetero Colombia<\/p><\/div>\n<p>Pues mira, el medio de transporte es el <strong>jeep Willy<\/strong>, un jeep semiabierto que puede llevar 8-10 personas.<br \/>\nSolo tienes que ir a la Plaza Bol\u00edvar, decir a d\u00f3nde quieres ir y subir al Willy que salga primero.<\/p>\n<p><div id=\"attachment_19816\" style=\"width: 1010px\" class=\"wp-caption aligncenter\"><img decoding=\"async\" aria-describedby=\"caption-attachment-19816\" class=\"size-full wp-image-19596 lazyload\" data-src=\"https:\/\/www.cosmorevas.tk\/wp-content\/uploads\/2025\/11\/Jeep-Willy-Eje-Cafetero.webp\" alt=\"Jeep Willy, Eje Cafetero\" width=\"1000\" height=\"563\" data-srcset=\"https:\/\/www.cosmorevas.tk\/wp-content\/uploads\/2025\/11\/Jeep-Willy-Eje-Cafetero.webp 1000w, https:\/\/www.cosmorevas.tk\/wp-content\/uploads\/2025\/11\/Jeep-Willy-Eje-Cafetero-300x169.webp 300w, https:\/\/www.cosmorevas.tk\/wp-content\/uploads\/2025\/11\/Jeep-Willy-Eje-Cafetero-768x432.webp 768w, https:\/\/www.cosmorevas.tk\/wp-content\/uploads\/2025\/11\/Jeep-Willy-Eje-Cafetero-705x397.webp 705w\" data-sizes=\"(max-width: 1000px) 100vw, 1000px\" src=\"data:image\/svg+xml;base64,PHN2ZyB3aWR0aD0iMSIgaGVpZ2h0PSIxIiB4bWxucz0iaHR0cDovL3d3dy53My5vcmcvMjAwMC9zdmciPjwvc3ZnPg==\" style=\"--smush-placeholder-width: 1000px; --smush-placeholder-aspect-ratio: 1000\/563;\" \/><p id=\"caption-attachment-19816\" class=\"wp-caption-text\">Jeep Willy, Eje Cafetero<\/p><\/div><br \/>\n<div id=\"attachment_19817\" style=\"width: 460px\" class=\"wp-caption aligncenter\"><img decoding=\"async\" aria-describedby=\"caption-attachment-19817\" class=\"size-full wp-image-19597 lazyload\" data-src=\"https:\/\/www.cosmorevas.tk\/wp-content\/uploads\/2025\/11\/Interno-di-una-Jeep-Willy-Eje-Cafetero.webp\" alt=\"Interior de un Jeep Willy, Eje Cafetero\" width=\"450\" height=\"600\" data-srcset=\"https:\/\/www.cosmorevas.tk\/wp-content\/uploads\/2025\/11\/Interno-di-una-Jeep-Willy-Eje-Cafetero.webp 450w, https:\/\/www.cosmorevas.tk\/wp-content\/uploads\/2025\/11\/Interno-di-una-Jeep-Willy-Eje-Cafetero-225x300.webp 225w\" data-sizes=\"(max-width: 450px) 100vw, 450px\" src=\"data:image\/svg+xml;base64,PHN2ZyB3aWR0aD0iMSIgaGVpZ2h0PSIxIiB4bWxucz0iaHR0cDovL3d3dy53My5vcmcvMjAwMC9zdmciPjwvc3ZnPg==\" style=\"--smush-placeholder-width: 450px; --smush-placeholder-aspect-ratio: 450\/600;\" \/><p id=\"caption-attachment-19817\" class=\"wp-caption-text\">Interior de un Jeep Willy, Eje Cafetero<\/p><\/div><\/p>\n<p>Como dice su nombre, Eje Cafetero, en Salento se pueden pasar unos d\u00edas descubriendo las fincas de los alrededores y visitando las <strong>plantaciones de caf\u00e9 y cacao<\/strong>.<br \/>\nPor la hora a la que sal\u00ed y lo larga que fue la experiencia, eleg\u00ed ir a la \u00abFinca cafetera tradicional El Recuerdo\u00bb.<br \/>\nPor 30 000 pesos, pude visitar las plantaciones y aprender sobre las caracter\u00edsticas, los m\u00e9todos de uso, la exportaci\u00f3n y todo eso de las plantas de caf\u00e9, cacao, ca\u00f1a de az\u00facar y palma. Claro, tambi\u00e9n de la planta de coca.<\/p>\n<p><div id=\"attachment_19818\" style=\"width: 1010px\" class=\"wp-caption aligncenter\"><img decoding=\"async\" aria-describedby=\"caption-attachment-19818\" class=\"size-full wp-image-19606 lazyload\" data-src=\"https:\/\/www.cosmorevas.tk\/wp-content\/uploads\/2025\/11\/Piantagione-di-caffe.webp\" alt=\"Plantaci\u00f3n de caf\u00e9\" width=\"1000\" height=\"563\" data-srcset=\"https:\/\/www.cosmorevas.tk\/wp-content\/uploads\/2025\/11\/Piantagione-di-caffe.webp 1000w, https:\/\/www.cosmorevas.tk\/wp-content\/uploads\/2025\/11\/Piantagione-di-caffe-300x169.webp 300w, https:\/\/www.cosmorevas.tk\/wp-content\/uploads\/2025\/11\/Piantagione-di-caffe-768x432.webp 768w, https:\/\/www.cosmorevas.tk\/wp-content\/uploads\/2025\/11\/Piantagione-di-caffe-705x397.webp 705w\" data-sizes=\"(max-width: 1000px) 100vw, 1000px\" src=\"data:image\/svg+xml;base64,PHN2ZyB3aWR0aD0iMSIgaGVpZ2h0PSIxIiB4bWxucz0iaHR0cDovL3d3dy53My5vcmcvMjAwMC9zdmciPjwvc3ZnPg==\" style=\"--smush-placeholder-width: 1000px; --smush-placeholder-aspect-ratio: 1000\/563;\" \/><p id=\"caption-attachment-19818\" class=\"wp-caption-text\">Plantaci\u00f3n de caf\u00e9<\/p><\/div><br \/>\n<div id=\"attachment_19819\" style=\"width: 1010px\" class=\"wp-caption aligncenter\"><img decoding=\"async\" aria-describedby=\"caption-attachment-19819\" class=\"size-full wp-image-19599 lazyload\" data-src=\"https:\/\/www.cosmorevas.tk\/wp-content\/uploads\/2025\/11\/Caffe.webp\" alt=\"Planta de caf\u00e9\" width=\"1000\" height=\"563\" data-srcset=\"https:\/\/www.cosmorevas.tk\/wp-content\/uploads\/2025\/11\/Caffe.webp 1000w, https:\/\/www.cosmorevas.tk\/wp-content\/uploads\/2025\/11\/Caffe-300x169.webp 300w, https:\/\/www.cosmorevas.tk\/wp-content\/uploads\/2025\/11\/Caffe-768x432.webp 768w, https:\/\/www.cosmorevas.tk\/wp-content\/uploads\/2025\/11\/Caffe-705x397.webp 705w\" data-sizes=\"(max-width: 1000px) 100vw, 1000px\" src=\"data:image\/svg+xml;base64,PHN2ZyB3aWR0aD0iMSIgaGVpZ2h0PSIxIiB4bWxucz0iaHR0cDovL3d3dy53My5vcmcvMjAwMC9zdmciPjwvc3ZnPg==\" style=\"--smush-placeholder-width: 1000px; --smush-placeholder-aspect-ratio: 1000\/563;\" \/><p id=\"caption-attachment-19819\" class=\"wp-caption-text\">Planta de caf\u00e9<\/p><\/div><br \/>\n<div id=\"attachment_19820\" style=\"width: 1010px\" class=\"wp-caption aligncenter\"><img decoding=\"async\" aria-describedby=\"caption-attachment-19820\" class=\"size-full wp-image-19604 lazyload\" data-src=\"https:\/\/www.cosmorevas.tk\/wp-content\/uploads\/2025\/11\/Pianta-di-cacao.webp\" alt=\"Planta de cacao\" width=\"1000\" height=\"750\" data-srcset=\"https:\/\/www.cosmorevas.tk\/wp-content\/uploads\/2025\/11\/Pianta-di-cacao.webp 1000w, https:\/\/www.cosmorevas.tk\/wp-content\/uploads\/2025\/11\/Pianta-di-cacao-300x225.webp 300w, https:\/\/www.cosmorevas.tk\/wp-content\/uploads\/2025\/11\/Pianta-di-cacao-768x576.webp 768w, https:\/\/www.cosmorevas.tk\/wp-content\/uploads\/2025\/11\/Pianta-di-cacao-705x529.webp 705w\" data-sizes=\"(max-width: 1000px) 100vw, 1000px\" src=\"data:image\/svg+xml;base64,PHN2ZyB3aWR0aD0iMSIgaGVpZ2h0PSIxIiB4bWxucz0iaHR0cDovL3d3dy53My5vcmcvMjAwMC9zdmciPjwvc3ZnPg==\" style=\"--smush-placeholder-width: 1000px; --smush-placeholder-aspect-ratio: 1000\/750;\" \/><p id=\"caption-attachment-19820\" class=\"wp-caption-text\">Planta de cacao<\/p><\/div><br \/>\n<div id=\"attachment_19821\" style=\"width: 1010px\" class=\"wp-caption aligncenter\"><img decoding=\"async\" aria-describedby=\"caption-attachment-19821\" class=\"size-full wp-image-19603 lazyload\" data-src=\"https:\/\/www.cosmorevas.tk\/wp-content\/uploads\/2025\/11\/Pianta-di-banani.webp\" alt=\"Planta de pl\u00e1tanos\" width=\"1000\" height=\"563\" data-srcset=\"https:\/\/www.cosmorevas.tk\/wp-content\/uploads\/2025\/11\/Pianta-di-banani.webp 1000w, https:\/\/www.cosmorevas.tk\/wp-content\/uploads\/2025\/11\/Pianta-di-banani-300x169.webp 300w, https:\/\/www.cosmorevas.tk\/wp-content\/uploads\/2025\/11\/Pianta-di-banani-768x432.webp 768w, https:\/\/www.cosmorevas.tk\/wp-content\/uploads\/2025\/11\/Pianta-di-banani-705x397.webp 705w\" data-sizes=\"(max-width: 1000px) 100vw, 1000px\" src=\"data:image\/svg+xml;base64,PHN2ZyB3aWR0aD0iMSIgaGVpZ2h0PSIxIiB4bWxucz0iaHR0cDovL3d3dy53My5vcmcvMjAwMC9zdmciPjwvc3ZnPg==\" style=\"--smush-placeholder-width: 1000px; --smush-placeholder-aspect-ratio: 1000\/563;\" \/><p id=\"caption-attachment-19821\" class=\"wp-caption-text\">Planta de pl\u00e1tanos<\/p><\/div><br \/>\n<div id=\"attachment_19822\" style=\"width: 1010px\" class=\"wp-caption aligncenter\"><img decoding=\"async\" aria-describedby=\"caption-attachment-19822\" class=\"size-full wp-image-19602 lazyload\" data-src=\"https:\/\/www.cosmorevas.tk\/wp-content\/uploads\/2025\/11\/Pianta-di-ananas.webp\" alt=\"Planta de pi\u00f1a\" width=\"1000\" height=\"563\" data-srcset=\"https:\/\/www.cosmorevas.tk\/wp-content\/uploads\/2025\/11\/Pianta-di-ananas.webp 1000w, https:\/\/www.cosmorevas.tk\/wp-content\/uploads\/2025\/11\/Pianta-di-ananas-300x169.webp 300w, https:\/\/www.cosmorevas.tk\/wp-content\/uploads\/2025\/11\/Pianta-di-ananas-768x432.webp 768w, https:\/\/www.cosmorevas.tk\/wp-content\/uploads\/2025\/11\/Pianta-di-ananas-705x397.webp 705w\" data-sizes=\"(max-width: 1000px) 100vw, 1000px\" src=\"data:image\/svg+xml;base64,PHN2ZyB3aWR0aD0iMSIgaGVpZ2h0PSIxIiB4bWxucz0iaHR0cDovL3d3dy53My5vcmcvMjAwMC9zdmciPjwvc3ZnPg==\" style=\"--smush-placeholder-width: 1000px; --smush-placeholder-aspect-ratio: 1000\/563;\" \/><p id=\"caption-attachment-19822\" class=\"wp-caption-text\">Planta de pi\u00f1a<\/p><\/div><br \/>\n<div id=\"attachment_19823\" style=\"width: 1010px\" class=\"wp-caption aligncenter\"><img decoding=\"async\" aria-describedby=\"caption-attachment-19823\" class=\"size-full wp-image-19601 lazyload\" data-src=\"https:\/\/www.cosmorevas.tk\/wp-content\/uploads\/2025\/11\/pianta-di-coca.webp\" alt=\"Planta de coca\" width=\"1000\" height=\"563\" data-srcset=\"https:\/\/www.cosmorevas.tk\/wp-content\/uploads\/2025\/11\/pianta-di-coca.webp 1000w, https:\/\/www.cosmorevas.tk\/wp-content\/uploads\/2025\/11\/pianta-di-coca-300x169.webp 300w, https:\/\/www.cosmorevas.tk\/wp-content\/uploads\/2025\/11\/pianta-di-coca-768x432.webp 768w, https:\/\/www.cosmorevas.tk\/wp-content\/uploads\/2025\/11\/pianta-di-coca-705x397.webp 705w\" data-sizes=\"(max-width: 1000px) 100vw, 1000px\" src=\"data:image\/svg+xml;base64,PHN2ZyB3aWR0aD0iMSIgaGVpZ2h0PSIxIiB4bWxucz0iaHR0cDovL3d3dy53My5vcmcvMjAwMC9zdmciPjwvc3ZnPg==\" style=\"--smush-placeholder-width: 1000px; --smush-placeholder-aspect-ratio: 1000\/563;\" \/><p id=\"caption-attachment-19823\" class=\"wp-caption-text\">Planta de coca<\/p><\/div><\/p>\n<p>Sin duda, las fotos de las <strong>palmeras del Valle del Cocora<\/strong> son las que est\u00e1n dando a conocer Colombia.<br \/>\nEsta es probablemente la principal raz\u00f3n por la que la gente viaja hasta aqu\u00ed.<\/p>\n<p><div id=\"attachment_19824\" style=\"width: 1010px\" class=\"wp-caption aligncenter\"><img decoding=\"async\" aria-describedby=\"caption-attachment-19824\" class=\"size-full wp-image-19616 lazyload\" data-src=\"https:\/\/www.cosmorevas.tk\/wp-content\/uploads\/2025\/11\/Paesaggi-dellEje-Cafetero.webp\" alt=\"Paisajes del Eje Cafetero\" width=\"1000\" height=\"563\" data-srcset=\"https:\/\/www.cosmorevas.tk\/wp-content\/uploads\/2025\/11\/Paesaggi-dellEje-Cafetero.webp 1000w, https:\/\/www.cosmorevas.tk\/wp-content\/uploads\/2025\/11\/Paesaggi-dellEje-Cafetero-300x169.webp 300w, https:\/\/www.cosmorevas.tk\/wp-content\/uploads\/2025\/11\/Paesaggi-dellEje-Cafetero-768x432.webp 768w, https:\/\/www.cosmorevas.tk\/wp-content\/uploads\/2025\/11\/Paesaggi-dellEje-Cafetero-705x397.webp 705w\" data-sizes=\"(max-width: 1000px) 100vw, 1000px\" src=\"data:image\/svg+xml;base64,PHN2ZyB3aWR0aD0iMSIgaGVpZ2h0PSIxIiB4bWxucz0iaHR0cDovL3d3dy53My5vcmcvMjAwMC9zdmciPjwvc3ZnPg==\" style=\"--smush-placeholder-width: 1000px; --smush-placeholder-aspect-ratio: 1000\/563;\" \/><p id=\"caption-attachment-19824\" class=\"wp-caption-text\">Paisajes del Eje Cafetero<\/p><\/div><br \/>\n<div id=\"attachment_19825\" style=\"width: 540px\" class=\"wp-caption aligncenter\"><img decoding=\"async\" aria-describedby=\"caption-attachment-19825\" class=\"size-full wp-image-19626 lazyload\" data-src=\"https:\/\/www.cosmorevas.tk\/wp-content\/uploads\/2025\/11\/Animali-al-pascolo-nella-Valle-del-Cocora.webp\" alt=\"Animales rumiantes en el Valle del Cocora\" width=\"530\" height=\"600\" data-srcset=\"https:\/\/www.cosmorevas.tk\/wp-content\/uploads\/2025\/11\/Animali-al-pascolo-nella-Valle-del-Cocora.webp 530w, https:\/\/www.cosmorevas.tk\/wp-content\/uploads\/2025\/11\/Animali-al-pascolo-nella-Valle-del-Cocora-265x300.webp 265w\" data-sizes=\"(max-width: 530px) 100vw, 530px\" src=\"data:image\/svg+xml;base64,PHN2ZyB3aWR0aD0iMSIgaGVpZ2h0PSIxIiB4bWxucz0iaHR0cDovL3d3dy53My5vcmcvMjAwMC9zdmciPjwvc3ZnPg==\" style=\"--smush-placeholder-width: 530px; --smush-placeholder-aspect-ratio: 530\/600;\" \/><p id=\"caption-attachment-19825\" class=\"wp-caption-text\">Animales rumiantes en el Valle del Cocora<\/p><\/div><\/p>\n<p>Una vez en el aparcamiento del parque, hay dos formas de ver el Valle del Cocora: si te lanzas derechito, llegas directo al punto principal desde donde se pueden ver los paisajes con las palmeras alt\u00edsimas.<br \/>\nDe lo contrario, si vas por la derecha, te encuentras con un mont\u00f3n de bosques, puentes colgantes sobre el r\u00edo, bosques y barro, \u00a1y al final llegas al Valle del Cocora!<\/p>\n<p><div id=\"attachment_19826\" style=\"width: 1010px\" class=\"wp-caption aligncenter\"><img decoding=\"async\" aria-describedby=\"caption-attachment-19826\" class=\"size-full wp-image-19607 lazyload\" data-src=\"https:\/\/www.cosmorevas.tk\/wp-content\/uploads\/2025\/11\/Bosco-nellEje-Cafetero-Colombia.webp\" alt=\"Bosque en el Eje Cafetero, Colombia\" width=\"1000\" height=\"563\" data-srcset=\"https:\/\/www.cosmorevas.tk\/wp-content\/uploads\/2025\/11\/Bosco-nellEje-Cafetero-Colombia.webp 1000w, https:\/\/www.cosmorevas.tk\/wp-content\/uploads\/2025\/11\/Bosco-nellEje-Cafetero-Colombia-300x169.webp 300w, https:\/\/www.cosmorevas.tk\/wp-content\/uploads\/2025\/11\/Bosco-nellEje-Cafetero-Colombia-768x432.webp 768w, https:\/\/www.cosmorevas.tk\/wp-content\/uploads\/2025\/11\/Bosco-nellEje-Cafetero-Colombia-705x397.webp 705w\" data-sizes=\"(max-width: 1000px) 100vw, 1000px\" src=\"data:image\/svg+xml;base64,PHN2ZyB3aWR0aD0iMSIgaGVpZ2h0PSIxIiB4bWxucz0iaHR0cDovL3d3dy53My5vcmcvMjAwMC9zdmciPjwvc3ZnPg==\" style=\"--smush-placeholder-width: 1000px; --smush-placeholder-aspect-ratio: 1000\/563;\" \/><p id=\"caption-attachment-19826\" class=\"wp-caption-text\">Bosque en el Eje Cafetero, Colombia<\/p><\/div><br \/>\n<div id=\"attachment_19827\" style=\"width: 460px\" class=\"wp-caption aligncenter\"><img decoding=\"async\" aria-describedby=\"caption-attachment-19827\" class=\"size-full wp-image-19608 lazyload\" data-src=\"https:\/\/www.cosmorevas.tk\/wp-content\/uploads\/2025\/11\/Trekking-nel-Cerro-Morrogacho.webp\" alt=\"Senderismo en Cerro Morrogacho\" width=\"450\" height=\"600\" data-srcset=\"https:\/\/www.cosmorevas.tk\/wp-content\/uploads\/2025\/11\/Trekking-nel-Cerro-Morrogacho.webp 450w, https:\/\/www.cosmorevas.tk\/wp-content\/uploads\/2025\/11\/Trekking-nel-Cerro-Morrogacho-225x300.webp 225w\" data-sizes=\"(max-width: 450px) 100vw, 450px\" src=\"data:image\/svg+xml;base64,PHN2ZyB3aWR0aD0iMSIgaGVpZ2h0PSIxIiB4bWxucz0iaHR0cDovL3d3dy53My5vcmcvMjAwMC9zdmciPjwvc3ZnPg==\" style=\"--smush-placeholder-width: 450px; --smush-placeholder-aspect-ratio: 450\/600;\" \/><p id=\"caption-attachment-19827\" class=\"wp-caption-text\">Senderismo en Cerro Morrogacho<\/p><\/div><br \/>\n<div id=\"attachment_19828\" style=\"width: 1010px\" class=\"wp-caption aligncenter\"><img decoding=\"async\" aria-describedby=\"caption-attachment-19828\" class=\"size-full wp-image-19609 lazyload\" data-src=\"https:\/\/www.cosmorevas.tk\/wp-content\/uploads\/2025\/11\/Ponte-sospeso-nel-trekking-per-la-Valle-del-Cocora.webp\" alt=\"Puente colgante en la ruta de senderismo por el Valle del Cocora\" width=\"1000\" height=\"750\" data-srcset=\"https:\/\/www.cosmorevas.tk\/wp-content\/uploads\/2025\/11\/Ponte-sospeso-nel-trekking-per-la-Valle-del-Cocora.webp 1000w, https:\/\/www.cosmorevas.tk\/wp-content\/uploads\/2025\/11\/Ponte-sospeso-nel-trekking-per-la-Valle-del-Cocora-300x225.webp 300w, https:\/\/www.cosmorevas.tk\/wp-content\/uploads\/2025\/11\/Ponte-sospeso-nel-trekking-per-la-Valle-del-Cocora-768x576.webp 768w, https:\/\/www.cosmorevas.tk\/wp-content\/uploads\/2025\/11\/Ponte-sospeso-nel-trekking-per-la-Valle-del-Cocora-705x529.webp 705w\" data-sizes=\"(max-width: 1000px) 100vw, 1000px\" src=\"data:image\/svg+xml;base64,PHN2ZyB3aWR0aD0iMSIgaGVpZ2h0PSIxIiB4bWxucz0iaHR0cDovL3d3dy53My5vcmcvMjAwMC9zdmciPjwvc3ZnPg==\" style=\"--smush-placeholder-width: 1000px; --smush-placeholder-aspect-ratio: 1000\/750;\" \/><p id=\"caption-attachment-19828\" class=\"wp-caption-text\">Puente colgante en la ruta de senderismo por el Valle del Cocora<\/p><\/div><br \/>\n<div id=\"attachment_19829\" style=\"width: 460px\" class=\"wp-caption aligncenter\"><img decoding=\"async\" aria-describedby=\"caption-attachment-19829\" class=\"size-full wp-image-19610 lazyload\" data-src=\"https:\/\/www.cosmorevas.tk\/wp-content\/uploads\/2025\/11\/Scarpe-da-trekking-indispensabili-per-la-Valle-del-Cocora.webp\" alt=\"Los zapatos de senderismo son indispensables para visitar el Valle del Cocora.\" width=\"450\" height=\"600\" data-srcset=\"https:\/\/www.cosmorevas.tk\/wp-content\/uploads\/2025\/11\/Scarpe-da-trekking-indispensabili-per-la-Valle-del-Cocora.webp 450w, https:\/\/www.cosmorevas.tk\/wp-content\/uploads\/2025\/11\/Scarpe-da-trekking-indispensabili-per-la-Valle-del-Cocora-225x300.webp 225w\" data-sizes=\"(max-width: 450px) 100vw, 450px\" src=\"data:image\/svg+xml;base64,PHN2ZyB3aWR0aD0iMSIgaGVpZ2h0PSIxIiB4bWxucz0iaHR0cDovL3d3dy53My5vcmcvMjAwMC9zdmciPjwvc3ZnPg==\" style=\"--smush-placeholder-width: 450px; --smush-placeholder-aspect-ratio: 450\/600;\" \/><p id=\"caption-attachment-19829\" class=\"wp-caption-text\">Los zapatos de senderismo son indispensables para visitar el Valle del Cocora.<\/p><\/div><\/p>\n<p>Pues mira, cuando estoy en un sitio, siempre elijo el camino m\u00e1s largo y dif\u00edcil, aunque luego estoy todo el d\u00eda d\u00e1ndome la brasa y diciendo que qu\u00e9 mala decisi\u00f3n, jeje.<br \/>\nEn un camino sin muchas se\u00f1ales, las \u00fanicas que me hac\u00edan sentir que no me hab\u00eda perdido eran las que me avisaban de que ten\u00eda que estar atento a los osos andinos, los pumas y los \u00e1rboles peligrosos.<br \/>\nPero, \u00a1vale la pena! Despu\u00e9s de cuatro horas de caminata, llegas al Valle del Cocora y te sientes feliz.<\/p>\n<p><div id=\"attachment_19830\" style=\"width: 1010px\" class=\"wp-caption aligncenter\"><img decoding=\"async\" aria-describedby=\"caption-attachment-19830\" class=\"size-full wp-image-19623 lazyload\" data-src=\"https:\/\/www.cosmorevas.tk\/wp-content\/uploads\/2025\/11\/Scritta-Valle-de-Cocora.webp\" alt=\"Escrita Valle de Cocora\" width=\"1000\" height=\"563\" data-srcset=\"https:\/\/www.cosmorevas.tk\/wp-content\/uploads\/2025\/11\/Scritta-Valle-de-Cocora.webp 1000w, https:\/\/www.cosmorevas.tk\/wp-content\/uploads\/2025\/11\/Scritta-Valle-de-Cocora-300x169.webp 300w, https:\/\/www.cosmorevas.tk\/wp-content\/uploads\/2025\/11\/Scritta-Valle-de-Cocora-768x432.webp 768w, https:\/\/www.cosmorevas.tk\/wp-content\/uploads\/2025\/11\/Scritta-Valle-de-Cocora-705x397.webp 705w\" data-sizes=\"(max-width: 1000px) 100vw, 1000px\" src=\"data:image\/svg+xml;base64,PHN2ZyB3aWR0aD0iMSIgaGVpZ2h0PSIxIiB4bWxucz0iaHR0cDovL3d3dy53My5vcmcvMjAwMC9zdmciPjwvc3ZnPg==\" style=\"--smush-placeholder-width: 1000px; --smush-placeholder-aspect-ratio: 1000\/563;\" \/><p id=\"caption-attachment-19830\" class=\"wp-caption-text\">Escrita Valle de Cocora<\/p><\/div><br \/>\n<div id=\"attachment_19831\" style=\"width: 1010px\" class=\"wp-caption aligncenter\"><img decoding=\"async\" aria-describedby=\"caption-attachment-19831\" class=\"size-full wp-image-19624 lazyload\" data-src=\"https:\/\/www.cosmorevas.tk\/wp-content\/uploads\/2025\/11\/Donna-del-popolo-indigeno-precolombiano-dei-Quimbaya-con-un-pappagallo.webp\" alt=\"Mujer del pueblo ind\u00edgena precolombino de los Quimbaya con una cotorra.\" width=\"1000\" height=\"563\" data-srcset=\"https:\/\/www.cosmorevas.tk\/wp-content\/uploads\/2025\/11\/Donna-del-popolo-indigeno-precolombiano-dei-Quimbaya-con-un-pappagallo.webp 1000w, https:\/\/www.cosmorevas.tk\/wp-content\/uploads\/2025\/11\/Donna-del-popolo-indigeno-precolombiano-dei-Quimbaya-con-un-pappagallo-300x169.webp 300w, https:\/\/www.cosmorevas.tk\/wp-content\/uploads\/2025\/11\/Donna-del-popolo-indigeno-precolombiano-dei-Quimbaya-con-un-pappagallo-768x432.webp 768w, https:\/\/www.cosmorevas.tk\/wp-content\/uploads\/2025\/11\/Donna-del-popolo-indigeno-precolombiano-dei-Quimbaya-con-un-pappagallo-705x397.webp 705w\" data-sizes=\"(max-width: 1000px) 100vw, 1000px\" src=\"data:image\/svg+xml;base64,PHN2ZyB3aWR0aD0iMSIgaGVpZ2h0PSIxIiB4bWxucz0iaHR0cDovL3d3dy53My5vcmcvMjAwMC9zdmciPjwvc3ZnPg==\" style=\"--smush-placeholder-width: 1000px; --smush-placeholder-aspect-ratio: 1000\/563;\" \/><p id=\"caption-attachment-19831\" class=\"wp-caption-text\">Mujer del pueblo ind\u00edgena precolombino de los Quimbaya con una cotorra.<\/p><\/div><\/p>\n<p>Los c\u00f3ndores andinos vuelan entre las palmeras, que se recortan entre el verde de alrededor como si quisieran alcanzar las nubes bajas, mientras las ovejas y los ciervos mazama pastan sin parar.<br \/>\nEs un paisaje incre\u00edble y \u00fanico en el mundo.<\/p>\n<p><div id=\"attachment_19832\" style=\"width: 1010px\" class=\"wp-caption aligncenter\"><img decoding=\"async\" aria-describedby=\"caption-attachment-19832\" class=\"size-full wp-image-19614 lazyload\" data-src=\"https:\/\/www.cosmorevas.tk\/wp-content\/uploads\/2025\/11\/Condor-delle-Ande-vola-nella-Valle-del-Cocora.webp\" alt=\"El c\u00f3ndor andino vuela en el Valle del Cocora\" width=\"1000\" height=\"563\" data-srcset=\"https:\/\/www.cosmorevas.tk\/wp-content\/uploads\/2025\/11\/Condor-delle-Ande-vola-nella-Valle-del-Cocora.webp 1000w, https:\/\/www.cosmorevas.tk\/wp-content\/uploads\/2025\/11\/Condor-delle-Ande-vola-nella-Valle-del-Cocora-300x169.webp 300w, https:\/\/www.cosmorevas.tk\/wp-content\/uploads\/2025\/11\/Condor-delle-Ande-vola-nella-Valle-del-Cocora-768x432.webp 768w, https:\/\/www.cosmorevas.tk\/wp-content\/uploads\/2025\/11\/Condor-delle-Ande-vola-nella-Valle-del-Cocora-705x397.webp 705w\" data-sizes=\"(max-width: 1000px) 100vw, 1000px\" src=\"data:image\/svg+xml;base64,PHN2ZyB3aWR0aD0iMSIgaGVpZ2h0PSIxIiB4bWxucz0iaHR0cDovL3d3dy53My5vcmcvMjAwMC9zdmciPjwvc3ZnPg==\" style=\"--smush-placeholder-width: 1000px; --smush-placeholder-aspect-ratio: 1000\/563;\" \/><p id=\"caption-attachment-19832\" class=\"wp-caption-text\">El c\u00f3ndor andino vuela en el Valle del Cocora<\/p><\/div><br \/>\n<div id=\"attachment_19833\" style=\"width: 1010px\" class=\"wp-caption aligncenter\"><img decoding=\"async\" aria-describedby=\"caption-attachment-19833\" class=\"size-full wp-image-19618 lazyload\" data-src=\"https:\/\/www.cosmorevas.tk\/wp-content\/uploads\/2025\/11\/Palme-da-cera-tra-le-nuvole-nella-Valle-del-Cocora.webp\" alt=\"Palmeras de cera entre las nubes en el Valle del Cocora\" width=\"1000\" height=\"538\" data-srcset=\"https:\/\/www.cosmorevas.tk\/wp-content\/uploads\/2025\/11\/Palme-da-cera-tra-le-nuvole-nella-Valle-del-Cocora.webp 1000w, https:\/\/www.cosmorevas.tk\/wp-content\/uploads\/2025\/11\/Palme-da-cera-tra-le-nuvole-nella-Valle-del-Cocora-300x161.webp 300w, https:\/\/www.cosmorevas.tk\/wp-content\/uploads\/2025\/11\/Palme-da-cera-tra-le-nuvole-nella-Valle-del-Cocora-768x413.webp 768w, https:\/\/www.cosmorevas.tk\/wp-content\/uploads\/2025\/11\/Palme-da-cera-tra-le-nuvole-nella-Valle-del-Cocora-705x379.webp 705w\" data-sizes=\"(max-width: 1000px) 100vw, 1000px\" src=\"data:image\/svg+xml;base64,PHN2ZyB3aWR0aD0iMSIgaGVpZ2h0PSIxIiB4bWxucz0iaHR0cDovL3d3dy53My5vcmcvMjAwMC9zdmciPjwvc3ZnPg==\" style=\"--smush-placeholder-width: 1000px; --smush-placeholder-aspect-ratio: 1000\/538;\" \/><p id=\"caption-attachment-19833\" class=\"wp-caption-text\">Palmeras de cera entre las nubes en el Valle del Cocora<\/p><\/div><br \/>\n<div id=\"attachment_19834\" style=\"width: 460px\" class=\"wp-caption aligncenter\"><img decoding=\"async\" aria-describedby=\"caption-attachment-19834\" class=\"size-full wp-image-19619 lazyload\" data-src=\"https:\/\/www.cosmorevas.tk\/wp-content\/uploads\/2025\/11\/Lalbero-nazionale-della-Colombia-puo-raggiungere-i-70-metri-di-altezza.webp\" alt=\"El \u00e1rbol nacional de Colombia puede alcanzar los 70 metros de altura.\" width=\"450\" height=\"600\" data-srcset=\"https:\/\/www.cosmorevas.tk\/wp-content\/uploads\/2025\/11\/Lalbero-nazionale-della-Colombia-puo-raggiungere-i-70-metri-di-altezza.webp 450w, https:\/\/www.cosmorevas.tk\/wp-content\/uploads\/2025\/11\/Lalbero-nazionale-della-Colombia-puo-raggiungere-i-70-metri-di-altezza-225x300.webp 225w\" data-sizes=\"(max-width: 450px) 100vw, 450px\" src=\"data:image\/svg+xml;base64,PHN2ZyB3aWR0aD0iMSIgaGVpZ2h0PSIxIiB4bWxucz0iaHR0cDovL3d3dy53My5vcmcvMjAwMC9zdmciPjwvc3ZnPg==\" style=\"--smush-placeholder-width: 450px; --smush-placeholder-aspect-ratio: 450\/600;\" \/><p id=\"caption-attachment-19834\" class=\"wp-caption-text\">El \u00e1rbol nacional de Colombia puede alcanzar los 70 metros de altura.<\/p><\/div><br \/>\n<div id=\"attachment_19835\" style=\"width: 1010px\" class=\"wp-caption aligncenter\"><img decoding=\"async\" aria-describedby=\"caption-attachment-19835\" class=\"size-full wp-image-19620 lazyload\" data-src=\"https:\/\/www.cosmorevas.tk\/wp-content\/uploads\/2025\/11\/Palme-e-nuvole.webp\" alt=\"Palmeras y nubes\" width=\"1000\" height=\"625\" data-srcset=\"https:\/\/www.cosmorevas.tk\/wp-content\/uploads\/2025\/11\/Palme-e-nuvole.webp 1000w, https:\/\/www.cosmorevas.tk\/wp-content\/uploads\/2025\/11\/Palme-e-nuvole-300x188.webp 300w, https:\/\/www.cosmorevas.tk\/wp-content\/uploads\/2025\/11\/Palme-e-nuvole-768x480.webp 768w, https:\/\/www.cosmorevas.tk\/wp-content\/uploads\/2025\/11\/Palme-e-nuvole-705x441.webp 705w\" data-sizes=\"(max-width: 1000px) 100vw, 1000px\" src=\"data:image\/svg+xml;base64,PHN2ZyB3aWR0aD0iMSIgaGVpZ2h0PSIxIiB4bWxucz0iaHR0cDovL3d3dy53My5vcmcvMjAwMC9zdmciPjwvc3ZnPg==\" style=\"--smush-placeholder-width: 1000px; --smush-placeholder-aspect-ratio: 1000\/625;\" \/><p id=\"caption-attachment-19835\" class=\"wp-caption-text\">Palmeras y nubes<\/p><\/div><br \/>\n<div id=\"attachment_19836\" style=\"width: 1010px\" class=\"wp-caption aligncenter\"><img decoding=\"async\" aria-describedby=\"caption-attachment-19836\" class=\"size-full wp-image-19621 lazyload\" data-src=\"https:\/\/www.cosmorevas.tk\/wp-content\/uploads\/2025\/11\/Valle-del-Cocora.webp\" alt=\"Valle del Cocora, Colombia\" width=\"1000\" height=\"750\" data-srcset=\"https:\/\/www.cosmorevas.tk\/wp-content\/uploads\/2025\/11\/Valle-del-Cocora.webp 1000w, https:\/\/www.cosmorevas.tk\/wp-content\/uploads\/2025\/11\/Valle-del-Cocora-300x225.webp 300w, https:\/\/www.cosmorevas.tk\/wp-content\/uploads\/2025\/11\/Valle-del-Cocora-768x576.webp 768w, https:\/\/www.cosmorevas.tk\/wp-content\/uploads\/2025\/11\/Valle-del-Cocora-705x529.webp 705w\" data-sizes=\"(max-width: 1000px) 100vw, 1000px\" src=\"data:image\/svg+xml;base64,PHN2ZyB3aWR0aD0iMSIgaGVpZ2h0PSIxIiB4bWxucz0iaHR0cDovL3d3dy53My5vcmcvMjAwMC9zdmciPjwvc3ZnPg==\" style=\"--smush-placeholder-width: 1000px; --smush-placeholder-aspect-ratio: 1000\/750;\" \/><p id=\"caption-attachment-19836\" class=\"wp-caption-text\">Valle del Cocora, Colombia<\/p><\/div><br \/>\n<div id=\"attachment_19837\" style=\"width: 460px\" class=\"wp-caption aligncenter\"><img decoding=\"async\" aria-describedby=\"caption-attachment-19837\" class=\"size-full wp-image-19622 lazyload\" data-src=\"https:\/\/www.cosmorevas.tk\/wp-content\/uploads\/2025\/11\/Valle-del-Cocora-Colombia.webp\" alt=\"Valle del Cocora, Colombia\" width=\"450\" height=\"600\" data-srcset=\"https:\/\/www.cosmorevas.tk\/wp-content\/uploads\/2025\/11\/Valle-del-Cocora-Colombia.webp 450w, https:\/\/www.cosmorevas.tk\/wp-content\/uploads\/2025\/11\/Valle-del-Cocora-Colombia-225x300.webp 225w\" data-sizes=\"(max-width: 450px) 100vw, 450px\" src=\"data:image\/svg+xml;base64,PHN2ZyB3aWR0aD0iMSIgaGVpZ2h0PSIxIiB4bWxucz0iaHR0cDovL3d3dy53My5vcmcvMjAwMC9zdmciPjwvc3ZnPg==\" style=\"--smush-placeholder-width: 450px; --smush-placeholder-aspect-ratio: 450\/600;\" \/><p id=\"caption-attachment-19837\" class=\"wp-caption-text\">Valle del Cocora, Colombia<\/p><\/div><\/p>\n<h3><strong><span class=\"\">C<\/span><\/strong><strong><span class=\"\">artagena de Indias<\/span><\/strong><\/h3>\n<p>Cartagena es, sin duda, la ciudad m\u00e1s tur\u00edstica de Colombia.<br \/>\nSin la mala fama de Bogot\u00e1 y el temor que da Medell\u00edn, he visto a muchos viajeros y he sentido un \u00abambiente Erasmus\u00bb.<br \/>\nAunque me encant\u00f3 la ciudad fortificada y <strong>Barrio Getseman\u00ed<\/strong>, Cartagena no me ha fascinado del todo.<\/p>\n<p><div id=\"attachment_19838\" style=\"width: 1010px\" class=\"wp-caption aligncenter\"><img decoding=\"async\" aria-describedby=\"caption-attachment-19838\" class=\"size-full wp-image-19632 lazyload\" data-src=\"https:\/\/www.cosmorevas.tk\/wp-content\/uploads\/2025\/11\/Cartagena-de-Indias.webp\" alt=\"Cartagena de Indias\" width=\"1000\" height=\"563\" data-srcset=\"https:\/\/www.cosmorevas.tk\/wp-content\/uploads\/2025\/11\/Cartagena-de-Indias.webp 1000w, https:\/\/www.cosmorevas.tk\/wp-content\/uploads\/2025\/11\/Cartagena-de-Indias-300x169.webp 300w, https:\/\/www.cosmorevas.tk\/wp-content\/uploads\/2025\/11\/Cartagena-de-Indias-768x432.webp 768w, https:\/\/www.cosmorevas.tk\/wp-content\/uploads\/2025\/11\/Cartagena-de-Indias-705x397.webp 705w\" data-sizes=\"(max-width: 1000px) 100vw, 1000px\" src=\"data:image\/svg+xml;base64,PHN2ZyB3aWR0aD0iMSIgaGVpZ2h0PSIxIiB4bWxucz0iaHR0cDovL3d3dy53My5vcmcvMjAwMC9zdmciPjwvc3ZnPg==\" style=\"--smush-placeholder-width: 1000px; --smush-placeholder-aspect-ratio: 1000\/563;\" \/><p id=\"caption-attachment-19838\" class=\"wp-caption-text\">Cartagena de Indias<\/p><\/div><br \/>\n<div id=\"attachment_19839\" style=\"width: 1010px\" class=\"wp-caption aligncenter\"><img decoding=\"async\" aria-describedby=\"caption-attachment-19839\" class=\"size-full wp-image-19631 lazyload\" data-src=\"https:\/\/www.cosmorevas.tk\/wp-content\/uploads\/2025\/11\/Barrio-Getsemani-Cartagena-de-Indias.webp\" alt=\"Barrio Getseman\u00ed, Cartagena de Indias\" width=\"1000\" height=\"563\" data-srcset=\"https:\/\/www.cosmorevas.tk\/wp-content\/uploads\/2025\/11\/Barrio-Getsemani-Cartagena-de-Indias.webp 1000w, https:\/\/www.cosmorevas.tk\/wp-content\/uploads\/2025\/11\/Barrio-Getsemani-Cartagena-de-Indias-300x169.webp 300w, https:\/\/www.cosmorevas.tk\/wp-content\/uploads\/2025\/11\/Barrio-Getsemani-Cartagena-de-Indias-768x432.webp 768w, https:\/\/www.cosmorevas.tk\/wp-content\/uploads\/2025\/11\/Barrio-Getsemani-Cartagena-de-Indias-705x397.webp 705w\" data-sizes=\"(max-width: 1000px) 100vw, 1000px\" src=\"data:image\/svg+xml;base64,PHN2ZyB3aWR0aD0iMSIgaGVpZ2h0PSIxIiB4bWxucz0iaHR0cDovL3d3dy53My5vcmcvMjAwMC9zdmciPjwvc3ZnPg==\" style=\"--smush-placeholder-width: 1000px; --smush-placeholder-aspect-ratio: 1000\/563;\" \/><p id=\"caption-attachment-19839\" class=\"wp-caption-text\">Barrio Getseman\u00ed, Cartagena de Indias<\/p><\/div><\/p>\n<p>Il simbolo architettonico della citt\u00e0 \u00e8 la <strong>Torre del Reloj<\/strong>, la antigua puerta de acceso a la ciudad fortificada.<\/p>\n<p><div id=\"attachment_19840\" style=\"width: 1010px\" class=\"wp-caption aligncenter\"><img decoding=\"async\" aria-describedby=\"caption-attachment-19840\" class=\"size-full wp-image-19638 lazyload\" data-src=\"https:\/\/www.cosmorevas.tk\/wp-content\/uploads\/2025\/11\/Torre-del-Reloj-Cartagena-de-Indias.webp\" alt=\"Torre del Reloj, Cartagena de Indias\" width=\"1000\" height=\"563\" data-srcset=\"https:\/\/www.cosmorevas.tk\/wp-content\/uploads\/2025\/11\/Torre-del-Reloj-Cartagena-de-Indias.webp 1000w, https:\/\/www.cosmorevas.tk\/wp-content\/uploads\/2025\/11\/Torre-del-Reloj-Cartagena-de-Indias-300x169.webp 300w, https:\/\/www.cosmorevas.tk\/wp-content\/uploads\/2025\/11\/Torre-del-Reloj-Cartagena-de-Indias-768x432.webp 768w, https:\/\/www.cosmorevas.tk\/wp-content\/uploads\/2025\/11\/Torre-del-Reloj-Cartagena-de-Indias-705x397.webp 705w\" data-sizes=\"(max-width: 1000px) 100vw, 1000px\" src=\"data:image\/svg+xml;base64,PHN2ZyB3aWR0aD0iMSIgaGVpZ2h0PSIxIiB4bWxucz0iaHR0cDovL3d3dy53My5vcmcvMjAwMC9zdmciPjwvc3ZnPg==\" style=\"--smush-placeholder-width: 1000px; --smush-placeholder-aspect-ratio: 1000\/563;\" \/><p id=\"caption-attachment-19840\" class=\"wp-caption-text\">Torre del Reloj, Cartagena de Indias<\/p><\/div><br \/>\n<div id=\"attachment_19841\" style=\"width: 1010px\" class=\"wp-caption aligncenter\"><img decoding=\"async\" aria-describedby=\"caption-attachment-19841\" class=\"size-full wp-image-19639 lazyload\" data-src=\"https:\/\/www.cosmorevas.tk\/wp-content\/uploads\/2025\/11\/Torre-del-Reloj-di-notte-Cartagena-de-Indias.webp\" alt=\"Torre del Reloj por la noche, Cartagena de Indias\" width=\"1000\" height=\"563\" data-srcset=\"https:\/\/www.cosmorevas.tk\/wp-content\/uploads\/2025\/11\/Torre-del-Reloj-di-notte-Cartagena-de-Indias.webp 1000w, https:\/\/www.cosmorevas.tk\/wp-content\/uploads\/2025\/11\/Torre-del-Reloj-di-notte-Cartagena-de-Indias-300x169.webp 300w, https:\/\/www.cosmorevas.tk\/wp-content\/uploads\/2025\/11\/Torre-del-Reloj-di-notte-Cartagena-de-Indias-768x432.webp 768w, https:\/\/www.cosmorevas.tk\/wp-content\/uploads\/2025\/11\/Torre-del-Reloj-di-notte-Cartagena-de-Indias-705x397.webp 705w\" data-sizes=\"(max-width: 1000px) 100vw, 1000px\" src=\"data:image\/svg+xml;base64,PHN2ZyB3aWR0aD0iMSIgaGVpZ2h0PSIxIiB4bWxucz0iaHR0cDovL3d3dy53My5vcmcvMjAwMC9zdmciPjwvc3ZnPg==\" style=\"--smush-placeholder-width: 1000px; --smush-placeholder-aspect-ratio: 1000\/563;\" \/><p id=\"caption-attachment-19841\" class=\"wp-caption-text\">Torre del Reloj por la noche, Cartagena de Indias<\/p><\/div><\/p>\n<p>El puerto de la ciudad siempre ha sido s\u00faper importante para Colombia y, como todas las ciudades costeras, los lugares panor\u00e1micos son much\u00edsimos, sobre todo desde las murallas hist\u00f3ricas.<br \/>\nLas murallas que rodean la ciudad, por las que se puede pasear, me recordaron a la ciudad de Derry, en el norte de <a href=\"https:\/\/www.cosmorevas.tk\/es\/destinos\/irlanda\/\" target=\"_blank\" rel=\"noopener\">Irlanda<\/a>.<\/p>\n<p><div id=\"attachment_19842\" style=\"width: 1010px\" class=\"wp-caption aligncenter\"><img decoding=\"async\" aria-describedby=\"caption-attachment-19842\" class=\"size-full wp-image-19637 lazyload\" data-src=\"https:\/\/www.cosmorevas.tk\/wp-content\/uploads\/2025\/11\/Santuario-di-San-Pedro-Claver-nel-centro-storico-di-Cartagena-de-Indias.webp\" alt=\"Santuario de San Pedro Claver en el centro hist\u00f3rico de Cartagena de Indias\" width=\"1000\" height=\"563\" data-srcset=\"https:\/\/www.cosmorevas.tk\/wp-content\/uploads\/2025\/11\/Santuario-di-San-Pedro-Claver-nel-centro-storico-di-Cartagena-de-Indias.webp 1000w, https:\/\/www.cosmorevas.tk\/wp-content\/uploads\/2025\/11\/Santuario-di-San-Pedro-Claver-nel-centro-storico-di-Cartagena-de-Indias-300x169.webp 300w, https:\/\/www.cosmorevas.tk\/wp-content\/uploads\/2025\/11\/Santuario-di-San-Pedro-Claver-nel-centro-storico-di-Cartagena-de-Indias-768x432.webp 768w, https:\/\/www.cosmorevas.tk\/wp-content\/uploads\/2025\/11\/Santuario-di-San-Pedro-Claver-nel-centro-storico-di-Cartagena-de-Indias-705x397.webp 705w\" data-sizes=\"(max-width: 1000px) 100vw, 1000px\" src=\"data:image\/svg+xml;base64,PHN2ZyB3aWR0aD0iMSIgaGVpZ2h0PSIxIiB4bWxucz0iaHR0cDovL3d3dy53My5vcmcvMjAwMC9zdmciPjwvc3ZnPg==\" style=\"--smush-placeholder-width: 1000px; --smush-placeholder-aspect-ratio: 1000\/563;\" \/><p id=\"caption-attachment-19842\" class=\"wp-caption-text\">Santuario de San Pedro Claver en el centro hist\u00f3rico de Cartagena de Indias<\/p><\/div><br \/>\n<div id=\"attachment_19843\" style=\"width: 1010px\" class=\"wp-caption aligncenter\"><img decoding=\"async\" aria-describedby=\"caption-attachment-19843\" class=\"size-full wp-image-19641 lazyload\" data-src=\"https:\/\/www.cosmorevas.tk\/wp-content\/uploads\/2025\/11\/Museo-Navale-del-Caribe-a-Cartagena-de-Indias.webp\" alt=\"Museo Naval del Caribe en Cartagena de Indias\" width=\"1000\" height=\"563\" data-srcset=\"https:\/\/www.cosmorevas.tk\/wp-content\/uploads\/2025\/11\/Museo-Navale-del-Caribe-a-Cartagena-de-Indias.webp 1000w, https:\/\/www.cosmorevas.tk\/wp-content\/uploads\/2025\/11\/Museo-Navale-del-Caribe-a-Cartagena-de-Indias-300x169.webp 300w, https:\/\/www.cosmorevas.tk\/wp-content\/uploads\/2025\/11\/Museo-Navale-del-Caribe-a-Cartagena-de-Indias-768x432.webp 768w, https:\/\/www.cosmorevas.tk\/wp-content\/uploads\/2025\/11\/Museo-Navale-del-Caribe-a-Cartagena-de-Indias-705x397.webp 705w\" data-sizes=\"(max-width: 1000px) 100vw, 1000px\" src=\"data:image\/svg+xml;base64,PHN2ZyB3aWR0aD0iMSIgaGVpZ2h0PSIxIiB4bWxucz0iaHR0cDovL3d3dy53My5vcmcvMjAwMC9zdmciPjwvc3ZnPg==\" style=\"--smush-placeholder-width: 1000px; --smush-placeholder-aspect-ratio: 1000\/563;\" \/><p id=\"caption-attachment-19843\" class=\"wp-caption-text\">Museo Naval del Caribe en Cartagena de Indias<\/p><\/div><br \/>\n<div id=\"attachment_19844\" style=\"width: 1010px\" class=\"wp-caption aligncenter\"><img decoding=\"async\" aria-describedby=\"caption-attachment-19844\" class=\"size-full wp-image-19654 lazyload\" data-src=\"https:\/\/www.cosmorevas.tk\/wp-content\/uploads\/2025\/11\/La-bandiera-della-Colombia-sventola-su-Cartagena-de-Indias.webp\" alt=\"La bandera de Colombia ondea sobre Cartagena de Indias.\" width=\"1000\" height=\"563\" data-srcset=\"https:\/\/www.cosmorevas.tk\/wp-content\/uploads\/2025\/11\/La-bandiera-della-Colombia-sventola-su-Cartagena-de-Indias.webp 1000w, https:\/\/www.cosmorevas.tk\/wp-content\/uploads\/2025\/11\/La-bandiera-della-Colombia-sventola-su-Cartagena-de-Indias-300x169.webp 300w, https:\/\/www.cosmorevas.tk\/wp-content\/uploads\/2025\/11\/La-bandiera-della-Colombia-sventola-su-Cartagena-de-Indias-768x432.webp 768w, https:\/\/www.cosmorevas.tk\/wp-content\/uploads\/2025\/11\/La-bandiera-della-Colombia-sventola-su-Cartagena-de-Indias-705x397.webp 705w\" data-sizes=\"(max-width: 1000px) 100vw, 1000px\" src=\"data:image\/svg+xml;base64,PHN2ZyB3aWR0aD0iMSIgaGVpZ2h0PSIxIiB4bWxucz0iaHR0cDovL3d3dy53My5vcmcvMjAwMC9zdmciPjwvc3ZnPg==\" style=\"--smush-placeholder-width: 1000px; --smush-placeholder-aspect-ratio: 1000\/563;\" \/><p id=\"caption-attachment-19844\" class=\"wp-caption-text\">La bandera de Colombia ondea sobre Cartagena de Indias.<\/p><\/div><\/p>\n<p>El <strong>Castillo de San Felipe de Barajas<\/strong> s una fortaleza militar del siglo XVII construida para proteger del saqueo de piratas y corsarios los tesoros que llegaban a Cartagena desde todas las colonias espa\u00f1olas, antes de zarpar hacia Europa.<br \/>\nPor eso, el castillo est\u00e1 hecho con rampas, desniveles, escaleras, t\u00faneles y un mont\u00f3n de espacios abiertos.<br \/>\nEsta estrategia defensiva, junto con su ubicaci\u00f3n en una colina, lo hac\u00eda inexpugnable.<\/p>\n<p><div id=\"attachment_19845\" style=\"width: 1010px\" class=\"wp-caption aligncenter\"><img decoding=\"async\" aria-describedby=\"caption-attachment-19845\" class=\"size-full wp-image-19642 lazyload\" data-src=\"https:\/\/www.cosmorevas.tk\/wp-content\/uploads\/2025\/11\/Statua-di-Blas-de-Lezo-con-gamba-e-braccio-amputati-Cartagena-de-Indias.webp\" alt=\"Estatua de Blas de Lezo (con pierna y brazo amputados), Cartagena de Indias\" width=\"1000\" height=\"563\" data-srcset=\"https:\/\/www.cosmorevas.tk\/wp-content\/uploads\/2025\/11\/Statua-di-Blas-de-Lezo-con-gamba-e-braccio-amputati-Cartagena-de-Indias.webp 1000w, https:\/\/www.cosmorevas.tk\/wp-content\/uploads\/2025\/11\/Statua-di-Blas-de-Lezo-con-gamba-e-braccio-amputati-Cartagena-de-Indias-300x169.webp 300w, https:\/\/www.cosmorevas.tk\/wp-content\/uploads\/2025\/11\/Statua-di-Blas-de-Lezo-con-gamba-e-braccio-amputati-Cartagena-de-Indias-768x432.webp 768w, https:\/\/www.cosmorevas.tk\/wp-content\/uploads\/2025\/11\/Statua-di-Blas-de-Lezo-con-gamba-e-braccio-amputati-Cartagena-de-Indias-705x397.webp 705w\" data-sizes=\"(max-width: 1000px) 100vw, 1000px\" src=\"data:image\/svg+xml;base64,PHN2ZyB3aWR0aD0iMSIgaGVpZ2h0PSIxIiB4bWxucz0iaHR0cDovL3d3dy53My5vcmcvMjAwMC9zdmciPjwvc3ZnPg==\" style=\"--smush-placeholder-width: 1000px; --smush-placeholder-aspect-ratio: 1000\/563;\" \/><p id=\"caption-attachment-19845\" class=\"wp-caption-text\">Estatua de Blas de Lezo (con pierna y brazo amputados), Cartagena de Indias<\/p><\/div><br \/>\n<div id=\"attachment_19846\" style=\"width: 460px\" class=\"wp-caption aligncenter\"><img decoding=\"async\" aria-describedby=\"caption-attachment-19846\" class=\"size-full wp-image-19643 lazyload\" data-src=\"https:\/\/www.cosmorevas.tk\/wp-content\/uploads\/2025\/11\/Cartagena-de-Indias-dalle-mura-fortificate.webp\" alt=\"Cartagena de Indias desde sus murallas fortificadas\" width=\"450\" height=\"600\" data-srcset=\"https:\/\/www.cosmorevas.tk\/wp-content\/uploads\/2025\/11\/Cartagena-de-Indias-dalle-mura-fortificate.webp 450w, https:\/\/www.cosmorevas.tk\/wp-content\/uploads\/2025\/11\/Cartagena-de-Indias-dalle-mura-fortificate-225x300.webp 225w\" data-sizes=\"(max-width: 450px) 100vw, 450px\" src=\"data:image\/svg+xml;base64,PHN2ZyB3aWR0aD0iMSIgaGVpZ2h0PSIxIiB4bWxucz0iaHR0cDovL3d3dy53My5vcmcvMjAwMC9zdmciPjwvc3ZnPg==\" style=\"--smush-placeholder-width: 450px; --smush-placeholder-aspect-ratio: 450\/600;\" \/><p id=\"caption-attachment-19846\" class=\"wp-caption-text\">Cartagena de Indias desde sus murallas fortificadas<\/p><\/div><br \/>\n<div id=\"attachment_19847\" style=\"width: 1010px\" class=\"wp-caption aligncenter\"><img decoding=\"async\" aria-describedby=\"caption-attachment-19847\" class=\"size-full wp-image-19645 lazyload\" data-src=\"https:\/\/www.cosmorevas.tk\/wp-content\/uploads\/2025\/11\/Cannone-nella-citta-murata-di-Cartagena-de-Indias.webp\" alt=\"Ca\u00f1\u00f3n en la ciudad amurallada de Cartagena de Indias\" width=\"1000\" height=\"563\" data-srcset=\"https:\/\/www.cosmorevas.tk\/wp-content\/uploads\/2025\/11\/Cannone-nella-citta-murata-di-Cartagena-de-Indias.webp 1000w, https:\/\/www.cosmorevas.tk\/wp-content\/uploads\/2025\/11\/Cannone-nella-citta-murata-di-Cartagena-de-Indias-300x169.webp 300w, https:\/\/www.cosmorevas.tk\/wp-content\/uploads\/2025\/11\/Cannone-nella-citta-murata-di-Cartagena-de-Indias-768x432.webp 768w, https:\/\/www.cosmorevas.tk\/wp-content\/uploads\/2025\/11\/Cannone-nella-citta-murata-di-Cartagena-de-Indias-705x397.webp 705w\" data-sizes=\"(max-width: 1000px) 100vw, 1000px\" src=\"data:image\/svg+xml;base64,PHN2ZyB3aWR0aD0iMSIgaGVpZ2h0PSIxIiB4bWxucz0iaHR0cDovL3d3dy53My5vcmcvMjAwMC9zdmciPjwvc3ZnPg==\" style=\"--smush-placeholder-width: 1000px; --smush-placeholder-aspect-ratio: 1000\/563;\" \/><p id=\"caption-attachment-19847\" class=\"wp-caption-text\">Ca\u00f1\u00f3n en la ciudad amurallada de Cartagena de Indias<\/p><\/div><br \/>\n<div id=\"attachment_19848\" style=\"width: 460px\" class=\"wp-caption aligncenter\"><img decoding=\"async\" aria-describedby=\"caption-attachment-19848\" class=\"size-full wp-image-19644 lazyload\" data-src=\"https:\/\/www.cosmorevas.tk\/wp-content\/uploads\/2025\/11\/Interno-dei-tunnel-del-Castello-di-San-Felipe-de-Barajas-Cartagena-de-Indias.webp\" alt=\"En el interior de los t\u00faneles del Castillo de San Felipe de Barajas, Cartagena de Indias.\" width=\"450\" height=\"600\" data-srcset=\"https:\/\/www.cosmorevas.tk\/wp-content\/uploads\/2025\/11\/Interno-dei-tunnel-del-Castello-di-San-Felipe-de-Barajas-Cartagena-de-Indias.webp 450w, https:\/\/www.cosmorevas.tk\/wp-content\/uploads\/2025\/11\/Interno-dei-tunnel-del-Castello-di-San-Felipe-de-Barajas-Cartagena-de-Indias-225x300.webp 225w\" data-sizes=\"(max-width: 450px) 100vw, 450px\" src=\"data:image\/svg+xml;base64,PHN2ZyB3aWR0aD0iMSIgaGVpZ2h0PSIxIiB4bWxucz0iaHR0cDovL3d3dy53My5vcmcvMjAwMC9zdmciPjwvc3ZnPg==\" style=\"--smush-placeholder-width: 450px; --smush-placeholder-aspect-ratio: 450\/600;\" \/><p id=\"caption-attachment-19848\" class=\"wp-caption-text\">En el interior de los t\u00faneles del Castillo de San Felipe de Barajas, Cartagena de Indias.<\/p><\/div><\/p>\n<p>Pero, cuando pienso en Cartagena, me acuerdo inmediatamente del <strong>Parque Centenario<\/strong>.<br \/>\nEntr\u00e9 all\u00ed por casualidad, buscando un poco de sombra en una ma\u00f1ana en la que el sol brillaba en el cielo azul.<br \/>\nDe pronto, me encontr\u00e9 cara a cara con unos <strong>monos<\/strong> que saltaban entre los \u00e1rboles.<\/p>\n<p><div id=\"attachment_19849\" style=\"width: 460px\" class=\"wp-caption aligncenter\"><img decoding=\"async\" aria-describedby=\"caption-attachment-19849\" class=\"size-full wp-image-19647 lazyload\" data-src=\"https:\/\/www.cosmorevas.tk\/wp-content\/uploads\/2025\/11\/Titi-grigio-primate-endemico-della-Colombia-in-pericolo-di-estinzione-al-Parque-Centenario-Cartagena-de-Indias.webp\" alt=\"Tit\u00ed gris, primate end\u00e9mico de Colombia en peligro de extinci\u00f3n, en el Parque Centenario, Cartagena de Indias.\" width=\"450\" height=\"600\" data-srcset=\"https:\/\/www.cosmorevas.tk\/wp-content\/uploads\/2025\/11\/Titi-grigio-primate-endemico-della-Colombia-in-pericolo-di-estinzione-al-Parque-Centenario-Cartagena-de-Indias.webp 450w, https:\/\/www.cosmorevas.tk\/wp-content\/uploads\/2025\/11\/Titi-grigio-primate-endemico-della-Colombia-in-pericolo-di-estinzione-al-Parque-Centenario-Cartagena-de-Indias-225x300.webp 225w\" data-sizes=\"(max-width: 450px) 100vw, 450px\" src=\"data:image\/svg+xml;base64,PHN2ZyB3aWR0aD0iMSIgaGVpZ2h0PSIxIiB4bWxucz0iaHR0cDovL3d3dy53My5vcmcvMjAwMC9zdmciPjwvc3ZnPg==\" style=\"--smush-placeholder-width: 450px; --smush-placeholder-aspect-ratio: 450\/600;\" \/><p id=\"caption-attachment-19849\" class=\"wp-caption-text\">Tit\u00ed gris, primate end\u00e9mico de Colombia en peligro de extinci\u00f3n, en el Parque Centenario, Cartagena de Indias.<\/p><\/div><br \/>\n<div id=\"attachment_19850\" style=\"width: 1010px\" class=\"wp-caption aligncenter\"><img decoding=\"async\" aria-describedby=\"caption-attachment-19850\" class=\"size-full wp-image-19648 lazyload\" data-src=\"https:\/\/www.cosmorevas.tk\/wp-content\/uploads\/2025\/11\/Tamarino-edipo-al-Parque-Centenario-Cartagena-de-Indias.webp\" alt=\"Tamarino Edipo en el Parque Centenario, Cartagena de Indias\" width=\"1000\" height=\"563\" data-srcset=\"https:\/\/www.cosmorevas.tk\/wp-content\/uploads\/2025\/11\/Tamarino-edipo-al-Parque-Centenario-Cartagena-de-Indias.webp 1000w, https:\/\/www.cosmorevas.tk\/wp-content\/uploads\/2025\/11\/Tamarino-edipo-al-Parque-Centenario-Cartagena-de-Indias-300x169.webp 300w, https:\/\/www.cosmorevas.tk\/wp-content\/uploads\/2025\/11\/Tamarino-edipo-al-Parque-Centenario-Cartagena-de-Indias-768x432.webp 768w, https:\/\/www.cosmorevas.tk\/wp-content\/uploads\/2025\/11\/Tamarino-edipo-al-Parque-Centenario-Cartagena-de-Indias-705x397.webp 705w\" data-sizes=\"(max-width: 1000px) 100vw, 1000px\" src=\"data:image\/svg+xml;base64,PHN2ZyB3aWR0aD0iMSIgaGVpZ2h0PSIxIiB4bWxucz0iaHR0cDovL3d3dy53My5vcmcvMjAwMC9zdmciPjwvc3ZnPg==\" style=\"--smush-placeholder-width: 1000px; --smush-placeholder-aspect-ratio: 1000\/563;\" \/><p id=\"caption-attachment-19850\" class=\"wp-caption-text\">Tamarino Edipo en el Parque Centenario, Cartagena de Indias<\/p><\/div><\/p>\n<p>Lo m\u00e1s emocionante fue tratar de entender qu\u00e9 estaban viendo los dem\u00e1s visitantes del parque entre las ramas de los \u00e1rboles.<br \/>\nAs\u00ed fue como vi mis primeros <strong>perezosos<\/strong>.<br \/>\nMe qued\u00e9 un buen rato mirando sus movimientos, s\u00faper lentos pero tambi\u00e9n muy suaves y con mucho estilo.<br \/>\nTiempo despu\u00e9s volv\u00ed a ver perezosos en Costa Rica, pero, como siempre, la primera vez nunca se olvida.<\/p>\n<p><div id=\"attachment_19851\" style=\"width: 460px\" class=\"wp-caption aligncenter\"><img decoding=\"async\" aria-describedby=\"caption-attachment-19851\" class=\"size-full wp-image-19650 lazyload\" data-src=\"https:\/\/www.cosmorevas.tk\/wp-content\/uploads\/2025\/11\/Bradipo-al-Parque-Centenario-Cartagena-de-Indias.webp\" alt=\"Perezoso en el Parque Centenario, Cartagena de Indias\" width=\"450\" height=\"600\" data-srcset=\"https:\/\/www.cosmorevas.tk\/wp-content\/uploads\/2025\/11\/Bradipo-al-Parque-Centenario-Cartagena-de-Indias.webp 450w, https:\/\/www.cosmorevas.tk\/wp-content\/uploads\/2025\/11\/Bradipo-al-Parque-Centenario-Cartagena-de-Indias-225x300.webp 225w\" data-sizes=\"(max-width: 450px) 100vw, 450px\" src=\"data:image\/svg+xml;base64,PHN2ZyB3aWR0aD0iMSIgaGVpZ2h0PSIxIiB4bWxucz0iaHR0cDovL3d3dy53My5vcmcvMjAwMC9zdmciPjwvc3ZnPg==\" style=\"--smush-placeholder-width: 450px; --smush-placeholder-aspect-ratio: 450\/600;\" \/><p id=\"caption-attachment-19851\" class=\"wp-caption-text\">Perezoso en el Parque Centenario, Cartagena de Indias<\/p><\/div><br \/>\n<div id=\"attachment_19852\" style=\"width: 1010px\" class=\"wp-caption aligncenter\"><img decoding=\"async\" aria-describedby=\"caption-attachment-19852\" class=\"size-full wp-image-19649 lazyload\" data-src=\"https:\/\/www.cosmorevas.tk\/wp-content\/uploads\/2025\/11\/Bradipo-sugli-alberi-del-Parque-Centenario-Cartagena-de-Indias.webp\" alt=\"Perezoso en los \u00e1rboles del Parque Centenario, Cartagena de Indias\" width=\"1000\" height=\"563\" data-srcset=\"https:\/\/www.cosmorevas.tk\/wp-content\/uploads\/2025\/11\/Bradipo-sugli-alberi-del-Parque-Centenario-Cartagena-de-Indias.webp 1000w, https:\/\/www.cosmorevas.tk\/wp-content\/uploads\/2025\/11\/Bradipo-sugli-alberi-del-Parque-Centenario-Cartagena-de-Indias-300x169.webp 300w, https:\/\/www.cosmorevas.tk\/wp-content\/uploads\/2025\/11\/Bradipo-sugli-alberi-del-Parque-Centenario-Cartagena-de-Indias-768x432.webp 768w, https:\/\/www.cosmorevas.tk\/wp-content\/uploads\/2025\/11\/Bradipo-sugli-alberi-del-Parque-Centenario-Cartagena-de-Indias-705x397.webp 705w\" data-sizes=\"(max-width: 1000px) 100vw, 1000px\" src=\"data:image\/svg+xml;base64,PHN2ZyB3aWR0aD0iMSIgaGVpZ2h0PSIxIiB4bWxucz0iaHR0cDovL3d3dy53My5vcmcvMjAwMC9zdmciPjwvc3ZnPg==\" style=\"--smush-placeholder-width: 1000px; --smush-placeholder-aspect-ratio: 1000\/563;\" \/><p id=\"caption-attachment-19852\" class=\"wp-caption-text\">Perezoso en los \u00e1rboles del Parque Centenario, Cartagena de Indias<\/p><\/div><br \/>\n<div id=\"attachment_19853\" style=\"width: 1010px\" class=\"wp-caption aligncenter\"><img decoding=\"async\" aria-describedby=\"caption-attachment-19853\" class=\"size-full wp-image-19651 lazyload\" data-src=\"https:\/\/www.cosmorevas.tk\/wp-content\/uploads\/2025\/11\/Zoop-bradipo-al-Parque-Centenario-Cartagena-de-Indias.webp\" alt=\"Perezoso en el Parque Centenario, Cartagena de Indias\" width=\"1000\" height=\"563\" data-srcset=\"https:\/\/www.cosmorevas.tk\/wp-content\/uploads\/2025\/11\/Zoop-bradipo-al-Parque-Centenario-Cartagena-de-Indias.webp 1000w, https:\/\/www.cosmorevas.tk\/wp-content\/uploads\/2025\/11\/Zoop-bradipo-al-Parque-Centenario-Cartagena-de-Indias-300x169.webp 300w, https:\/\/www.cosmorevas.tk\/wp-content\/uploads\/2025\/11\/Zoop-bradipo-al-Parque-Centenario-Cartagena-de-Indias-768x432.webp 768w, https:\/\/www.cosmorevas.tk\/wp-content\/uploads\/2025\/11\/Zoop-bradipo-al-Parque-Centenario-Cartagena-de-Indias-705x397.webp 705w\" data-sizes=\"(max-width: 1000px) 100vw, 1000px\" src=\"data:image\/svg+xml;base64,PHN2ZyB3aWR0aD0iMSIgaGVpZ2h0PSIxIiB4bWxucz0iaHR0cDovL3d3dy53My5vcmcvMjAwMC9zdmciPjwvc3ZnPg==\" style=\"--smush-placeholder-width: 1000px; --smush-placeholder-aspect-ratio: 1000\/563;\" \/><p id=\"caption-attachment-19853\" class=\"wp-caption-text\">Perezoso en el Parque Centenario, Cartagena de Indias<\/p><\/div><\/p>\n<h3><strong><span class=\"\"> <\/span><\/strong><\/h3>\n<h2><\/h2>\n<h2><strong>D\u00d3NDE ALOJARSE EN COLOMBIA<br \/>\n<\/strong><\/h2>\n<h3><strong><span class=\"\">Bogot\u00e1<\/span><\/strong><\/h3>\n<p>En las grandes ciudades, siempre recomiendo elegir el hotel o albergue dependiendo de lo que tengas planeado hacer cada d\u00eda.<br \/>\nSi tienes que salir de la ciudad a primera hora del d\u00eda, porque el tr\u00e1fico es un caos y te cansas un mont\u00f3n, te recomiendo que duermas cerquita del aeropuerto (o, como yo, directamente dentro).<\/p>\n<p>Si vas a quedarte en la ciudad, te recomiendo que te <strong>alojes en el centro<\/strong>.<br \/>\nMira, te doy algunos puntos de referencia para que te hagas una idea: la Plaza Bol\u00edvar, el Museo del Oro, el Teatro Col\u00f3n y el barrio de La Candelaria.<\/p>\n<div id=\"attachment_19854\" style=\"width: 1010px\" class=\"wp-caption aligncenter\"><img decoding=\"async\" aria-describedby=\"caption-attachment-19854\" class=\"size-full wp-image-19535 lazyload\" data-src=\"https:\/\/www.cosmorevas.tk\/wp-content\/uploads\/2025\/11\/La-Candelaria-Bogota.webp\" alt=\"La Candelaria Bogot\u00e0\" width=\"1000\" height=\"676\" data-srcset=\"https:\/\/www.cosmorevas.tk\/wp-content\/uploads\/2025\/11\/La-Candelaria-Bogota.webp 1000w, https:\/\/www.cosmorevas.tk\/wp-content\/uploads\/2025\/11\/La-Candelaria-Bogota-300x203.webp 300w, https:\/\/www.cosmorevas.tk\/wp-content\/uploads\/2025\/11\/La-Candelaria-Bogota-768x519.webp 768w, https:\/\/www.cosmorevas.tk\/wp-content\/uploads\/2025\/11\/La-Candelaria-Bogota-705x477.webp 705w\" data-sizes=\"(max-width: 1000px) 100vw, 1000px\" src=\"data:image\/svg+xml;base64,PHN2ZyB3aWR0aD0iMSIgaGVpZ2h0PSIxIiB4bWxucz0iaHR0cDovL3d3dy53My5vcmcvMjAwMC9zdmciPjwvc3ZnPg==\" style=\"--smush-placeholder-width: 1000px; --smush-placeholder-aspect-ratio: 1000\/676;\" \/><p id=\"caption-attachment-19854\" class=\"wp-caption-text\">La Candelaria Bogot\u00e0<\/p><\/div>\n<div class=\"mceTemp\"><\/div>\n<div id=\"attachment_19855\" style=\"width: 1010px\" class=\"wp-caption aligncenter\"><img decoding=\"async\" aria-describedby=\"caption-attachment-19855\" class=\"size-full wp-image-19537 lazyload\" data-src=\"https:\/\/www.cosmorevas.tk\/wp-content\/uploads\/2025\/11\/Avenida-Jimenez-centro-storico-di-Bogota.webp\" alt=\"Avenida Jim\u00e9nez, centro hist\u00f3rico de Bogot\u00e1\" width=\"1000\" height=\"659\" data-srcset=\"https:\/\/www.cosmorevas.tk\/wp-content\/uploads\/2025\/11\/Avenida-Jimenez-centro-storico-di-Bogota.webp 1000w, https:\/\/www.cosmorevas.tk\/wp-content\/uploads\/2025\/11\/Avenida-Jimenez-centro-storico-di-Bogota-300x198.webp 300w, https:\/\/www.cosmorevas.tk\/wp-content\/uploads\/2025\/11\/Avenida-Jimenez-centro-storico-di-Bogota-768x506.webp 768w, https:\/\/www.cosmorevas.tk\/wp-content\/uploads\/2025\/11\/Avenida-Jimenez-centro-storico-di-Bogota-705x465.webp 705w\" data-sizes=\"(max-width: 1000px) 100vw, 1000px\" src=\"data:image\/svg+xml;base64,PHN2ZyB3aWR0aD0iMSIgaGVpZ2h0PSIxIiB4bWxucz0iaHR0cDovL3d3dy53My5vcmcvMjAwMC9zdmciPjwvc3ZnPg==\" style=\"--smush-placeholder-width: 1000px; --smush-placeholder-aspect-ratio: 1000\/659;\" \/><p id=\"caption-attachment-19855\" class=\"wp-caption-text\">Avenida Jim\u00e9nez, centro hist\u00f3rico de Bogot\u00e1<\/p><\/div>\n<p>En 2024, porque el vuelo se retras\u00f3, Avianca me dio un vale para el Hotel Hilton de Bogot\u00e1.<br \/>\nNo hace falta decir que la recepci\u00f3n, la habitaci\u00f3n y el restaurante eran de 5 estrellas.<br \/>\nUna cosita curiosa y divertida: con el vale de Avianca, la cena era abundante, pero con men\u00fa fijo.<br \/>\nMe hizo gracia que la gente me mirara como si fuera una persona rica e importante solo porque los camareros me serv\u00edan sin que yo pidiera nada&#8230;<\/p>\n<div id=\"attachment_19856\" style=\"width: 547px\" class=\"wp-caption aligncenter\"><img decoding=\"async\" aria-describedby=\"caption-attachment-19856\" class=\"size-full wp-image-19536 lazyload\" data-src=\"https:\/\/www.cosmorevas.tk\/wp-content\/uploads\/2025\/11\/Arcobaleno-a-La-Candelaria-Bogota.webp\" alt=\"Arco iris en La Candelaria, Bogot\u00e1\" width=\"537\" height=\"600\" data-srcset=\"https:\/\/www.cosmorevas.tk\/wp-content\/uploads\/2025\/11\/Arcobaleno-a-La-Candelaria-Bogota.webp 537w, https:\/\/www.cosmorevas.tk\/wp-content\/uploads\/2025\/11\/Arcobaleno-a-La-Candelaria-Bogota-269x300.webp 269w\" data-sizes=\"(max-width: 537px) 100vw, 537px\" src=\"data:image\/svg+xml;base64,PHN2ZyB3aWR0aD0iMSIgaGVpZ2h0PSIxIiB4bWxucz0iaHR0cDovL3d3dy53My5vcmcvMjAwMC9zdmciPjwvc3ZnPg==\" style=\"--smush-placeholder-width: 537px; --smush-placeholder-aspect-ratio: 537\/600;\" \/><p id=\"caption-attachment-19856\" class=\"wp-caption-text\">Arco iris en La Candelaria, Bogot\u00e1<\/p><\/div>\n<h3><strong>Medell\u00edn<br \/>\n<\/strong><\/h3>\n<p>Como no hab\u00eda mucha informaci\u00f3n sobre la ciudad, fue un poco dif\u00edcil elegir la mejor zona para quedarse a dormir.<br \/>\nConf\u00ed\u00e9 en algunos consejos y eleg\u00ed el Yolo Hostel Medell\u00edn.<br \/>\nEl hostel &#8216;ostello est\u00e1 en <strong>El Poblado<\/strong>, un barrio de Medell\u00edn que no es peligroso y que siempre est\u00e1 lleno de gente.<br \/>\nY como el metro est\u00e1 muy cerca, se puede ir a todos lados sin problemas.<\/p>\n<p><div id=\"attachment_19857\" style=\"width: 460px\" class=\"wp-caption aligncenter\"><img decoding=\"async\" aria-describedby=\"caption-attachment-19857\" class=\"size-full wp-image-19560 lazyload\" data-src=\"https:\/\/www.cosmorevas.tk\/wp-content\/uploads\/2025\/11\/Scritta-Medellin.webp\" alt=\"Escrita Medell\u00edn\" width=\"450\" height=\"600\" data-srcset=\"https:\/\/www.cosmorevas.tk\/wp-content\/uploads\/2025\/11\/Scritta-Medellin.webp 450w, https:\/\/www.cosmorevas.tk\/wp-content\/uploads\/2025\/11\/Scritta-Medellin-225x300.webp 225w\" data-sizes=\"(max-width: 450px) 100vw, 450px\" src=\"data:image\/svg+xml;base64,PHN2ZyB3aWR0aD0iMSIgaGVpZ2h0PSIxIiB4bWxucz0iaHR0cDovL3d3dy53My5vcmcvMjAwMC9zdmciPjwvc3ZnPg==\" style=\"--smush-placeholder-width: 450px; --smush-placeholder-aspect-ratio: 450\/600;\" \/><p id=\"caption-attachment-19857\" class=\"wp-caption-text\">Escrita Medell\u00edn<\/p><\/div><br \/>\n<div id=\"attachment_19858\" style=\"width: 1010px\" class=\"wp-caption aligncenter\"><img decoding=\"async\" aria-describedby=\"caption-attachment-19858\" class=\"size-full wp-image-19561 lazyload\" data-src=\"https:\/\/www.cosmorevas.tk\/wp-content\/uploads\/2025\/11\/Plaza-Cisneros-22Parque-de-las-Luces22-Parco-delle-Luci-Medellin.webp\" alt=\"Plaza Cisneros - Parque de las Luces, Medell\u00edn\" width=\"1000\" height=\"750\" data-srcset=\"https:\/\/www.cosmorevas.tk\/wp-content\/uploads\/2025\/11\/Plaza-Cisneros-22Parque-de-las-Luces22-Parco-delle-Luci-Medellin.webp 1000w, https:\/\/www.cosmorevas.tk\/wp-content\/uploads\/2025\/11\/Plaza-Cisneros-22Parque-de-las-Luces22-Parco-delle-Luci-Medellin-300x225.webp 300w, https:\/\/www.cosmorevas.tk\/wp-content\/uploads\/2025\/11\/Plaza-Cisneros-22Parque-de-las-Luces22-Parco-delle-Luci-Medellin-768x576.webp 768w, https:\/\/www.cosmorevas.tk\/wp-content\/uploads\/2025\/11\/Plaza-Cisneros-22Parque-de-las-Luces22-Parco-delle-Luci-Medellin-705x529.webp 705w\" data-sizes=\"(max-width: 1000px) 100vw, 1000px\" src=\"data:image\/svg+xml;base64,PHN2ZyB3aWR0aD0iMSIgaGVpZ2h0PSIxIiB4bWxucz0iaHR0cDovL3d3dy53My5vcmcvMjAwMC9zdmciPjwvc3ZnPg==\" style=\"--smush-placeholder-width: 1000px; --smush-placeholder-aspect-ratio: 1000\/750;\" \/><p id=\"caption-attachment-19858\" class=\"wp-caption-text\">Plaza Cisneros &#8211; Parque de las Luces, Medell\u00edn<\/p><\/div><br \/>\n<div id=\"attachment_19859\" style=\"width: 1010px\" class=\"wp-caption aligncenter\"><img decoding=\"async\" aria-describedby=\"caption-attachment-19859\" class=\"size-full wp-image-19562 lazyload\" data-src=\"https:\/\/www.cosmorevas.tk\/wp-content\/uploads\/2025\/11\/Il-fiume-Medellin-attraversa-la-citta-nel-Parques-del-Rio.webp\" alt=\"El R\u00edo Medell\u00edn atraviesa la ciudad en los Parques del R\u00edo.\" width=\"1000\" height=\"750\" data-srcset=\"https:\/\/www.cosmorevas.tk\/wp-content\/uploads\/2025\/11\/Il-fiume-Medellin-attraversa-la-citta-nel-Parques-del-Rio.webp 1000w, https:\/\/www.cosmorevas.tk\/wp-content\/uploads\/2025\/11\/Il-fiume-Medellin-attraversa-la-citta-nel-Parques-del-Rio-300x225.webp 300w, https:\/\/www.cosmorevas.tk\/wp-content\/uploads\/2025\/11\/Il-fiume-Medellin-attraversa-la-citta-nel-Parques-del-Rio-768x576.webp 768w, https:\/\/www.cosmorevas.tk\/wp-content\/uploads\/2025\/11\/Il-fiume-Medellin-attraversa-la-citta-nel-Parques-del-Rio-705x529.webp 705w\" data-sizes=\"(max-width: 1000px) 100vw, 1000px\" src=\"data:image\/svg+xml;base64,PHN2ZyB3aWR0aD0iMSIgaGVpZ2h0PSIxIiB4bWxucz0iaHR0cDovL3d3dy53My5vcmcvMjAwMC9zdmciPjwvc3ZnPg==\" style=\"--smush-placeholder-width: 1000px; --smush-placeholder-aspect-ratio: 1000\/750;\" \/><p id=\"caption-attachment-19859\" class=\"wp-caption-text\">El R\u00edo Medell\u00edn atraviesa la ciudad en los Parques del R\u00edo.<\/p><\/div><\/p>\n<h3><strong><span class=\"\">Cartagena<\/span><\/strong><\/h3>\n<p>Cartagena me pareci\u00f3 la ciudad m\u00e1s tur\u00edstica de toda Colombia.<br \/>\nEsto quiere decir que hay un mont\u00f3n de grupos de j\u00f3venes (sobre todo estadounidenses) que solo buscan alcohol y diversi\u00f3n sin parar, sin control y, sobre todo, sin respeto.<br \/>\nEn fin, nada que ver con c\u00f3mo yo suelo viajar.<\/p>\n<p>Por el precio y la ubicaci\u00f3n, decid\u00ed quedarme en el Seven Nights Hostel, pero la verdad es que no pude descansar como quer\u00eda por los otros hu\u00e9spedes.<br \/>\nPero creo que es algo que le pasa a todos los hostales de Cartagena.<\/p>\n<p><div id=\"attachment_19860\" style=\"width: 1010px\" class=\"wp-caption aligncenter\"><img decoding=\"async\" aria-describedby=\"caption-attachment-19860\" class=\"size-full wp-image-19635 lazyload\" data-src=\"https:\/\/www.cosmorevas.tk\/wp-content\/uploads\/2025\/11\/Parque-de-la-Marina-Cartagena-de-Indias.webp\" alt=\"Parque de la Marina, Cartagena de Indias\" width=\"1000\" height=\"487\" data-srcset=\"https:\/\/www.cosmorevas.tk\/wp-content\/uploads\/2025\/11\/Parque-de-la-Marina-Cartagena-de-Indias.webp 1000w, https:\/\/www.cosmorevas.tk\/wp-content\/uploads\/2025\/11\/Parque-de-la-Marina-Cartagena-de-Indias-300x146.webp 300w, https:\/\/www.cosmorevas.tk\/wp-content\/uploads\/2025\/11\/Parque-de-la-Marina-Cartagena-de-Indias-768x374.webp 768w, https:\/\/www.cosmorevas.tk\/wp-content\/uploads\/2025\/11\/Parque-de-la-Marina-Cartagena-de-Indias-705x343.webp 705w\" data-sizes=\"(max-width: 1000px) 100vw, 1000px\" src=\"data:image\/svg+xml;base64,PHN2ZyB3aWR0aD0iMSIgaGVpZ2h0PSIxIiB4bWxucz0iaHR0cDovL3d3dy53My5vcmcvMjAwMC9zdmciPjwvc3ZnPg==\" style=\"--smush-placeholder-width: 1000px; --smush-placeholder-aspect-ratio: 1000\/487;\" \/><p id=\"caption-attachment-19860\" class=\"wp-caption-text\">Parque de la Marina, Cartagena de Indias<\/p><\/div><br \/>\n<div id=\"attachment_19861\" style=\"width: 1010px\" class=\"wp-caption aligncenter\"><img decoding=\"async\" aria-describedby=\"caption-attachment-19861\" class=\"size-full wp-image-19652 lazyload\" data-src=\"https:\/\/www.cosmorevas.tk\/wp-content\/uploads\/2025\/11\/Tramonto-su-Cartagena-de-Indias.webp\" alt=\"Atardecer en Cartagena de Indias\" width=\"1000\" height=\"563\" data-srcset=\"https:\/\/www.cosmorevas.tk\/wp-content\/uploads\/2025\/11\/Tramonto-su-Cartagena-de-Indias.webp 1000w, https:\/\/www.cosmorevas.tk\/wp-content\/uploads\/2025\/11\/Tramonto-su-Cartagena-de-Indias-300x169.webp 300w, https:\/\/www.cosmorevas.tk\/wp-content\/uploads\/2025\/11\/Tramonto-su-Cartagena-de-Indias-768x432.webp 768w, https:\/\/www.cosmorevas.tk\/wp-content\/uploads\/2025\/11\/Tramonto-su-Cartagena-de-Indias-705x397.webp 705w\" data-sizes=\"(max-width: 1000px) 100vw, 1000px\" src=\"data:image\/svg+xml;base64,PHN2ZyB3aWR0aD0iMSIgaGVpZ2h0PSIxIiB4bWxucz0iaHR0cDovL3d3dy53My5vcmcvMjAwMC9zdmciPjwvc3ZnPg==\" style=\"--smush-placeholder-width: 1000px; --smush-placeholder-aspect-ratio: 1000\/563;\" \/><p id=\"caption-attachment-19861\" class=\"wp-caption-text\">Atardecer en Cartagena de Indias<\/p><\/div><\/p>\n<h3><strong><span class=\"\">Eje Cafetero<\/span><\/strong><\/h3>\n<p>Como quer\u00eda ver el Valle del Cocora, eleg\u00ed <strong>Salento<\/strong> para quedarme unos d\u00edas en esta parte de Colombia.<br \/>\nEl precio de la habitaci\u00f3n me llev\u00f3 a elegir el Kil\u00f3metro Cero Hostel, pero hay un mont\u00f3n de alojamientos similares.<br \/>\nSin embargo, recomiendo este hostal tanto por la amabilidad de la due\u00f1a como por la tranquilidad del lugar y lo cerca que est\u00e1 de la Plaza Bol\u00edvar, donde hay un mont\u00f3n de tiendas y desde donde salen los transportes hacia el Valle del Cocora.<\/p>\n<p><div id=\"attachment_19862\" style=\"width: 1010px\" class=\"wp-caption aligncenter\"><img decoding=\"async\" aria-describedby=\"caption-attachment-19862\" class=\"size-full wp-image-19595 lazyload\" data-src=\"https:\/\/www.cosmorevas.tk\/wp-content\/uploads\/2025\/11\/Strada-del-centro-storico-di-Salento.webp\" alt=\"Calle del centro hist\u00f3rico de Salento\" width=\"1000\" height=\"563\" data-srcset=\"https:\/\/www.cosmorevas.tk\/wp-content\/uploads\/2025\/11\/Strada-del-centro-storico-di-Salento.webp 1000w, https:\/\/www.cosmorevas.tk\/wp-content\/uploads\/2025\/11\/Strada-del-centro-storico-di-Salento-300x169.webp 300w, https:\/\/www.cosmorevas.tk\/wp-content\/uploads\/2025\/11\/Strada-del-centro-storico-di-Salento-768x432.webp 768w, https:\/\/www.cosmorevas.tk\/wp-content\/uploads\/2025\/11\/Strada-del-centro-storico-di-Salento-705x397.webp 705w\" data-sizes=\"(max-width: 1000px) 100vw, 1000px\" src=\"data:image\/svg+xml;base64,PHN2ZyB3aWR0aD0iMSIgaGVpZ2h0PSIxIiB4bWxucz0iaHR0cDovL3d3dy53My5vcmcvMjAwMC9zdmciPjwvc3ZnPg==\" style=\"--smush-placeholder-width: 1000px; --smush-placeholder-aspect-ratio: 1000\/563;\" \/><p id=\"caption-attachment-19862\" class=\"wp-caption-text\">Calle del centro hist\u00f3rico de Salento<\/p><\/div><br \/>\n<div id=\"attachment_19863\" style=\"width: 1010px\" class=\"wp-caption aligncenter\"><img decoding=\"async\" aria-describedby=\"caption-attachment-19863\" class=\"size-full wp-image-19594 lazyload\" data-src=\"https:\/\/www.cosmorevas.tk\/wp-content\/uploads\/2025\/11\/Plaza-Simon-Bolivar-Salento.webp\" alt=\"Plaza Simon Bolivar, Salento\" width=\"1000\" height=\"563\" data-srcset=\"https:\/\/www.cosmorevas.tk\/wp-content\/uploads\/2025\/11\/Plaza-Simon-Bolivar-Salento.webp 1000w, https:\/\/www.cosmorevas.tk\/wp-content\/uploads\/2025\/11\/Plaza-Simon-Bolivar-Salento-300x169.webp 300w, https:\/\/www.cosmorevas.tk\/wp-content\/uploads\/2025\/11\/Plaza-Simon-Bolivar-Salento-768x432.webp 768w, https:\/\/www.cosmorevas.tk\/wp-content\/uploads\/2025\/11\/Plaza-Simon-Bolivar-Salento-705x397.webp 705w\" data-sizes=\"(max-width: 1000px) 100vw, 1000px\" src=\"data:image\/svg+xml;base64,PHN2ZyB3aWR0aD0iMSIgaGVpZ2h0PSIxIiB4bWxucz0iaHR0cDovL3d3dy53My5vcmcvMjAwMC9zdmciPjwvc3ZnPg==\" style=\"--smush-placeholder-width: 1000px; --smush-placeholder-aspect-ratio: 1000\/563;\" \/><p id=\"caption-attachment-19863\" class=\"wp-caption-text\">Plaza Simon Bolivar, Salento<\/p><\/div><br \/>\n<div id=\"attachment_19864\" style=\"width: 1010px\" class=\"wp-caption aligncenter\"><img decoding=\"async\" aria-describedby=\"caption-attachment-19864\" class=\"size-full wp-image-19592 lazyload\" data-src=\"https:\/\/www.cosmorevas.tk\/wp-content\/uploads\/2025\/11\/Municipio-di-Salento.webp\" alt=\"Ayuntamiento de Salento\" width=\"1000\" height=\"534\" data-srcset=\"https:\/\/www.cosmorevas.tk\/wp-content\/uploads\/2025\/11\/Municipio-di-Salento.webp 1000w, https:\/\/www.cosmorevas.tk\/wp-content\/uploads\/2025\/11\/Municipio-di-Salento-300x160.webp 300w, https:\/\/www.cosmorevas.tk\/wp-content\/uploads\/2025\/11\/Municipio-di-Salento-768x410.webp 768w, https:\/\/www.cosmorevas.tk\/wp-content\/uploads\/2025\/11\/Municipio-di-Salento-705x376.webp 705w\" data-sizes=\"(max-width: 1000px) 100vw, 1000px\" src=\"data:image\/svg+xml;base64,PHN2ZyB3aWR0aD0iMSIgaGVpZ2h0PSIxIiB4bWxucz0iaHR0cDovL3d3dy53My5vcmcvMjAwMC9zdmciPjwvc3ZnPg==\" style=\"--smush-placeholder-width: 1000px; --smush-placeholder-aspect-ratio: 1000\/534;\" \/><p id=\"caption-attachment-19864\" class=\"wp-caption-text\">Ayuntamiento de Salento<\/p><\/div><\/p>\n<h2><strong>CONCLUSIONES<br \/>\n<\/strong><\/h2>\n<p>La fama de pa\u00eds peligroso ayuda a que <strong>Colombia siga siendo un lugar aut\u00e9ntico y no se convierta en un destino tur\u00edstico masificado<\/strong>, al menos, para el turismo europeo y asi\u00e1tico.<\/p>\n<p>Visitar Colombia es posible, no te preocupes.<br \/>\nClaro, hay que seguir las normas de seguridad b\u00e1sicas y te recomiendo que hayas viajado un poco por Latinoam\u00e9rica antes.<\/p>\n<p>Intenta no llevar contigo objetos de valor a la vista, como joyas, tel\u00e9fonos m\u00f3viles caros o c\u00e1maras.<br \/>\nSi no tienes m\u00e1s remedio que llevar mochila, ll\u00e9vate solo lo imprescindible.<br \/>\nOye, solo un consejo: si llevas la mochila delante en lugar de a la espalda, puede que atraigas m\u00e1s la atenci\u00f3n de los ladrones.<br \/>\nMantente alerta y observa con atenci\u00f3n a tu alrededor.<\/p>\n<div id=\"attachment_19865\" style=\"width: 460px\" class=\"wp-caption aligncenter\"><img decoding=\"async\" aria-describedby=\"caption-attachment-19865\" class=\"size-full wp-image-19559 lazyload\" data-src=\"https:\/\/www.cosmorevas.tk\/wp-content\/uploads\/2025\/11\/Metrocable-Medellin.webp\" alt=\"Metrocable Medellin\" width=\"450\" height=\"600\" data-srcset=\"https:\/\/www.cosmorevas.tk\/wp-content\/uploads\/2025\/11\/Metrocable-Medellin.webp 450w, https:\/\/www.cosmorevas.tk\/wp-content\/uploads\/2025\/11\/Metrocable-Medellin-225x300.webp 225w\" data-sizes=\"(max-width: 450px) 100vw, 450px\" src=\"data:image\/svg+xml;base64,PHN2ZyB3aWR0aD0iMSIgaGVpZ2h0PSIxIiB4bWxucz0iaHR0cDovL3d3dy53My5vcmcvMjAwMC9zdmciPjwvc3ZnPg==\" style=\"--smush-placeholder-width: 450px; --smush-placeholder-aspect-ratio: 450\/600;\" \/><p id=\"caption-attachment-19865\" class=\"wp-caption-text\">Metrocable Medellin<\/p><\/div>\n<p>Para m\u00ed, viajar tambi\u00e9n significa <strong>apoyar a la gente del lugar<\/strong>.<br \/>\nPor eso, siempre que puedo, prefiero evitar las grandes asociaciones internacionales.<br \/>\nPara las pocas pero decisivas excursiones, evit\u00e9 Civitatis y Get Your Guide (que, de todos modos, en Colombia son pr\u00e1cticamente inexistentes) y confi\u00e9 con \u00e9xito en <a href=\"https:\/\/www.beyondcolombia.com\/?locale=es\" target=\"_blank\" rel=\"noopener\">Beyond Colombia<\/a>.<\/p>\n<p>La \u00faltima info que os quiero dar es sobre la despedida de Colombia, o sea, el momento de abandonar el pa\u00eds por aire.<br \/>\nOye, solo un recordatorio amistoso: una vez que pases por la puerta de embarque, no entrar\u00e1s al avi\u00f3n.<br \/>\nPues mira, a todos los pasajeros los meten en grupos en una sala: a los hombres por un lado, a las mujeres por otro, y el equipaje de mano en el centro.<br \/>\nAhora es cuando <strong>los perros antidroga entran en acci\u00f3n<\/strong>.<br \/>\nPrimero, los perros se frotan varias veces contra el equipaje y, luego, cuando todos se han girado hacia la pared, se frotan contra todos los pasajeros.<br \/>\nSi todo va bien, podr\u00e1s recoger el equipaje y embarcar en el avi\u00f3n.<\/p>\n<p><div id=\"attachment_19866\" style=\"width: 560px\" class=\"wp-caption aligncenter\"><img decoding=\"async\" aria-describedby=\"caption-attachment-19866\" class=\"size-full wp-image-19510 lazyload\" data-src=\"https:\/\/www.cosmorevas.tk\/wp-content\/uploads\/2025\/11\/Contolli-prima-dellimbarco-nel-volo-Bogota-Madrid.webp\" alt=\"Controles antes de embarcar en el vuelo Bogot\u00e1 - Madrid\" width=\"550\" height=\"600\" data-srcset=\"https:\/\/www.cosmorevas.tk\/wp-content\/uploads\/2025\/11\/Contolli-prima-dellimbarco-nel-volo-Bogota-Madrid.webp 550w, https:\/\/www.cosmorevas.tk\/wp-content\/uploads\/2025\/11\/Contolli-prima-dellimbarco-nel-volo-Bogota-Madrid-275x300.webp 275w\" data-sizes=\"(max-width: 550px) 100vw, 550px\" src=\"data:image\/svg+xml;base64,PHN2ZyB3aWR0aD0iMSIgaGVpZ2h0PSIxIiB4bWxucz0iaHR0cDovL3d3dy53My5vcmcvMjAwMC9zdmciPjwvc3ZnPg==\" style=\"--smush-placeholder-width: 550px; --smush-placeholder-aspect-ratio: 550\/600;\" \/><p id=\"caption-attachment-19866\" class=\"wp-caption-text\">Controles antes de embarcar en el vuelo Bogot\u00e1 &#8211; Madrid<\/p><\/div><br \/>\n<div id=\"attachment_19867\" style=\"width: 310px\" class=\"wp-caption aligncenter\"><img decoding=\"async\" aria-describedby=\"caption-attachment-19867\" class=\"size-full wp-image-19511 lazyload\" data-src=\"https:\/\/www.cosmorevas.tk\/wp-content\/uploads\/2025\/11\/Controllo-prepartenza-allAeroporto-di-Bogota.webp\" alt=\"Control antes de la salida en el aeropuerto de Bogot\u00e1\" width=\"300\" height=\"600\" data-srcset=\"https:\/\/www.cosmorevas.tk\/wp-content\/uploads\/2025\/11\/Controllo-prepartenza-allAeroporto-di-Bogota.webp 300w, https:\/\/www.cosmorevas.tk\/wp-content\/uploads\/2025\/11\/Controllo-prepartenza-allAeroporto-di-Bogota-150x300.webp 150w\" data-sizes=\"(max-width: 300px) 100vw, 300px\" src=\"data:image\/svg+xml;base64,PHN2ZyB3aWR0aD0iMSIgaGVpZ2h0PSIxIiB4bWxucz0iaHR0cDovL3d3dy53My5vcmcvMjAwMC9zdmciPjwvc3ZnPg==\" style=\"--smush-placeholder-width: 300px; --smush-placeholder-aspect-ratio: 300\/600;\" \/><p id=\"caption-attachment-19867\" class=\"wp-caption-text\">Control antes de la salida en el aeropuerto de Bogot\u00e1<\/p><\/div><br \/>\n<div id=\"attachment_19868\" style=\"width: 460px\" class=\"wp-caption aligncenter\"><img decoding=\"async\" aria-describedby=\"caption-attachment-19868\" class=\"size-full wp-image-19512 lazyload\" data-src=\"https:\/\/www.cosmorevas.tk\/wp-content\/uploads\/2025\/11\/Controllo-cani-antidroga-allAeroporto-di-Bogota.webp\" alt=\"Control de perros antidroga en el aeropuerto de Bogot\u00e1\" width=\"450\" height=\"600\" data-srcset=\"https:\/\/www.cosmorevas.tk\/wp-content\/uploads\/2025\/11\/Controllo-cani-antidroga-allAeroporto-di-Bogota.webp 450w, https:\/\/www.cosmorevas.tk\/wp-content\/uploads\/2025\/11\/Controllo-cani-antidroga-allAeroporto-di-Bogota-225x300.webp 225w\" data-sizes=\"(max-width: 450px) 100vw, 450px\" src=\"data:image\/svg+xml;base64,PHN2ZyB3aWR0aD0iMSIgaGVpZ2h0PSIxIiB4bWxucz0iaHR0cDovL3d3dy53My5vcmcvMjAwMC9zdmciPjwvc3ZnPg==\" style=\"--smush-placeholder-width: 450px; --smush-placeholder-aspect-ratio: 450\/600;\" \/><p id=\"caption-attachment-19868\" class=\"wp-caption-text\">Control de perros antidroga en el aeropuerto de Bogot\u00e1<\/p><\/div><\/p>\n<p>A la orden, Colombia!<\/p>\n<\/div><\/section><\/div>\n<style type=\"text\/css\" data-created_by=\"avia_inline_auto\" id=\"style-css-av-4gabf68-dce52f7dd4a4b53adeb5895f32c3bc44\">\n.flex_column.av-4gabf68-dce52f7dd4a4b53adeb5895f32c3bc44{\nborder-radius:0px 0px 0px 0px;\npadding:0px 0px 0px 0px;\n}\n<\/style>\n<div  class='flex_column av-4gabf68-dce52f7dd4a4b53adeb5895f32c3bc44 av_one_fourth  avia-builder-el-19  el_after_av_three_fourth  avia-builder-el-last  flex_column_div av-zero-column-padding  '     ><section  class='av_textblock_section av-llqbncsh-201531294d2a2425421ea6b0279cbe95 '   itemscope=\"itemscope\" itemtype=\"https:\/\/schema.org\/CreativeWork\" ><div class='avia_textblock'  itemprop=\"text\" ><h3>Itinerario recomendado:<\/h3>\n<ul>\n<li>Bogot\u00e1<\/li>\n<li>Guatavita<\/li>\n<li>Zipaquir\u00e0<\/li>\n<li>Medell\u00edn<\/li>\n<li>Guatap\u00e8<\/li>\n<li>Piedra del Pe\u00f1\u00f3n<\/li>\n<li>Eje Cafetero<\/li>\n<li>Cartagena<\/li>\n<\/ul>\n<\/div><\/section><\/div><\/div><\/div><\/div><!-- close content main div --><\/div><\/div><div id='av_section_4'  class='avia-section av-3ygbpkg-67fb5ba6c8909c8d65fe5bde7af5df78 main_color avia-section-default avia-no-border-styling  avia-builder-el-21  el_after_av_section  el_before_av_section  avia-bg-style-scroll container_wrap fullsize'  ><div class='container av-section-cont-open' ><div class='template-page content  av-content-full alpha units'><div class='post-entry post-entry-type-page post-entry-17394'><div class='entry-content-wrapper clearfix'>\n<div  class='hr av-3jbfsq8-318ea63a166dccf48cae48b34bc4de3c hr-default  avia-builder-el-22  el_before_av_one_full  avia-builder-el-first '><span class='hr-inner '><span class=\"hr-inner-style\"><\/span><\/span><\/div>\n\n<style type=\"text\/css\" data-created_by=\"avia_inline_auto\" id=\"style-css-av-32mtpo0-9cffb933d2ed97324521ecba33ec7268\">\n.flex_column.av-32mtpo0-9cffb933d2ed97324521ecba33ec7268{\nborder-radius:0px 0px 0px 0px;\npadding:0px 0px 0px 0px;\n}\n<\/style>\n<div  class='flex_column av-32mtpo0-9cffb933d2ed97324521ecba33ec7268 av_one_full  avia-builder-el-23  el_after_av_hr  avia-builder-el-last  first flex_column_div av-zero-column-padding  '     ><p>\n<style type=\"text\/css\" data-created_by=\"avia_inline_auto\" id=\"style-css-av-2fbcipc-fa437d8df32b9c44f504596052003988\">\n#top .av-special-heading.av-2fbcipc-fa437d8df32b9c44f504596052003988{\npadding-bottom:10px;\n}\nbody .av-special-heading.av-2fbcipc-fa437d8df32b9c44f504596052003988 .av-special-heading-tag .heading-char{\nfont-size:25px;\n}\n.av-special-heading.av-2fbcipc-fa437d8df32b9c44f504596052003988 .av-subheading{\nfont-size:15px;\n}\n<\/style>\n<div  class='av-special-heading av-2fbcipc-fa437d8df32b9c44f504596052003988 av-special-heading-h2 blockquote modern-quote modern-centered  avia-builder-el-24  el_before_av_masonry_entries  avia-builder-el-no-sibling '><h2 class='av-special-heading-tag '  itemprop=\"headline\"  >podr\u00edas continuar tu viaje en<\/h2><div class=\"special-heading-border\"><div class=\"special-heading-inner-border\"><\/div><\/div><\/div><br \/>\n<div id='av-masonry-1' class='av-masonry av-llqbw9gw-01210dd2b36e1db11064aa1acb900dc1 noHover av-fixed-size av-no-gap av-hover-overlay- av-masonry-animation-active av-masonry-col-4 av-caption-on-hover av-caption-style-overlay av-masonry-entries av-orientation-square ' data-post_id=\"17394\"><div class=\"av-masonry-container isotope av-js-disabled\"><div class='av-masonry-entry isotope-item av-masonry-item-no-image '><\/div><a href=\"https:\/\/www.cosmorevas.tk\/es\/destinos\/argentina\/\"  id='av-masonry-1-item-10340' data-av-masonry-item='10340' class='av-masonry-entry isotope-item post-10340 portfolio type-portfolio status-publish has-post-thumbnail hentry tag-america-del-sur tag-animales tag-argentina-es tag-mapuche-es portfolio_entries-argentina-es portfolio_entries-destinos  av-masonry-item-with-image' title=\"Argentina\"   itemscope=\"itemscope\" itemtype=\"https:\/\/schema.org\/CreativeWork\" ><div class='av-inner-masonry-sizer'><\/div><figure class='av-inner-masonry main_color'><div class=\"av-masonry-outerimage-container\"><div class='av-masonry-image-container lazyload' style=\"background-image:inherit;\"  title=\"Argentina\"  data-bg-image=\"url(https:\/\/www.cosmorevas.tk\/wp-content\/uploads\/2023\/03\/Argentina.webp)\"><\/div><\/div><figcaption class='av-inner-masonry-content site-background'><div class='av-inner-masonry-content-pos'><div class='av-inner-masonry-content-pos-content'><div class='avia-arrow'><\/div><h3 class='av-masonry-entry-title entry-title '  itemprop=\"headline\" >Argentina<\/h3><\/div><\/div><\/figcaption><\/figure><\/a><!--end av-masonry entry--><a href=\"https:\/\/www.cosmorevas.tk\/es\/destinos\/brasil\/\"  id='av-masonry-1-item-15239' data-av-masonry-item='15239' class='av-masonry-entry isotope-item post-15239 portfolio type-portfolio status-publish has-post-thumbnail hentry tag-america-del-sur tag-brasil portfolio_entries-brasil portfolio_entries-destinos  av-masonry-item-with-image' title=\"Brasil\"   itemscope=\"itemscope\" itemtype=\"https:\/\/schema.org\/CreativeWork\" ><div class='av-inner-masonry-sizer'><\/div><figure class='av-inner-masonry main_color'><div class=\"av-masonry-outerimage-container\"><div class='av-masonry-image-container lazyload' style=\"background-image:inherit;\"  title=\"Brasil\"  data-bg-image=\"url(https:\/\/www.cosmorevas.tk\/wp-content\/uploads\/2023\/03\/Brasile.webp)\"><\/div><\/div><figcaption class='av-inner-masonry-content site-background'><div class='av-inner-masonry-content-pos'><div class='av-inner-masonry-content-pos-content'><div class='avia-arrow'><\/div><h3 class='av-masonry-entry-title entry-title '  itemprop=\"headline\" >Brasil<\/h3><\/div><\/div><\/figcaption><\/figure><\/a><!--end av-masonry entry--><a href=\"https:\/\/www.cosmorevas.tk\/es\/destinos\/chile\/\"  id='av-masonry-1-item-10337' data-av-masonry-item='10337' class='av-masonry-entry isotope-item post-10337 portfolio type-portfolio status-publish has-post-thumbnail hentry tag-america-del-sur tag-animales tag-chile-es tag-historia tag-mapuche-es tag-viajes-politicos portfolio_entries-chile-es portfolio_entries-destinos  av-masonry-item-with-image' title=\"Chile\"   itemscope=\"itemscope\" itemtype=\"https:\/\/schema.org\/CreativeWork\" ><div class='av-inner-masonry-sizer'><\/div><figure class='av-inner-masonry main_color'><div class=\"av-masonry-outerimage-container\"><div class='av-masonry-image-container lazyload' style=\"background-image:inherit;\"  title=\"Chile\"  data-bg-image=\"url(https:\/\/www.cosmorevas.tk\/wp-content\/uploads\/2017\/03\/Cile.jpg)\"><\/div><\/div><figcaption class='av-inner-masonry-content site-background'><div class='av-inner-masonry-content-pos'><div class='av-inner-masonry-content-pos-content'><div class='avia-arrow'><\/div><h3 class='av-masonry-entry-title entry-title '  itemprop=\"headline\" >Chile<\/h3><\/div><\/div><\/figcaption><\/figure><\/a><!--end av-masonry entry--><a href=\"https:\/\/www.cosmorevas.tk\/es\/destinos\/patagonia-tierra-del-fuego\/\"  id='av-masonry-1-item-15248' data-av-masonry-item='15248' class='av-masonry-entry isotope-item post-15248 portfolio type-portfolio status-publish has-post-thumbnail hentry tag-america-del-sur tag-animales tag-argentina-es tag-chile-es tag-patagonia-es portfolio_entries-argentina-es portfolio_entries-chile-es portfolio_entries-destinos portfolio_entries-patagonia-es  av-masonry-item-with-image' title=\"Argentina\"   itemscope=\"itemscope\" itemtype=\"https:\/\/schema.org\/CreativeWork\" ><div class='av-inner-masonry-sizer'><\/div><figure class='av-inner-masonry main_color'><div class=\"av-masonry-outerimage-container\"><div class='av-masonry-image-container lazyload' style=\"background-image:inherit;\"  title=\"Argentina\"  data-bg-image=\"url(https:\/\/www.cosmorevas.tk\/wp-content\/uploads\/2018\/11\/Argentina.jpg)\"><\/div><\/div><figcaption class='av-inner-masonry-content site-background'><div class='av-inner-masonry-content-pos'><div class='av-inner-masonry-content-pos-content'><div class='avia-arrow'><\/div><h3 class='av-masonry-entry-title entry-title '  itemprop=\"headline\" >Patagonia y Tierra del Fuego<\/h3><\/div><\/div><\/figcaption><\/figure><\/a><!--end av-masonry entry--><\/div><\/div><\/p><\/div>\n<\/p>\n<\/div><\/div><\/div><!-- close content main div --><\/div><\/div><div id='av_section_5'  class='avia-section av-21jzve8-a56c270d1a86514f013edbc404ce8d7b main_color avia-section-default avia-no-border-styling  avia-builder-el-26  el_after_av_section  el_before_av_hr  avia-bg-style-scroll container_wrap fullsize'  ><div class='container av-section-cont-open' ><div class='template-page content  av-content-full alpha units'><div class='post-entry post-entry-type-page post-entry-17394'><div class='entry-content-wrapper clearfix'>\n<div  class='hr av-1q83suo-5fda7f37ccb86998dbbe8166c7707911 hr-default  avia-builder-el-27  el_before_av_heading  avia-builder-el-first '><span class='hr-inner '><span class=\"hr-inner-style\"><\/span><\/span><\/div>\n\n<style type=\"text\/css\" data-created_by=\"avia_inline_auto\" id=\"style-css-av-19801tc-e8175d6e079b71cc9998423f4ea6de2e\">\n#top .av-special-heading.av-19801tc-e8175d6e079b71cc9998423f4ea6de2e{\npadding-bottom:10px;\n}\nbody .av-special-heading.av-19801tc-e8175d6e079b71cc9998423f4ea6de2e .av-special-heading-tag .heading-char{\nfont-size:25px;\n}\n.av-special-heading.av-19801tc-e8175d6e079b71cc9998423f4ea6de2e .av-subheading{\nfont-size:15px;\n}\n<\/style>\n<div  class='av-special-heading av-19801tc-e8175d6e079b71cc9998423f4ea6de2e av-special-heading-h2 blockquote modern-quote modern-centered  avia-builder-el-28  el_after_av_hr  el_before_av_masonry_entries  avia-builder-el-last '><h2 class='av-special-heading-tag '  itemprop=\"headline\"  >o busca otra inspiraci\u00f3n<\/h2><div class=\"special-heading-border\"><div class=\"special-heading-inner-border\"><\/div><\/div><\/div>\n<div id='av-masonry-2' class='av-masonry av-llqbx5ud-9276a7e165e9079c4917d2a3c260c1ce noHover av-fixed-size av-no-gap av-hover-overlay- av-masonry-animation- av-masonry-col-5 av-caption-on-hover av-caption-style-overlay av-masonry-entries av-orientation-square ' data-post_id=\"17394\"><div class=\"av-masonry-container isotope av-js-disabled\"><div class='av-masonry-entry isotope-item av-masonry-item-no-image '><\/div><a href=\"https:\/\/www.cosmorevas.tk\/es\/destinos\/tuvalu\/\"  id='av-masonry-2-item-13366' data-av-masonry-item='13366' class='av-masonry-entry isotope-item post-13366 portfolio type-portfolio status-publish has-post-thumbnail hentry tag-isla tag-mar tag-oceania-es tag-tuvalu-es portfolio_entries-destinos portfolio_entries-tuvalu-es  av-masonry-item-with-image' title=\"Tuvalu\"   itemscope=\"itemscope\" itemtype=\"https:\/\/schema.org\/CreativeWork\" ><div class='av-inner-masonry-sizer'><\/div><figure class='av-inner-masonry main_color'><div class=\"av-masonry-outerimage-container\"><div class='av-masonry-image-container lazyload' style=\"background-image:inherit;\"  title=\"Tuvalu\"  data-bg-image=\"url(https:\/\/www.cosmorevas.tk\/wp-content\/uploads\/2021\/03\/Tuvalu-.jpg)\"><\/div><\/div><figcaption class='av-inner-masonry-content site-background'><div class='av-inner-masonry-content-pos'><div class='av-inner-masonry-content-pos-content'><div class='avia-arrow'><\/div><h3 class='av-masonry-entry-title entry-title '  itemprop=\"headline\" >Tuvalu<\/h3><\/div><\/div><\/figcaption><\/figure><\/a><!--end av-masonry entry--><a href=\"https:\/\/www.cosmorevas.tk\/es\/destinos\/peru\/\"  id='av-masonry-2-item-10342' data-av-masonry-item='10342' class='av-masonry-entry isotope-item post-10342 portfolio type-portfolio status-publish has-post-thumbnail hentry tag-animales tag-historia tag-mar tag-peru-es portfolio_entries-destinos portfolio_entries-peru-es  av-masonry-item-with-image' title=\"Per\u00fa\"   itemscope=\"itemscope\" itemtype=\"https:\/\/schema.org\/CreativeWork\" ><div class='av-inner-masonry-sizer'><\/div><figure class='av-inner-masonry main_color'><div class=\"av-masonry-outerimage-container\"><div class='av-masonry-image-container lazyload' style=\"background-image:inherit;\"  title=\"Per\u00fa\"  data-bg-image=\"url(https:\/\/www.cosmorevas.tk\/wp-content\/uploads\/2015\/01\/Peru.jpg)\"><\/div><\/div><figcaption class='av-inner-masonry-content site-background'><div class='av-inner-masonry-content-pos'><div class='av-inner-masonry-content-pos-content'><div class='avia-arrow'><\/div><h3 class='av-masonry-entry-title entry-title '  itemprop=\"headline\" >Per\u00fa<\/h3><\/div><\/div><\/figcaption><\/figure><\/a><!--end av-masonry entry--><a href=\"https:\/\/www.cosmorevas.tk\/es\/destinos\/cerdena\/\"  id='av-masonry-2-item-10314' data-av-masonry-item='10314' class='av-masonry-entry isotope-item post-10314 portfolio type-portfolio status-publish has-post-thumbnail hentry tag-animales tag-cerdena tag-europa-es tag-historia tag-isla tag-mar tag-viajes-politicos portfolio_entries-cerdena portfolio_entries-destinos  av-masonry-item-with-image' title=\"Cerde\u00f1a\"   itemscope=\"itemscope\" itemtype=\"https:\/\/schema.org\/CreativeWork\" ><div class='av-inner-masonry-sizer'><\/div><figure class='av-inner-masonry main_color'><div class=\"av-masonry-outerimage-container\"><div class='av-masonry-image-container lazyload' style=\"background-image:inherit;\"  title=\"Cerde\u00f1a\"  data-bg-image=\"url(https:\/\/www.cosmorevas.tk\/wp-content\/uploads\/2017\/04\/Nuraghe-Sardegna-705x529.jpg)\"><\/div><\/div><figcaption class='av-inner-masonry-content site-background'><div class='av-inner-masonry-content-pos'><div class='av-inner-masonry-content-pos-content'><div class='avia-arrow'><\/div><h3 class='av-masonry-entry-title entry-title '  itemprop=\"headline\" >Cerde\u00f1a<\/h3><\/div><\/div><\/figcaption><\/figure><\/a><!--end av-masonry entry--><a href=\"https:\/\/www.cosmorevas.tk\/es\/destinos\/vanuatu\/\"  id='av-masonry-2-item-13357' data-av-masonry-item='13357' class='av-masonry-entry isotope-item post-13357 portfolio type-portfolio status-publish has-post-thumbnail hentry tag-isla tag-mar tag-oceania-es tag-vanuatu-es portfolio_entries-destinos portfolio_entries-vanuatu-es  av-masonry-item-with-image' title=\"Vanuatu\"   itemscope=\"itemscope\" itemtype=\"https:\/\/schema.org\/CreativeWork\" ><div class='av-inner-masonry-sizer'><\/div><figure class='av-inner-masonry main_color'><div class=\"av-masonry-outerimage-container\"><div class='av-masonry-image-container lazyload' style=\"background-image:inherit;\"  title=\"Vanuatu\"  data-bg-image=\"url(https:\/\/www.cosmorevas.tk\/wp-content\/uploads\/2019\/08\/Vanuatu.jpeg)\"><\/div><\/div><figcaption class='av-inner-masonry-content site-background'><div class='av-inner-masonry-content-pos'><div class='av-inner-masonry-content-pos-content'><div class='avia-arrow'><\/div><h3 class='av-masonry-entry-title entry-title '  itemprop=\"headline\" >Vanuatu<\/h3><\/div><\/div><\/figcaption><\/figure><\/a><!--end av-masonry entry--><a href=\"https:\/\/www.cosmorevas.tk\/es\/destinos\/artico\/\"  id='av-masonry-2-item-10312' data-av-masonry-item='10312' class='av-masonry-entry isotope-item post-10312 portfolio type-portfolio status-publish has-post-thumbnail hentry tag-animales tag-artico-es tag-noruega portfolio_entries-artico-es portfolio_entries-destinos  av-masonry-item-with-image' title=\"Artico\"   itemscope=\"itemscope\" itemtype=\"https:\/\/schema.org\/CreativeWork\" ><div class='av-inner-masonry-sizer'><\/div><figure class='av-inner-masonry main_color'><div class=\"av-masonry-outerimage-container\"><div class='av-masonry-image-container lazyload' style=\"background-image:inherit;\"  title=\"Artico\"  data-bg-image=\"url(https:\/\/www.cosmorevas.tk\/wp-content\/uploads\/2018\/11\/Artico-705x529.jpg)\"><\/div><\/div><figcaption class='av-inner-masonry-content site-background'><div class='av-inner-masonry-content-pos'><div class='av-inner-masonry-content-pos-content'><div class='avia-arrow'><\/div><h3 class='av-masonry-entry-title entry-title '  itemprop=\"headline\" >Artico<\/h3><\/div><\/div><\/figcaption><\/figure><\/a><!--end av-masonry entry--><a href=\"https:\/\/www.cosmorevas.tk\/es\/destinos\/china\/\"  id='av-masonry-2-item-10327' data-av-masonry-item='10327' class='av-masonry-entry isotope-item post-10327 portfolio type-portfolio status-publish has-post-thumbnail hentry tag-asia-es tag-china-es tag-historia tag-transiberiano tag-viajes-politicos portfolio_entries-china-es portfolio_entries-destinos  av-masonry-item-with-image' title=\"China\"   itemscope=\"itemscope\" itemtype=\"https:\/\/schema.org\/CreativeWork\" ><div class='av-inner-masonry-sizer'><\/div><figure class='av-inner-masonry main_color'><div class=\"av-masonry-outerimage-container\"><div class='av-masonry-image-container lazyload' style=\"background-image:inherit;\"  title=\"China\"  data-bg-image=\"url(https:\/\/www.cosmorevas.tk\/wp-content\/uploads\/2017\/04\/Cina-705x529.jpg)\"><\/div><\/div><figcaption class='av-inner-masonry-content site-background'><div class='av-inner-masonry-content-pos'><div class='av-inner-masonry-content-pos-content'><div class='avia-arrow'><\/div><h3 class='av-masonry-entry-title entry-title '  itemprop=\"headline\" >China<\/h3><\/div><\/div><\/figcaption><\/figure><\/a><!--end av-masonry entry--><a href=\"https:\/\/www.cosmorevas.tk\/es\/destinos\/cataluna\/\"  id='av-masonry-2-item-10323' data-av-masonry-item='10323' class='av-masonry-entry isotope-item post-10323 portfolio type-portfolio status-publish has-post-thumbnail hentry tag-cataluna tag-espana tag-europa-es tag-mar tag-viajes-politicos portfolio_entries-cataluna portfolio_entries-destinos  av-masonry-item-with-image' title=\"Catalu\u00f1a\"   itemscope=\"itemscope\" itemtype=\"https:\/\/schema.org\/CreativeWork\" ><div class='av-inner-masonry-sizer'><\/div><figure class='av-inner-masonry main_color'><div class=\"av-masonry-outerimage-container\"><div class='av-masonry-image-container lazyload' style=\"background-image:inherit;\"  title=\"Catalu\u00f1a\"  data-bg-image=\"url(https:\/\/www.cosmorevas.tk\/wp-content\/uploads\/2017\/04\/Catalogna-705x529.jpg)\"><\/div><\/div><figcaption class='av-inner-masonry-content site-background'><div class='av-inner-masonry-content-pos'><div class='av-inner-masonry-content-pos-content'><div class='avia-arrow'><\/div><h3 class='av-masonry-entry-title entry-title '  itemprop=\"headline\" >Catalu\u00f1a<\/h3><\/div><\/div><\/figcaption><\/figure><\/a><!--end av-masonry entry--><a href=\"https:\/\/www.cosmorevas.tk\/es\/destinos\/bolivia\/\"  id='av-masonry-2-item-10339' data-av-masonry-item='10339' class='av-masonry-entry isotope-item post-10339 portfolio type-portfolio status-publish has-post-thumbnail hentry tag-america-del-sur tag-animales tag-bolivia-es tag-viajes-politicos portfolio_entries-bolivia-es portfolio_entries-destinos  av-masonry-item-with-image' title=\"Bolivia\"   itemscope=\"itemscope\" itemtype=\"https:\/\/schema.org\/CreativeWork\" ><div class='av-inner-masonry-sizer'><\/div><figure class='av-inner-masonry main_color'><div class=\"av-masonry-outerimage-container\"><div class='av-masonry-image-container lazyload' style=\"background-image:inherit;\"  title=\"Bolivia\"  data-bg-image=\"url(https:\/\/www.cosmorevas.tk\/wp-content\/uploads\/2017\/03\/Bolivia.jpg)\"><\/div><\/div><figcaption class='av-inner-masonry-content site-background'><div class='av-inner-masonry-content-pos'><div class='av-inner-masonry-content-pos-content'><div class='avia-arrow'><\/div><h3 class='av-masonry-entry-title entry-title '  itemprop=\"headline\" >Bolivia<\/h3><\/div><\/div><\/figcaption><\/figure><\/a><!--end av-masonry entry--><a href=\"https:\/\/www.cosmorevas.tk\/es\/destinos\/cuba\/\"  id='av-masonry-2-item-10331' data-av-masonry-item='10331' class='av-masonry-entry isotope-item post-10331 portfolio type-portfolio status-publish has-post-thumbnail hentry tag-america-del-sur tag-cuba-es tag-historia tag-isla tag-mar tag-viajes-politicos portfolio_entries-cuba-es portfolio_entries-destinos  av-masonry-item-with-image' title=\"Cuba\"   itemscope=\"itemscope\" itemtype=\"https:\/\/schema.org\/CreativeWork\" ><div class='av-inner-masonry-sizer'><\/div><figure class='av-inner-masonry main_color'><div class=\"av-masonry-outerimage-container\"><div class='av-masonry-image-container lazyload' style=\"background-image:inherit;\"  title=\"Cuba\"  data-bg-image=\"url(https:\/\/www.cosmorevas.tk\/wp-content\/uploads\/2017\/03\/Fidel-Castro-Che-Guevara-Camilo-Cienfuegos-La-Habana-Cuba-Plaza-de-la-Revolucion-705x589.jpg)\"><\/div><\/div><figcaption class='av-inner-masonry-content site-background'><div class='av-inner-masonry-content-pos'><div class='av-inner-masonry-content-pos-content'><div class='avia-arrow'><\/div><h3 class='av-masonry-entry-title entry-title '  itemprop=\"headline\" >Cuba<\/h3><\/div><\/div><\/figcaption><\/figure><\/a><!--end av-masonry entry--><a href=\"https:\/\/www.cosmorevas.tk\/es\/destinos\/laos\/\"  id='av-masonry-2-item-10334' data-av-masonry-item='10334' class='av-masonry-entry isotope-item post-10334 portfolio type-portfolio status-publish has-post-thumbnail hentry tag-animales tag-asia-es tag-laos-es portfolio_entries-destinos portfolio_entries-laos-es  av-masonry-item-with-image' title=\"Laos\"   itemscope=\"itemscope\" itemtype=\"https:\/\/schema.org\/CreativeWork\" ><div class='av-inner-masonry-sizer'><\/div><figure class='av-inner-masonry main_color'><div class=\"av-masonry-outerimage-container\"><div class='av-masonry-image-container lazyload' style=\"background-image:inherit;\"  title=\"Laos\"  data-bg-image=\"url(https:\/\/www.cosmorevas.tk\/wp-content\/uploads\/2017\/03\/07.08.2015-09.20-4.jpg)\"><\/div><\/div><figcaption class='av-inner-masonry-content site-background'><div class='av-inner-masonry-content-pos'><div class='av-inner-masonry-content-pos-content'><div class='avia-arrow'><\/div><h3 class='av-masonry-entry-title entry-title '  itemprop=\"headline\" >Laos<\/h3><\/div><\/div><\/figcaption><\/figure><\/a><!--end av-masonry entry--><a href=\"https:\/\/www.cosmorevas.tk\/es\/destinos\/irlanda\/\"  id='av-masonry-2-item-10313' data-av-masonry-item='10313' class='av-masonry-entry isotope-item post-10313 portfolio type-portfolio status-publish has-post-thumbnail hentry tag-europa-es tag-historia tag-irlanda-es tag-isla tag-viajes-politicos portfolio_entries-destinos portfolio_entries-irlanda-es  av-masonry-item-with-image' title=\"Irlanda &#8211; Derry &#8211; murales Derry Libre\"   itemscope=\"itemscope\" itemtype=\"https:\/\/schema.org\/CreativeWork\" ><div class='av-inner-masonry-sizer'><\/div><figure class='av-inner-masonry main_color'><div class=\"av-masonry-outerimage-container\"><div class='av-masonry-image-container lazyload' style=\"background-image:inherit;\"  title=\"Irlanda &#8211; Derry &#8211; murales Derry Libre\"  data-bg-image=\"url(https:\/\/www.cosmorevas.tk\/wp-content\/uploads\/2019\/02\/murales-free-Derry-articolo.jpg)\"><\/div><\/div><figcaption class='av-inner-masonry-content site-background'><div class='av-inner-masonry-content-pos'><div class='av-inner-masonry-content-pos-content'><div class='avia-arrow'><\/div><h3 class='av-masonry-entry-title entry-title '  itemprop=\"headline\" >Irlanda<\/h3><\/div><\/div><\/figcaption><\/figure><\/a><!--end av-masonry entry--><a href=\"https:\/\/www.cosmorevas.tk\/es\/destinos\/area-sami-laponia\/\"  id='av-masonry-2-item-15243' data-av-masonry-item='15243' class='av-masonry-entry isotope-item post-15243 portfolio type-portfolio status-publish has-post-thumbnail hentry tag-artico-es tag-europa-es tag-laponia tag-noruega tag-sami-es portfolio_entries-artico-es portfolio_entries-corea-del-norte portfolio_entries-destinos portfolio_entries-rusia  av-masonry-item-with-image' title=\"Noruega &#8211; Tromso &#8211; Sami\"   itemscope=\"itemscope\" itemtype=\"https:\/\/schema.org\/CreativeWork\" ><div class='av-inner-masonry-sizer'><\/div><figure class='av-inner-masonry main_color'><div class=\"av-masonry-outerimage-container\"><div class='av-masonry-image-container lazyload' style=\"background-image:inherit;\"  title=\"Noruega &#8211; Tromso &#8211; Sami\"  data-bg-image=\"url(https:\/\/www.cosmorevas.tk\/wp-content\/uploads\/2020\/07\/Norvegia-Tromso-Sami-705x529.jpg)\"><\/div><\/div><figcaption class='av-inner-masonry-content site-background'><div class='av-inner-masonry-content-pos'><div class='av-inner-masonry-content-pos-content'><div class='avia-arrow'><\/div><h3 class='av-masonry-entry-title entry-title '  itemprop=\"headline\" >Area Sami &#8211; Laponia<\/h3><\/div><\/div><\/figcaption><\/figure><\/a><!--end av-masonry entry--><a href=\"https:\/\/www.cosmorevas.tk\/es\/destinos\/espana\/\"  id='av-masonry-2-item-10343' data-av-masonry-item='10343' class='av-masonry-entry isotope-item post-10343 portfolio type-portfolio status-publish has-post-thumbnail hentry tag-cataluna tag-espana tag-pais-vasco tag-mar portfolio_entries-destinos portfolio_entries-espana  av-masonry-item-with-image' title=\"Espa\u00f1a\"   itemscope=\"itemscope\" itemtype=\"https:\/\/schema.org\/CreativeWork\" ><div class='av-inner-masonry-sizer'><\/div><figure class='av-inner-masonry main_color'><div class=\"av-masonry-outerimage-container\"><div class='av-masonry-image-container lazyload' style=\"background-image:inherit;\"  title=\"Espa\u00f1a\"  data-bg-image=\"url(https:\/\/www.cosmorevas.tk\/wp-content\/uploads\/2014\/07\/Spagna.jpg)\"><\/div><\/div><figcaption class='av-inner-masonry-content site-background'><div class='av-inner-masonry-content-pos'><div class='av-inner-masonry-content-pos-content'><div class='avia-arrow'><\/div><h3 class='av-masonry-entry-title entry-title '  itemprop=\"headline\" >Espa\u00f1a<\/h3><\/div><\/div><\/figcaption><\/figure><\/a><!--end av-masonry entry--><a href=\"https:\/\/www.cosmorevas.tk\/es\/destinos\/camboya\/\"  id='av-masonry-2-item-10332' data-av-masonry-item='10332' class='av-masonry-entry isotope-item post-10332 portfolio type-portfolio status-publish has-post-thumbnail hentry tag-animales tag-asia-es tag-camboya tag-historia tag-viajes-politicos portfolio_entries-camboya portfolio_entries-destinos  av-masonry-item-with-image' title=\"Camboya\"   itemscope=\"itemscope\" itemtype=\"https:\/\/schema.org\/CreativeWork\" ><div class='av-inner-masonry-sizer'><\/div><figure class='av-inner-masonry main_color'><div class=\"av-masonry-outerimage-container\"><div class='av-masonry-image-container lazyload' style=\"background-image:inherit;\"  title=\"Camboya\"  data-bg-image=\"url(https:\/\/www.cosmorevas.tk\/wp-content\/uploads\/2017\/03\/Cambogia.jpg)\"><\/div><\/div><figcaption class='av-inner-masonry-content site-background'><div class='av-inner-masonry-content-pos'><div class='av-inner-masonry-content-pos-content'><div class='avia-arrow'><\/div><h3 class='av-masonry-entry-title entry-title '  itemprop=\"headline\" >Camboya<\/h3><\/div><\/div><\/figcaption><\/figure><\/a><!--end av-masonry entry--><a href=\"https:\/\/www.cosmorevas.tk\/es\/destinos\/corea-del-norte\/\"  id='av-masonry-2-item-10328' data-av-masonry-item='10328' class='av-masonry-entry isotope-item post-10328 portfolio type-portfolio status-publish has-post-thumbnail hentry tag-asia-es tag-corea-del-norte tag-historia tag-viajes-politicos portfolio_entries-corea-del-norte portfolio_entries-destinos  av-masonry-item-with-image' title=\"Corea del Norte\"   itemscope=\"itemscope\" itemtype=\"https:\/\/schema.org\/CreativeWork\" ><div class='av-inner-masonry-sizer'><\/div><figure class='av-inner-masonry main_color'><div class=\"av-masonry-outerimage-container\"><div class='av-masonry-image-container lazyload' style=\"background-image:inherit;\"  title=\"Corea del Norte\"  data-bg-image=\"url(https:\/\/www.cosmorevas.tk\/wp-content\/uploads\/2017\/03\/Korea-del-Nord-705x513.jpg)\"><\/div><\/div><figcaption class='av-inner-masonry-content site-background'><div class='av-inner-masonry-content-pos'><div class='av-inner-masonry-content-pos-content'><div class='avia-arrow'><\/div><h3 class='av-masonry-entry-title entry-title '  itemprop=\"headline\" >Corea del Norte<\/h3><\/div><\/div><\/figcaption><\/figure><\/a><!--end av-masonry entry--><a href=\"https:\/\/www.cosmorevas.tk\/es\/destinos\/noruega\/\"  id='av-masonry-2-item-10341' data-av-masonry-item='10341' class='av-masonry-entry isotope-item post-10341 portfolio type-portfolio status-publish has-post-thumbnail hentry tag-animales tag-artico-es tag-europa-es tag-mar tag-noruega portfolio_entries-destinos portfolio_entries-noruega  av-masonry-item-with-image' title=\"Noruega\"   itemscope=\"itemscope\" itemtype=\"https:\/\/schema.org\/CreativeWork\" ><div class='av-inner-masonry-sizer'><\/div><figure class='av-inner-masonry main_color'><div class=\"av-masonry-outerimage-container\"><div class='av-masonry-image-container lazyload' style=\"background-image:inherit;\"  title=\"Noruega\"  data-bg-image=\"url(https:\/\/www.cosmorevas.tk\/wp-content\/uploads\/2017\/02\/Norvegia.jpg)\"><\/div><\/div><figcaption class='av-inner-masonry-content site-background'><div class='av-inner-masonry-content-pos'><div class='av-inner-masonry-content-pos-content'><div class='avia-arrow'><\/div><h3 class='av-masonry-entry-title entry-title '  itemprop=\"headline\" >Noruega<\/h3><\/div><\/div><\/figcaption><\/figure><\/a><!--end av-masonry entry--><a href=\"https:\/\/www.cosmorevas.tk\/es\/destinos\/zanzibar\/\"  id='av-masonry-2-item-15258' data-av-masonry-item='15258' class='av-masonry-entry isotope-item post-15258 portfolio type-portfolio status-publish has-post-thumbnail hentry tag-africa-es tag-isla tag-mar tag-tanzania-es tag-zanzibar-es portfolio_entries-destinos portfolio_entries-tanzania-es portfolio_entries-zanzibar-es  av-masonry-item-with-image' title=\"Zanzibar\"   itemscope=\"itemscope\" itemtype=\"https:\/\/schema.org\/CreativeWork\" ><div class='av-inner-masonry-sizer'><\/div><figure class='av-inner-masonry main_color'><div class=\"av-masonry-outerimage-container\"><div class='av-masonry-image-container lazyload' style=\"background-image:inherit;\"  title=\"Zanzibar\"  data-bg-image=\"url(https:\/\/www.cosmorevas.tk\/wp-content\/uploads\/2023\/03\/Zanzibar.webp)\"><\/div><\/div><figcaption class='av-inner-masonry-content site-background'><div class='av-inner-masonry-content-pos'><div class='av-inner-masonry-content-pos-content'><div class='avia-arrow'><\/div><h3 class='av-masonry-entry-title entry-title '  itemprop=\"headline\" >Zanzibar<\/h3><\/div><\/div><\/figcaption><\/figure><\/a><!--end av-masonry entry--><a href=\"https:\/\/www.cosmorevas.tk\/es\/destinos\/tanzania\/\"  id='av-masonry-2-item-15260' data-av-masonry-item='15260' class='av-masonry-entry isotope-item post-15260 portfolio type-portfolio status-publish has-post-thumbnail hentry tag-africa-es tag-animales tag-tanzania-es portfolio_entries-animales portfolio_entries-destinos  av-masonry-item-with-image' title=\"Tanzania\"   itemscope=\"itemscope\" itemtype=\"https:\/\/schema.org\/CreativeWork\" ><div class='av-inner-masonry-sizer'><\/div><figure class='av-inner-masonry main_color'><div class=\"av-masonry-outerimage-container\"><div class='av-masonry-image-container lazyload' style=\"background-image:inherit;\"  title=\"Tanzania\"  data-bg-image=\"url(https:\/\/www.cosmorevas.tk\/wp-content\/uploads\/2023\/03\/Tanzania.webp)\"><\/div><\/div><figcaption class='av-inner-masonry-content site-background'><div class='av-inner-masonry-content-pos'><div class='av-inner-masonry-content-pos-content'><div class='avia-arrow'><\/div><h3 class='av-masonry-entry-title entry-title '  itemprop=\"headline\" >Tanzania<\/h3><\/div><\/div><\/figcaption><\/figure><\/a><!--end av-masonry entry--><a href=\"https:\/\/www.cosmorevas.tk\/es\/destinos\/oceania\/\"  id='av-masonry-2-item-10315' data-av-masonry-item='10315' class='av-masonry-entry isotope-item post-10315 portfolio type-portfolio status-publish has-post-thumbnail hentry tag-animales tag-fiji-es tag-isla tag-islas-cook tag-mar tag-tonga-es tag-tuvalu-es tag-vanuatu-es portfolio_entries-destinos portfolio_entries-oceania-es  av-masonry-item-with-image' title=\"Ocean\u00eda\"   itemscope=\"itemscope\" itemtype=\"https:\/\/schema.org\/CreativeWork\" ><div class='av-inner-masonry-sizer'><\/div><figure class='av-inner-masonry main_color'><div class=\"av-masonry-outerimage-container\"><div class='av-masonry-image-container lazyload' style=\"background-image:inherit;\"  title=\"Ocean\u00eda\"  data-bg-image=\"url(https:\/\/www.cosmorevas.tk\/wp-content\/uploads\/2019\/08\/Oceania.jpg)\"><\/div><\/div><figcaption class='av-inner-masonry-content site-background'><div class='av-inner-masonry-content-pos'><div class='av-inner-masonry-content-pos-content'><div class='avia-arrow'><\/div><h3 class='av-masonry-entry-title entry-title '  itemprop=\"headline\" >Ocean\u00eda<\/h3><\/div><\/div><\/figcaption><\/figure><\/a><!--end av-masonry entry--><a href=\"https:\/\/www.cosmorevas.tk\/es\/destinos\/alemania\/\"  id='av-masonry-2-item-10317' data-av-masonry-item='10317' class='av-masonry-entry isotope-item post-10317 portfolio type-portfolio status-publish has-post-thumbnail hentry tag-alemania tag-europa-es tag-historia tag-viajes-politicos portfolio_entries-alemania portfolio_entries-destinos  av-masonry-item-with-image' title=\"Alemania\"   itemscope=\"itemscope\" itemtype=\"https:\/\/schema.org\/CreativeWork\" ><div class='av-inner-masonry-sizer'><\/div><figure class='av-inner-masonry main_color'><div class=\"av-masonry-outerimage-container\"><div class='av-masonry-image-container lazyload' style=\"background-image:inherit;\"  title=\"Alemania\"  data-bg-image=\"url(https:\/\/www.cosmorevas.tk\/wp-content\/uploads\/2018\/11\/Germania.jpg)\"><\/div><\/div><figcaption class='av-inner-masonry-content site-background'><div class='av-inner-masonry-content-pos'><div class='av-inner-masonry-content-pos-content'><div class='avia-arrow'><\/div><h3 class='av-masonry-entry-title entry-title '  itemprop=\"headline\" >Alemania<\/h3><\/div><\/div><\/figcaption><\/figure><\/a><!--end av-masonry entry--><\/div><\/div>\n<\/div><\/div><\/div><!-- close content main div --><\/div><\/div><div id='after_section_5'  class='main_color av_default_container_wrap container_wrap fullsize'  ><div class='container av-section-cont-open' ><div class='template-page content  av-content-full alpha units'><div class='post-entry post-entry-type-page post-entry-17394'><div class='entry-content-wrapper clearfix'>\n<div  class='hr av-2uexbk-19fc03ff6534b1cfba16e2dfdeee23b4 hr-default  avia-builder-el-30  el_after_av_section  avia-builder-el-no-sibling '><span class='hr-inner '><span class=\"hr-inner-style\"><\/span><\/span><\/div>\n","protected":false},"excerpt":{"rendered":"","protected":false},"author":1,"featured_media":19469,"comment_status":"open","ping_status":"closed","template":"","meta":{"footnotes":""},"tags":[758,613,930,774,633,777],"portfolio_entries":[929,450],"class_list":["post-17394","portfolio","type-portfolio","status-publish","has-post-thumbnail","hentry","tag-america-del-sur","tag-animales","tag-colombia-es","tag-historia","tag-mar","tag-viajes-politicos","portfolio_entries-colombia-es","portfolio_entries-destinos"],"yoast_head":"<!-- This site is optimized with the Yoast SEO plugin v27.5 - https:\/\/yoast.com\/product\/yoast-seo-wordpress\/ -->\n<title>Viaje de mochilero a Colombia: lo que hay que saber<\/title>\n<meta name=\"description\" content=\"Organiza tu viaje a Colombia: Bogot\u00e1, Medell\u00edn, Comuna 13, Cartagena, Eje Cafetero, Valle del Cocora, etc. M\u00e1s que Pablo Escobar y las FARC\" \/>\n<meta name=\"robots\" content=\"index, follow, max-snippet:-1, max-image-preview:large, max-video-preview:-1\" \/>\n<link rel=\"canonical\" href=\"https:\/\/www.cosmorevas.tk\/es\/destinos\/colombia\/\" \/>\n<meta property=\"og:locale\" content=\"es_ES\" \/>\n<meta property=\"og:type\" content=\"article\" \/>\n<meta property=\"og:title\" content=\"Viaje de mochilero a Colombia: lo que hay que saber\" \/>\n<meta property=\"og:description\" content=\"Organiza tu viaje a Colombia: Bogot\u00e1, Medell\u00edn, Comuna 13, Cartagena, Eje Cafetero, Valle del Cocora, etc. M\u00e1s que Pablo Escobar y las FARC\" \/>\n<meta property=\"og:url\" content=\"https:\/\/www.cosmorevas.tk\/es\/destinos\/colombia\/\" \/>\n<meta property=\"og:site_name\" content=\"CosmoRevas: mi visi\u00f3n del mundo\" \/>\n<meta property=\"article:modified_time\" content=\"2025-11-11T20:48:09+00:00\" \/>\n<meta property=\"og:image\" content=\"https:\/\/www.cosmorevas.tk\/wp-content\/uploads\/2025\/11\/Colombia.webp\" \/>\n\t<meta property=\"og:image:width\" content=\"300\" \/>\n\t<meta property=\"og:image:height\" content=\"300\" \/>\n\t<meta property=\"og:image:type\" content=\"image\/webp\" \/>\n<meta name=\"twitter:card\" content=\"summary_large_image\" \/>\n<meta name=\"twitter:label1\" content=\"Tiempo de lectura\" \/>\n\t<meta name=\"twitter:data1\" content=\"46 minutos\" \/>\n<script type=\"application\/ld+json\" class=\"yoast-schema-graph\">{\"@context\":\"https:\\\/\\\/schema.org\",\"@graph\":[{\"@type\":\"WebPage\",\"@id\":\"https:\\\/\\\/www.cosmorevas.tk\\\/es\\\/destinos\\\/colombia\\\/\",\"url\":\"https:\\\/\\\/www.cosmorevas.tk\\\/es\\\/destinos\\\/colombia\\\/\",\"name\":\"Viaje de mochilero a Colombia: lo que hay que saber\",\"isPartOf\":{\"@id\":\"https:\\\/\\\/www.cosmorevas.tk\\\/es\\\/#website\"},\"primaryImageOfPage\":{\"@id\":\"https:\\\/\\\/www.cosmorevas.tk\\\/es\\\/destinos\\\/colombia\\\/#primaryimage\"},\"image\":{\"@id\":\"https:\\\/\\\/www.cosmorevas.tk\\\/es\\\/destinos\\\/colombia\\\/#primaryimage\"},\"thumbnailUrl\":\"https:\\\/\\\/www.cosmorevas.tk\\\/wp-content\\\/uploads\\\/2025\\\/11\\\/Colombia.webp\",\"datePublished\":\"2023-08-25T08:13:09+00:00\",\"dateModified\":\"2025-11-11T20:48:09+00:00\",\"description\":\"Organiza tu viaje a Colombia: Bogot\u00e1, Medell\u00edn, Comuna 13, Cartagena, Eje Cafetero, Valle del Cocora, etc. M\u00e1s que Pablo Escobar y las FARC\",\"breadcrumb\":{\"@id\":\"https:\\\/\\\/www.cosmorevas.tk\\\/es\\\/destinos\\\/colombia\\\/#breadcrumb\"},\"inLanguage\":\"es\",\"potentialAction\":[{\"@type\":\"ReadAction\",\"target\":[\"https:\\\/\\\/www.cosmorevas.tk\\\/es\\\/destinos\\\/colombia\\\/\"]}]},{\"@type\":\"ImageObject\",\"inLanguage\":\"es\",\"@id\":\"https:\\\/\\\/www.cosmorevas.tk\\\/es\\\/destinos\\\/colombia\\\/#primaryimage\",\"url\":\"https:\\\/\\\/www.cosmorevas.tk\\\/wp-content\\\/uploads\\\/2025\\\/11\\\/Colombia.webp\",\"contentUrl\":\"https:\\\/\\\/www.cosmorevas.tk\\\/wp-content\\\/uploads\\\/2025\\\/11\\\/Colombia.webp\",\"width\":300,\"height\":300,\"caption\":\"Colombia\"},{\"@type\":\"BreadcrumbList\",\"@id\":\"https:\\\/\\\/www.cosmorevas.tk\\\/es\\\/destinos\\\/colombia\\\/#breadcrumb\",\"itemListElement\":[{\"@type\":\"ListItem\",\"position\":1,\"name\":\"Comienzo\",\"item\":\"https:\\\/\\\/www.cosmorevas.tk\\\/es\\\/destinos\\\/\"},{\"@type\":\"ListItem\",\"position\":2,\"name\":\"destinos\",\"item\":\"https:\\\/\\\/www.cosmorevas.tk\\\/es\\\/portfolio_voci\\\/destinos\\\/\"},{\"@type\":\"ListItem\",\"position\":3,\"name\":\"Colombia\"}]},{\"@type\":\"WebSite\",\"@id\":\"https:\\\/\\\/www.cosmorevas.tk\\\/es\\\/#website\",\"url\":\"https:\\\/\\\/www.cosmorevas.tk\\\/es\\\/\",\"name\":\"la mia visuale sul mondo\",\"description\":\"\\\"La Tierra desde aqu\u00ed es hermosa, sin fronteras\\\" - \u042e\u0440\u0438\u0439 \u0413\u0430\u0433\u0430\u0440\u0438\u043d\",\"publisher\":{\"@id\":\"https:\\\/\\\/www.cosmorevas.tk\\\/es\\\/#\\\/schema\\\/person\\\/4ff3ba11ae8c9cfc82000c8d421a5e0d\"},\"potentialAction\":[{\"@type\":\"SearchAction\",\"target\":{\"@type\":\"EntryPoint\",\"urlTemplate\":\"https:\\\/\\\/www.cosmorevas.tk\\\/es\\\/?s={search_term_string}\"},\"query-input\":{\"@type\":\"PropertyValueSpecification\",\"valueRequired\":true,\"valueName\":\"search_term_string\"}}],\"inLanguage\":\"es\"},{\"@type\":[\"Person\",\"Organization\"],\"@id\":\"https:\\\/\\\/www.cosmorevas.tk\\\/es\\\/#\\\/schema\\\/person\\\/4ff3ba11ae8c9cfc82000c8d421a5e0d\",\"name\":\"cosmorevas\",\"image\":{\"@type\":\"ImageObject\",\"inLanguage\":\"es\",\"@id\":\"https:\\\/\\\/www.cosmorevas.tk\\\/wp-content\\\/uploads\\\/2022\\\/08\\\/cosmorevas-map-2022.jpg\",\"url\":\"https:\\\/\\\/www.cosmorevas.tk\\\/wp-content\\\/uploads\\\/2022\\\/08\\\/cosmorevas-map-2022.jpg\",\"contentUrl\":\"https:\\\/\\\/www.cosmorevas.tk\\\/wp-content\\\/uploads\\\/2022\\\/08\\\/cosmorevas-map-2022.jpg\",\"width\":997,\"height\":698,\"caption\":\"cosmorevas\"},\"logo\":{\"@id\":\"https:\\\/\\\/www.cosmorevas.tk\\\/wp-content\\\/uploads\\\/2022\\\/08\\\/cosmorevas-map-2022.jpg\"},\"description\":\"Sono Matteo, Cagliaritano del 1986. Per un isolano aerei e navi sono mezzi comuni come una macchina o un treno. Da quando sono piccolo ho viaggiato con la mia famiglia e poi su e gi\u00f9 per l\u2019italia per sport, amici, lavoro, vita. Nel 2009 ho fatto il mio primo viaggio in compagnia di me stesso. Viaggiare da solo \u00e8 sempre stata una scelta per me, mai un ripiego con rimpianti.\"}]}<\/script>\n<!-- \/ Yoast SEO plugin. -->","yoast_head_json":{"title":"Viaje de mochilero a Colombia: lo que hay que saber","description":"Organiza tu viaje a Colombia: Bogot\u00e1, Medell\u00edn, Comuna 13, Cartagena, Eje Cafetero, Valle del Cocora, etc. M\u00e1s que Pablo Escobar y las FARC","robots":{"index":"index","follow":"follow","max-snippet":"max-snippet:-1","max-image-preview":"max-image-preview:large","max-video-preview":"max-video-preview:-1"},"canonical":"https:\/\/www.cosmorevas.tk\/es\/destinos\/colombia\/","og_locale":"es_ES","og_type":"article","og_title":"Viaje de mochilero a Colombia: lo que hay que saber","og_description":"Organiza tu viaje a Colombia: Bogot\u00e1, Medell\u00edn, Comuna 13, Cartagena, Eje Cafetero, Valle del Cocora, etc. M\u00e1s que Pablo Escobar y las FARC","og_url":"https:\/\/www.cosmorevas.tk\/es\/destinos\/colombia\/","og_site_name":"CosmoRevas: mi visi\u00f3n del mundo","article_modified_time":"2025-11-11T20:48:09+00:00","og_image":[{"width":300,"height":300,"url":"https:\/\/www.cosmorevas.tk\/wp-content\/uploads\/2025\/11\/Colombia.webp","type":"image\/webp"}],"twitter_card":"summary_large_image","twitter_misc":{"Tiempo de lectura":"46 minutos"},"schema":{"@context":"https:\/\/schema.org","@graph":[{"@type":"WebPage","@id":"https:\/\/www.cosmorevas.tk\/es\/destinos\/colombia\/","url":"https:\/\/www.cosmorevas.tk\/es\/destinos\/colombia\/","name":"Viaje de mochilero a Colombia: lo que hay que saber","isPartOf":{"@id":"https:\/\/www.cosmorevas.tk\/es\/#website"},"primaryImageOfPage":{"@id":"https:\/\/www.cosmorevas.tk\/es\/destinos\/colombia\/#primaryimage"},"image":{"@id":"https:\/\/www.cosmorevas.tk\/es\/destinos\/colombia\/#primaryimage"},"thumbnailUrl":"https:\/\/www.cosmorevas.tk\/wp-content\/uploads\/2025\/11\/Colombia.webp","datePublished":"2023-08-25T08:13:09+00:00","dateModified":"2025-11-11T20:48:09+00:00","description":"Organiza tu viaje a Colombia: Bogot\u00e1, Medell\u00edn, Comuna 13, Cartagena, Eje Cafetero, Valle del Cocora, etc. M\u00e1s que Pablo Escobar y las FARC","breadcrumb":{"@id":"https:\/\/www.cosmorevas.tk\/es\/destinos\/colombia\/#breadcrumb"},"inLanguage":"es","potentialAction":[{"@type":"ReadAction","target":["https:\/\/www.cosmorevas.tk\/es\/destinos\/colombia\/"]}]},{"@type":"ImageObject","inLanguage":"es","@id":"https:\/\/www.cosmorevas.tk\/es\/destinos\/colombia\/#primaryimage","url":"https:\/\/www.cosmorevas.tk\/wp-content\/uploads\/2025\/11\/Colombia.webp","contentUrl":"https:\/\/www.cosmorevas.tk\/wp-content\/uploads\/2025\/11\/Colombia.webp","width":300,"height":300,"caption":"Colombia"},{"@type":"BreadcrumbList","@id":"https:\/\/www.cosmorevas.tk\/es\/destinos\/colombia\/#breadcrumb","itemListElement":[{"@type":"ListItem","position":1,"name":"Comienzo","item":"https:\/\/www.cosmorevas.tk\/es\/destinos\/"},{"@type":"ListItem","position":2,"name":"destinos","item":"https:\/\/www.cosmorevas.tk\/es\/portfolio_voci\/destinos\/"},{"@type":"ListItem","position":3,"name":"Colombia"}]},{"@type":"WebSite","@id":"https:\/\/www.cosmorevas.tk\/es\/#website","url":"https:\/\/www.cosmorevas.tk\/es\/","name":"la mia visuale sul mondo","description":"\"La Tierra desde aqu\u00ed es hermosa, sin fronteras\" - \u042e\u0440\u0438\u0439 \u0413\u0430\u0433\u0430\u0440\u0438\u043d","publisher":{"@id":"https:\/\/www.cosmorevas.tk\/es\/#\/schema\/person\/4ff3ba11ae8c9cfc82000c8d421a5e0d"},"potentialAction":[{"@type":"SearchAction","target":{"@type":"EntryPoint","urlTemplate":"https:\/\/www.cosmorevas.tk\/es\/?s={search_term_string}"},"query-input":{"@type":"PropertyValueSpecification","valueRequired":true,"valueName":"search_term_string"}}],"inLanguage":"es"},{"@type":["Person","Organization"],"@id":"https:\/\/www.cosmorevas.tk\/es\/#\/schema\/person\/4ff3ba11ae8c9cfc82000c8d421a5e0d","name":"cosmorevas","image":{"@type":"ImageObject","inLanguage":"es","@id":"https:\/\/www.cosmorevas.tk\/wp-content\/uploads\/2022\/08\/cosmorevas-map-2022.jpg","url":"https:\/\/www.cosmorevas.tk\/wp-content\/uploads\/2022\/08\/cosmorevas-map-2022.jpg","contentUrl":"https:\/\/www.cosmorevas.tk\/wp-content\/uploads\/2022\/08\/cosmorevas-map-2022.jpg","width":997,"height":698,"caption":"cosmorevas"},"logo":{"@id":"https:\/\/www.cosmorevas.tk\/wp-content\/uploads\/2022\/08\/cosmorevas-map-2022.jpg"},"description":"Sono Matteo, Cagliaritano del 1986. Per un isolano aerei e navi sono mezzi comuni come una macchina o un treno. Da quando sono piccolo ho viaggiato con la mia famiglia e poi su e gi\u00f9 per l\u2019italia per sport, amici, lavoro, vita. Nel 2009 ho fatto il mio primo viaggio in compagnia di me stesso. Viaggiare da solo \u00e8 sempre stata una scelta per me, mai un ripiego con rimpianti."}]}},"_links":{"self":[{"href":"https:\/\/www.cosmorevas.tk\/es\/wp-json\/wp\/v2\/portfolio\/17394","targetHints":{"allow":["GET"]}}],"collection":[{"href":"https:\/\/www.cosmorevas.tk\/es\/wp-json\/wp\/v2\/portfolio"}],"about":[{"href":"https:\/\/www.cosmorevas.tk\/es\/wp-json\/wp\/v2\/types\/portfolio"}],"author":[{"embeddable":true,"href":"https:\/\/www.cosmorevas.tk\/es\/wp-json\/wp\/v2\/users\/1"}],"replies":[{"embeddable":true,"href":"https:\/\/www.cosmorevas.tk\/es\/wp-json\/wp\/v2\/comments?post=17394"}],"version-history":[{"count":33,"href":"https:\/\/www.cosmorevas.tk\/es\/wp-json\/wp\/v2\/portfolio\/17394\/revisions"}],"predecessor-version":[{"id":19886,"href":"https:\/\/www.cosmorevas.tk\/es\/wp-json\/wp\/v2\/portfolio\/17394\/revisions\/19886"}],"wp:featuredmedia":[{"embeddable":true,"href":"https:\/\/www.cosmorevas.tk\/es\/wp-json\/wp\/v2\/media\/19469"}],"wp:attachment":[{"href":"https:\/\/www.cosmorevas.tk\/es\/wp-json\/wp\/v2\/media?parent=17394"}],"wp:term":[{"taxonomy":"post_tag","embeddable":true,"href":"https:\/\/www.cosmorevas.tk\/es\/wp-json\/wp\/v2\/tags?post=17394"},{"taxonomy":"portfolio_entries","embeddable":true,"href":"https:\/\/www.cosmorevas.tk\/es\/wp-json\/wp\/v2\/portfolio_entries?post=17394"}],"curies":[{"name":"wp","href":"https:\/\/api.w.org\/{rel}","templated":true}]}}